{"id":4067,"date":"2017-10-18T11:50:32","date_gmt":"2017-10-18T11:50:32","guid":{"rendered":"http:\/\/www.viennavant.at\/?post_type=staff-member&#038;p=4067"},"modified":"2017-10-18T12:15:52","modified_gmt":"2017-10-18T12:15:52","slug":"mag-dr-arno-herberth","status":"publish","type":"staff-member","link":"https:\/\/www.viennavant.at\/en\/staff-members\/mag-dr-arno-herberth\/","title":{"rendered":"Mag. Dr. Arno Herberth"},"content":{"rendered":"\r\n \r\n<div class=\"staff-member\">\r\n\r\n\t<!-- Featured Image -->\r\n\t\t\t\t\t\t\r\n\t<div class=\"staff-member-right\">\r\n\t\t\t\t\r\n\t\t \r\n\t\t\t<p class=\"staff-member-title\">Germanist, Institut f\u00fcr Germanistik der Universit\u00e4t Wien<\/p>\r\n\t\t\t\t\r\n\t\t\r\n\t\t   \r\n\t\t\t<div class=\"staff-member-bio\"> \r\n\t\t\t\t<p><a href=\"http:\/\/www.viennavant.at\/wp-content\/uploads\/aherberth.jpg\"><img loading=\"lazy\" decoding=\"async\" class=\"alignright size-medium wp-image-4068\" src=\"http:\/\/www.viennavant.at\/wp-content\/uploads\/aherberth-169x300.jpg\" alt=\"\" width=\"169\" height=\"300\" srcset=\"https:\/\/www.viennavant.at\/wp-content\/uploads\/aherberth-169x300.jpg 169w, https:\/\/www.viennavant.at\/wp-content\/uploads\/aherberth-576x1024.jpg 576w, https:\/\/www.viennavant.at\/wp-content\/uploads\/aherberth.jpg 607w\" sizes=\"auto, (max-width: 169px) 100vw, 169px\" \/><\/a><\/p>\n<p>Projektmitarbeiter Universit\u00e4t Wien,\u00a0Institut f\u00fcr Germanistik:\u00a0Hybridedition der Tageb\u00fccher aus dem Nachlass Andreas Okopenko<\/p>\n<p><strong>Forschungsschwerpunkte<\/strong><\/p>\n<ul>\n<li>Narratologie<\/li>\n<li>Literatur des 20. Jahrhunderts<\/li>\n<li>Intermedialit\u00e4t<\/li>\n<li>Literatur- und Mediensoziologie<\/li>\n<li>Medizin und Literatur<\/li>\n<li>Editionsphilologie<\/li>\n<\/ul>\n<p><a href=\"http:\/\/www.viennavant.at\/wp-content\/uploads\/aherberth.jpg\">\u00a0\u00a0<\/a><br \/>\nWebsite: <a href=\"https:\/\/germanistik.univie.ac.at\/personen\/herberth-arno\">https:\/\/germanistik.univie.ac.at\/personen\/herberth-arno<\/a><\/p>\n<p><br style=\"clear:both;\"><strong>Curriculum Vitae:<\/strong><\/p>\n<ul>\n<li>Geboren 1978 in Linz, Ober\u00f6sterreich<\/li>\n<li>Besuch des Khevenh\u00fcllergymnasiums in Linz, neusprachlicher Zweig<\/li>\n<li>Zivildienst bei der Lebenshilfe Ober\u00f6sterreich, Wohngemeinschaft Gro\u00dframing<\/li>\n<li>Studium der Germanistik und Theaterwissenschaft 2005 mit Auszeichnung abgeschlossen (Diplomarbeit mit dem Titel: \u201eM\u00f6glichkeiten des Vergleichs zwischen literarischer und filmischer Montage. Dargestellt anhand von Alfred D\u00f6blins Roman Berlin Alexanderplatz und den gleichnamigen Verfilmungen von Phil Jutzi (1931) und Rainer Werner Fassbinder (1979\/80)\u201c)<\/li>\n<li>Auslandsaufenthalte an der HU-Berlin (Erasmus-Programm), der Jawaharlal Nehru University Delhi (DAF-Auslandspraktikum, Schwerpunkte: Sprach- und Literaturvermittlung) und am Graduate Centre for the Study of Culture (GCSC) der Universit\u00e4t Gie\u00dfen (im Rahmen des doc-team-Stipendiums)<\/li>\n<li>2005-2006 Arbeit als DAZ-Trainer<\/li>\n<li>2006-2009 Projektmitarbeiter am Institut f\u00fcr Germanistik im Rahmen des interdisziplin\u00e4ren Dissertationsprojektes \u201eMediale Repr\u00e4sentationen des Suizids und ihre Wirkungen\u201c, gef\u00f6rdert durch ein Doc-team-Stipendium der \u00d6sterreichischen Akademie der Wissenschaften<\/li>\n<li>2008 Organisation des ersten internationalen Symposions zu \u201eSuizidalit\u00e4t und Suizid in den Medien\u201c zusammen mit den doc-team-Kollegen Thomas Niederkrotenthaler (Medizinische Universit\u00e4t Wien) und Benedikt Till (Institut f\u00fcr Publizistik und Kommunikationswissenschaften, Universit\u00e4t Wien)<\/li>\n<li>2012 Lehrt\u00e4tigkeit an der Fakult\u00e4t f\u00fcr Psychologie, Universit\u00e4t Wien, im Rahmen des Fachliteraturseminars \u201eMultimethodale Forschung: Die vielen Gesichter der Suizidforschung\u201c<\/li>\n<li>2015 Promotion mit Auszeichnung mit der Dissertation \u201eDer Jugendsuizid in der Moderne. Wissenschaftliche Vermessung und literarischer Diskurs\u201c<\/li>\n<li>2015 Zuerkennung des Wendelin-Schmidt-Dengler-Preises f\u00fcr herausragende Dissertationen an \u00f6sterreichischen Universit\u00e4ten<\/li>\n<li>seit M\u00e4rz 2016 Projektmitarbeiter im FWF-Projekt \u201eAndreas Okopenko: Tageb\u00fccher aus dem Nachlass (Hybridedition)\u201c<\/li>\n<\/ul>\n<p><strong>Publikationen:<\/strong><\/p>\n<ul>\n<li>Herberth, Arno: Krieg trifft auf Alltag. Die Erfahrung des Zweiten Weltkriegs in Andreas Okopenkos Kindernazi. In: Manuel Maldonado Alem\u00e1n, Olga Hinojosa Pic\u00f3n, Christiane Limbach et al. (Hg.): Das was war \u2013 Das was ist \u2013 Das was kommen wird. Literatur, Erinnerung und Geschichte. (In Vorbereitung)<\/li>\n<li>Herberth, Arno: Der Jugendsuizid in der Moderne. Wissenschaftliche Vermessung und literarischer Diskurs. Online-Publikation der Dissertation, Universit\u00e4t Wien 2014, abrufbar bei <a href=\"http:\/\/othes.univie.ac.at\/34083\/\">E-Theses &#8211; Hochschulschriften-Service<\/a> (Stand 19.4.2016). \u2013 Buchpublikation in Vorbereitung.<\/li>\n<li>Herberth, Arno: \u201eEin anderes Gespenst als tr\u00fcgerischer Tr\u00f6ster\u201c. Suizidalit\u00e4t und Wissen in Hesses <em>Unterm Rad<\/em>. In: Wolfgang Wiesm\u00fcller, Wolfgang Hackl und Kalina Kapczynska (Hg.): Stimulus. Mitteilungen der \u00d6sterreichischen Gesellschaft f\u00fcr Germanistik 2012. Wien: Praesens Verlag, 2013, 264-275.<\/li>\n<li>Herberth, Arno: Bruchlinien moderner Identit\u00e4ten. Dialogisches Monologisieren in Andrea Winklers Deb\u00fct <em>Arme N\u00e4rrchen<\/em>. In: Michael Boehringer und Susanne Hochreiter (Hg.): Zeitenwende. \u00d6sterreichische Literatur seit dem Millennium, 2000-2010. Wien: Praesens Verlag, 2011, 263-280.<\/li>\n<li>Herberth, Arno; Niederkrotenthaler, Thomas: Papageno versus Werther. Online-Publikation (in englischer Sprache). Abrufbar bei <a href=\"http:\/\/www.faz.net\/aktuell\/wissen\/atomium-culture\/germanistik-und-medizin-papageno-versus-werther-11509242.html\">Frankfurter Allgemeine Zeitung &#8211; FAZ.net<\/a> seit 19.10.2011. Vermittelt durch <em>Atomium Culture<\/em>.<\/li>\n<li>Herberth, Arno: Die Darstellung der Selbstt\u00f6tung in Friedrich Torbergs <em>Der Sch\u00fcler Gerber<\/em> (1930) und seiner gleichnamigen Verfilmung von Wolfgang Gl\u00fcck (1981). In: Constanze Drumm und Michaela Wiesinger (Hg.): SommerKolleg. Germanistische Graduierenden-Studien \u00d6sterreich. Wien: Pr\u00e4sens Verlag, 2010, 99-112.<\/li>\n<li>Herberth, Arno: Erinnerte Identit\u00e4t. Der Versuch einer \u00dcberwindung des Suizids der Mutter in Peter Handkes <em>Wunschloses Ungl\u00fcck<\/em>. In: Marisa Siguan, Jordi Jan\u00e9, Loreto Vilar, Rosa P\u00e9rez (Hg.): Erz\u00e4hlen m\u00fcssen, um zu \u00fcberwinden: literatura y supervivencia. Barcelona: Sociedad Goethe en Espa\u00f1a, 2009, S. 353-364.<\/li>\n<li>Herberth, Arno: Foucault revisited \u2013 Foucault extended. Rezension zu \u201aWas ist ein Dispositiv?\u2018 von Giorgio Agamben. Online-Publikation. Abrufbar bei <a href=\"http:\/\/kult-online.uni-giessen.de\/archiv\/2009\/ausgabe-19\/rezensionen\/foucault-revisited-foucault-extended\">KULT-online<\/a> seit Mai 2009.<\/li>\n<li>Herberth, Arno; Niederkrotenthaler, Thomas; Till, Benedikt (Hg.): Suizidalit\u00e4t in den Medien \/ Suicidality in the Media. Interdisziplin\u00e4re Betrachtungen \/ Interdisciplinary Contributions. Wien: LIT-Verlag, 2008.<\/li>\n<li>Herberth, Arno: The Suicides of Austrian Celebrities in Press Media Reports. Linguistic and Narrative Features with Special Focus on Narrated Scripts. In: Ders. et al. (Hg.): Suizidalit\u00e4t in den Medien. Wien: LIT-Verlag, 2008, S. 229-239.<\/li>\n<li>Herberth, Arno; Niederkrotenthaler, Thomas (equally contributed): Narrating Suicidality. Interdisciplinary Perspectives from Literary Criticism and Medical Psychology on P. Handke\u00b4s A Sorrow beyond Dreams. In: Dies. et al. (Hg.): Suizidalit\u00e4t in den Medien. Wien: LIT-Verlag, 2008, S. 25-31.<\/li>\n<li>Niederkrotenthaler, Thomas; Herberth, Arno; Sonneck, Gernot: Der <em>Werther-Effekt<\/em>: Mythos oder Realit\u00e4t? In: Neuropsychiatrie, Bd. 21 (2007), Nr. 4, S. 284-290.<\/li>\n<\/ul>\n\t\t\t<\/div>\t\t\r\n\t\t\t<br \/>\r\n\t\t\t\t\r\n\t\t<!-- Only show Mailing Address and Contact Info in single view -->\r\n\t\t\t<\/div>\r\n<\/div>","protected":false},"featured_media":0,"menu_order":0,"template":"","meta":[],"staff-member-category":[68],"class_list":["post-4067","staff-member","type-staff-member","status-publish","hentry","staff-member-category-members"],"translation":{"provider":"WPGlobus","version":"3.0.2","language":"en","enabled_languages":["de","en"],"languages":{"de":{"title":true,"content":true,"excerpt":false},"en":{"title":false,"content":false,"excerpt":false}}},"metadata":{"first_name":["Arno"],"last_name":["Herberth"],"title":["Germanist, Institut f\u00fcr Germanistik der Universit\u00e4t Wien"],"phone":["Germanist, project assistant Hybrid Edition of Andreas Okopenko's Diaries"]},"featured_image_src":false,"bio":"<a href=\"http:\/\/www.viennavant.at\/wp-content\/uploads\/aherberth.jpg\"><img class=\"alignright size-medium wp-image-4068\" src=\"http:\/\/www.viennavant.at\/wp-content\/uploads\/aherberth-169x300.jpg\" alt=\"\" width=\"169\" height=\"300\" \/><\/a>\r\n\r\nProjektmitarbeiter Universit\u00e4t Wien,\u00a0Institut f\u00fcr Germanistik:\u00a0Hybridedition der Tageb\u00fccher aus dem Nachlass Andreas Okopenko\r\n\r\n<strong>Forschungsschwerpunkte<\/strong>\r\n<ul>\r\n \t<li>Narratologie<\/li>\r\n \t<li>Literatur des 20. Jahrhunderts<\/li>\r\n \t<li>Intermedialit\u00e4t<\/li>\r\n \t<li>Literatur- und Mediensoziologie<\/li>\r\n \t<li>Medizin und Literatur<\/li>\r\n \t<li>Editionsphilologie<\/li>\r\n<\/ul>\r\n<a href=\"http:\/\/www.viennavant.at\/wp-content\/uploads\/aherberth.jpg\">\u00a0\u00a0<\/a>\r\nWebsite: <a href=\"https:\/\/germanistik.univie.ac.at\/personen\/herberth-arno\">https:\/\/germanistik.univie.ac.at\/personen\/herberth-arno<\/a>\r\n\r\n<br style=\"clear:both;\"><strong>Curriculum Vitae:<\/strong>\r\n<ul>\r\n \t<li>Geboren 1978 in Linz, Ober\u00f6sterreich<\/li>\r\n \t<li>Besuch des Khevenh\u00fcllergymnasiums in Linz, neusprachlicher Zweig<\/li>\r\n \t<li>Zivildienst bei der Lebenshilfe Ober\u00f6sterreich, Wohngemeinschaft Gro\u00dframing<\/li>\r\n \t<li>Studium der Germanistik und Theaterwissenschaft 2005 mit Auszeichnung abgeschlossen (Diplomarbeit mit dem Titel: \u201eM\u00f6glichkeiten des Vergleichs zwischen literarischer und filmischer Montage. Dargestellt anhand von Alfred D\u00f6blins Roman Berlin Alexanderplatz und den gleichnamigen Verfilmungen von Phil Jutzi (1931) und Rainer Werner Fassbinder (1979\/80)\u201c)<\/li>\r\n \t<li>Auslandsaufenthalte an der HU-Berlin (Erasmus-Programm), der Jawaharlal Nehru University Delhi (DAF-Auslandspraktikum, Schwerpunkte: Sprach- und Literaturvermittlung) und am Graduate Centre for the Study of Culture (GCSC) der Universit\u00e4t Gie\u00dfen (im Rahmen des doc-team-Stipendiums)<\/li>\r\n \t<li>2005-2006 Arbeit als DAZ-Trainer<\/li>\r\n \t<li>2006-2009 Projektmitarbeiter am Institut f\u00fcr Germanistik im Rahmen des interdisziplin\u00e4ren Dissertationsprojektes \u201eMediale Repr\u00e4sentationen des Suizids und ihre Wirkungen\u201c, gef\u00f6rdert durch ein Doc-team-Stipendium der \u00d6sterreichischen Akademie der Wissenschaften<\/li>\r\n \t<li>2008 Organisation des ersten internationalen Symposions zu \u201eSuizidalit\u00e4t und Suizid in den Medien\u201c zusammen mit den doc-team-Kollegen Thomas Niederkrotenthaler (Medizinische Universit\u00e4t Wien) und Benedikt Till (Institut f\u00fcr Publizistik und Kommunikationswissenschaften, Universit\u00e4t Wien)<\/li>\r\n \t<li>2012 Lehrt\u00e4tigkeit an der Fakult\u00e4t f\u00fcr Psychologie, Universit\u00e4t Wien, im Rahmen des Fachliteraturseminars \u201eMultimethodale Forschung: Die vielen Gesichter der Suizidforschung\u201c<\/li>\r\n \t<li>2015 Promotion mit Auszeichnung mit der Dissertation \u201eDer Jugendsuizid in der Moderne. Wissenschaftliche Vermessung und literarischer Diskurs\u201c<\/li>\r\n \t<li>2015 Zuerkennung des Wendelin-Schmidt-Dengler-Preises f\u00fcr herausragende Dissertationen an \u00f6sterreichischen Universit\u00e4ten<\/li>\r\n \t<li>seit M\u00e4rz 2016 Projektmitarbeiter im FWF-Projekt \u201eAndreas Okopenko: Tageb\u00fccher aus dem Nachlass (Hybridedition)\u201c<\/li>\r\n<\/ul>\r\n<strong>Publikationen:<\/strong>\r\n<ul>\r\n \t<li>Herberth, Arno: Krieg trifft auf Alltag. Die Erfahrung des Zweiten Weltkriegs in Andreas Okopenkos Kindernazi. In: Manuel Maldonado Alem\u00e1n, Olga Hinojosa Pic\u00f3n, Christiane Limbach et al. (Hg.): Das was war \u2013 Das was ist \u2013 Das was kommen wird. Literatur, Erinnerung und Geschichte. (In Vorbereitung)<\/li>\r\n \t<li>Herberth, Arno: Der Jugendsuizid in der Moderne. Wissenschaftliche Vermessung und literarischer Diskurs. Online-Publikation der Dissertation, Universit\u00e4t Wien 2014, abrufbar bei <a href=\"http:\/\/othes.univie.ac.at\/34083\/\">E-Theses - Hochschulschriften-Service<\/a> (Stand 19.4.2016). \u2013 Buchpublikation in Vorbereitung.<\/li>\r\n \t<li>Herberth, Arno: \u201eEin anderes Gespenst als tr\u00fcgerischer Tr\u00f6ster\u201c. Suizidalit\u00e4t und Wissen in Hesses <em>Unterm Rad<\/em>. In: Wolfgang Wiesm\u00fcller, Wolfgang Hackl und Kalina Kapczynska (Hg.): Stimulus. Mitteilungen der \u00d6sterreichischen Gesellschaft f\u00fcr Germanistik 2012. Wien: Praesens Verlag, 2013, 264-275.<\/li>\r\n \t<li>Herberth, Arno: Bruchlinien moderner Identit\u00e4ten. Dialogisches Monologisieren in Andrea Winklers Deb\u00fct <em>Arme N\u00e4rrchen<\/em>. In: Michael Boehringer und Susanne Hochreiter (Hg.): Zeitenwende. \u00d6sterreichische Literatur seit dem Millennium, 2000-2010. Wien: Praesens Verlag, 2011, 263-280.<\/li>\r\n \t<li>Herberth, Arno; Niederkrotenthaler, Thomas: Papageno versus Werther. Online-Publikation (in englischer Sprache). Abrufbar bei <a href=\"http:\/\/www.faz.net\/aktuell\/wissen\/atomium-culture\/germanistik-und-medizin-papageno-versus-werther-11509242.html\">Frankfurter Allgemeine Zeitung - FAZ.net<\/a> seit 19.10.2011. Vermittelt durch <em>Atomium Culture<\/em>.<\/li>\r\n \t<li>Herberth, Arno: Die Darstellung der Selbstt\u00f6tung in Friedrich Torbergs <em>Der Sch\u00fcler Gerber<\/em> (1930) und seiner gleichnamigen Verfilmung von Wolfgang Gl\u00fcck (1981). In: Constanze Drumm und Michaela Wiesinger (Hg.): SommerKolleg. Germanistische Graduierenden-Studien \u00d6sterreich. Wien: Pr\u00e4sens Verlag, 2010, 99-112.<\/li>\r\n \t<li>Herberth, Arno: Erinnerte Identit\u00e4t. Der Versuch einer \u00dcberwindung des Suizids der Mutter in Peter Handkes <em>Wunschloses Ungl\u00fcck<\/em>. In: Marisa Siguan, Jordi Jan\u00e9, Loreto Vilar, Rosa P\u00e9rez (Hg.): Erz\u00e4hlen m\u00fcssen, um zu \u00fcberwinden: literatura y supervivencia. Barcelona: Sociedad Goethe en Espa\u00f1a, 2009, S. 353-364.<\/li>\r\n \t<li>Herberth, Arno: Foucault revisited \u2013 Foucault extended. Rezension zu \u201aWas ist ein Dispositiv?\u2018 von Giorgio Agamben. Online-Publikation. Abrufbar bei <a href=\"http:\/\/kult-online.uni-giessen.de\/archiv\/2009\/ausgabe-19\/rezensionen\/foucault-revisited-foucault-extended\">KULT-online<\/a> seit Mai 2009.<\/li>\r\n \t<li>Herberth, Arno; Niederkrotenthaler, Thomas; Till, Benedikt (Hg.): Suizidalit\u00e4t in den Medien \/ Suicidality in the Media. Interdisziplin\u00e4re Betrachtungen \/ Interdisciplinary Contributions. Wien: LIT-Verlag, 2008.<\/li>\r\n \t<li>Herberth, Arno: The Suicides of Austrian Celebrities in Press Media Reports. Linguistic and Narrative Features with Special Focus on Narrated Scripts. In: Ders. et al. (Hg.): Suizidalit\u00e4t in den Medien. Wien: LIT-Verlag, 2008, S. 229-239.<\/li>\r\n \t<li>Herberth, Arno; Niederkrotenthaler, Thomas (equally contributed): Narrating Suicidality. Interdisciplinary Perspectives from Literary Criticism and Medical Psychology on P. Handke\u00b4s A Sorrow beyond Dreams. In: Dies. et al. (Hg.): Suizidalit\u00e4t in den Medien. Wien: LIT-Verlag, 2008, S. 25-31.<\/li>\r\n \t<li>Niederkrotenthaler, Thomas; Herberth, Arno; Sonneck, Gernot: Der <em>Werther-Effekt<\/em>: Mythos oder Realit\u00e4t? In: Neuropsychiatrie, Bd. 21 (2007), Nr. 4, S. 284-290.<\/li>\r\n<\/ul>","_links":{"self":[{"href":"https:\/\/www.viennavant.at\/en\/wp-json\/wp\/v2\/staff-member\/4067","targetHints":{"allow":["GET"]}}],"collection":[{"href":"https:\/\/www.viennavant.at\/en\/wp-json\/wp\/v2\/staff-member"}],"about":[{"href":"https:\/\/www.viennavant.at\/en\/wp-json\/wp\/v2\/types\/staff-member"}],"wp:attachment":[{"href":"https:\/\/www.viennavant.at\/en\/wp-json\/wp\/v2\/media?parent=4067"}],"wp:term":[{"taxonomy":"staff-member-category","embeddable":true,"href":"https:\/\/www.viennavant.at\/en\/wp-json\/wp\/v2\/staff-member-category?post=4067"}],"curies":[{"name":"wp","href":"https:\/\/api.w.org\/{rel}","templated":true}]}}