{"id":2249,"date":"2016-12-14T12:16:37","date_gmt":"2016-12-14T12:16:37","guid":{"rendered":"http:\/\/viennavant.cloud.d2mc.com\/?post_type=staff-member&#038;p=2249"},"modified":"2022-09-18T14:45:34","modified_gmt":"2022-09-18T14:45:34","slug":"mag-dr-eva-maria-stoeckler","status":"publish","type":"staff-member","link":"https:\/\/www.viennavant.at\/en\/staff-members\/mag-dr-eva-maria-stoeckler\/","title":{"rendered":"Mag. Dr. phil. Eva Maria St\u00f6ckler, MA"},"content":{"rendered":"\r\n \r\n<div class=\"staff-member\">\r\n\r\n\t<!-- Featured Image -->\r\n\t\t\t\t\t\t\r\n\t<div class=\"staff-member-right\">\r\n\t\t\t\t\r\n\t\t \r\n\t\t\t<p class=\"staff-member-title\">Musikwissenschaftlerin, Leiterin des Zentrums f\u00fcr Zeitgen\u00f6ssische Musik sowie Leiterin des Departments f\u00fcr Kunst- und Bildwissenschaften der Donau-Universit\u00e4t Krems<\/p>\r\n\t\t\t\t\r\n\t\t\r\n\t\t   \r\n\t\t\t<div class=\"staff-member-bio\"> \r\n\t\t\t\t<p><a href=\"http:\/\/www.viennavant.at\/wp-content\/uploads\/estoeckler.jpg\" target=\"_blank\" rel=\"noopener\"><img loading=\"lazy\" decoding=\"async\" class=\"alignleft wp-image-824\" src=\"http:\/\/www.viennavant.at\/wp-content\/uploads\/estoeckler-213x300.jpg\" width=\"177\" height=\"250\" srcset=\"https:\/\/www.viennavant.at\/wp-content\/uploads\/estoeckler-213x300.jpg 213w, https:\/\/www.viennavant.at\/wp-content\/uploads\/estoeckler-726x1024.jpg 726w, https:\/\/www.viennavant.at\/wp-content\/uploads\/estoeckler.jpg 766w\" sizes=\"auto, (max-width: 177px) 100vw, 177px\" \/><\/a>Leiterin des Departments f\u00fcr Kunst- und Kulturwissenschaften und des Zentrums f\u00fcr Angewandte Musikforschung der Universit\u00e4t f\u00fcr Weiterbildung Krems<\/p>\n<p><strong>Lehre und Forschung<\/strong><\/p>\n<p>Musikgeschichte des 20. und 21. Jahrhunderts<br \/>\nMusik im Kontext von \u00d6konomie und \u00c4sthetik<br \/>\nGeschichte des Musikmanagements<\/p>\n<p><br style=\"clear:both;\"><strong>Website<\/strong><\/p>\n<p><a href=\"http:\/\/www.donau-uni.ac.at\/de\/universitaet\/organisation\/mitarbeiterinnen\/person\/4294993355\">http:\/\/www.donau-uni.ac.at\/de\/universitaet\/organisation\/mitarbeiterinnen\/person\/4294993355<\/a><\/p>\n<p><strong>Kurzbiographie<\/strong><\/p>\n<p>Musikwissenschaftlerin, Studiengangsleiterin Musikmanagement,<br \/>\nMitglied des Senats der Donau-Universit\u00e4t Krems sowie<br \/>\nstellvertretende Vorsitzende der Curricula-Kommission, Mitglied des wissenschaftlichen Beirats der Ernst Krenek Institut Privatstiftung sowie des Wiener Instituts f\u00fcr Strauss-Forschung, Mitglied des Editorial Board des International Journals of Music Business Research, Wien\/Hertfordshire\/Hannover.<\/p>\n<p>Studium der Musikwissenschaft (Doktorat), Deutschen Philologie und Slawistik\/Russisch (Lehramt) an der Universit\u00e4t Salzburg<br \/>\nAusbildung zur diplomierten Erwachsenenbildnerin<br \/>\nStudium &#8220;Theorie, Arrangement, Komposition&#8221; (Master of Arts in Music Education) an der JAM Music Lab Private University Wien f\u00fcr Jazz und Popularmusik<\/p>\n<p>2004 Promotion an der Universit\u00e4t Salzburg mit einer Arbeit \u00fcber<br \/>\nErnst Krenek, &#8230; verloren im Dunkel des un\u00fcbersehbaren Lebensraumes, Ernst Kreneks Kafka-Rezeption (publiziert 2006)<br \/>\nmusikwissenschaftliche Stipendiatin des II. Internationalen Kompositionsseminars der Internationalen Ensemble Modern Akademie Frankfurt\/Main (2005).<\/p>\n<p><strong>Aktuelle Publikationen<\/strong><\/p>\n<p>Mesto, rigido e ceremoniale . Gy\u00f6rgy Ligetis Musica Ricercata II in Eyes Wide Shut. In: Dagmar Hoffmann (Hrsg.): K\u00f6rper\u00e4sthetiken. Filmische Inszenierungen von K\u00f6rperlichkeit. Transcript, Bielefeld: 2010.<br \/>\nProdukt Musik\u201d. Eine musikwissenschaftliche Ann\u00e4herung. In: Gerhard Gensch, Eva Maria St\u00f6ckler, Peter Tschmuck (Hrsg.): Musikrezeption, Musikdistribution und Musikproduktion. Der Wandel des Wertsch\u00f6pfungsnetzwerks in der Musikwirtschaft. Gabler Edition Wissenschaft, Wiesbaden: 2008. S. 267\u2013292.<br \/>\nVisual Music Structures. Vom Verstehen von Kunst durch Kunst. Journal Ph\u00e4nomenologie. Sonderdruck 29\/2008. S. 11\u201317.<br \/>\nverloren im Dunkel des un\u00fcbersehbaren Lebensraumes. Ernst Kreneks Kafka-Rezeption. Peter Lang, Frankfurt\/Main: 2006.<br \/>\nKafka-Musik. Die fr\u00fchen Vertonungen von Max Brod, Ernst Krenek und Theodor W. Adorno. In: Musicologica Austriaca 23, hrsg. von Andrea Lindmayr-Brandl, Wien: 2004. S. 99\u2013117.<\/p>\n\t\t\t<\/div>\t\t\r\n\t\t\t<br \/>\r\n\t\t\t\t\r\n\t\t<!-- Only show Mailing Address and Contact Info in single view -->\r\n\t\t\t<\/div>\r\n<\/div>","protected":false},"featured_media":0,"menu_order":0,"template":"","meta":[],"staff-member-category":[68],"class_list":["post-2249","staff-member","type-staff-member","status-publish","hentry","staff-member-category-members"],"translation":{"provider":"WPGlobus","version":"3.0.2","language":"en","enabled_languages":["de","en"],"languages":{"de":{"title":true,"content":true,"excerpt":false},"en":{"title":false,"content":false,"excerpt":false}}},"metadata":{"first_name":["Eva Maria"],"last_name":["St\u00f6ckler"],"title":["Musikwissenschaftlerin, Leiterin des Zentrums f\u00fcr Zeitgen\u00f6ssische Musik sowie Leiterin des Departments f\u00fcr Kunst- und Bildwissenschaften der Donau-Universit\u00e4t Krems"],"phone":["Musicologist, director of Centre of Contemporary Music and of Department Science of Arts and Image, Danube University Krems"]},"featured_image_src":false,"bio":"<a href=\"http:\/\/www.viennavant.at\/wp-content\/uploads\/estoeckler.jpg\" target=\"_blank\" rel=\"noopener\"><img class=\"alignleft wp-image-824\" src=\"http:\/\/www.viennavant.at\/wp-content\/uploads\/estoeckler-213x300.jpg\" width=\"177\" height=\"250\" \/><\/a>Leiterin des Departments f\u00fcr Kunst- und Kulturwissenschaften und des Zentrums f\u00fcr Angewandte Musikforschung der Universit\u00e4t f\u00fcr Weiterbildung Krems\r\n\r\n<strong>Lehre und Forschung<\/strong>\r\n\r\nMusikgeschichte des 20. und 21. Jahrhunderts\r\nMusik im Kontext von \u00d6konomie und \u00c4sthetik\r\nGeschichte des Musikmanagements\r\n\r\n<br style=\"clear:both;\"><strong>Website<\/strong>\r\n\r\n<a href=\"http:\/\/www.donau-uni.ac.at\/de\/universitaet\/organisation\/mitarbeiterinnen\/person\/4294993355\">http:\/\/www.donau-uni.ac.at\/de\/universitaet\/organisation\/mitarbeiterinnen\/person\/4294993355<\/a>\r\n\r\n<strong>Kurzbiographie<\/strong>\r\n\r\nMusikwissenschaftlerin, Studiengangsleiterin Musikmanagement,\r\nMitglied des Senats der Donau-Universit\u00e4t Krems sowie\r\nstellvertretende Vorsitzende der Curricula-Kommission, Mitglied des wissenschaftlichen Beirats der Ernst Krenek Institut Privatstiftung sowie des Wiener Instituts f\u00fcr Strauss-Forschung, Mitglied des Editorial Board des International Journals of Music Business Research, Wien\/Hertfordshire\/Hannover.\r\n\r\nStudium der Musikwissenschaft (Doktorat), Deutschen Philologie und Slawistik\/Russisch (Lehramt) an der Universit\u00e4t Salzburg\r\nAusbildung zur diplomierten Erwachsenenbildnerin\r\nStudium \"Theorie, Arrangement, Komposition\" (Master of Arts in Music Education) an der JAM Music Lab Private University Wien f\u00fcr Jazz und Popularmusik\r\n\r\n2004 Promotion an der Universit\u00e4t Salzburg mit einer Arbeit \u00fcber\r\nErnst Krenek, ... verloren im Dunkel des un\u00fcbersehbaren Lebensraumes, Ernst Kreneks Kafka-Rezeption (publiziert 2006)\r\nmusikwissenschaftliche Stipendiatin des II. Internationalen Kompositionsseminars der Internationalen Ensemble Modern Akademie Frankfurt\/Main (2005).\r\n\r\n<strong>Aktuelle Publikationen<\/strong>\r\n\r\nMesto, rigido e ceremoniale . Gy\u00f6rgy Ligetis Musica Ricercata II in Eyes Wide Shut. In: Dagmar Hoffmann (Hrsg.): K\u00f6rper\u00e4sthetiken. Filmische Inszenierungen von K\u00f6rperlichkeit. Transcript, Bielefeld: 2010.\r\nProdukt Musik\u201d. Eine musikwissenschaftliche Ann\u00e4herung. In: Gerhard Gensch, Eva Maria St\u00f6ckler, Peter Tschmuck (Hrsg.): Musikrezeption, Musikdistribution und Musikproduktion. Der Wandel des Wertsch\u00f6pfungsnetzwerks in der Musikwirtschaft. Gabler Edition Wissenschaft, Wiesbaden: 2008. S. 267\u2013292.\r\nVisual Music Structures. Vom Verstehen von Kunst durch Kunst. Journal Ph\u00e4nomenologie. Sonderdruck 29\/2008. S. 11\u201317.\r\nverloren im Dunkel des un\u00fcbersehbaren Lebensraumes. Ernst Kreneks Kafka-Rezeption. Peter Lang, Frankfurt\/Main: 2006.\r\nKafka-Musik. Die fr\u00fchen Vertonungen von Max Brod, Ernst Krenek und Theodor W. Adorno. In: Musicologica Austriaca 23, hrsg. von Andrea Lindmayr-Brandl, Wien: 2004. S. 99\u2013117.","_links":{"self":[{"href":"https:\/\/www.viennavant.at\/en\/wp-json\/wp\/v2\/staff-member\/2249","targetHints":{"allow":["GET"]}}],"collection":[{"href":"https:\/\/www.viennavant.at\/en\/wp-json\/wp\/v2\/staff-member"}],"about":[{"href":"https:\/\/www.viennavant.at\/en\/wp-json\/wp\/v2\/types\/staff-member"}],"wp:attachment":[{"href":"https:\/\/www.viennavant.at\/en\/wp-json\/wp\/v2\/media?parent=2249"}],"wp:term":[{"taxonomy":"staff-member-category","embeddable":true,"href":"https:\/\/www.viennavant.at\/en\/wp-json\/wp\/v2\/staff-member-category?post=2249"}],"curies":[{"name":"wp","href":"https:\/\/api.w.org\/{rel}","templated":true}]}}