{"id":2246,"date":"2016-12-14T12:14:10","date_gmt":"2016-12-14T12:14:10","guid":{"rendered":"http:\/\/viennavant.cloud.d2mc.com\/?post_type=staff-member&#038;p=2246"},"modified":"2022-12-26T21:26:19","modified_gmt":"2022-12-26T21:26:19","slug":"mag-art-dr-phil-anna-spohn","status":"publish","type":"staff-member","link":"https:\/\/www.viennavant.at\/en\/staff-members\/mag-art-dr-phil-anna-spohn\/","title":{"rendered":"Mag.art. Dr.phil. Anna Spohn"},"content":{"rendered":"\r\n \r\n<div class=\"staff-member\">\r\n\r\n\t<!-- Featured Image -->\r\n\t\t\t\t\t\t\r\n\t<div class=\"staff-member-right\">\r\n\t\t\t\t\r\n\t\t \r\n\t\t\t<p class=\"staff-member-title\">Kunst- und Kulturwissenschaftlerin, Senior Scientist an der Universit\u00e4t f\u00fcr Angewandte Kunst, Institut Kunsttheorie<\/p>\r\n\t\t\t\t\r\n\t\t\r\n\t\t   \r\n\t\t\t<div class=\"staff-member-bio\"> \r\n\t\t\t\t<p><strong><a href=\"http:\/\/www.viennavant.at\/wp-content\/uploads\/annaspohn1.jpg\" target=\"_blank\" rel=\"noopener\"><img loading=\"lazy\" decoding=\"async\" class=\"alignleft wp-image-581 size-full\" src=\"http:\/\/www.viennavant.at\/wp-content\/uploads\/annaspohn1.jpg\" width=\"150\" height=\"203\" \/><\/a>Senior Scientist an der Universit\u00e4t f\u00fcr Angewandte Kunst, Institut Kunsttheorie<\/strong><\/p>\n<p><strong>Forschungsschwerpunkte:<\/strong><br \/>\n\u2022 Kunsttheorie und \u00c4sthetik<br \/>\n\u2022 Kulturwissenschaften\/ Cultural Studies<br \/>\n\u2022 Kunst und Politik<br \/>\n\u2022 zeitgen\u00f6ssische Kunst<br \/>\n\u2022 Kunst nach 1945<br \/>\n\u2022 Aktivismus in der Kunst<br \/>\n\u2022 konkrete Kunst, visuelle und konkrete Poesie<\/p>\n<p><strong>Website:<\/strong><br \/>\n<a href=\"https:\/\/kunsttheorie.uni-ak.ac.at\/wordpress\/mitarbeiterinnen\/anna-spohn-senior-scientist\/\">https:\/\/kunsttheorie.uni-ak.ac.at\/wordpress\/mitarbeiterinnen\/anna-spohn-senior-scientist\/<\/a><\/p>\n<p><strong>Curriculum Vitae<\/strong><\/p>\n<p>\u2022 Anna Spohn wurde in Hohenems geboren und lebt in Wien.<br \/>\n\u2022 Von 1998 bis 2003 studierte sie Malerei sowie Kulturwissen-\u2028schaften, Philosophie und Kunstgeschichte und promovierte 2006 an der Universit\u00e4t f\u00fcr angewandte Kunst in Wien und an der Universit\u00e4t Wien<br \/>\n\u2022 2004\u20132005 Forschungs- und Archivierungst\u00e4tigkeiten f\u00fcr die Sammlungen der Universit\u00e4t f\u00fcr angewandte Kunst,<br \/>\n\u2022 2006 Recherchen und redaktionelle Arbeiten f\u00fcr das Institut f\u00fcr Sozio-Semiotische Studien und am Institut f\u00fcr Politikwissenschaften an der Universit\u00e4t Wien.<br \/>\n\u2022 Ab 2007 Lehrt\u00e4tigkeit an der Universit\u00e4t f\u00fcr angewandte Kunst Wien und an der Universit\u00e4t Wien<br \/>\n\u2022 2007\u20132009 Stuff Scientist an der Abteilung f\u00fcr Kultur- und Geistesgeschichte an der Universit\u00e4t f\u00fcr angewandte Kunst Wien (Post-Doc)<br \/>\n\u2022 Seit 2009 Senior Scientist an der Abteilung Kulturwissenschaften bzw. Kunsttheorie.<\/p>\n<p><strong>Buchpublikationen, Forschungsarbeiten &amp; Herausgeberschaft<\/strong><\/p>\n<p>\u2022 <span class=\"caps\">CCKS<\/span> Cities, Cultures, Knowledge Societies. <span class=\"caps\">TRANS<\/span> Nr. 18, 2014 (Hg. gem. Knut Ove Arntzen, Yesim Basarir,\u2028Oswald Bazant, Gloria Withalm u.a.) Online: <a href=\"http:\/\/www.inst.at\/trans\/18Nr\/II-1\/inhalt_2-1.htm\">http:\/\/www.inst.at\/trans\/18Nr\/II-1\/inhalt_2\u20131.htm<\/a><br \/>\n\u2022 Kunst. Kontext. Kultur. Manfred Wagner 38 Jahre Kultur- und Geistesgeschichte an der Angewandten. Wien et. al.: Springer, 2012 (= Edition Angewandte) (Hg. gem. Gloria Withalm, Gerald Bast)<br \/>\n\u2022 Zum reflexiven Umgang mit schriftsprachlichen Elementen in der bildenden Kunst. Interdisziplin\u00e4re und experimentelle Tendenzen an der Schnittstelle bildende Kunst, Schrift, Text und Literatur in Wien und \u00d6sterreich. Forschungsbericht, Wien: 2011<br \/>\n\u2022 Bernhard Hosa, 2 9 15 13 1 19 3 8 9 14 5. Wien: 2009 (Hg. gem. mit Bernhard Hosa)<br \/>\n\u2022 Helga Philipp \u2013 Eine Monografie [Gek\u00fcrzte und \u00fcber-\u2028arbeitete Fassung der Dissertation \u201eHelga Philipp \u2013 Eine Monografie\u201c, 2006]. Wien: Praesens, 2007 (= Angewandte Kulturwissenschaften Wien, Band 6, Hg. Manfred Wagner)<br \/>\n\u2022 Helga Philipp \u2013 Eine Monografie. Diss. Phil. Wien: Universit\u00e4t f\u00fcr angewandte Kunst Wien, 2006<\/p>\n<p><strong>Artikel &amp; Katalogbeitr\u00e4ge<\/strong><\/p>\n<p>\u2022 \u201eDie Idee der Partizipation und der Begriff der Praxis\u201c. In: \u00c4sthetische Praxis: Selbstentgrenzung der K\u00fcnste oder Entkunstung der Kunst?. Wiesbaden: Springer VS\u2028(in Vorbereitung)<br \/>\n\u2022 \u201cSUPERFLEX. Aktionismus als Konzept\u201c. In: Kunstforum International. (Februar 2015), Band 232, S. 95\u2013101<br \/>\n\u2022 \u201eHandlung, Teilnahme und Beteiligung. Partizipation\u2028zwischen Politik und Kunst\u201c In: Kunstforum International.\u2028(Dezember 2014), Band 231, S. 74\u201389<br \/>\n\u2022 \u201eEine Absage per Ansage\u201c. In: Endlicher, Michael: Ich bin ein plurifakter K\u00fcnstler. Litaneien der Selbstanrufung. Sprachliche und bildliche Bedeutungsproduktion. Berlin: Distanz, 2014 S. 20<br \/>\n\u2022 \u201eVon Ordnung, Sprache und Poesie. Notizen zu Wolfgang Buchners \u00ab\u00c4pfel\u00bb Polygrafie II\u201c. In: Buchner, Wolfgang: Poetische Modelle. Wien: Folio, 2014, S. 521\u2013527<br \/>\n\u2022 \u201eHosi-Anna \u2013 ambivalente Schrift, ambige Sprache und\u2028Ikonizit\u00e4t. Thomas Bayrles und Bernhard J\u00e4gers Inter-\u2028pretationen fr\u00fcher Texte Ernst Jandls\u201c. In: Schweiger,\u2028Hannes; Nagy, Hajnalka (eds.): <span class=\"caps\">WIR<\/span> <span class=\"caps\">JANDN<\/span>! Didaktische und Wissenschaftliche Wege zu Ernst Jandl. Innsbruck, Wien, Bozen: Studienverlag, 2013 (= Reihe ide extra), S. 98\u2013112<br \/>\n\u2022 \u201cRegenwald, Landlust und Plastikkontinent\/ Rainforest, countryside longings and plastic continent\u201d [dt.\/engl.]. In: Nitzl, Iris (2012): Iris Maria Nitzl. Regenwald, Landlust und Plastikkontinent \u2013 wie reimt sich das zusamm?\/ Rainforest, countryside longings and plastic continent \u2013 how does that rhyme?. Passau: Klinger, 2012, S. 5f.<br \/>\n\u2022 \u201eTopos, Illusion und Erinnerung. Notizen zum Projekt\u2028R\u00c4UMUNG im Artspace\/ Kabelwerk Wien, J\u00e4nner 2012\u201c. In: o. A. : R\u00e4umung \u2013 ein Projekt von Johanna Binder. Wien: 2012, o. S.<br \/>\n\u2022 \u201e\u00c4sthetik und Exklusion \u2013 <span class=\"caps\">CPTED<\/span>\u201c. In: Arntzen, Knut Ove; Basarir, Yesim; Bazant, Oswald; et. al.; Spohn, Anna; et. al.; Withalm, Gloria; et. al. (eds.): <span class=\"caps\">CCKS<\/span> Cities, Cultures, Knowledge Societies. <span class=\"caps\">TRANS<\/span> Nr. 18, Since December 2010, Online: <a href=\"http:\/\/www.inst.at\/trans\/18Nr\/II-1\/2-1_sectionreport.htm\">http:\/\/www.inst.at\/trans\/18Nr\/II-1\/2\u20131_sectionreport.htm<\/a><br \/>\n\u2022 \u201eManfred Wagner: Kunst und Kultur im Kontext\u201c. In:\u2028Withalm, Gloria; Spohn, Anna; Bast, Gerald (eds.): Kunst. Kontext. Kultur. Manfred Wagner 38 Jahre Kultur- und Geistesgeschichte an der Angewandten. Wien, New York: Springer, 2012, S. 8\u201340 (= Edition Angewandte) (gem. mit Gloria Withalm)<br \/>\n\u2022 \u201eSection Report Signs and\/in\/on the City\u2026\u201c. In: Arntzen, Knut Ove; Basarir, Yesim; Bazant, Oswald; et. al.; Spohn, Anna; et. al.; Withalm, Gloria; et. al. (eds.): <span class=\"caps\">CCKS<\/span> Cities, Cultures, Knowledge Societies. <span class=\"caps\">TRANS<\/span> Nr. 18, since\u2028December 2010, Online: <a title=\"gem. mit Gloria Withalm\" href=\"http:\/\/www.inst.at\/trans\/18Nr\/II_1\/sectionreport.htm\">http:\/\/www.inst.at\/trans\/18Nr\/II_1\/sectionreport.htm<\/a> (gem. mit Gloria Withalm)<br \/>\n\u2022 \u201eSpace Odyssey\u201c. [dt.\/engl.] In: K\u00fcnstlervereinigung\u2028MAERZ (ed.): Ansichtsexemplar 2011. Linz: K\u00fcnstler-\u2028vereinigung <span class=\"caps\">MAERZ<\/span>, 2011, S. 28\u201333<br \/>\n\u2022 \u201eBlack Box und Wunderkammer\u201c. In: Kulturabteilung der Stadt Wien (ed.): Ulrike K\u00f6nigshofer. System Ich [Zur Ausstellung in der Startgalerie im <span class=\"caps\">MUSA<\/span> 7.4.\u20135.5.]. Wien: <span class=\"caps\">MUSA<\/span>, 2011, o. S.<br \/>\n\u2022 \u201eKritik, K\u00fcnstler, Kunstmarkt\u201c. In: Die Presse, 24. November 2010 [= Beilage: Wiener Vorlesungen, Dialogforum der Stadt Wien, Kunst. Markt. Geld]\n\u2022 \u201eSymposion Himmelberg 2010\u201c. In: Heuer, Johannes;\u2028Reimer, Gisela (eds.): Symposion Himmelberg 2010\u2028[Dokumentation des Symposions Himmelberg 2010]. Wien: 2010, S. 1f.<br \/>\n\u2022 \u201eNarration in Bildern\u201c. In: Kulturabteilung der Stadt Wien (ed.): Doroteya Petrova [Zur Ausstellung in der Startgalerie im <span class=\"caps\">MUSA<\/span> 5.3.\u20131.4.] Wien: <span class=\"caps\">MUSA<\/span>, 2010, o. S.<br \/>\n\u2022 \u201eIch glaube dir nicht mehr. Zu Michael Endlichers Inverted Ions\u201c,\u2028Online: <a href=\"http:\/\/www.endlicher.at\/new\/worte.php?lng=de&amp;view=141&amp;refid=2&amp;gt\">http:\/\/www.endlicher.at\/new\/worte.php?lng=de&amp;view=141&amp;refid=2&gt;<\/a>;<br \/>\n\u2022 \u201eUrspr\u00fcnge und Universalien \u2013 Sprachen und Schriften\u201c. In: etcetera, Nr. 36\/ 2009, S. 4\u20139<br \/>\n\u2022 \u201eremove the whole crap. Bernhard Hosa\u201c. [dt.\/ engl.] In: Friesinger, G\u00fcnther (ed.): Urban Hacking. paraflows 09\u2028[Katalog zum Festival f\u00fcr digitale Kulturen paraflows 09]. Wien: edition mono\/ monochrom, 2009, S. 53f.<br \/>\n\u2022 \u201eGespr\u00e4che \u00fcber das Werk von Helga Philipp\u201c [dt.]. In: Bast, Gerald; Aigner, Carl (eds.): Helga Philipp, Poesie der Logik. Wien, New York: Springer, 2009, S. 212\u2013229 \/\u2028\u2022 Spohn, Anna: \u201eTalks about the work of Helga Philipp\u201c [engl.]. In: Bast, Gerald; Aigner, Carl (eds.): Helga Philipp, Poesie der Logik. Wien, New York: Springer, 2009, S. 240\u2013245<br \/>\n\u2022 \u201eHomo Delinquens\u201c, \u201eKriminologie und Kriminalbiologie\/ Criminology and Biological Criminology\u201c,\u201eVermessen\/\u2028Mesured\u201c, \u201eOhne Schuld keine Strafe\/ Without Guilt no\u2028Punishment\u201c [dt.\/ engl.]. In: Hosa, Bernhard; Spohn, Anna (eds.): Bernhard Hosa, 2 9 15 13 1 19 3 8 9 14 5. Wien, 2009, 9f. 17\u201320, 27f., 34\u201337<br \/>\n\u2022 \u201eHelga Philipp \u2013 Realer Raum und imagin\u00e4re Drei-\u2028dimensionalit\u00e4t\u201c. In: Aigner, Silvie; Hauenfels, Theresia (eds.): Raum:Konzepte \u2013 Stadt als Dialog \u2013 Struktur als Modell. Wien: Praesens, 2008, S. 13\u201317<br \/>\n\u2022 \u201eText als Zeichen \u2013 Zeichen als Bild, der visuelle Aspekt der Konkreten Poesie\u201c. In: Aigner, Silvie; Hauenfels, Theresia (eds.): Schrift als Form \u2013 Kunst als Poesie. Wien:\u2028Praesens, 2006, S. 24\u201329<\/p>\n<p><strong>Ver\u00f6ffentlichungen zu k\u00fcnstlerischen Arbeiten (Auswahl)<\/strong><\/p>\n<p>\u2022 Vorarlberger Landesmuseum und Kunsthaus Bregenz (eds.): Bildende Kunst in Vorarlberg 1945\u20132005. Biografisches Lexikon. Hohenems: Bucher Verlag, 2006, S. 291<br \/>\n\u2022 Hauenfels, Theresia (ed.): Skin [Katalog zur gleichnamigen Ausstellung im <span class=\"caps\">CAFA<\/span>-Museum Peking]. Waidhofen an der Ybbs: Raumimpuls, 2005, S. 40f., S. 86<br \/>\n\u2022 Kuratorium Palais Lichtenstein Feldkirch &amp; Interessens-\u2028gemeinschaft der Wiesbadner Galerien (eds.): Kunst-\u2028landschaft Austria Schwerpunkt Vorarlberg. Feldkirch,\u2028Wiesbaden: Palais Lichtenstein, 2003, o. S.<br \/>\n\u2022 Universit\u00e4t f\u00fcr angewandte Kunst Wien (ed.): Meisterklasse f\u00fcr Malerei o. Univ.-Prof. Adolf Frohner. Wien: Universit\u00e4t f\u00fcr angewandte Kunst Wien, 2002, o. S.<br \/>\n\u2022 Kulturzeitschrift Sterz, Nr. 90\/ 2002, Graz, S. 36f.<\/p>\n<p><strong>Redaktion, redaktionelle Mitarbeit, Lektorat<\/strong><\/p>\n<p>\u2022 Redaktion und Lektorat gem. mit Gloria Withalm: Withalm, Gloria; Spohn, Anna; Bast, Gerald (Hg.): Kunst. Kontext. Kultur. Manfred Wagner 38 Jahre Kultur- und Geistesgeschichte an der Angewandten. Wien et. al.: Springer, 2012 (= Edition Angewandte)<br \/>\n\u2022 Redaktionelle u. organisatorische Betreuung, Koordination der Buchreihe \u201eAngewandte Kulturwissenschaften Wien\u201c, Band 9\u201320, erschienen im Praesens Verlag Wien, 2008\u20132015<br \/>\n\u2022 Redaktionelle Mitarbeit und Lektorat: Wagner, Manfred:\u2028Europ\u00e4ische Kulturgeschichte: gelebt, gedacht, vermittelt. Wien, K\u00f6ln, Weimar: B\u00f6hlau, 2009 (= Studien zu Politik und Verwaltung, Band 79, herausgegeben von Wolfgang Mantl, Manfried Welan und Christian Br\u00fcnner)<\/p>\n<p><strong>Kuratierte Ausstellungen<\/strong><\/p>\n<p>\u2022 in:system, Gruppenausstellung, gem. mit Bernhard Hosa, Schloss Ulmerfeld <span class=\"caps\">NOE<\/span> (A) (mit: Miriam Bajtala, Judith Fegerl, Thomas Freiler, Agnes Fuchs, Markus Gradner, Daniel Hafner, Bernhard Hosa, Ulrike K\u00f6nigshofer, Klaus Mosettig, Iris Nitzl, Bernd Oppl, Markus Proschek,\u2028Christoph Weber), 2010<br \/>\n\u2022 Helga Philipp &amp; Silvia Grossmann, gem. mit Silvie Aigner, Rathausgalerie, Waidhofen an der Ybbs (A), 2007<br \/>\n\u2022 Plattform, Galerie Raum f\u00fcr Kunst Altst\u00e4tten (CH), 2002<\/p>\n<p><strong>Stipendien<\/strong><\/p>\n<p>\u2022 2010 Forschungsstipendium der Stadt Wien (\u201eInterdisziplin\u00e4re und experimentelle Tendenzen zwischen\u2028bildender Kunst, Schrift, Text und Literatur in Wien und \u00d6sterreich\u201c)<br \/>\n\u2022 2005 F\u00f6rderungsstipendium der Universit\u00e4t f\u00fcr angewandte Kunst Wien<br \/>\n\u2022 2004 Stipendiatin der Emanuel und Sophie Fohn Stipendienstiftung<br \/>\n\u2022 2004 Stipendium des Otto Prutscher Fonds<br \/>\n\u2022 2002 Stipendiatin der Emanuel und Sofie Fohn Stipendienstiftung<br \/>\n\u2022 1999 F\u00f6rderungsstipendium der Universit\u00e4t f\u00fcr angewandte Kunst Wien<\/p>\n<p><strong>Lehre<\/strong><\/p>\n<p>\u2022 Einf\u00fchrung in die Kunsttheorie, Proseminar, W 2015\/16<br \/>\n\u2022 Von \u00e4sthetischen R\u00e4umen, Seminar, W 2015\/16<br \/>\n\u2022 Topos Raum, Seminar, S 2015<br \/>\n\u2022 Diskurse der Kunst II: Autorschaft, Werk und Publikum, Proseminar, S 2015<br \/>\n\u2022 Arbeit, Raum, Gestaltung: Universit\u00e4t f\u00fcr angewandte Kunst Wien &amp; Universit\u00e4t Wien, Institut f\u00fcr Geschichte, gem. mit Peter Becker, W 2014\/15<br \/>\nManifest!, Proseminar, W 2014\/15<br \/>\n\u2022 Das offene Kunstwerk, Seminar, S 2014<br \/>\n\u2022 Von \u00e4sthetischen R\u00e4umen. Raumtheoretische Aspekte in den Kulturwissenschaften, Proseminar, S 2014<br \/>\nMagische Praxis und soziale Sensibilit\u00e4t, Seminar, gem. Boris Manner, W 2013\/14<br \/>\n\u2022 Kultur. Denken. Grundlagen der Kulturwissenschaften. Vorlesung, W 2013\/14<br \/>\n\u2022 R\u00e4ume, Orte, St\u00e4dte, Proseminar, S 2013<br \/>\n\u2022 Farbe, Sprache, Blick I und II, Seminar, gem. mit Boris Manner, W 2012\/13 und S 2013<br \/>\n\u2022 Kulturgeschichte \u2013 Eine Einf\u00fchrung, Vorlesung, W 2012\/13<br \/>\nArt &amp; Text, Seminar, Universit\u00e4t f\u00fcr angewandte Kunst Wien &amp; Universit\u00e4t Wien, S 2012<br \/>\n\u2022 Studienschwerpunkt Kulturwissenschaften, Cultural Studies. Von Aar bis Zerberus. Tiere und Kreaturen in der Kulturgeschiche, Proseminar, gem. mit Gloria Withalm, S 2012<br \/>\n\u2022 Kunst. Markt. K\u00fcnstler, Proseminar, Lekt\u00fcreseminar, W 2011\/12<br \/>\n\u2022 Schrift. Kultur- und zeichentheoretische Betrachtungen, Proseminar, Lekt\u00fcreseminar, W 2011\/12<br \/>\n\u2022 Schrift, Text, bildende Kunst, Proseminar, S 2011<br \/>\n\u2022 Zur Kulturgeschichte des Wohnens, Proseminar, Universit\u00e4t f\u00fcr angewandte Kunst Wien &amp; Universit\u00e4t Wien, Studienschwerpunkt Kulturwissenschaften, Cultural Studies, S 2011, W 2010\/11, S 2009, S 2008, S 2007<br \/>\n\u2022 Schrift, Zeichen, Bild: Zur Kulturgeschichte der Schrift, Proseminar, W 2010\/11<br \/>\n\u2022 Sprache, Schrift und bildende Kunst, Proseminar, S 2010<br \/>\n\u2022 Diskrepanz Kunstmarkt und Kunstschaffen, Proseminar, W 2009\/10<br \/>\n\u2022 Zur Kulturgeschichte der Schrift, Proseminar, Universit\u00e4t f\u00fcr angewandte Kunst Wien &amp; Universit\u00e4t Wien, Studienschwerpunkt Kulturwissenschaften, Cultural Studies, W 2008\/09, W 2007\/08<\/p>\n\t\t\t<\/div>\t\t\r\n\t\t\t<br \/>\r\n\t\t\t\t\r\n\t\t<!-- Only show Mailing Address and Contact Info in single view -->\r\n\t\t\t<\/div>\r\n<\/div>","protected":false},"featured_media":0,"menu_order":0,"template":"","meta":[],"staff-member-category":[68],"class_list":["post-2246","staff-member","type-staff-member","status-publish","hentry","staff-member-category-members"],"translation":{"provider":"WPGlobus","version":"3.0.2","language":"en","enabled_languages":["de","en"],"languages":{"de":{"title":true,"content":true,"excerpt":false},"en":{"title":false,"content":false,"excerpt":false}}},"metadata":{"first_name":["Anna"],"last_name":["Spohn"],"title":["Kunst- und Kulturwissenschaftlerin, Senior Scientist an der Universit\u00e4t f\u00fcr Angewandte Kunst, Institut Kunsttheorie"],"phone":["Art historian, cultural scientist, senior scientist Department for Art Theory University for Applied Arts Vienna"]},"featured_image_src":false,"bio":"<strong><a href=\"http:\/\/www.viennavant.at\/wp-content\/uploads\/annaspohn1.jpg\" target=\"_blank\" rel=\"noopener\"><img class=\"alignleft wp-image-581 size-full\" src=\"http:\/\/www.viennavant.at\/wp-content\/uploads\/annaspohn1.jpg\" width=\"150\" height=\"203\" \/><\/a>Senior Scientist an der Universit\u00e4t f\u00fcr Angewandte Kunst, Institut Kunsttheorie<\/strong>\r\n\r\n<strong>Forschungsschwerpunkte:<\/strong>\r\n\u2022 Kunsttheorie und \u00c4sthetik\r\n\u2022 Kulturwissenschaften\/ Cultural Studies\r\n\u2022 Kunst und Politik\r\n\u2022 zeitgen\u00f6ssische Kunst\r\n\u2022 Kunst nach 1945\r\n\u2022 Aktivismus in der Kunst\r\n\u2022 konkrete Kunst, visuelle und konkrete Poesie\r\n\r\n<strong>Website:<\/strong>\r\n<a href=\"https:\/\/kunsttheorie.uni-ak.ac.at\/wordpress\/mitarbeiterinnen\/anna-spohn-senior-scientist\/\">https:\/\/kunsttheorie.uni-ak.ac.at\/wordpress\/mitarbeiterinnen\/anna-spohn-senior-scientist\/<\/a>\r\n\r\n<strong>Curriculum Vitae<\/strong>\r\n\r\n\u2022 Anna Spohn wurde in Hohenems geboren und lebt in Wien.\r\n\u2022 Von 1998 bis 2003 studierte sie Malerei sowie Kulturwissen-\u2028schaften, Philosophie und Kunstgeschichte und promovierte 2006 an der Universit\u00e4t f\u00fcr angewandte Kunst in Wien und an der Universit\u00e4t Wien\r\n\u2022 2004\u20132005 Forschungs- und Archivierungst\u00e4tigkeiten f\u00fcr die Sammlungen der Universit\u00e4t f\u00fcr angewandte Kunst,\r\n\u2022 2006 Recherchen und redaktionelle Arbeiten f\u00fcr das Institut f\u00fcr Sozio-Semiotische Studien und am Institut f\u00fcr Politikwissenschaften an der Universit\u00e4t Wien.\r\n\u2022 Ab 2007 Lehrt\u00e4tigkeit an der Universit\u00e4t f\u00fcr angewandte Kunst Wien und an der Universit\u00e4t Wien\r\n\u2022 2007\u20132009 Stuff Scientist an der Abteilung f\u00fcr Kultur- und Geistesgeschichte an der Universit\u00e4t f\u00fcr angewandte Kunst Wien (Post-Doc)\r\n\u2022 Seit 2009 Senior Scientist an der Abteilung Kulturwissenschaften bzw. Kunsttheorie.\r\n\r\n<strong>Buchpublikationen, Forschungsarbeiten &amp; Herausgeberschaft<\/strong>\r\n\r\n\u2022 <span class=\"caps\">CCKS<\/span> Cities, Cultures, Knowledge Societies. <span class=\"caps\">TRANS<\/span> Nr. 18, 2014 (Hg. gem. Knut Ove Arntzen, Yesim Basarir,\u2028Oswald Bazant, Gloria Withalm u.a.) Online: <a href=\"http:\/\/www.inst.at\/trans\/18Nr\/II-1\/inhalt_2-1.htm\">http:\/\/www.inst.at\/trans\/18Nr\/II-1\/inhalt_2\u20131.htm<\/a>\r\n\u2022 Kunst. Kontext. Kultur. Manfred Wagner 38 Jahre Kultur- und Geistesgeschichte an der Angewandten. Wien et. al.: Springer, 2012 (= Edition Angewandte) (Hg. gem. Gloria Withalm, Gerald Bast)\r\n\u2022 Zum reflexiven Umgang mit schriftsprachlichen Elementen in der bildenden Kunst. Interdisziplin\u00e4re und experimentelle Tendenzen an der Schnittstelle bildende Kunst, Schrift, Text und Literatur in Wien und \u00d6sterreich. Forschungsbericht, Wien: 2011\r\n\u2022 Bernhard Hosa, 2 9 15 13 1 19 3 8 9 14 5. Wien: 2009 (Hg. gem. mit Bernhard Hosa)\r\n\u2022 Helga Philipp \u2013 Eine Monografie [Gek\u00fcrzte und \u00fcber-\u2028arbeitete Fassung der Dissertation \u201eHelga Philipp \u2013 Eine Monografie\u201c, 2006]. Wien: Praesens, 2007 (= Angewandte Kulturwissenschaften Wien, Band 6, Hg. Manfred Wagner)\r\n\u2022 Helga Philipp \u2013 Eine Monografie. Diss. Phil. Wien: Universit\u00e4t f\u00fcr angewandte Kunst Wien, 2006\r\n\r\n<strong>Artikel &amp; Katalogbeitr\u00e4ge<\/strong>\r\n\r\n\u2022 \u201eDie Idee der Partizipation und der Begriff der Praxis\u201c. In: \u00c4sthetische Praxis: Selbstentgrenzung der K\u00fcnste oder Entkunstung der Kunst?. Wiesbaden: Springer VS\u2028(in Vorbereitung)\r\n\u2022 \u201cSUPERFLEX. Aktionismus als Konzept\u201c. In: Kunstforum International. (Februar 2015), Band 232, S. 95\u2013101\r\n\u2022 \u201eHandlung, Teilnahme und Beteiligung. Partizipation\u2028zwischen Politik und Kunst\u201c In: Kunstforum International.\u2028(Dezember 2014), Band 231, S. 74\u201389\r\n\u2022 \u201eEine Absage per Ansage\u201c. In: Endlicher, Michael: Ich bin ein plurifakter K\u00fcnstler. Litaneien der Selbstanrufung. Sprachliche und bildliche Bedeutungsproduktion. Berlin: Distanz, 2014 S. 20\r\n\u2022 \u201eVon Ordnung, Sprache und Poesie. Notizen zu Wolfgang Buchners \u00ab\u00c4pfel\u00bb Polygrafie II\u201c. In: Buchner, Wolfgang: Poetische Modelle. Wien: Folio, 2014, S. 521\u2013527\r\n\u2022 \u201eHosi-Anna \u2013 ambivalente Schrift, ambige Sprache und\u2028Ikonizit\u00e4t. Thomas Bayrles und Bernhard J\u00e4gers Inter-\u2028pretationen fr\u00fcher Texte Ernst Jandls\u201c. In: Schweiger,\u2028Hannes; Nagy, Hajnalka (eds.): <span class=\"caps\">WIR<\/span> <span class=\"caps\">JANDN<\/span>! Didaktische und Wissenschaftliche Wege zu Ernst Jandl. Innsbruck, Wien, Bozen: Studienverlag, 2013 (= Reihe ide extra), S. 98\u2013112\r\n\u2022 \u201cRegenwald, Landlust und Plastikkontinent\/ Rainforest, countryside longings and plastic continent\u201d [dt.\/engl.]. In: Nitzl, Iris (2012): Iris Maria Nitzl. Regenwald, Landlust und Plastikkontinent \u2013 wie reimt sich das zusamm?\/ Rainforest, countryside longings and plastic continent \u2013 how does that rhyme?. Passau: Klinger, 2012, S. 5f.\r\n\u2022 \u201eTopos, Illusion und Erinnerung. Notizen zum Projekt\u2028R\u00c4UMUNG im Artspace\/ Kabelwerk Wien, J\u00e4nner 2012\u201c. In: o. A. : R\u00e4umung \u2013 ein Projekt von Johanna Binder. Wien: 2012, o. S.\r\n\u2022 \u201e\u00c4sthetik und Exklusion \u2013 <span class=\"caps\">CPTED<\/span>\u201c. In: Arntzen, Knut Ove; Basarir, Yesim; Bazant, Oswald; et. al.; Spohn, Anna; et. al.; Withalm, Gloria; et. al. (eds.): <span class=\"caps\">CCKS<\/span> Cities, Cultures, Knowledge Societies. <span class=\"caps\">TRANS<\/span> Nr. 18, Since December 2010, Online: <a href=\"http:\/\/www.inst.at\/trans\/18Nr\/II-1\/2-1_sectionreport.htm\">http:\/\/www.inst.at\/trans\/18Nr\/II-1\/2\u20131_sectionreport.htm<\/a>\r\n\u2022 \u201eManfred Wagner: Kunst und Kultur im Kontext\u201c. In:\u2028Withalm, Gloria; Spohn, Anna; Bast, Gerald (eds.): Kunst. Kontext. Kultur. Manfred Wagner 38 Jahre Kultur- und Geistesgeschichte an der Angewandten. Wien, New York: Springer, 2012, S. 8\u201340 (= Edition Angewandte) (gem. mit Gloria Withalm)\r\n\u2022 \u201eSection Report Signs and\/in\/on the City\u2026\u201c. In: Arntzen, Knut Ove; Basarir, Yesim; Bazant, Oswald; et. al.; Spohn, Anna; et. al.; Withalm, Gloria; et. al. (eds.): <span class=\"caps\">CCKS<\/span> Cities, Cultures, Knowledge Societies. <span class=\"caps\">TRANS<\/span> Nr. 18, since\u2028December 2010, Online: <a title=\"gem. mit Gloria Withalm\" href=\"http:\/\/www.inst.at\/trans\/18Nr\/II_1\/sectionreport.htm\">http:\/\/www.inst.at\/trans\/18Nr\/II_1\/sectionreport.htm<\/a> (gem. mit Gloria Withalm)\r\n\u2022 \u201eSpace Odyssey\u201c. [dt.\/engl.] In: K\u00fcnstlervereinigung\u2028MAERZ (ed.): Ansichtsexemplar 2011. Linz: K\u00fcnstler-\u2028vereinigung <span class=\"caps\">MAERZ<\/span>, 2011, S. 28\u201333\r\n\u2022 \u201eBlack Box und Wunderkammer\u201c. In: Kulturabteilung der Stadt Wien (ed.): Ulrike K\u00f6nigshofer. System Ich [Zur Ausstellung in der Startgalerie im <span class=\"caps\">MUSA<\/span> 7.4.\u20135.5.]. Wien: <span class=\"caps\">MUSA<\/span>, 2011, o. S.\r\n\u2022 \u201eKritik, K\u00fcnstler, Kunstmarkt\u201c. In: Die Presse, 24. November 2010 [= Beilage: Wiener Vorlesungen, Dialogforum der Stadt Wien, Kunst. Markt. Geld]\r\n\u2022 \u201eSymposion Himmelberg 2010\u201c. In: Heuer, Johannes;\u2028Reimer, Gisela (eds.): Symposion Himmelberg 2010\u2028[Dokumentation des Symposions Himmelberg 2010]. Wien: 2010, S. 1f.\r\n\u2022 \u201eNarration in Bildern\u201c. In: Kulturabteilung der Stadt Wien (ed.): Doroteya Petrova [Zur Ausstellung in der Startgalerie im <span class=\"caps\">MUSA<\/span> 5.3.\u20131.4.] Wien: <span class=\"caps\">MUSA<\/span>, 2010, o. S.\r\n\u2022 \u201eIch glaube dir nicht mehr. Zu Michael Endlichers Inverted Ions\u201c,\u2028Online: <a href=\"http:\/\/www.endlicher.at\/new\/worte.php?lng=de&amp;view=141&amp;refid=2&amp;gt\">http:\/\/www.endlicher.at\/new\/worte.php?lng=de&amp;view=141&amp;refid=2&gt;<\/a>;\r\n\u2022 \u201eUrspr\u00fcnge und Universalien \u2013 Sprachen und Schriften\u201c. In: etcetera, Nr. 36\/ 2009, S. 4\u20139\r\n\u2022 \u201eremove the whole crap. Bernhard Hosa\u201c. [dt.\/ engl.] In: Friesinger, G\u00fcnther (ed.): Urban Hacking. paraflows 09\u2028[Katalog zum Festival f\u00fcr digitale Kulturen paraflows 09]. Wien: edition mono\/ monochrom, 2009, S. 53f.\r\n\u2022 \u201eGespr\u00e4che \u00fcber das Werk von Helga Philipp\u201c [dt.]. In: Bast, Gerald; Aigner, Carl (eds.): Helga Philipp, Poesie der Logik. Wien, New York: Springer, 2009, S. 212\u2013229 \/\u2028\u2022 Spohn, Anna: \u201eTalks about the work of Helga Philipp\u201c [engl.]. In: Bast, Gerald; Aigner, Carl (eds.): Helga Philipp, Poesie der Logik. Wien, New York: Springer, 2009, S. 240\u2013245\r\n\u2022 \u201eHomo Delinquens\u201c, \u201eKriminologie und Kriminalbiologie\/ Criminology and Biological Criminology\u201c,\u201eVermessen\/\u2028Mesured\u201c, \u201eOhne Schuld keine Strafe\/ Without Guilt no\u2028Punishment\u201c [dt.\/ engl.]. In: Hosa, Bernhard; Spohn, Anna (eds.): Bernhard Hosa, 2 9 15 13 1 19 3 8 9 14 5. Wien, 2009, 9f. 17\u201320, 27f., 34\u201337\r\n\u2022 \u201eHelga Philipp \u2013 Realer Raum und imagin\u00e4re Drei-\u2028dimensionalit\u00e4t\u201c. In: Aigner, Silvie; Hauenfels, Theresia (eds.): Raum:Konzepte \u2013 Stadt als Dialog \u2013 Struktur als Modell. Wien: Praesens, 2008, S. 13\u201317\r\n\u2022 \u201eText als Zeichen \u2013 Zeichen als Bild, der visuelle Aspekt der Konkreten Poesie\u201c. In: Aigner, Silvie; Hauenfels, Theresia (eds.): Schrift als Form \u2013 Kunst als Poesie. Wien:\u2028Praesens, 2006, S. 24\u201329\r\n\r\n<strong>Ver\u00f6ffentlichungen zu k\u00fcnstlerischen Arbeiten (Auswahl)<\/strong>\r\n\r\n\u2022 Vorarlberger Landesmuseum und Kunsthaus Bregenz (eds.): Bildende Kunst in Vorarlberg 1945\u20132005. Biografisches Lexikon. Hohenems: Bucher Verlag, 2006, S. 291\r\n\u2022 Hauenfels, Theresia (ed.): Skin [Katalog zur gleichnamigen Ausstellung im <span class=\"caps\">CAFA<\/span>-Museum Peking]. Waidhofen an der Ybbs: Raumimpuls, 2005, S. 40f., S. 86\r\n\u2022 Kuratorium Palais Lichtenstein Feldkirch &amp; Interessens-\u2028gemeinschaft der Wiesbadner Galerien (eds.): Kunst-\u2028landschaft Austria Schwerpunkt Vorarlberg. Feldkirch,\u2028Wiesbaden: Palais Lichtenstein, 2003, o. S.\r\n\u2022 Universit\u00e4t f\u00fcr angewandte Kunst Wien (ed.): Meisterklasse f\u00fcr Malerei o. Univ.-Prof. Adolf Frohner. Wien: Universit\u00e4t f\u00fcr angewandte Kunst Wien, 2002, o. S.\r\n\u2022 Kulturzeitschrift Sterz, Nr. 90\/ 2002, Graz, S. 36f.\r\n\r\n<strong>Redaktion, redaktionelle Mitarbeit, Lektorat<\/strong>\r\n\r\n\u2022 Redaktion und Lektorat gem. mit Gloria Withalm: Withalm, Gloria; Spohn, Anna; Bast, Gerald (Hg.): Kunst. Kontext. Kultur. Manfred Wagner 38 Jahre Kultur- und Geistesgeschichte an der Angewandten. Wien et. al.: Springer, 2012 (= Edition Angewandte)\r\n\u2022 Redaktionelle u. organisatorische Betreuung, Koordination der Buchreihe \u201eAngewandte Kulturwissenschaften Wien\u201c, Band 9\u201320, erschienen im Praesens Verlag Wien, 2008\u20132015\r\n\u2022 Redaktionelle Mitarbeit und Lektorat: Wagner, Manfred:\u2028Europ\u00e4ische Kulturgeschichte: gelebt, gedacht, vermittelt. Wien, K\u00f6ln, Weimar: B\u00f6hlau, 2009 (= Studien zu Politik und Verwaltung, Band 79, herausgegeben von Wolfgang Mantl, Manfried Welan und Christian Br\u00fcnner)\r\n\r\n<strong>Kuratierte Ausstellungen<\/strong>\r\n\r\n\u2022 in:system, Gruppenausstellung, gem. mit Bernhard Hosa, Schloss Ulmerfeld <span class=\"caps\">NOE<\/span> (A) (mit: Miriam Bajtala, Judith Fegerl, Thomas Freiler, Agnes Fuchs, Markus Gradner, Daniel Hafner, Bernhard Hosa, Ulrike K\u00f6nigshofer, Klaus Mosettig, Iris Nitzl, Bernd Oppl, Markus Proschek,\u2028Christoph Weber), 2010\r\n\u2022 Helga Philipp &amp; Silvia Grossmann, gem. mit Silvie Aigner, Rathausgalerie, Waidhofen an der Ybbs (A), 2007\r\n\u2022 Plattform, Galerie Raum f\u00fcr Kunst Altst\u00e4tten (CH), 2002\r\n\r\n<strong>Stipendien<\/strong>\r\n\r\n\u2022 2010 Forschungsstipendium der Stadt Wien (\u201eInterdisziplin\u00e4re und experimentelle Tendenzen zwischen\u2028bildender Kunst, Schrift, Text und Literatur in Wien und \u00d6sterreich\u201c)\r\n\u2022 2005 F\u00f6rderungsstipendium der Universit\u00e4t f\u00fcr angewandte Kunst Wien\r\n\u2022 2004 Stipendiatin der Emanuel und Sophie Fohn Stipendienstiftung\r\n\u2022 2004 Stipendium des Otto Prutscher Fonds\r\n\u2022 2002 Stipendiatin der Emanuel und Sofie Fohn Stipendienstiftung\r\n\u2022 1999 F\u00f6rderungsstipendium der Universit\u00e4t f\u00fcr angewandte Kunst Wien\r\n\r\n<strong>Lehre<\/strong>\r\n\r\n\u2022 Einf\u00fchrung in die Kunsttheorie, Proseminar, W 2015\/16\r\n\u2022 Von \u00e4sthetischen R\u00e4umen, Seminar, W 2015\/16\r\n\u2022 Topos Raum, Seminar, S 2015\r\n\u2022 Diskurse der Kunst II: Autorschaft, Werk und Publikum, Proseminar, S 2015\r\n\u2022 Arbeit, Raum, Gestaltung: Universit\u00e4t f\u00fcr angewandte Kunst Wien &amp; Universit\u00e4t Wien, Institut f\u00fcr Geschichte, gem. mit Peter Becker, W 2014\/15\r\nManifest!, Proseminar, W 2014\/15\r\n\u2022 Das offene Kunstwerk, Seminar, S 2014\r\n\u2022 Von \u00e4sthetischen R\u00e4umen. Raumtheoretische Aspekte in den Kulturwissenschaften, Proseminar, S 2014\r\nMagische Praxis und soziale Sensibilit\u00e4t, Seminar, gem. Boris Manner, W 2013\/14\r\n\u2022 Kultur. Denken. Grundlagen der Kulturwissenschaften. Vorlesung, W 2013\/14\r\n\u2022 R\u00e4ume, Orte, St\u00e4dte, Proseminar, S 2013\r\n\u2022 Farbe, Sprache, Blick I und II, Seminar, gem. mit Boris Manner, W 2012\/13 und S 2013\r\n\u2022 Kulturgeschichte \u2013 Eine Einf\u00fchrung, Vorlesung, W 2012\/13\r\nArt &amp; Text, Seminar, Universit\u00e4t f\u00fcr angewandte Kunst Wien &amp; Universit\u00e4t Wien, S 2012\r\n\u2022 Studienschwerpunkt Kulturwissenschaften, Cultural Studies. Von Aar bis Zerberus. Tiere und Kreaturen in der Kulturgeschiche, Proseminar, gem. mit Gloria Withalm, S 2012\r\n\u2022 Kunst. Markt. K\u00fcnstler, Proseminar, Lekt\u00fcreseminar, W 2011\/12\r\n\u2022 Schrift. Kultur- und zeichentheoretische Betrachtungen, Proseminar, Lekt\u00fcreseminar, W 2011\/12\r\n\u2022 Schrift, Text, bildende Kunst, Proseminar, S 2011\r\n\u2022 Zur Kulturgeschichte des Wohnens, Proseminar, Universit\u00e4t f\u00fcr angewandte Kunst Wien &amp; Universit\u00e4t Wien, Studienschwerpunkt Kulturwissenschaften, Cultural Studies, S 2011, W 2010\/11, S 2009, S 2008, S 2007\r\n\u2022 Schrift, Zeichen, Bild: Zur Kulturgeschichte der Schrift, Proseminar, W 2010\/11\r\n\u2022 Sprache, Schrift und bildende Kunst, Proseminar, S 2010\r\n\u2022 Diskrepanz Kunstmarkt und Kunstschaffen, Proseminar, W 2009\/10\r\n\u2022 Zur Kulturgeschichte der Schrift, Proseminar, Universit\u00e4t f\u00fcr angewandte Kunst Wien &amp; Universit\u00e4t Wien, Studienschwerpunkt Kulturwissenschaften, Cultural Studies, W 2008\/09, W 2007\/08","_links":{"self":[{"href":"https:\/\/www.viennavant.at\/en\/wp-json\/wp\/v2\/staff-member\/2246","targetHints":{"allow":["GET"]}}],"collection":[{"href":"https:\/\/www.viennavant.at\/en\/wp-json\/wp\/v2\/staff-member"}],"about":[{"href":"https:\/\/www.viennavant.at\/en\/wp-json\/wp\/v2\/types\/staff-member"}],"wp:attachment":[{"href":"https:\/\/www.viennavant.at\/en\/wp-json\/wp\/v2\/media?parent=2246"}],"wp:term":[{"taxonomy":"staff-member-category","embeddable":true,"href":"https:\/\/www.viennavant.at\/en\/wp-json\/wp\/v2\/staff-member-category?post=2246"}],"curies":[{"name":"wp","href":"https:\/\/api.w.org\/{rel}","templated":true}]}}