{"id":2243,"date":"2016-12-14T12:11:18","date_gmt":"2016-12-14T12:11:18","guid":{"rendered":"http:\/\/viennavant.cloud.d2mc.com\/?post_type=staff-member&#038;p=2243"},"modified":"2016-12-21T14:35:09","modified_gmt":"2016-12-21T14:35:09","slug":"dr-johanna-schwanberg","status":"publish","type":"staff-member","link":"https:\/\/www.viennavant.at\/en\/staff-members\/dr-johanna-schwanberg\/","title":{"rendered":"Dr. Johanna Schwanberg"},"content":{"rendered":"\r\n \r\n<div class=\"staff-member\">\r\n\r\n\t<!-- Featured Image -->\r\n\t\t\t\t\t\t\r\n\t<div class=\"staff-member-right\">\r\n\t\t\t\t\r\n\t\t \r\n\t\t\t<p class=\"staff-member-title\">Kunsthistorikerin, Direktorin des Dommuseums Wien<\/p>\r\n\t\t\t\t\r\n\t\t\r\n\t\t   \r\n\t\t\t<div class=\"staff-member-bio\"> \r\n\t\t\t\t<p><a href=\"http:\/\/www.viennavant.at\/wp-content\/uploads\/schwanbergneu.jpg\" target=\"_blank\"><img loading=\"lazy\" decoding=\"async\" class=\"alignleft wp-image-1232 size-full\" src=\"http:\/\/www.viennavant.at\/wp-content\/uploads\/schwanbergneu.jpg\" width=\"282\" height=\"204\" \/><\/a>Direktorin des Dommuseums Wien<\/p>\n<p><strong>Forschungsschwerpunkte und Interessensspektrum:<\/strong><\/p>\n<p>\u00d6sterreichische Avantgarde<br \/>\nWiener Aktionismus<br \/>\nFeministischer Aktionismus<br \/>\nLiteratur-Kunst-Relationen<br \/>\nBeziehung zwischen Wort und Bild<br \/>\nRelationen zwischen Kunst und Wissenschaft<\/p>\n<p><strong>Website:<\/strong><\/p>\n<p><a href=\"http:\/\/www.dommuseum.at\/\">http:\/\/www.dommuseum.at\/<\/a><\/p>\n<p><strong>Curriculum vitae<\/strong><\/p>\n<p>\u2022 Geb. 1966 in Wien.<br \/>\n\u2022 Studien an der Universit\u00e4t Wien (Deutsche Philologie, Russisch, Kunstgeschichte) und an der damaligen Hochschule f\u00fcr angewandte Kunst in der Meisterklasse f\u00fcr Gestaltungslehre bei Prof. Herbert Tasquil (Kunsterziehung, Hauptfach Malerei (Abschl\u00fcsse 1993, 1994);<br \/>\n\u2022 1996\u20132001 interdisziplin\u00e4res Doktorratstudium an der Universit\u00e4t Wien und der Universit\u00e4t f\u00fcr angewandte Kunst bei. Prof. Wendelin Schmidt-Dengler und Prof. Peter Gorsen \u00fcber die Bild-Dichtungen von G\u00fcnter Brus (2003 ver\u00f6ffentlicht im Springer Verlag);<br \/>\n\u2022 Mitwirkung an Forschungsprojekten sowie T\u00e4tigkeit als Ausstellungskuratorin, etwa \u201eKreuzungspunkt Linz\u201c im Lentos im Rahmen von Linz 09 (gemeinsam mit Dieter Buchhart).<br \/>\n\u2022 Kunstankaufkuratorin der Stadt Linz 2007\u20132008.<br \/>\n\u2022 Zahlreiche Ver\u00f6ffentlichungen als Kunst- und Literaturkritikerin f\u00fcr \u201eParnass\u201c, \u201espectrum\u201c der \u201ePresse\u201c, das Feuilleton der \u201eFurche\u201c, \u201eLiteratur und Kritik\u201c sowie f\u00fcr die \u00d61-Serie \u201eGedanken f\u00fcr den Tag\u201c.<br \/>\n\u2022 2005 \u2013 2013 Universit\u00e4tsassistentin mit besonderer Lehrbefugnis (\u201eDocens Ordinarius\u201c) im Fachbereich Kunstwissenschaft am Institut f\u00fcr Kunstwissenschaft und \u00c4sthetik der <span class=\"caps\">KTU<\/span> Linz.<br \/>\n\u2022 Arbeit an einem Habilitationsprojekt zum Thema \u201eText-Bild-Relationen in der \u00f6sterreichischen Literatur und Kunst der Gegenwart\u201c.<br \/>\n\u2022 Seit 1. M\u00e4rz 2013 Direktorin des Wiener Dommuseums<\/p>\n<p><strong>Unabh\u00e4ngige Publikationen<\/strong><\/p>\n<p>\u2022 Was spricht das Bild? Gegenwartskunst und Wissenschaft im Dialog (mit Monika Leisch-Kiesl), Bielefeld, transcript 2011.<br \/>\n\u2022 G\u00fcnter Brus: Bild-Dichtungen, Wien und New York, Springer 2003.<br \/>\nNexus. K\u00fcnstlerische Interventionen im Stadtraum (mit Monika Leisch-Kiesl), Wien und New York, Springer 1999.<br \/>\n\u2022 G\u00fcnter Brus, Werke aus der Sammlung Essl, Klosterneuburg 1998.<\/p>\n<p><strong>Aufs\u00e4tze in B\u00fcchern, Katalogen und wissenschaftlichen Publikationen (Auswahl)<\/strong><\/p>\n<p>\u2022 <span class=\"caps\">METANOIA<\/span> \u2013 \u201eDIE <span class=\"caps\">BILDER<\/span> <span class=\"caps\">MEINER<\/span> <span class=\"caps\">STIMME<\/span> IM <span class=\"caps\">KOPF<\/span>\u201c, IN: <span class=\"caps\">METANOIA<\/span>. <span class=\"caps\">VIDEO<\/span> <span class=\"caps\">DVD<\/span> <span class=\"caps\">EDITION<\/span> <span class=\"caps\">DER<\/span> <span class=\"caps\">CHARIM<\/span> <span class=\"caps\">GALERIE<\/span>, <span class=\"caps\">WIEN<\/span> 2011.<br \/>\nG\u00dcNTER <span class=\"caps\">BRUS<\/span>: <span class=\"caps\">DER<\/span> K\u00d6RPER <span class=\"caps\">ALS<\/span> <span class=\"caps\">ZEICHENTR<\/span>\u00c4GER <span class=\"caps\">UND<\/span> <span class=\"caps\">DIE<\/span> <span class=\"caps\">VIELDEUTIGKEIT<\/span> <span class=\"caps\">DER<\/span> <span class=\"caps\">ZEICHEN<\/span>, in: Elisabeth Grossegger und Sabine M\u00fcller, Teststrecke Kunst. Die Wiener Avantgarden nach 1945, Wien, Sonderzahl Verlag 2011, S. 154\u2013170.<br \/>\n\u2022 Johanna Schwanberg im Gespr\u00e4ch mit G\u00fcnter Brus, in: Gerald Matt und \u00d6sterreichisches Parlament (Hrsg.), \u00d6sterreichs Kunst der 60er-Jahre. Gespr\u00e4che, N\u00fcrnberg, Verlag f\u00fcr moderne Kunst 2011, S. 66\u201377.<br \/>\nGeschlechterverh\u00e4ltnisse und Geschlechter(de)konstruktionen, in: Eva Badura-Triska und Hubert Klocker (Hrsg.), Wiener Aktionismus. Kunst und Aufbruch im Wien der 1960er-Jahre, K\u00f6ln, Walther K\u00f6nig Verlag 2012, S. 204\u2012205.<br \/>\n\u2022 Zur Rolle der \u201eModelle\u201c und\/oder AkteurInnen im Wiener Aktionismus, in: Eva Badura-Triska und Hubert Klocker (Hrsg.), Wiener Aktionismus. Kunst und Aufbruch im Wien der 1960er-Jahre, K\u00f6ln, Walther K\u00f6nig Verlag 2012, S. 122\u2012123.<br \/>\n\u2022 Sprachfeste, Fingergedichte und Risse im Wort. Zur Relevanz der Titel im Werk von <span class=\"caps\">VALIE<\/span> <span class=\"caps\">EXPORT<\/span>, in: Margarete Lamb-Faffelberger und Carola Hilmes, Staging <span class=\"caps\">EXPORT<\/span>: <span class=\"caps\">VALIE<\/span> zu Ehren, New York, Bern u.a., Peter Lang Verlag 2011, S. 58\u201367.<br \/>\n\u2022 Against the Division between Language and Image. The Relationship between Language and Image in the Oeuvre of <span class=\"caps\">VALIE<\/span> <span class=\"caps\">EXPORT<\/span>, in: Agens Husslein-Arco, Angelika Nollert urn\/and Stella Rollig (Hrsg.),VALIE <span class=\"caps\">EXPORT<\/span>. Zeit und Gegenzeit \u2013 Time and Countertime, K\u00f6ln, Walther K\u00f6nig 2010, S. 243\u2013248.<br \/>\n\u2022 Beispiele eines feministischen Blicks, in Pia Janke und &amp; Team (Hrsg.), Ritual. Macht. Blasphemie. Kunst und Katholizismus in \u00d6sterreich seit 1945, Wien 2010, S. 111\u2013116.<br \/>\n\u2022 Das Bild spricht. Hebert Boeckls Transformationen biblischer Texte und religi\u00f6ser Themen in Malerei, in: Agnes Husslein-Arco (Hrsg.), Herbert Boeckl, Publikation des Belvedere, Wien 2009, S. 222\u2013231.<br \/>\n\u2022 Das Leben, eine Druckmaschine. Vom Spiritdruck zur Kaltnadelradierung: G\u00fcnter Brus als Druckgrafiker, in: Dietmar Haubenhofer (Hrsg.), G\u00fcnter Brus \u2013 Kratzspuren. Radierungen und Lithografien 1971\u20132007, Wien New York 2007, S. 4\u201323.<br \/>\n\u2022 Die beiden Anas. Zur Magdalena Freys digitaler Bilderserie \u00fcber Anna Brus, in: Magdalena Frey \u2013 Arbeiten\/Works 1989\u20132007, S. 25\u201328.<br \/>\nAkteurinnen im Aktionismus, in: Carola Dertnig, Nachbilder einer ungleichzeitigen Gegenwart, Innsbruck \u2013 Bozen \u2013 Wien 2006, S. 49\u201355.<br \/>\n\u2022 Kunst \u2013 K\u00f6rper \u2013 Politik. Aktionskunst im Wien der 1960er und fr\u00fchen 1970er Jahre, in: Wieland Schmied (Hrsg.), \u00d6sterreich 1900\u20132000. Konfrontationen und Kontinuit\u00e4ten, Klosterneuburg 2006, S. 72\u201384.<br \/>\n\u2022 It\u2019s not me that\u2019s alive, it\u2019s my art. G\u00fcnter Brus \u2013 From Actionist to Image Poet, in: G\u00fcnter Brus \u2013 Nervous Stillness on the Horizon, Barcelona 2005, S. 50\u201397.<br \/>\n\u2022 K\u00f6rperanalysen im Sprachraum, in: G\u00fcnter Brus. Werkumkreisung (hrsg. von Monika Faber), K\u00f6ln, Walther K\u00f6nig 2003, S. 218\u2013224.<br \/>\n\u2022 Chronologie 1958\u20132004, in: ebenda, S. 18\u201329, 72\u201385, 128\u2013139, 170\u2013181, 224\u2013237.<br \/>\n\u2022 G\u00fcnter Brus, in: Lexikon der deutschsprachigen Gegenwartsliteratur seit 1945, Nymphenburger Verlagsanstalt, M\u00fcnchen 2003, S. 183\u2013185.<br \/>\nG\u00fcnter Brus, in: Meisterwerke der steirischen Moderne, Graz, Styria 2003, S. 84\u201387.<br \/>\n\u2022 G\u00fcnter Brus: From Actionist Art to Picture Poetry, in: G\u00fcnter Brus, Palm Beach 2002, S. 12\u201320.<br \/>\n\u2022 K\u00fcnstlerische Positionen im Zwischenraum, in: Trans Nr. 15, April 2004, Internet-Zeitschrift f\u00fcr Kulturwissenschaften (www.inst.at\/trans\/15Nr\/05_14inhalt15.htm).<br \/>\n\u2022 Parallelinnovationen. Die Bild-Dichtungen von G\u00fcnter Brus \u2013 Kunst- und Literaturwissenschaft auf der Suche nach methodischen Ans\u00e4tzen bei der Analyse bimedialer Arbeiten. In: Kunsthistoriker. 10. \u00d6sterreichischer Kunsthistorikertag, 1999\/2000, S. 134\u2013140.<br \/>\n\u2022 G\u00fcnter Brus im Gespr\u00e4ch mit Johanna Schwanberg, Juni 1997, in: K\u00fcnstlerInnen, K\u00f6ln 1997.<br \/>\n\u2022 In zwei Welten. Das literarische und zeichnerische Werk Alfred Kubins. In: Der Demiurg ist ein Zwitter, Paderborn, Wilhelm Fink Verlag 1999, S. 99\u2013120.<\/p>\n<p><strong>Vortr\u00e4ge und Workshops:<\/strong><\/p>\n<p>\u2022 Kunst(re)aktionen: Von G\u00fcnter Brus\u2019 Wiener Spaziergang (1965) \u00fcber <span class=\"caps\">VALIE<\/span> EXPORTs Heldenplatz-K\u00f6rperkonfigurationen (1982) bis zu Julius Deutschbauers \u2026aber sie kommt nicht voran (2009). Vortrag im Rahmen des Symposiums \u201eKulturquartiere in ehemaligen Residenzen\u201c, 11. Juni 2010, \u00d6sterreichische Akademie d. Wissenschaften.<br \/>\n\u2022 Text-Bild-Hybride im Fokus. Vortrag im Rahmen der Reihe \u201eWerk-Interpretationen. Kunst im Wandel der Anschauungen\u201c, 9. November 2009, Katholisch-Theologische Privatuniversit\u00e4t Linz.<br \/>\n\u2022 Der K\u00f6rper als Zeichentr\u00e4ger. Vortrag im Rahmen des Symposiums \u201eTeststrecke Kunst. Wiener Avantgarden nach 1945, 22. Oktober 2009, \u00d6sterreichische Akademie der Wissenschaften, Wien.<br \/>\n\u2022 \u201eKonvergenzen von Schrift und Bild\u201c. Er\u00f6ffnungsvortrag anl\u00e4sslich der Er\u00f6ffnung des Ausstellungsprojektes 19. Juni 2009 \u201eformuliert\u201c, Maerz-Galerie Linz.Einf\u00fchrung zu Brigitta Falkner Pr\u00e4sentation Popul\u00e4re Panoramen, 13.Mai 2009, Alte Schmiede.<br \/>\n\u2022 \u201eFleisch gewordenes Wort\u201c \u2013 Zur Relation von K\u00f6rper, Sprache und Bild im literarisch-performativen Werk von Michaela Falkner, 28. 01. 2009, Literaturhaus Wien.<br \/>\n\u2022 \u201eDie anderen Geschlechter in der \u00f6sterreichischen Kunst nach 1945. Der feministische Blick auf das Frauenbild\u201c. Kurzvortrag und Podiumsdiskussion im Rahmen des vom Elfriede Jelinek-Forschungszentrum veranstalteten Symposium \u201eRitual. Macht und Blasphemie. Kunst und Katholizismus in \u00d6sterreich seit 1945\u201c, 16. Januar 2009, Volkstheater Wien.<br \/>\n\u2022 Rational Animal. Zur performativen Erforschung von M\u00e4nnlichkeit. Laudatio anl\u00e4sslich der Preisverleihung des H 13 Kunstpreises an Christian Falsnaes, Kunstraum N\u00d6, Wien, 04. 09. 2008.<br \/>\n\u2022 Exzess in der \u00f6sterreichischen Aktionskunst nach 1945, Vortrag Sektion \u201eDas Leiden des Genies\u201c, Studientag \u201eExzess. Vom \u00dcberschuss in Religion, Kunst und Philosophie\u201c, Katholisch-Theologische Privatuniversit\u00e4t Linz, 19. 04. 2008.<\/p>\n<p><strong>Moderationen<\/strong><\/p>\n<p><span class=\"caps\">METANOIA<\/span>.VALIE <span class=\"caps\">EXPORT<\/span> im Gespr\u00e4ch, Universit\u00e4t f\u00fcr angewandte Kunst, Wien, 23. 5. 2012<br \/>\n\u201eKunst und Glauben als Mittel sozialer Distinktion\u201c, <span class=\"caps\">DIES<\/span> Academicus 2011, <span class=\"caps\">KTU<\/span> Linz, 17. 11. 2011.<br \/>\n\u201eAmbiguit\u00e4t als Signum moderner und zeitgen\u00f6ssischer Kunst\u201c, Symposium an der Universit\u00e4t f\u00fcr angewandte Kunst Wien, 6. 3. 2009.<\/p>\n<p><strong>Ausstellungen<\/strong><\/p>\n<p>\u2022 \u201eKreuzungspunkt Linz. Junge Kunst und Meisterwerke\u201c im Rahmen der Europ\u00e4ischen Kulturhauptstadt 2009. Konzeption und Kuratierung (gemeinsam mit Dieter Buchhart), Lentos, 29. 5 \u2013 9. 8. 2009.<br \/>\n\u2022 Kunstkuratorin der Stadt Linz 2007\u20132008.<br \/>\n\u2022 Kuratorin der Ausstellungsreihe \u201eIm Vorbeigehen\u201c an der <span class=\"caps\">KTU<\/span> Linz (gemeinsam mit Monika Leisch-Kiesl, fortlaufend seit September 2000, je zwei Ausstellungen pro Jahr).<br \/>\n\u2022 Wissenschaftliche Mitarbeit am Katalog der G\u00fcnter-Brus-Ausstellung des <span class=\"caps\">MACBA<\/span>, Barcelona, 12. 10. 2005 \u2013 15. 1. 2006.<br \/>\n\u2022 Wissenschaftliche Mitarbeit an der G\u00fcnter-Brus-Retrospektive \u201eWerkumkreisung\u201c der Albertina, Wien, 7. 11. 2003 \u2013 8. 2. 2004.<\/p>\n<p><strong>Radiosendungen<\/strong><\/p>\n<p>\u2022 Malerischer Dialog mit der Bibel \u2013 Gedanken zum 125. Geburtstag von Marc Chagal, in: \u201eGedanken f\u00fcr den Tag\u201c, \u00d61, 1. 7.\u20137. 7. 2012, 6.57\u20137.00 Uhr.<br \/>\n\u2022 Von Venus, Maria und Lucretia. Frauenbilder in Kunst und Leben, , in: Gedanken f\u00fcr den Tag\u201c, \u00d61, 16. 08. \u2013 20. 11. 2011, 6.56\u20137.00 Uhr.<br \/>\n\u2022 Zum 25. Todestag des K\u00fcnstlers Joseph Beuys, in: Gedanken f\u00fcr den Tag\u201c, \u00d61, 17. 01. \u2013 21. 01. 2011, 6.57\u20137.00 Uhr.<br \/>\n\u2022 Bilder nach Weihnachten, in: Gedanken f\u00fcr den Tag\u201c, \u00d61, 27. 12. \u2013 31. 12. 2010, 6.57\u20137.00 Uhr.<br \/>\n\u2022 Zum 400. Todestag des Malers Caravaggio: \u201eGedanken f\u00fcr den Tag\u201c, \u00d61, 12. 07. \u2013 17. 07. 2010, 6.57\u20137.00 Uhr.<br \/>\n\u2022 Arbeiter-Bilder, in: \u201eGedanken f\u00fcr den Tag\u201c, \u00d61, 26. 04. \u2013 31. 04. 2010, 6.57\u20137.00 Uhr.<\/p>\n<p><strong>Artikel in Kunst-, Literaturzeitschriften und Zeitungen (Auswahl)<\/strong><\/p>\n<p>\u2022 Durch Kunst wachsen. Kunstsammler und Hedgefondsmanager Eduard Pomeranz im Gespr\u00e4ch, in Parnass 2\/2012, S. 102\u2013107.<br \/>\n\u2022 Transformers in Krems, in: K2 2\/12, S. 2\u22123.<br \/>\n\u2022 Malender Philosoph. Ren\u00e9 Magritte: Das Lustprinzip, in Parnass: 4\/2011, S. 92\u201395.<br \/>\n\u2022 Schnee, Eis und K\u00e4lte. Der Winter in der europ\u00e4ischen Kunst von Bruegel bis Beuys, in Parnass: 4\/2011, S. 80\u201385.<br \/>\n\u2022 Loys Egg. B\u00fccher, Skulpturen, Gitarrenverst\u00e4rker, in Parnass 2\/2011, S. 32\u201335.<br \/>\n\u2022 Tobias Rehberger. Meine k\u00fcnstlerische Arbeit hat auch mit Design zu tun, Parnass 2\/2011, S.78\u201379.<br \/>\n\u2022 Arte povera. Die historischen Jahre, in: Parnass 1\/2011, S. 156 \u2013157.<br \/>\nDirekte Kunst. Wiener Aktionismus im internationalen Kontext, in Parnass 4\/2010, S. 140.<br \/>\n\u2022 Die Fremde in uns, 16. 6. 2012. S. V.<br \/>\n\u2022 Mit Lysol in der Nase, in: Die Presse, spectrum, 16. 10., S. IX.<br \/>\nAngst als einziges Kapital, Die Presse, spectrum, 14. 8. 2009, S. <span class=\"caps\">VII<\/span>.<br \/>\nEigent\u00fcmlich volkst\u00fcmelnd, Die Presse, spectrum, 24. 1. 2009, S. <span class=\"caps\">VIII<\/span>.<br \/>\nIm Abgrund des Wortes, Die Presse, spectrum, 20. 12. 2008, S. VI.<br \/>\nDer rehabilitierte Dekorateur, in: Die Furche, Feuilleton, 7. 07. 2011, S. 20.<br \/>\nEin St\u00fcck Persien am Rande Wiens, in: Die Furche, Feuilleton, 22. 06. 2001, S.20.<br \/>\n\u2022 Menschen am \u00dcbergang, in: Die Furche, Feuilleton, 9. 6. 2011, S. 20.<br \/>\nJenseits von Brus, Muehl, Nitsch &amp; Co, in: Die Furche, Feuilleton, 28. 4. 2011, S. 20.<br \/>\n\u2022 Alles dreht sich, alles bewegt sich, in: Die Furche, Feuilleton, 14. 4. 2011, S. 20.<br \/>\n\u2022 Wie die Kunst bescheiden wurde, in: Die Furche, Feuilleton, 24. 3. 2011, S. 20.<br \/>\n\u2022 Vom Feminismus zur Abstraktion, in: Die Furche, Feuilleton, 17. 2. 2011, S. 20.<br \/>\n\u2022 Malen als Arbeit an sich selbst, in: Die Furche, Feuilleton, 20. 1. 2011, S. 20<br \/>\n\u2022 \u201eScheue\u201c feministische Position, in: Die Furche, Feuilleton, 5. 1. 2011, S. 20.<br \/>\n\u2022 Zauberhaft, poetisch undmesserscharf, in: Die Furche, Feuilleton, 16. 12. 2010, S. 20.<br \/>\n\u2022 Die Sprengung der Leinwand, in: Magazin des Museum Moderner Kunst Stiftung Ludwig Wien, Nr. 15. Okt.2010\u2012Feb. 2011, S. 9.<br \/>\n\u2022 Mutter-Bilder, in: Kunst und Kirche 3\/2010, S.15, 21, 34, 39,<br \/>\n\u2022 Kunst am Puls der Zeit, in: Linz. Ver\u00e4ndert, Juli-September 2010, S. 11.<br \/>\nNeuartige Selbstbildnisse, in: K2 1\/10, S. 8\u22129.<\/p>\n<p><strong>Lehre<\/strong><\/p>\n<p>\u2022 SS 12: UE: \u201eBildbeschreibung vor Originalen\u201c<br \/>\n\u2022 SS 12: SE \u00d6sterreichische Avantgarden nach 1945 ((Universit\u00e4t f\u00fcr angewandte Kunst Wien)<br \/>\n\u2022 WS 11\/12 SE: \u201eDichtbildungen: Zum Verh\u00e4ltnis von Literatur und bildender Kunst\u201c (Universit\u00e4t f\u00fcr angewandte Kunst Wien)<br \/>\n\u2022 WS 11\/12 Spezialvorlesung: \u201eVom Einblattholzschnitt zur Computergrafik\u201c<br \/>\n\u2022 SS 11 Spezialvorlesung: \u201eSkulptur heute. Bildhauerische Positionen nach \u201945\u201c<br \/>\n\u2022 WS 10\/11 UE: \u201eBildbeschreibung vor Originalen\u201c<br \/>\n\u2022 SS 10 Seminar: \u201e\u00d6sterreichische K\u00fcnstlerinnen im internationalen Kontext\u201c<br \/>\n\u2022 WS 09\/10 Seminar: \u201e\u00d6sterreichische Avantgarden 1945\u20131975\u201c<br \/>\n\u2022 SS 09 Proseminar: \u201eMutter \u2013 Vater \u2013 Kind. Zur Ikonografie des Familienbildes\u201c<br \/>\n\u2022 WS 08\/09 Spezialvorlesung: \u201eBild-Dichtungen. Zur Beziehung zwischen Literatur und bildender Kunst\u201c<br \/>\n\u2022 SS 08 Hauptvorlesung: \u201eZur Geschichte der Skulptur: Von der Renaissance bis ins 20. Jahrhundert\u201c<br \/>\n\u2022 WS 07\/08 Spezialvorlesung: \u201eAktion \u2013 Performance \u2013 Happening\u201c<br \/>\n\u2022 SS 07 Proseminar: \u201eM\u00e4nnliches Opfertum und maskuline Sch\u00f6nheit. Zur Ikonografie des heiligen Sebastian vom 5. bis 21. Jahrhundert\u201c<br \/>\n\u2022 WS 06\/07 Seminar: \u201eK\u00fcnstlerpaare. Zum Verh\u00e4ltnis von Kunst und Leben\u201c<br \/>\n\u2022 WS 05\/06 Seminar: \u201eZeichen setzen. Techniken, Stilformen und Funktionen der Grafik\u201c<br \/>\n\u2022 WS 01\/02 Proseminar: \u201eDer Wert der Dinge. Einf\u00fchrung in Geschichte, Funktion und \u00c4sthetik des Designs\u201c<br \/>\n\u2022 SS 01 Seminar: \u201eDas Eigene und das Fremde. Migration als gesellschaftliche, kulturelle und theologische Herausforderung\u201c (mit Prof. DDr. Monika Leisch-Kiesl)<br \/>\n\u2022 WS 00\/01 Proseminar: \u201eIm Anfang waren Wort und Bild. Literatur, bildende Kunst und Theologie im Dialog\u201c<br \/>\n\u2022 SS 99 Seminar: \u201ePieter Bruegel d. \u00c4.: Katholik, Ketzer oder Humanist?\u201c<br \/>\n\u2022 WS 98\/99 Proseminar: \u201eBild-Begegnungen\u201c<br \/>\n\u2022 WS 97\/98 Proseminar: \u201eArchitektur-Begegnungen\u201c; Seminar: \u201eDas Auftauchen und Verschwinden des K\u00f6rpers in der Kunst nach \u201945\u201c (mit Prof. DDr. Monika Leisch-Kiesl)<br \/>\n\u2022 WS 96\/97 Seminar: \u201eBeziehung zwischen Text und Bild am Beispiel der Handschriften Hildegards von Bingen\u201c (mit Prof. DDr. Monika Leisch-Kiesl)<\/p>\n<p><strong>Betreute Diplomarbeiten<\/strong><\/p>\n<p>\u2022 Englmaier, Renate: Mythos Alterswerk: Die Problematik eines Begriffs am Beispiel Maria Lassnig<br \/>\n\u2022 Keller, Monika: <span class=\"caps\">TEXTIL<\/span>. Zur Sprache des Textilen bei Christine und Irene Hohenb\u00fcchler<br \/>\n\u2022 Kratochwill, Sandra: Stich-Wort Aktion: T\u00e4towierungen in europ\u00e4ischen Performances seit 1960<br \/>\n\u2022 Poeckh, Marlene: Isa Rosenberger \u2013 Werkmonografie (in Arbeit)<br \/>\n\u2022 Tiefenthaler, Gerlinde: Dorothee Golz. Kunst \u00fcber Kunst<br \/>\n\u2022 Wimmer, Erich: Das Stahlsymposium Riedersbach 1990\u20132007<br \/>\n\u2022 Winder, Susi: Esther Stocker \u2013 Systemst\u00f6rerin<\/p>\n\t\t\t<\/div>\t\t\r\n\t\t\t<br \/>\r\n\t\t\t\t\r\n\t\t<!-- Only show Mailing Address and Contact Info in single view -->\r\n\t\t\t<\/div>\r\n<\/div>","protected":false},"featured_media":0,"menu_order":0,"template":"","meta":[],"staff-member-category":[68],"class_list":["post-2243","staff-member","type-staff-member","status-publish","hentry","staff-member-category-members"],"translation":{"provider":"WPGlobus","version":"3.0.2","language":"en","enabled_languages":["de","en"],"languages":{"de":{"title":true,"content":true,"excerpt":false},"en":{"title":false,"content":false,"excerpt":false}}},"metadata":{"first_name":["Johanna "],"last_name":["Schwanberg"],"title":["Kunsthistorikerin, Direktorin des Dommuseums Wien"],"phone":["Art historian, director of Dommuseum Vienna"]},"featured_image_src":false,"bio":"<a href=\"http:\/\/www.viennavant.at\/wp-content\/uploads\/schwanbergneu.jpg\" target=\"_blank\"><img class=\"alignleft wp-image-1232 size-full\" src=\"http:\/\/www.viennavant.at\/wp-content\/uploads\/schwanbergneu.jpg\" width=\"282\" height=\"204\" \/><\/a>Direktorin des Dommuseums Wien\r\n\r\n<strong>Forschungsschwerpunkte und Interessensspektrum:<\/strong>\r\n\r\n\u00d6sterreichische Avantgarde\r\nWiener Aktionismus\r\nFeministischer Aktionismus\r\nLiteratur-Kunst-Relationen\r\nBeziehung zwischen Wort und Bild\r\nRelationen zwischen Kunst und Wissenschaft\r\n\r\n<strong>Website:<\/strong>\r\n\r\n<a href=\"http:\/\/www.dommuseum.at\/\">http:\/\/www.dommuseum.at\/<\/a>\r\n\r\n<strong>Curriculum vitae<\/strong>\r\n\r\n\u2022 Geb. 1966 in Wien.\r\n\u2022 Studien an der Universit\u00e4t Wien (Deutsche Philologie, Russisch, Kunstgeschichte) und an der damaligen Hochschule f\u00fcr angewandte Kunst in der Meisterklasse f\u00fcr Gestaltungslehre bei Prof. Herbert Tasquil (Kunsterziehung, Hauptfach Malerei (Abschl\u00fcsse 1993, 1994);\r\n\u2022 1996\u20132001 interdisziplin\u00e4res Doktorratstudium an der Universit\u00e4t Wien und der Universit\u00e4t f\u00fcr angewandte Kunst bei. Prof. Wendelin Schmidt-Dengler und Prof. Peter Gorsen \u00fcber die Bild-Dichtungen von G\u00fcnter Brus (2003 ver\u00f6ffentlicht im Springer Verlag);\r\n\u2022 Mitwirkung an Forschungsprojekten sowie T\u00e4tigkeit als Ausstellungskuratorin, etwa \u201eKreuzungspunkt Linz\u201c im Lentos im Rahmen von Linz 09 (gemeinsam mit Dieter Buchhart).\r\n\u2022 Kunstankaufkuratorin der Stadt Linz 2007\u20132008.\r\n\u2022 Zahlreiche Ver\u00f6ffentlichungen als Kunst- und Literaturkritikerin f\u00fcr \u201eParnass\u201c, \u201espectrum\u201c der \u201ePresse\u201c, das Feuilleton der \u201eFurche\u201c, \u201eLiteratur und Kritik\u201c sowie f\u00fcr die \u00d61-Serie \u201eGedanken f\u00fcr den Tag\u201c.\r\n\u2022 2005 \u2013 2013 Universit\u00e4tsassistentin mit besonderer Lehrbefugnis (\u201eDocens Ordinarius\u201c) im Fachbereich Kunstwissenschaft am Institut f\u00fcr Kunstwissenschaft und \u00c4sthetik der <span class=\"caps\">KTU<\/span> Linz.\r\n\u2022 Arbeit an einem Habilitationsprojekt zum Thema \u201eText-Bild-Relationen in der \u00f6sterreichischen Literatur und Kunst der Gegenwart\u201c.\r\n\u2022 Seit 1. M\u00e4rz 2013 Direktorin des Wiener Dommuseums\r\n\r\n<strong>Unabh\u00e4ngige Publikationen<\/strong>\r\n\r\n\u2022 Was spricht das Bild? Gegenwartskunst und Wissenschaft im Dialog (mit Monika Leisch-Kiesl), Bielefeld, transcript 2011.\r\n\u2022 G\u00fcnter Brus: Bild-Dichtungen, Wien und New York, Springer 2003.\r\nNexus. K\u00fcnstlerische Interventionen im Stadtraum (mit Monika Leisch-Kiesl), Wien und New York, Springer 1999.\r\n\u2022 G\u00fcnter Brus, Werke aus der Sammlung Essl, Klosterneuburg 1998.\r\n\r\n<strong>Aufs\u00e4tze in B\u00fcchern, Katalogen und wissenschaftlichen Publikationen (Auswahl)<\/strong>\r\n\r\n\u2022 <span class=\"caps\">METANOIA<\/span> \u2013 \u201eDIE <span class=\"caps\">BILDER<\/span> <span class=\"caps\">MEINER<\/span> <span class=\"caps\">STIMME<\/span> IM <span class=\"caps\">KOPF<\/span>\u201c, IN: <span class=\"caps\">METANOIA<\/span>. <span class=\"caps\">VIDEO<\/span> <span class=\"caps\">DVD<\/span> <span class=\"caps\">EDITION<\/span> <span class=\"caps\">DER<\/span> <span class=\"caps\">CHARIM<\/span> <span class=\"caps\">GALERIE<\/span>, <span class=\"caps\">WIEN<\/span> 2011.\r\nG\u00dcNTER <span class=\"caps\">BRUS<\/span>: <span class=\"caps\">DER<\/span> K\u00d6RPER <span class=\"caps\">ALS<\/span> <span class=\"caps\">ZEICHENTR<\/span>\u00c4GER <span class=\"caps\">UND<\/span> <span class=\"caps\">DIE<\/span> <span class=\"caps\">VIELDEUTIGKEIT<\/span> <span class=\"caps\">DER<\/span> <span class=\"caps\">ZEICHEN<\/span>, in: Elisabeth Grossegger und Sabine M\u00fcller, Teststrecke Kunst. Die Wiener Avantgarden nach 1945, Wien, Sonderzahl Verlag 2011, S. 154\u2013170.\r\n\u2022 Johanna Schwanberg im Gespr\u00e4ch mit G\u00fcnter Brus, in: Gerald Matt und \u00d6sterreichisches Parlament (Hrsg.), \u00d6sterreichs Kunst der 60er-Jahre. Gespr\u00e4che, N\u00fcrnberg, Verlag f\u00fcr moderne Kunst 2011, S. 66\u201377.\r\nGeschlechterverh\u00e4ltnisse und Geschlechter(de)konstruktionen, in: Eva Badura-Triska und Hubert Klocker (Hrsg.), Wiener Aktionismus. Kunst und Aufbruch im Wien der 1960er-Jahre, K\u00f6ln, Walther K\u00f6nig Verlag 2012, S. 204\u2012205.\r\n\u2022 Zur Rolle der \u201eModelle\u201c und\/oder AkteurInnen im Wiener Aktionismus, in: Eva Badura-Triska und Hubert Klocker (Hrsg.), Wiener Aktionismus. Kunst und Aufbruch im Wien der 1960er-Jahre, K\u00f6ln, Walther K\u00f6nig Verlag 2012, S. 122\u2012123.\r\n\u2022 Sprachfeste, Fingergedichte und Risse im Wort. Zur Relevanz der Titel im Werk von <span class=\"caps\">VALIE<\/span> <span class=\"caps\">EXPORT<\/span>, in: Margarete Lamb-Faffelberger und Carola Hilmes, Staging <span class=\"caps\">EXPORT<\/span>: <span class=\"caps\">VALIE<\/span> zu Ehren, New York, Bern u.a., Peter Lang Verlag 2011, S. 58\u201367.\r\n\u2022 Against the Division between Language and Image. The Relationship between Language and Image in the Oeuvre of <span class=\"caps\">VALIE<\/span> <span class=\"caps\">EXPORT<\/span>, in: Agens Husslein-Arco, Angelika Nollert urn\/and Stella Rollig (Hrsg.),VALIE <span class=\"caps\">EXPORT<\/span>. Zeit und Gegenzeit \u2013 Time and Countertime, K\u00f6ln, Walther K\u00f6nig 2010, S. 243\u2013248.\r\n\u2022 Beispiele eines feministischen Blicks, in Pia Janke und &amp; Team (Hrsg.), Ritual. Macht. Blasphemie. Kunst und Katholizismus in \u00d6sterreich seit 1945, Wien 2010, S. 111\u2013116.\r\n\u2022 Das Bild spricht. Hebert Boeckls Transformationen biblischer Texte und religi\u00f6ser Themen in Malerei, in: Agnes Husslein-Arco (Hrsg.), Herbert Boeckl, Publikation des Belvedere, Wien 2009, S. 222\u2013231.\r\n\u2022 Das Leben, eine Druckmaschine. Vom Spiritdruck zur Kaltnadelradierung: G\u00fcnter Brus als Druckgrafiker, in: Dietmar Haubenhofer (Hrsg.), G\u00fcnter Brus \u2013 Kratzspuren. Radierungen und Lithografien 1971\u20132007, Wien New York 2007, S. 4\u201323.\r\n\u2022 Die beiden Anas. Zur Magdalena Freys digitaler Bilderserie \u00fcber Anna Brus, in: Magdalena Frey \u2013 Arbeiten\/Works 1989\u20132007, S. 25\u201328.\r\nAkteurinnen im Aktionismus, in: Carola Dertnig, Nachbilder einer ungleichzeitigen Gegenwart, Innsbruck \u2013 Bozen \u2013 Wien 2006, S. 49\u201355.\r\n\u2022 Kunst \u2013 K\u00f6rper \u2013 Politik. Aktionskunst im Wien der 1960er und fr\u00fchen 1970er Jahre, in: Wieland Schmied (Hrsg.), \u00d6sterreich 1900\u20132000. Konfrontationen und Kontinuit\u00e4ten, Klosterneuburg 2006, S. 72\u201384.\r\n\u2022 It\u2019s not me that\u2019s alive, it\u2019s my art. G\u00fcnter Brus \u2013 From Actionist to Image Poet, in: G\u00fcnter Brus \u2013 Nervous Stillness on the Horizon, Barcelona 2005, S. 50\u201397.\r\n\u2022 K\u00f6rperanalysen im Sprachraum, in: G\u00fcnter Brus. Werkumkreisung (hrsg. von Monika Faber), K\u00f6ln, Walther K\u00f6nig 2003, S. 218\u2013224.\r\n\u2022 Chronologie 1958\u20132004, in: ebenda, S. 18\u201329, 72\u201385, 128\u2013139, 170\u2013181, 224\u2013237.\r\n\u2022 G\u00fcnter Brus, in: Lexikon der deutschsprachigen Gegenwartsliteratur seit 1945, Nymphenburger Verlagsanstalt, M\u00fcnchen 2003, S. 183\u2013185.\r\nG\u00fcnter Brus, in: Meisterwerke der steirischen Moderne, Graz, Styria 2003, S. 84\u201387.\r\n\u2022 G\u00fcnter Brus: From Actionist Art to Picture Poetry, in: G\u00fcnter Brus, Palm Beach 2002, S. 12\u201320.\r\n\u2022 K\u00fcnstlerische Positionen im Zwischenraum, in: Trans Nr. 15, April 2004, Internet-Zeitschrift f\u00fcr Kulturwissenschaften (www.inst.at\/trans\/15Nr\/05_14inhalt15.htm).\r\n\u2022 Parallelinnovationen. Die Bild-Dichtungen von G\u00fcnter Brus \u2013 Kunst- und Literaturwissenschaft auf der Suche nach methodischen Ans\u00e4tzen bei der Analyse bimedialer Arbeiten. In: Kunsthistoriker. 10. \u00d6sterreichischer Kunsthistorikertag, 1999\/2000, S. 134\u2013140.\r\n\u2022 G\u00fcnter Brus im Gespr\u00e4ch mit Johanna Schwanberg, Juni 1997, in: K\u00fcnstlerInnen, K\u00f6ln 1997.\r\n\u2022 In zwei Welten. Das literarische und zeichnerische Werk Alfred Kubins. In: Der Demiurg ist ein Zwitter, Paderborn, Wilhelm Fink Verlag 1999, S. 99\u2013120.\r\n\r\n<strong>Vortr\u00e4ge und Workshops:<\/strong>\r\n\r\n\u2022 Kunst(re)aktionen: Von G\u00fcnter Brus\u2019 Wiener Spaziergang (1965) \u00fcber <span class=\"caps\">VALIE<\/span> EXPORTs Heldenplatz-K\u00f6rperkonfigurationen (1982) bis zu Julius Deutschbauers \u2026aber sie kommt nicht voran (2009). Vortrag im Rahmen des Symposiums \u201eKulturquartiere in ehemaligen Residenzen\u201c, 11. Juni 2010, \u00d6sterreichische Akademie d. Wissenschaften.\r\n\u2022 Text-Bild-Hybride im Fokus. Vortrag im Rahmen der Reihe \u201eWerk-Interpretationen. Kunst im Wandel der Anschauungen\u201c, 9. November 2009, Katholisch-Theologische Privatuniversit\u00e4t Linz.\r\n\u2022 Der K\u00f6rper als Zeichentr\u00e4ger. Vortrag im Rahmen des Symposiums \u201eTeststrecke Kunst. Wiener Avantgarden nach 1945, 22. Oktober 2009, \u00d6sterreichische Akademie der Wissenschaften, Wien.\r\n\u2022 \u201eKonvergenzen von Schrift und Bild\u201c. Er\u00f6ffnungsvortrag anl\u00e4sslich der Er\u00f6ffnung des Ausstellungsprojektes 19. Juni 2009 \u201eformuliert\u201c, Maerz-Galerie Linz.Einf\u00fchrung zu Brigitta Falkner Pr\u00e4sentation Popul\u00e4re Panoramen, 13.Mai 2009, Alte Schmiede.\r\n\u2022 \u201eFleisch gewordenes Wort\u201c \u2013 Zur Relation von K\u00f6rper, Sprache und Bild im literarisch-performativen Werk von Michaela Falkner, 28. 01. 2009, Literaturhaus Wien.\r\n\u2022 \u201eDie anderen Geschlechter in der \u00f6sterreichischen Kunst nach 1945. Der feministische Blick auf das Frauenbild\u201c. Kurzvortrag und Podiumsdiskussion im Rahmen des vom Elfriede Jelinek-Forschungszentrum veranstalteten Symposium \u201eRitual. Macht und Blasphemie. Kunst und Katholizismus in \u00d6sterreich seit 1945\u201c, 16. Januar 2009, Volkstheater Wien.\r\n\u2022 Rational Animal. Zur performativen Erforschung von M\u00e4nnlichkeit. Laudatio anl\u00e4sslich der Preisverleihung des H 13 Kunstpreises an Christian Falsnaes, Kunstraum N\u00d6, Wien, 04. 09. 2008.\r\n\u2022 Exzess in der \u00f6sterreichischen Aktionskunst nach 1945, Vortrag Sektion \u201eDas Leiden des Genies\u201c, Studientag \u201eExzess. Vom \u00dcberschuss in Religion, Kunst und Philosophie\u201c, Katholisch-Theologische Privatuniversit\u00e4t Linz, 19. 04. 2008.\r\n\r\n<strong>Moderationen<\/strong>\r\n\r\n<span class=\"caps\">METANOIA<\/span>.VALIE <span class=\"caps\">EXPORT<\/span> im Gespr\u00e4ch, Universit\u00e4t f\u00fcr angewandte Kunst, Wien, 23. 5. 2012\r\n\u201eKunst und Glauben als Mittel sozialer Distinktion\u201c, <span class=\"caps\">DIES<\/span> Academicus 2011, <span class=\"caps\">KTU<\/span> Linz, 17. 11. 2011.\r\n\u201eAmbiguit\u00e4t als Signum moderner und zeitgen\u00f6ssischer Kunst\u201c, Symposium an der Universit\u00e4t f\u00fcr angewandte Kunst Wien, 6. 3. 2009.\r\n\r\n<strong>Ausstellungen<\/strong>\r\n\r\n\u2022 \u201eKreuzungspunkt Linz. Junge Kunst und Meisterwerke\u201c im Rahmen der Europ\u00e4ischen Kulturhauptstadt 2009. Konzeption und Kuratierung (gemeinsam mit Dieter Buchhart), Lentos, 29. 5 \u2013 9. 8. 2009.\r\n\u2022 Kunstkuratorin der Stadt Linz 2007\u20132008.\r\n\u2022 Kuratorin der Ausstellungsreihe \u201eIm Vorbeigehen\u201c an der <span class=\"caps\">KTU<\/span> Linz (gemeinsam mit Monika Leisch-Kiesl, fortlaufend seit September 2000, je zwei Ausstellungen pro Jahr).\r\n\u2022 Wissenschaftliche Mitarbeit am Katalog der G\u00fcnter-Brus-Ausstellung des <span class=\"caps\">MACBA<\/span>, Barcelona, 12. 10. 2005 \u2013 15. 1. 2006.\r\n\u2022 Wissenschaftliche Mitarbeit an der G\u00fcnter-Brus-Retrospektive \u201eWerkumkreisung\u201c der Albertina, Wien, 7. 11. 2003 \u2013 8. 2. 2004.\r\n\r\n<strong>Radiosendungen<\/strong>\r\n\r\n\u2022 Malerischer Dialog mit der Bibel \u2013 Gedanken zum 125. Geburtstag von Marc Chagal, in: \u201eGedanken f\u00fcr den Tag\u201c, \u00d61, 1. 7.\u20137. 7. 2012, 6.57\u20137.00 Uhr.\r\n\u2022 Von Venus, Maria und Lucretia. Frauenbilder in Kunst und Leben, , in: Gedanken f\u00fcr den Tag\u201c, \u00d61, 16. 08. \u2013 20. 11. 2011, 6.56\u20137.00 Uhr.\r\n\u2022 Zum 25. Todestag des K\u00fcnstlers Joseph Beuys, in: Gedanken f\u00fcr den Tag\u201c, \u00d61, 17. 01. \u2013 21. 01. 2011, 6.57\u20137.00 Uhr.\r\n\u2022 Bilder nach Weihnachten, in: Gedanken f\u00fcr den Tag\u201c, \u00d61, 27. 12. \u2013 31. 12. 2010, 6.57\u20137.00 Uhr.\r\n\u2022 Zum 400. Todestag des Malers Caravaggio: \u201eGedanken f\u00fcr den Tag\u201c, \u00d61, 12. 07. \u2013 17. 07. 2010, 6.57\u20137.00 Uhr.\r\n\u2022 Arbeiter-Bilder, in: \u201eGedanken f\u00fcr den Tag\u201c, \u00d61, 26. 04. \u2013 31. 04. 2010, 6.57\u20137.00 Uhr.\r\n\r\n<strong>Artikel in Kunst-, Literaturzeitschriften und Zeitungen (Auswahl)<\/strong>\r\n\r\n\u2022 Durch Kunst wachsen. Kunstsammler und Hedgefondsmanager Eduard Pomeranz im Gespr\u00e4ch, in Parnass 2\/2012, S. 102\u2013107.\r\n\u2022 Transformers in Krems, in: K2 2\/12, S. 2\u22123.\r\n\u2022 Malender Philosoph. Ren\u00e9 Magritte: Das Lustprinzip, in Parnass: 4\/2011, S. 92\u201395.\r\n\u2022 Schnee, Eis und K\u00e4lte. Der Winter in der europ\u00e4ischen Kunst von Bruegel bis Beuys, in Parnass: 4\/2011, S. 80\u201385.\r\n\u2022 Loys Egg. B\u00fccher, Skulpturen, Gitarrenverst\u00e4rker, in Parnass 2\/2011, S. 32\u201335.\r\n\u2022 Tobias Rehberger. Meine k\u00fcnstlerische Arbeit hat auch mit Design zu tun, Parnass 2\/2011, S.78\u201379.\r\n\u2022 Arte povera. Die historischen Jahre, in: Parnass 1\/2011, S. 156 \u2013157.\r\nDirekte Kunst. Wiener Aktionismus im internationalen Kontext, in Parnass 4\/2010, S. 140.\r\n\u2022 Die Fremde in uns, 16. 6. 2012. S. V.\r\n\u2022 Mit Lysol in der Nase, in: Die Presse, spectrum, 16. 10., S. IX.\r\nAngst als einziges Kapital, Die Presse, spectrum, 14. 8. 2009, S. <span class=\"caps\">VII<\/span>.\r\nEigent\u00fcmlich volkst\u00fcmelnd, Die Presse, spectrum, 24. 1. 2009, S. <span class=\"caps\">VIII<\/span>.\r\nIm Abgrund des Wortes, Die Presse, spectrum, 20. 12. 2008, S. VI.\r\nDer rehabilitierte Dekorateur, in: Die Furche, Feuilleton, 7. 07. 2011, S. 20.\r\nEin St\u00fcck Persien am Rande Wiens, in: Die Furche, Feuilleton, 22. 06. 2001, S.20.\r\n\u2022 Menschen am \u00dcbergang, in: Die Furche, Feuilleton, 9. 6. 2011, S. 20.\r\nJenseits von Brus, Muehl, Nitsch &amp; Co, in: Die Furche, Feuilleton, 28. 4. 2011, S. 20.\r\n\u2022 Alles dreht sich, alles bewegt sich, in: Die Furche, Feuilleton, 14. 4. 2011, S. 20.\r\n\u2022 Wie die Kunst bescheiden wurde, in: Die Furche, Feuilleton, 24. 3. 2011, S. 20.\r\n\u2022 Vom Feminismus zur Abstraktion, in: Die Furche, Feuilleton, 17. 2. 2011, S. 20.\r\n\u2022 Malen als Arbeit an sich selbst, in: Die Furche, Feuilleton, 20. 1. 2011, S. 20\r\n\u2022 \u201eScheue\u201c feministische Position, in: Die Furche, Feuilleton, 5. 1. 2011, S. 20.\r\n\u2022 Zauberhaft, poetisch undmesserscharf, in: Die Furche, Feuilleton, 16. 12. 2010, S. 20.\r\n\u2022 Die Sprengung der Leinwand, in: Magazin des Museum Moderner Kunst Stiftung Ludwig Wien, Nr. 15. Okt.2010\u2012Feb. 2011, S. 9.\r\n\u2022 Mutter-Bilder, in: Kunst und Kirche 3\/2010, S.15, 21, 34, 39,\r\n\u2022 Kunst am Puls der Zeit, in: Linz. Ver\u00e4ndert, Juli-September 2010, S. 11.\r\nNeuartige Selbstbildnisse, in: K2 1\/10, S. 8\u22129.\r\n\r\n<strong>Lehre<\/strong>\r\n\r\n\u2022 SS 12: UE: \u201eBildbeschreibung vor Originalen\u201c\r\n\u2022 SS 12: SE \u00d6sterreichische Avantgarden nach 1945 ((Universit\u00e4t f\u00fcr angewandte Kunst Wien)\r\n\u2022 WS 11\/12 SE: \u201eDichtbildungen: Zum Verh\u00e4ltnis von Literatur und bildender Kunst\u201c (Universit\u00e4t f\u00fcr angewandte Kunst Wien)\r\n\u2022 WS 11\/12 Spezialvorlesung: \u201eVom Einblattholzschnitt zur Computergrafik\u201c\r\n\u2022 SS 11 Spezialvorlesung: \u201eSkulptur heute. Bildhauerische Positionen nach \u201945\u201c\r\n\u2022 WS 10\/11 UE: \u201eBildbeschreibung vor Originalen\u201c\r\n\u2022 SS 10 Seminar: \u201e\u00d6sterreichische K\u00fcnstlerinnen im internationalen Kontext\u201c\r\n\u2022 WS 09\/10 Seminar: \u201e\u00d6sterreichische Avantgarden 1945\u20131975\u201c\r\n\u2022 SS 09 Proseminar: \u201eMutter \u2013 Vater \u2013 Kind. Zur Ikonografie des Familienbildes\u201c\r\n\u2022 WS 08\/09 Spezialvorlesung: \u201eBild-Dichtungen. Zur Beziehung zwischen Literatur und bildender Kunst\u201c\r\n\u2022 SS 08 Hauptvorlesung: \u201eZur Geschichte der Skulptur: Von der Renaissance bis ins 20. Jahrhundert\u201c\r\n\u2022 WS 07\/08 Spezialvorlesung: \u201eAktion \u2013 Performance \u2013 Happening\u201c\r\n\u2022 SS 07 Proseminar: \u201eM\u00e4nnliches Opfertum und maskuline Sch\u00f6nheit. Zur Ikonografie des heiligen Sebastian vom 5. bis 21. Jahrhundert\u201c\r\n\u2022 WS 06\/07 Seminar: \u201eK\u00fcnstlerpaare. Zum Verh\u00e4ltnis von Kunst und Leben\u201c\r\n\u2022 WS 05\/06 Seminar: \u201eZeichen setzen. Techniken, Stilformen und Funktionen der Grafik\u201c\r\n\u2022 WS 01\/02 Proseminar: \u201eDer Wert der Dinge. Einf\u00fchrung in Geschichte, Funktion und \u00c4sthetik des Designs\u201c\r\n\u2022 SS 01 Seminar: \u201eDas Eigene und das Fremde. Migration als gesellschaftliche, kulturelle und theologische Herausforderung\u201c (mit Prof. DDr. Monika Leisch-Kiesl)\r\n\u2022 WS 00\/01 Proseminar: \u201eIm Anfang waren Wort und Bild. Literatur, bildende Kunst und Theologie im Dialog\u201c\r\n\u2022 SS 99 Seminar: \u201ePieter Bruegel d. \u00c4.: Katholik, Ketzer oder Humanist?\u201c\r\n\u2022 WS 98\/99 Proseminar: \u201eBild-Begegnungen\u201c\r\n\u2022 WS 97\/98 Proseminar: \u201eArchitektur-Begegnungen\u201c; Seminar: \u201eDas Auftauchen und Verschwinden des K\u00f6rpers in der Kunst nach \u201945\u201c (mit Prof. DDr. Monika Leisch-Kiesl)\r\n\u2022 WS 96\/97 Seminar: \u201eBeziehung zwischen Text und Bild am Beispiel der Handschriften Hildegards von Bingen\u201c (mit Prof. DDr. Monika Leisch-Kiesl)\r\n\r\n<strong>Betreute Diplomarbeiten<\/strong>\r\n\r\n\u2022 Englmaier, Renate: Mythos Alterswerk: Die Problematik eines Begriffs am Beispiel Maria Lassnig\r\n\u2022 Keller, Monika: <span class=\"caps\">TEXTIL<\/span>. Zur Sprache des Textilen bei Christine und Irene Hohenb\u00fcchler\r\n\u2022 Kratochwill, Sandra: Stich-Wort Aktion: T\u00e4towierungen in europ\u00e4ischen Performances seit 1960\r\n\u2022 Poeckh, Marlene: Isa Rosenberger \u2013 Werkmonografie (in Arbeit)\r\n\u2022 Tiefenthaler, Gerlinde: Dorothee Golz. Kunst \u00fcber Kunst\r\n\u2022 Wimmer, Erich: Das Stahlsymposium Riedersbach 1990\u20132007\r\n\u2022 Winder, Susi: Esther Stocker \u2013 Systemst\u00f6rerin","_links":{"self":[{"href":"https:\/\/www.viennavant.at\/en\/wp-json\/wp\/v2\/staff-member\/2243","targetHints":{"allow":["GET"]}}],"collection":[{"href":"https:\/\/www.viennavant.at\/en\/wp-json\/wp\/v2\/staff-member"}],"about":[{"href":"https:\/\/www.viennavant.at\/en\/wp-json\/wp\/v2\/types\/staff-member"}],"wp:attachment":[{"href":"https:\/\/www.viennavant.at\/en\/wp-json\/wp\/v2\/media?parent=2243"}],"wp:term":[{"taxonomy":"staff-member-category","embeddable":true,"href":"https:\/\/www.viennavant.at\/en\/wp-json\/wp\/v2\/staff-member-category?post=2243"}],"curies":[{"name":"wp","href":"https:\/\/api.w.org\/{rel}","templated":true}]}}