{"id":2240,"date":"2016-12-14T12:07:52","date_gmt":"2016-12-14T12:07:52","guid":{"rendered":"http:\/\/viennavant.cloud.d2mc.com\/?post_type=staff-member&#038;p=2240"},"modified":"2022-12-26T19:07:32","modified_gmt":"2022-12-26T19:07:32","slug":"univ-prof-dr-stefan-schmidl","status":"publish","type":"staff-member","link":"https:\/\/www.viennavant.at\/en\/staff-members\/univ-prof-dr-stefan-schmidl\/","title":{"rendered":"Univ. Prof. Dr. Stefan Schmidl"},"content":{"rendered":"\r\n \r\n<div class=\"staff-member\">\r\n\r\n\t<!-- Featured Image -->\r\n\t\t\t\t\t\t\r\n\t<div class=\"staff-member-right\">\r\n\t\t\t\t\r\n\t\t \r\n\t\t\t<p class=\"staff-member-title\">Musikwissenschaftler, Professor an der Fakult\u00e4t Musik der Konservatorium Wien Privatuniversit\u00e4t, wissenschaftlicher Mitarbeiter am Institut f\u00fcr kunst- und musikhistorische Forschungen der \u00d6sterreichischen Akademie der Wissenschaften<\/p>\r\n\t\t\t\t\r\n\t\t\r\n\t\t   \r\n\t\t\t<div class=\"staff-member-bio\"> \r\n\t\t\t\t<p>\u00d6sterreichische Akademie der Wissenschaften (Institut f\u00fcr kunst- und musikhistorische Forschungen)<br \/>\nKonservatorium Wien Privatuniversit\u00e4t (Fakult\u00e4t Musik)<\/p>\n<p><strong><a href=\"http:\/\/www.viennavant.at\/wp-content\/uploads\/schmidl.jpg\" target=\"_blank\" rel=\"noopener\"><img loading=\"lazy\" decoding=\"async\" class=\"alignleft wp-image-1228\" src=\"http:\/\/www.viennavant.at\/wp-content\/uploads\/schmidl-241x300.jpg\" width=\"201\" height=\"250\" srcset=\"https:\/\/www.viennavant.at\/wp-content\/uploads\/schmidl-241x300.jpg 241w, https:\/\/www.viennavant.at\/wp-content\/uploads\/schmidl.jpg 821w\" sizes=\"auto, (max-width: 201px) 100vw, 201px\" \/><\/a>Forschungsschwerpunkte:<\/strong><\/p>\n<p>\u2022 Kulturwissenschaftliche Musikforschung, komparatistische Musikgeschichte<br \/>\n\u2022 Musik-, Medien- und Kulturgeschichte des 19., 20. und 21. Jahrhunderts (Fin de si\u00e8cle, Erster Weltkrieg, Nachkriegszeit, Sozialistischer Realismus)<br \/>\n\u2022 Geschichte kollektiver Wahrnehmungen in Musik; Studien zu Repr\u00e4sentation und Identit\u00e4t<\/p>\n<p><br style=\"clear:both;\"><\/p>\n<p><strong>Websiten:<br \/>\n<\/strong><a style=\"background-color: #ffffff;\" href=\"https:\/\/www.oeaw.ac.at\/acdh\/musikwissenschaft\/mitarbeiterinnen-mitarbeiter\/stefan-schmidl\">https:\/\/www.oeaw.ac.at\/acdh\/musikwissenschaft\/mitarbeiterinnen-mitarbeiter\/stefan-schmidl\u00a0<\/a><br \/>\n<a href=\"https:\/\/muk.ac.at\/studienangebot\/lehrende\/details\/stefan-schmidl.html\">https:\/\/muk.ac.at\/studienangebot\/lehrende\/details\/stefan-schmidl.html<\/a><\/p>\n<p><strong>Curriculum Vitae<\/strong><\/p>\n<p>\u2022 Geb. 1974 in Sauerbrunn (Burgenland)<br \/>\n\u2022 Studium der Musikwissenschaft und Kunstgeschichte an der Universit\u00e4t Wien. 2002\/03 Mag. phil., 2004 Dr. phil.<br \/>\n\u2022 Seit Dezember 2004 Mitarbeiter der Kommission f\u00fcr Musikforschung an der \u00d6AW, jetzt Institut f\u00fcr kunst- und musikhistorische Forschungen<br \/>\n\u2022 Lehrauftr\u00e4ge an der Universit\u00e4t Wien, der Konservatorium Wien Privatuniversit\u00e4t, der Universit\u00e4t f\u00fcr Musik und darstellende Kunst Wien und der Universit\u00e4t f\u00fcr angewandte Kunst Wien.<br \/>\n\u2022 2013 Berufung zum Professor f\u00fcr Theorie und Geschichte der Musik an der Konservatorium Wien Privatuniversit\u00e4t; im selben Jahr Verleihung des F\u00f6rderungspreises der Stadt Wien in Anerkennung besonderer Leistungen auf dem Gebiet der Wissenschaften<br \/>\n\u2022 Seit 2015 stellvertretender Vorstand des\u00a0<a href=\"https:\/\/muk.ac.at\/zwfteam.html\">Zentrums f\u00fcr Wissenschaft und Forschung<\/a>.<br \/>\n\u2022 Herausgeber der Reihe<em>\u00a0Filmmusik in historisch-kritischen Editionen\u00a0<\/em>(Verlag Filmarchiv Austria) und Sendungsgestalter von\u00a0<em><a href=\"https:\/\/radioklassik.at\/programm\/sendeformate\/format\/musik_im_kino\" target=\"_blank\" rel=\"noopener noreferrer\">Tr\u00e4ume \u2013 Illusionen \u2013 Gef\u00fchle: Musik im Kino<\/a><\/em>.<br \/>\n\u2022 Leiter des Arbeitsbereichs Audiovisuelle Medien am Austrian Centre for Digital Humanities and Cultural Heritage der \u00d6sterreichischen Akademie der Wissenschaften.<\/p>\n<p><strong>Abgeschlossene Forschungsprojekte (Drittmittel)<\/strong><\/p>\n<p>\u2022 Arbeit am Wachau-Mythos: Die audiovisuelle Repr\u00e4sentation der Region im \u00f6sterreichischen Kino der Nachkriegszeit. Forschungsprojekt an der Musik und Kunst Privatuniversit\u00e4t der Stadt Wien, gef\u00f6rdert vom Land Nieder\u00f6sterreich (2020\u20142022)<br \/>\n\u2022 Die Frau meiner Tra\u0308ume: Eine historisch-kritische Edition der Filmpartitur. Forschungsprojekt an der Musik und Kunst Privatuniversit\u00e4t der Stadt Wien, gef\u00f6rdert von der Franz Grothe-Stiftung, Mu\u0308nchen (2020\u20142021)<br \/>\n\u2022 Der Engel mit der Posaune: Eine historisch-kritische Edition der Filmpartitur. Forschungsprojekt an der Abteilung Musikwissenschaft des ACDH-CH\/\u00d6AW, gef\u00f6rdert von der Stadt Wien (2019)<br \/>\n\u2022 The Wien-Film: A Comprehensive Analysis of the Film Studio 1938\u20141945. Forschungsprojekt an der Abteilung Musikwissenschaft des ACDH-CH\/\u00d6AW, gef\u00f6rdert vom FWF (Einzelprojekt P 30919; 2018\u20142021)<br \/>\n\u2022 Der Klang des Triumphs. Musikalische Siegesfeiern in Wien zwischen 1683 und 1945. Forschungsprojekt am Institut f\u00fcr kunst- und musikhistorische Forschungen\/\u00d6AW, gef\u00f6rdert von der Stadt Wien (2015)<br \/>\n\u2022\u00a0Geda\u0308chtnis \u2014 Tanz \u2014 Musik. Die identita\u0308tsstiftende Funktion der Wiener Operette. Forschungsprojekt am Institut f\u00fcr Kulturwissenschaften und Theatergeschichte\/\u00d6AW, gef\u00f6rdert von der Stadt Wien (2008\u20142012)<\/p>\n<p><strong>Aktuelles Forschungsprojekt:<br \/>\n<\/strong>\u2022\u00a0<em><a href=\"https:\/\/muk.ac.at\/zwf\/forschungsprojekte\/wissenschaftliche-forschungsprojekte\/das-oesterreichisch-deutsche-melodrama-und-seine-filmmusik.html\">Das \u00d6sterreichisch-Deutsche Melodrama und seine Filmmusik<\/a>\u00a0<\/em>(FWF Einzelprojekt P 34466, 2022\u20142024)<\/p>\n<p><strong>Monographien:<\/strong><\/p>\n<p>\u2022 Jules Massenet. Sein Leben, sein Werk, seine Zeit. Mainz: Schott 2012.<br \/>\n\u2022 Medium zwischen Kult und Kapitalismus. Aspekte musikalischer Kommunikation. Saarbr\u00fccken: <span class=\"caps\">VDM<\/span> 2008<\/p>\n<p><strong>Herausgeberschaft:<\/strong><\/p>\n<p>\u2022 Partituren der St\u00e4dte. Urbanes Bewusstsein und musikalischer Ausdruck. Transcript: Bielefeld 2014 (gem. mit Susana <span class=\"caps\">ZAPKE<\/span>).<br \/>\n\u2022 Die K\u00fcnste der Nachkriegszeit. Musik, Literatur und bildende Kunst in \u00d6sterreich. Wien, K\u00f6ln, Weimar: B\u00f6hlau 2013.<\/p>\n<p><strong>Aufs\u00e4tze:<\/strong><\/p>\n<p>\u2022 National-Men\u00fc: \u00dcber die Musikalisierung von Essen und Trinken, in: Moritz CS\u00c1KY \/ Georg-Christian <span class=\"caps\">LACK<\/span> (Hgg.), Kulinarik und Kultur. Speisen als kulturelle Codes in Zentraleuropa. Wien, K\u00f6ln, Weimar 2014, S. 143\u2013149.<br \/>\n\u2022 Sozialer Motor \u2013 Urbane Musik als Wirtschafts- und Identit\u00e4tsmedium, in: Michael <span class=\"caps\">FISCHER<\/span> \/ Johannes <span class=\"caps\">HAHN<\/span> (Hgg.), Europa neu denken. Regionen als Ressource. Salzburg 2014, S. 295\u2013299.<br \/>\n\u2022 \u2018In dieser gro\u00dfen Zeit\u2026 \u2019 Moderne und nationale Identifikation um 1914, in: \u00d6sterreichische Musikzeitschrift 69\/1 (2014), S.14\u201321 (gem. mit Susana <span class=\"caps\">ZAPKE<\/span>).<br \/>\n\u2022 In Strahlungen von Biologie und Psychoanalyse. Gustav Mahler und die experimentellen Wissenschaften des Fin de si\u00e8cle, in: Nachrichten zur Mahler-Forschung 67 (2013), S.12\u201318.<br \/>\n\u2022 Ungedacht\/Ungesehen\/Ungeh\u00f6rt. Die Popularkultur und Stanis\u0142aw Lems Herausforderungen, Jahrbuch des Wissenschaftlichen Zentrums der Polnischen Akademie der Wissenschaften Band 4 (2013), S. 67\u201371.<br \/>\n\u2022 \u00dcber die Schwierigkeiten der Repr\u00e4sentation. Das Wiener Konzerthaus als touristische Marke, in: \u00d6sterreichische Musikzeitschrift 68\/5 (2013), S. 17\u201329.<br \/>\n\u2022 Interpretierte Welt. Aspekte einer Musikgeschichte des Ersten Weltkriegs, in: Musikolo\u0161ki zbornik \/ Musicological Annual <span class=\"caps\">XLIX<\/span>, Ljubljana 2013, S. 67\u201377.<br \/>\n\u2022 Musikalische Struktur und Identit\u00e4tssuche. Die Homerische Symphonie von Theodor Berger, in: Stefan <span class=\"caps\">SCHMIDL<\/span> (Hg.), Die K\u00fcnste der Nachkriegszeit. Musik, Literatur und bildende Kunst in \u00d6sterreich. Wien, K\u00f6ln, Weimar: B\u00f6hlau 2013, S. 229\u2013235.<br \/>\n\u2022 Wunschbild und Exportartikel. Betrachtungen \u00fcber die audiovisuelle Struktur von Sissi, in: Stefan <span class=\"caps\">SCHMIDL<\/span> (Hg.), Die K\u00fcnste der Nachkriegszeit. Musik, Literatur und bildende Kunst in \u00d6sterreich. Wien, K\u00f6ln, Weimar: B\u00f6hlau 2013, S. 77\u201385 (gem. mit Monika KR\u00d6PFL).<br \/>\n\u2022 M\u00fcnchener Opernjugendstil. Ludwig Thuilles Lobetanz, in: Carmen <span class=\"caps\">OTTNER<\/span> \/ Erich Wolfgang <span class=\"caps\">PARTSCH<\/span> (Hgg.), Musiktheater in Wien um 1900. Gustav Mahler und seine Zeitgenossen. Tutzing 2013, S. 99\u2013104.<br \/>\n\u2022 \u2019&#8230; vom Deutschen Reich bewu\u00dft zu distanzieren.\u2019 Filmmusik in \u00d6sterreich 1933 bis 1938, in: Ivana <span class=\"caps\">RENTSCH<\/span> \/ Arne <span class=\"caps\">STOLLBERG<\/span> (Hgg.), Ton-Spuren aus der Alten Welt, M\u00fcnchen 2013, S. 285\u2013294.<br \/>\n\u2022 Hi havi a una vegada a la fin de si\u00e8cle, in: Amics del Liceu (Hg.), Temporada d\u2019\u00d2pera 2013\/2014. Barcelona 2013. S. 43\u201345.<br \/>\n\u2022 Musik und Nation, in: \u00d6sterreichische Musikzeitschrift 69\/7 (2013), S. 109\u2013110.<br \/>\n\u2022 Oper in der \u2018Traumfabrik Kommunismus\u2019. Zum Musiktheater im sozialistischen Ost- und S\u00fcdosteuropa der Stalin\u00e4ra, in: \u00d6sterreichische Musikzeitschrift 67\/5 (2012), S. 31\u201339.<br \/>\n\u2022 \u2018Dort ist die ganze Welt noch rotwei\u00dfgr\u00fcn!\u2019 Diskurse \u00fcber Kollektive, Alterit\u00e4ten und Nation in der Operette \u00d6sterreich-Ungarns, in: Studia Musicologica 52 (2012), S. 109\u2013122.<br \/>\n\u2022 Unterhaltungsmusik und Urbane Milieus um 1900, in: Andr\u00e1s F. <span class=\"caps\">BALOGH<\/span> \/ Christoph <span class=\"caps\">LEITGEB<\/span> (Hgg.), Mehrsprachigkeit in Zentraleuropa. Zur Geschichte einer literarischen und kulturellen Chance, Wien 2012, S. 219\u2013228.<br \/>\n\u2022 The Imiginative Rural, the Phantasmagoric Pastoral. Nostalgia in Austro-Hungarian Music Around 1918, in: Vesna <span class=\"caps\">MIKI<\/span>\u0106 \/ Ivana <span class=\"caps\">PERKOVI<\/span>\u0106 \/ Tijana <span class=\"caps\">POPOVI<\/span>\u0106-MLA\u0110ENOVI\u0106 \/ Mirjana <span class=\"caps\">VESELINO<\/span>\u0106-HOFMAN (Hgg.), Between Nostalgia, Utopia and Realities, Belgrad 2012, S. 350\u2013358.<br \/>\n\u2022 \u2018Meiner dunklen Sehnsucht hoher Tempel der Verhei\u00dfung\u2019. Richard Strauss\u2019 letzte Heroinen im Kontext nationalsozialistischer Frauen\u00e4sthetik, in: \u00d6sterreichische Musikzeitschrift 67\/1 (2012), S. 36\u201342.<br \/>\n\u2022 Musikalische Kollektivsymbole und Kontexte, in: Talia <span class=\"caps\">BACHIR<\/span>-LOOPUYT \/ Sara <span class=\"caps\">IGLESIAS<\/span> \/ Anna <span class=\"caps\">LANGEBRUCH<\/span> \/ Gesa zur <span class=\"caps\">NIEDEN<\/span> (Hgg.), Musik \u2013 Kontext \u2013 Wissenschaft \/ Musiques \u2013 contextes \u2013 savoirs. Interdisziplin\u00e4re Forschungen zur Musik, Frankfurt am Main 2012, S. 135\u2013145 [gemeinsam mit Alexander <span class=\"caps\">PREISINGER<\/span>].<br \/>\n\u2022 Identit\u00e4tskonstruktion und Urbanit\u00e4t in der Wiener Operette, in: Helmut <span class=\"caps\">LOOS<\/span> (Hg.), Musik \u2013 Stadt. Traditionen und Perspektiven urbaner Musikkulturen. Band 3: Musik in Leipzig, Wien und anderen St\u00e4dten im 19. und 20. Jahrhundert, Leipzig 2011, S. 261\u2013271.<br \/>\n\u2022 Die Utopie der Synthese. Nation und Moderne in der Operette \u00d6sterreich-Ungarns, in: Marie-Theres <span class=\"caps\">ARNBOM<\/span> \/ Kevin <span class=\"caps\">CLARKE<\/span> \/ Thomas <span class=\"caps\">TRABITSCH<\/span> (Hgg.), Welt der Operette. Glamour, Stars und Showbusiness, Wien 2011, S. 54\u201363.<br \/>\n\u2022 \u2018Hol minden piros feh\u00e9r z\u00f6ldben j\u00e1r!\u2019 A csoportok, az alterit\u00e1sok \u00e9s a nemzet diskurzusai Ausztria-Magyarorsz\u00e1g operettjeiben, in: Magyar Zene 2 (2011), S. 206\u2013218 [\u00dcbers. Mikusi Bal\u00e1sz].<br \/>\n\u2022 Symbolraum Donau. \u00dcber einen europ\u00e4ischen Musikmythos, in: \u00d6sterreichische Musikzeitschrift 66\/2 (2011), S. 34\u201347.<br \/>\n\u2022 Horror der Realit\u00e4t. Das Trauma des Nationalsozialismus als Schreckensstrategie in War of the Worlds, in: J\u00f6rg van <span class=\"caps\">BEBBER<\/span> (Hg.), Dawn of an Evil Millennium. Horror und Kultur im neuen Jahrtausend, Darmstadt 2011, S. 148\u2013151 [gemeinsam mit Alexander <span class=\"caps\">PREISINGER<\/span>].<br \/>\n\u2022 \u00c0 la viennoise. Sardou et l\u2019operette viennoise, in: Isabelle <span class=\"caps\">MOINDROT<\/span> (Hg.), Victorien Sardou, le th\u00e9\u00e2tre et les arts (Collection Le Spectaculaire), Rennes 2010, S. 183\u2013193 [\u00dcbers. Isabelle Moindrot].<br \/>\n\u2022 \u2018Freud hat ganz recht.\u2019 Mahler und die fr\u00fche Psychoanalyse, in: Erich Wolfgang <span class=\"caps\">PARTSCH<\/span> \/ Morten <span class=\"caps\">SOLVIK<\/span> (Hgg.), Mahler im Kontext\/Contextualizing Mahler, Wien 2010, S. 243\u2013255.<br \/>\n\u2022 Hymne und Marsch. Musikalische Signifikanten in der medialen Inszenierung des Anschlusses, in: Werner <span class=\"caps\">WELZIG<\/span> (Hg.), \u201cAnschluss\u201d. M\u00e4rz\/April 1938 in \u00d6sterreich (Kulturforschungen 1), Wien 2010, S. 147\u2013154.<br \/>\n\u2022 Amnesie-Strategien. Vergessen und Interesse, in: Bj\u00f6rn <span class=\"caps\">TAMMEN<\/span> \/ Werner <span class=\"caps\">TELESKO<\/span> (Hgg.), zitieren \u2013 gedenken \u2013 erinnern. Beitr\u00e4ge aus dem Zentrum Kulturforschungen der \u00d6sterreichischen Akademie der Wissenschaften, Wien 2010, S. 149\u2013154.<br \/>\n\u2022 \u2018Wir gedachten von ihm zu lernen.\u2019 Die Begegnung Paul Kammerers mit dem Ehepaar Mahler, in: Nachrichten zur Mahler-Forschung 60\/2009, S. 51\u201359 [engl. \u2018We Strove to Learn from Him\u2019. Paul Kammerer\u2019s Relationship with Gustav &amp; Alma Mahler, in: News About Mahler Research 60\/2010, S. 51\u201359].<br \/>\n\u2022 Die vielen Identit\u00e4ten. Untersuchungen zur Funktion der Wiener Operette, in: Studien zur Musikwissenschaft. Beihefte der Denkm\u00e4ler der Tonkunst in \u00d6sterreich 55 (2009), S. 319\u2013336.<br \/>\n\u2022 \u2018Ein Baldachin aus schwarz-gelben T\u00f6nen.\u2019 Musikalischer Verfall in Joseph Roths Radetzkymarsch, in: Johann Georg <span class=\"caps\">LUGHOFER<\/span> (Hg.), Im Prisma. Joseph Roths Romane, Wien 2009, S. 259\u2013269 [gemeinsam mit Alexander <span class=\"caps\">PREISINGER<\/span>].<br \/>\n\u2022 Die Geburt Bruckners aus dem Geist der Operette. \u00dcber Traditionslinien im Musikanten Gottes von Victor L\u00e9on und Ernst Decsey, in: Mitteilungsblatt der Internationalen Bruckner-Gesellschaft 06\/2008, S. 6\u201312 [gemeinsam mit Erich Wolfgang <span class=\"caps\">PARTSCH<\/span>].<br \/>\n\u2022 Sehnsuchtswahn und s\u00fc\u00dfe Schmerzen. 150 Jahre Wiener Operette, in: Die B\u00fchne 10\/2008, S. 8\u201310.<br \/>\n\u2022 Das Spektakul\u00e4re des Allt\u00e4glichen. Gustav Mahler, die Operette und die Wiener Jahrhundertwende, in: Die Tonkunst 1 (2008), S. 74\u201378 [gemeinsam mit Timothy <span class=\"caps\">FREEZE<\/span>].<br \/>\n\u2022 Pr\u00fcfsteine der Realit\u00e4t, in: Wiener Zeitung 18.11.2006.<br \/>\n\u2022 Blaupausen f\u00fcr Hollywood: Franz Waxman, in: Ray Filmmagazin 12\/2006, S. 104\u2013107.<br \/>\n\u2022 Composing for Hitler: Film music of Herbert Windt, in: Filmscore Monthly 11\/7 (2006).<br \/>\n\u2022 Im serialen Ereignisstrom. Paul Kammerer als Wissenschaftler, Musiktheoretiker und Komponist, in: Die Tonkunst 4 (2006), Nr. 6, S. 1\u201310.<\/p>\n\t\t\t<\/div>\t\t\r\n\t\t\t<br \/>\r\n\t\t\t\t\r\n\t\t<!-- Only show Mailing Address and Contact Info in single view -->\r\n\t\t\t<\/div>\r\n<\/div>","protected":false},"featured_media":0,"menu_order":0,"template":"","meta":[],"staff-member-category":[68],"class_list":["post-2240","staff-member","type-staff-member","status-publish","hentry","staff-member-category-members"],"translation":{"provider":"WPGlobus","version":"3.0.2","language":"en","enabled_languages":["de","en"],"languages":{"de":{"title":true,"content":true,"excerpt":false},"en":{"title":false,"content":false,"excerpt":false}}},"metadata":{"first_name":["Stefan"],"last_name":["Schmidl"],"title":["Musikwissenschaftler, Professor an der Fakult\u00e4t Musik der Konservatorium Wien Privatuniversit\u00e4t, wissenschaftlicher Mitarbeiter am Institut f\u00fcr kunst- und musikhistorische Forschungen der \u00d6sterreichischen Akademie der Wissenschaften"],"phone":["Musicologist, professor of Faculty Music \/ Conservatory Vienna Private University, senior researcher Institute for Art- and Music-historical Research of Austrian Academy of Science"]},"featured_image_src":false,"bio":"\u00d6sterreichische Akademie der Wissenschaften (Institut f\u00fcr kunst- und musikhistorische Forschungen)\r\nKonservatorium Wien Privatuniversit\u00e4t (Fakult\u00e4t Musik)\r\n\r\n<strong><a href=\"http:\/\/www.viennavant.at\/wp-content\/uploads\/schmidl.jpg\" target=\"_blank\" rel=\"noopener\"><img class=\"alignleft wp-image-1228\" src=\"http:\/\/www.viennavant.at\/wp-content\/uploads\/schmidl-241x300.jpg\" width=\"201\" height=\"250\" \/><\/a>Forschungsschwerpunkte:<\/strong>\r\n\r\n\u2022 Kulturwissenschaftliche Musikforschung, komparatistische Musikgeschichte\r\n\u2022 Musik-, Medien- und Kulturgeschichte des 19., 20. und 21. Jahrhunderts (Fin de si\u00e8cle, Erster Weltkrieg, Nachkriegszeit, Sozialistischer Realismus)\r\n\u2022 Geschichte kollektiver Wahrnehmungen in Musik; Studien zu Repr\u00e4sentation und Identit\u00e4t\r\n\r\n<br style=\"clear:both;\">\r\n\r\n<strong>Websiten:\r\n<\/strong><a style=\"background-color: #ffffff;\" href=\"https:\/\/www.oeaw.ac.at\/acdh\/musikwissenschaft\/mitarbeiterinnen-mitarbeiter\/stefan-schmidl\">https:\/\/www.oeaw.ac.at\/acdh\/musikwissenschaft\/mitarbeiterinnen-mitarbeiter\/stefan-schmidl\u00a0<\/a>\r\n<a href=\"https:\/\/muk.ac.at\/studienangebot\/lehrende\/details\/stefan-schmidl.html\">https:\/\/muk.ac.at\/studienangebot\/lehrende\/details\/stefan-schmidl.html<\/a>\r\n\r\n<strong>Curriculum Vitae<\/strong>\r\n\r\n\u2022 Geb. 1974 in Sauerbrunn (Burgenland)\r\n\u2022 Studium der Musikwissenschaft und Kunstgeschichte an der Universit\u00e4t Wien. 2002\/03 Mag. phil., 2004 Dr. phil.\r\n\u2022 Seit Dezember 2004 Mitarbeiter der Kommission f\u00fcr Musikforschung an der \u00d6AW, jetzt Institut f\u00fcr kunst- und musikhistorische Forschungen\r\n\u2022 Lehrauftr\u00e4ge an der Universit\u00e4t Wien, der Konservatorium Wien Privatuniversit\u00e4t, der Universit\u00e4t f\u00fcr Musik und darstellende Kunst Wien und der Universit\u00e4t f\u00fcr angewandte Kunst Wien.\r\n\u2022 2013 Berufung zum Professor f\u00fcr Theorie und Geschichte der Musik an der Konservatorium Wien Privatuniversit\u00e4t; im selben Jahr Verleihung des F\u00f6rderungspreises der Stadt Wien in Anerkennung besonderer Leistungen auf dem Gebiet der Wissenschaften\r\n\u2022 Seit 2015 stellvertretender Vorstand des\u00a0<a href=\"https:\/\/muk.ac.at\/zwfteam.html\">Zentrums f\u00fcr Wissenschaft und Forschung<\/a>.\r\n\u2022 Herausgeber der Reihe<em>\u00a0Filmmusik in historisch-kritischen Editionen\u00a0<\/em>(Verlag Filmarchiv Austria) und Sendungsgestalter von\u00a0<em><a href=\"https:\/\/radioklassik.at\/programm\/sendeformate\/format\/musik_im_kino\" target=\"_blank\" rel=\"noopener noreferrer\">Tr\u00e4ume \u2013 Illusionen \u2013 Gef\u00fchle: Musik im Kino<\/a><\/em>.\r\n\u2022 Leiter des Arbeitsbereichs Audiovisuelle Medien am Austrian Centre for Digital Humanities and Cultural Heritage der \u00d6sterreichischen Akademie der Wissenschaften.\r\n\r\n<strong>Abgeschlossene Forschungsprojekte (Drittmittel)<\/strong>\r\n\r\n\u2022 Arbeit am Wachau-Mythos: Die audiovisuelle Repr\u00e4sentation der Region im \u00f6sterreichischen Kino der Nachkriegszeit. Forschungsprojekt an der Musik und Kunst Privatuniversit\u00e4t der Stadt Wien, gef\u00f6rdert vom Land Nieder\u00f6sterreich (2020\u20142022)\r\n\u2022 Die Frau meiner Tra\u0308ume: Eine historisch-kritische Edition der Filmpartitur. Forschungsprojekt an der Musik und Kunst Privatuniversit\u00e4t der Stadt Wien, gef\u00f6rdert von der Franz Grothe-Stiftung, Mu\u0308nchen (2020\u20142021)\r\n\u2022 Der Engel mit der Posaune: Eine historisch-kritische Edition der Filmpartitur. Forschungsprojekt an der Abteilung Musikwissenschaft des ACDH-CH\/\u00d6AW, gef\u00f6rdert von der Stadt Wien (2019)\r\n\u2022 The Wien-Film: A Comprehensive Analysis of the Film Studio 1938\u20141945. Forschungsprojekt an der Abteilung Musikwissenschaft des ACDH-CH\/\u00d6AW, gef\u00f6rdert vom FWF (Einzelprojekt P 30919; 2018\u20142021)\r\n\u2022 Der Klang des Triumphs. Musikalische Siegesfeiern in Wien zwischen 1683 und 1945. Forschungsprojekt am Institut f\u00fcr kunst- und musikhistorische Forschungen\/\u00d6AW, gef\u00f6rdert von der Stadt Wien (2015)\r\n\u2022\u00a0Geda\u0308chtnis \u2014 Tanz \u2014 Musik. Die identita\u0308tsstiftende Funktion der Wiener Operette. Forschungsprojekt am Institut f\u00fcr Kulturwissenschaften und Theatergeschichte\/\u00d6AW, gef\u00f6rdert von der Stadt Wien (2008\u20142012)\r\n\r\n<strong>Aktuelles Forschungsprojekt:\r\n<\/strong>\u2022\u00a0<em><a href=\"https:\/\/muk.ac.at\/zwf\/forschungsprojekte\/wissenschaftliche-forschungsprojekte\/das-oesterreichisch-deutsche-melodrama-und-seine-filmmusik.html\">Das \u00d6sterreichisch-Deutsche Melodrama und seine Filmmusik<\/a>\u00a0<\/em>(FWF Einzelprojekt P 34466, 2022\u20142024)\r\n\r\n<strong>Monographien:<\/strong>\r\n\r\n\u2022 Jules Massenet. Sein Leben, sein Werk, seine Zeit. Mainz: Schott 2012.\r\n\u2022 Medium zwischen Kult und Kapitalismus. Aspekte musikalischer Kommunikation. Saarbr\u00fccken: <span class=\"caps\">VDM<\/span> 2008\r\n\r\n<strong>Herausgeberschaft:<\/strong>\r\n\r\n\u2022 Partituren der St\u00e4dte. Urbanes Bewusstsein und musikalischer Ausdruck. Transcript: Bielefeld 2014 (gem. mit Susana <span class=\"caps\">ZAPKE<\/span>).\r\n\u2022 Die K\u00fcnste der Nachkriegszeit. Musik, Literatur und bildende Kunst in \u00d6sterreich. Wien, K\u00f6ln, Weimar: B\u00f6hlau 2013.\r\n\r\n<strong>Aufs\u00e4tze:<\/strong>\r\n\r\n\u2022 National-Men\u00fc: \u00dcber die Musikalisierung von Essen und Trinken, in: Moritz CS\u00c1KY \/ Georg-Christian <span class=\"caps\">LACK<\/span> (Hgg.), Kulinarik und Kultur. Speisen als kulturelle Codes in Zentraleuropa. Wien, K\u00f6ln, Weimar 2014, S. 143\u2013149.\r\n\u2022 Sozialer Motor \u2013 Urbane Musik als Wirtschafts- und Identit\u00e4tsmedium, in: Michael <span class=\"caps\">FISCHER<\/span> \/ Johannes <span class=\"caps\">HAHN<\/span> (Hgg.), Europa neu denken. Regionen als Ressource. Salzburg 2014, S. 295\u2013299.\r\n\u2022 \u2018In dieser gro\u00dfen Zeit\u2026 \u2019 Moderne und nationale Identifikation um 1914, in: \u00d6sterreichische Musikzeitschrift 69\/1 (2014), S.14\u201321 (gem. mit Susana <span class=\"caps\">ZAPKE<\/span>).\r\n\u2022 In Strahlungen von Biologie und Psychoanalyse. Gustav Mahler und die experimentellen Wissenschaften des Fin de si\u00e8cle, in: Nachrichten zur Mahler-Forschung 67 (2013), S.12\u201318.\r\n\u2022 Ungedacht\/Ungesehen\/Ungeh\u00f6rt. Die Popularkultur und Stanis\u0142aw Lems Herausforderungen, Jahrbuch des Wissenschaftlichen Zentrums der Polnischen Akademie der Wissenschaften Band 4 (2013), S. 67\u201371.\r\n\u2022 \u00dcber die Schwierigkeiten der Repr\u00e4sentation. Das Wiener Konzerthaus als touristische Marke, in: \u00d6sterreichische Musikzeitschrift 68\/5 (2013), S. 17\u201329.\r\n\u2022 Interpretierte Welt. Aspekte einer Musikgeschichte des Ersten Weltkriegs, in: Musikolo\u0161ki zbornik \/ Musicological Annual <span class=\"caps\">XLIX<\/span>, Ljubljana 2013, S. 67\u201377.\r\n\u2022 Musikalische Struktur und Identit\u00e4tssuche. Die Homerische Symphonie von Theodor Berger, in: Stefan <span class=\"caps\">SCHMIDL<\/span> (Hg.), Die K\u00fcnste der Nachkriegszeit. Musik, Literatur und bildende Kunst in \u00d6sterreich. Wien, K\u00f6ln, Weimar: B\u00f6hlau 2013, S. 229\u2013235.\r\n\u2022 Wunschbild und Exportartikel. Betrachtungen \u00fcber die audiovisuelle Struktur von Sissi, in: Stefan <span class=\"caps\">SCHMIDL<\/span> (Hg.), Die K\u00fcnste der Nachkriegszeit. Musik, Literatur und bildende Kunst in \u00d6sterreich. Wien, K\u00f6ln, Weimar: B\u00f6hlau 2013, S. 77\u201385 (gem. mit Monika KR\u00d6PFL).\r\n\u2022 M\u00fcnchener Opernjugendstil. Ludwig Thuilles Lobetanz, in: Carmen <span class=\"caps\">OTTNER<\/span> \/ Erich Wolfgang <span class=\"caps\">PARTSCH<\/span> (Hgg.), Musiktheater in Wien um 1900. Gustav Mahler und seine Zeitgenossen. Tutzing 2013, S. 99\u2013104.\r\n\u2022 \u2019... vom Deutschen Reich bewu\u00dft zu distanzieren.\u2019 Filmmusik in \u00d6sterreich 1933 bis 1938, in: Ivana <span class=\"caps\">RENTSCH<\/span> \/ Arne <span class=\"caps\">STOLLBERG<\/span> (Hgg.), Ton-Spuren aus der Alten Welt, M\u00fcnchen 2013, S. 285\u2013294.\r\n\u2022 Hi havi a una vegada a la fin de si\u00e8cle, in: Amics del Liceu (Hg.), Temporada d\u2019\u00d2pera 2013\/2014. Barcelona 2013. S. 43\u201345.\r\n\u2022 Musik und Nation, in: \u00d6sterreichische Musikzeitschrift 69\/7 (2013), S. 109\u2013110.\r\n\u2022 Oper in der \u2018Traumfabrik Kommunismus\u2019. Zum Musiktheater im sozialistischen Ost- und S\u00fcdosteuropa der Stalin\u00e4ra, in: \u00d6sterreichische Musikzeitschrift 67\/5 (2012), S. 31\u201339.\r\n\u2022 \u2018Dort ist die ganze Welt noch rotwei\u00dfgr\u00fcn!\u2019 Diskurse \u00fcber Kollektive, Alterit\u00e4ten und Nation in der Operette \u00d6sterreich-Ungarns, in: Studia Musicologica 52 (2012), S. 109\u2013122.\r\n\u2022 Unterhaltungsmusik und Urbane Milieus um 1900, in: Andr\u00e1s F. <span class=\"caps\">BALOGH<\/span> \/ Christoph <span class=\"caps\">LEITGEB<\/span> (Hgg.), Mehrsprachigkeit in Zentraleuropa. Zur Geschichte einer literarischen und kulturellen Chance, Wien 2012, S. 219\u2013228.\r\n\u2022 The Imiginative Rural, the Phantasmagoric Pastoral. Nostalgia in Austro-Hungarian Music Around 1918, in: Vesna <span class=\"caps\">MIKI<\/span>\u0106 \/ Ivana <span class=\"caps\">PERKOVI<\/span>\u0106 \/ Tijana <span class=\"caps\">POPOVI<\/span>\u0106-MLA\u0110ENOVI\u0106 \/ Mirjana <span class=\"caps\">VESELINO<\/span>\u0106-HOFMAN (Hgg.), Between Nostalgia, Utopia and Realities, Belgrad 2012, S. 350\u2013358.\r\n\u2022 \u2018Meiner dunklen Sehnsucht hoher Tempel der Verhei\u00dfung\u2019. Richard Strauss\u2019 letzte Heroinen im Kontext nationalsozialistischer Frauen\u00e4sthetik, in: \u00d6sterreichische Musikzeitschrift 67\/1 (2012), S. 36\u201342.\r\n\u2022 Musikalische Kollektivsymbole und Kontexte, in: Talia <span class=\"caps\">BACHIR<\/span>-LOOPUYT \/ Sara <span class=\"caps\">IGLESIAS<\/span> \/ Anna <span class=\"caps\">LANGEBRUCH<\/span> \/ Gesa zur <span class=\"caps\">NIEDEN<\/span> (Hgg.), Musik \u2013 Kontext \u2013 Wissenschaft \/ Musiques \u2013 contextes \u2013 savoirs. Interdisziplin\u00e4re Forschungen zur Musik, Frankfurt am Main 2012, S. 135\u2013145 [gemeinsam mit Alexander <span class=\"caps\">PREISINGER<\/span>].\r\n\u2022 Identit\u00e4tskonstruktion und Urbanit\u00e4t in der Wiener Operette, in: Helmut <span class=\"caps\">LOOS<\/span> (Hg.), Musik \u2013 Stadt. Traditionen und Perspektiven urbaner Musikkulturen. Band 3: Musik in Leipzig, Wien und anderen St\u00e4dten im 19. und 20. Jahrhundert, Leipzig 2011, S. 261\u2013271.\r\n\u2022 Die Utopie der Synthese. Nation und Moderne in der Operette \u00d6sterreich-Ungarns, in: Marie-Theres <span class=\"caps\">ARNBOM<\/span> \/ Kevin <span class=\"caps\">CLARKE<\/span> \/ Thomas <span class=\"caps\">TRABITSCH<\/span> (Hgg.), Welt der Operette. Glamour, Stars und Showbusiness, Wien 2011, S. 54\u201363.\r\n\u2022 \u2018Hol minden piros feh\u00e9r z\u00f6ldben j\u00e1r!\u2019 A csoportok, az alterit\u00e1sok \u00e9s a nemzet diskurzusai Ausztria-Magyarorsz\u00e1g operettjeiben, in: Magyar Zene 2 (2011), S. 206\u2013218 [\u00dcbers. Mikusi Bal\u00e1sz].\r\n\u2022 Symbolraum Donau. \u00dcber einen europ\u00e4ischen Musikmythos, in: \u00d6sterreichische Musikzeitschrift 66\/2 (2011), S. 34\u201347.\r\n\u2022 Horror der Realit\u00e4t. Das Trauma des Nationalsozialismus als Schreckensstrategie in War of the Worlds, in: J\u00f6rg van <span class=\"caps\">BEBBER<\/span> (Hg.), Dawn of an Evil Millennium. Horror und Kultur im neuen Jahrtausend, Darmstadt 2011, S. 148\u2013151 [gemeinsam mit Alexander <span class=\"caps\">PREISINGER<\/span>].\r\n\u2022 \u00c0 la viennoise. Sardou et l\u2019operette viennoise, in: Isabelle <span class=\"caps\">MOINDROT<\/span> (Hg.), Victorien Sardou, le th\u00e9\u00e2tre et les arts (Collection Le Spectaculaire), Rennes 2010, S. 183\u2013193 [\u00dcbers. Isabelle Moindrot].\r\n\u2022 \u2018Freud hat ganz recht.\u2019 Mahler und die fr\u00fche Psychoanalyse, in: Erich Wolfgang <span class=\"caps\">PARTSCH<\/span> \/ Morten <span class=\"caps\">SOLVIK<\/span> (Hgg.), Mahler im Kontext\/Contextualizing Mahler, Wien 2010, S. 243\u2013255.\r\n\u2022 Hymne und Marsch. Musikalische Signifikanten in der medialen Inszenierung des Anschlusses, in: Werner <span class=\"caps\">WELZIG<\/span> (Hg.), \u201cAnschluss\u201d. M\u00e4rz\/April 1938 in \u00d6sterreich (Kulturforschungen 1), Wien 2010, S. 147\u2013154.\r\n\u2022 Amnesie-Strategien. Vergessen und Interesse, in: Bj\u00f6rn <span class=\"caps\">TAMMEN<\/span> \/ Werner <span class=\"caps\">TELESKO<\/span> (Hgg.), zitieren \u2013 gedenken \u2013 erinnern. Beitr\u00e4ge aus dem Zentrum Kulturforschungen der \u00d6sterreichischen Akademie der Wissenschaften, Wien 2010, S. 149\u2013154.\r\n\u2022 \u2018Wir gedachten von ihm zu lernen.\u2019 Die Begegnung Paul Kammerers mit dem Ehepaar Mahler, in: Nachrichten zur Mahler-Forschung 60\/2009, S. 51\u201359 [engl. \u2018We Strove to Learn from Him\u2019. Paul Kammerer\u2019s Relationship with Gustav &amp; Alma Mahler, in: News About Mahler Research 60\/2010, S. 51\u201359].\r\n\u2022 Die vielen Identit\u00e4ten. Untersuchungen zur Funktion der Wiener Operette, in: Studien zur Musikwissenschaft. Beihefte der Denkm\u00e4ler der Tonkunst in \u00d6sterreich 55 (2009), S. 319\u2013336.\r\n\u2022 \u2018Ein Baldachin aus schwarz-gelben T\u00f6nen.\u2019 Musikalischer Verfall in Joseph Roths Radetzkymarsch, in: Johann Georg <span class=\"caps\">LUGHOFER<\/span> (Hg.), Im Prisma. Joseph Roths Romane, Wien 2009, S. 259\u2013269 [gemeinsam mit Alexander <span class=\"caps\">PREISINGER<\/span>].\r\n\u2022 Die Geburt Bruckners aus dem Geist der Operette. \u00dcber Traditionslinien im Musikanten Gottes von Victor L\u00e9on und Ernst Decsey, in: Mitteilungsblatt der Internationalen Bruckner-Gesellschaft 06\/2008, S. 6\u201312 [gemeinsam mit Erich Wolfgang <span class=\"caps\">PARTSCH<\/span>].\r\n\u2022 Sehnsuchtswahn und s\u00fc\u00dfe Schmerzen. 150 Jahre Wiener Operette, in: Die B\u00fchne 10\/2008, S. 8\u201310.\r\n\u2022 Das Spektakul\u00e4re des Allt\u00e4glichen. Gustav Mahler, die Operette und die Wiener Jahrhundertwende, in: Die Tonkunst 1 (2008), S. 74\u201378 [gemeinsam mit Timothy <span class=\"caps\">FREEZE<\/span>].\r\n\u2022 Pr\u00fcfsteine der Realit\u00e4t, in: Wiener Zeitung 18.11.2006.\r\n\u2022 Blaupausen f\u00fcr Hollywood: Franz Waxman, in: Ray Filmmagazin 12\/2006, S. 104\u2013107.\r\n\u2022 Composing for Hitler: Film music of Herbert Windt, in: Filmscore Monthly 11\/7 (2006).\r\n\u2022 Im serialen Ereignisstrom. Paul Kammerer als Wissenschaftler, Musiktheoretiker und Komponist, in: Die Tonkunst 4 (2006), Nr. 6, S. 1\u201310.","_links":{"self":[{"href":"https:\/\/www.viennavant.at\/en\/wp-json\/wp\/v2\/staff-member\/2240","targetHints":{"allow":["GET"]}}],"collection":[{"href":"https:\/\/www.viennavant.at\/en\/wp-json\/wp\/v2\/staff-member"}],"about":[{"href":"https:\/\/www.viennavant.at\/en\/wp-json\/wp\/v2\/types\/staff-member"}],"wp:attachment":[{"href":"https:\/\/www.viennavant.at\/en\/wp-json\/wp\/v2\/media?parent=2240"}],"wp:term":[{"taxonomy":"staff-member-category","embeddable":true,"href":"https:\/\/www.viennavant.at\/en\/wp-json\/wp\/v2\/staff-member-category?post=2240"}],"curies":[{"name":"wp","href":"https:\/\/api.w.org\/{rel}","templated":true}]}}