{"id":2225,"date":"2016-12-14T11:54:31","date_gmt":"2016-12-14T11:54:31","guid":{"rendered":"http:\/\/viennavant.cloud.d2mc.com\/?post_type=staff-member&#038;p=2225"},"modified":"2023-03-27T21:29:06","modified_gmt":"2023-03-27T21:29:06","slug":"dr-lisa-ortner-kreil","status":"publish","type":"staff-member","link":"https:\/\/www.viennavant.at\/en\/staff-members\/dr-lisa-ortner-kreil\/","title":{"rendered":"Dr. Lisa Ortner-Kreil"},"content":{"rendered":"\r\n \r\n<div class=\"staff-member\">\r\n\r\n\t<!-- Featured Image -->\r\n\t\t\t\t\t\t\r\n\t<div class=\"staff-member-right\">\r\n\t\t\t\t\r\n\t\t \r\n\t\t\t<p class=\"staff-member-title\">Kunsthistorikerin, Kuratorin am Bank Austria Kunstforum<\/p>\r\n\t\t\t\t\r\n\t\t\r\n\t\t   \r\n\t\t\t<div class=\"staff-member-bio\"> \r\n\t\t\t\t<p><a href=\"http:\/\/www.viennavant.at\/wp-content\/uploads\/Portraet-Lisa-Ortner-Kreil_c-Johannes-Siglaer-Full-Res-scaled.jpg\" target=\"_blank\" rel=\"noopener\"><img loading=\"lazy\" decoding=\"async\" class=\"alignright wp-image-4608 size-medium\" src=\"http:\/\/www.viennavant.at\/wp-content\/uploads\/Portraet-Lisa-Ortner-Kreil_c-Johannes-Siglaer-Full-Res-300x176.jpg\" alt=\"\" width=\"300\" height=\"176\" srcset=\"https:\/\/www.viennavant.at\/wp-content\/uploads\/Portraet-Lisa-Ortner-Kreil_c-Johannes-Siglaer-Full-Res-300x176.jpg 300w, https:\/\/www.viennavant.at\/wp-content\/uploads\/Portraet-Lisa-Ortner-Kreil_c-Johannes-Siglaer-Full-Res-1024x602.jpg 1024w, https:\/\/www.viennavant.at\/wp-content\/uploads\/Portraet-Lisa-Ortner-Kreil_c-Johannes-Siglaer-Full-Res-1536x903.jpg 1536w, https:\/\/www.viennavant.at\/wp-content\/uploads\/Portraet-Lisa-Ortner-Kreil_c-Johannes-Siglaer-Full-Res-2048x1204.jpg 2048w\" sizes=\"auto, (max-width: 300px) 100vw, 300px\" \/><\/a><\/p>\n<p>Literaturwissenschaftlerin und Kunsthistorikerin<br \/>\nKuratorin und Ausstellungsorganisatorin am Kunstforum Wien<\/p>\n<p style=\"text-align: right;\">(c) Johannes Sigl\u00e4r<\/p>\n<p><strong>Forschungs- und Interessensschwerpunkte<\/strong><\/p>\n<p>\u2022 Historische und zeitgen\u00f6ssische Fotografie<br \/>\n\u2022 transmediales Arbeiten in der zeitgen\u00f6ssischen Kunst<br \/>\n\u2022 Bild und Text<br \/>\n\u2022 Popkultur<\/p>\n<p><strong>Universit\u00e4re Ausbildung<\/strong><\/p>\n<p>\u2022 1999 bis 2009 Studium der Vergleichenden Literaturwissenschaft, der Kunstgeschichte und der Romanistik an den Universit\u00e4ten Innsbruck, Wien und Rom, Mag. phil., BA<br \/>\n\u2022 Doktoratsstudium der Philosophie an der Universit\u00e4t Wien, Titel der Dissertation: \u201eKunst\/Sammeln heute: Kulturpraxis, Obsession, k\u00fcnstlerische Strategie\u201c (betreut von Prof. Konrad Paul Liessmann und Prof. Norman Bachleitner), abgeschlossen im M\u00e4rz 2016 mit ausgezeichnetem Erfolg (Dr. phil.)<\/p>\n<p><strong>Berufserfahrung und T\u00e4tigkeiten<\/strong><\/p>\n<ul>\n<li>Bank Austria Kunstforum, Wien (seit Februar 2007, aktuell): Kuratorin, Ausstellungen der letzten Jahre: <em>Kiki Kogelnik: Now Is the Time<\/em> (2023\/24) in Kooperation mit dem Kunstmuseum Brandts und dem Kunsthaus Z\u00fcrich, <em>Gerhard Richter: Landschaft<\/em> (2020) in Kooperation mit dem Kunsthaus Z\u00fcrich, <em>Man Ray<\/em> (2018), <em>Martin Kippenberger: XYZ<\/em> (2016), <em>Eyes Wide Open: Stanley Kubrick als Fotograf<\/em> (2014), sowie Kuratierung von zahlreichen Projekten im zeitgen\u00f6ssischen Bereich f\u00fcr den tresor im Bank Austria Kunstforum Wien, u.a. mit Anja Manfredi, Soli Kiani, Borjana Ventzislavova, Alfredo Barsuglia und Anna Artaker.<\/li>\n<li>K\u00f6niglich-Belgische Museen, Br\u00fcssel (M\u00e4rz \u2013 August 2012): Wissenschaftliche Mitarbeiterin<\/li>\n<li>Albertina, Wien (Oktober 2004 \u2013 Januar 2007): Kuratorische Assistentin, Ausstellungsmanagement.<\/li>\n<li>Lektorin am Institut f\u00fcr Kunstgeschichte der Universit\u00e4t Wien (WS 2016 und SS 2018)<\/li>\n<li>Lektorin an der Universit\u00e4t f\u00fcr Angewandte Kunst am Studiengang Art &amp; Economy (seit 2008, laufend) sowie MA-Arbeits-Betreuung von Studierenden<\/li>\n<\/ul>\n<p><strong>Engagement als freie Kuratorin und Autorin<\/strong><\/p>\n<p>Im April 2020 Gr\u00fcndung der Gegenwartskunstinitiative art hoc projects (zusammen mit Barbara Horvath)<br \/>\nfreie kuratorische Projekte u.a. f\u00fcr K\u00d6R \u2013 Kunst im \u00f6ffentlichen Raum Wien, K\u00d6R \u2013 Kunst im \u00f6ffentlichen Raum Nieder\u00f6sterreich, Festspielhaus St. P\u00f6lten, Dommuseum St. P\u00f6lten, photo.gmunden, basement, Wien, dok St. P\u00f6lten, Museum Angerlehner, Thalheim bei Wels, Kunsthandel Giese &amp; Schweiger, Wien, Galerie artecont, Wien, galerie baeckerstra\u00dfe, Wien, Galerie Kontur, Wien, Galerie 3, Klagenfurt, Galerie Freihausgasse, Villach, Kulturhaus GUGG, Braunau am Inn.<\/p>\n<p><strong>Wichtigste Publikationen und Herausgeberschaften (Auswahl)<\/strong><\/p>\n<p>\u2022 Ingried Brugger und Lisa Ortner-Kreil (Hg.): <em>Kiki Kogelnik: Now Is the Time<\/em>, Ausst.-Kat. Bank Austria Kunstforum Wien, Kunstmuseum Brandts und Kunsthaus Z\u00fcrich, Heidelberg 2023.<br \/>\n\u2022 Lisa Ortner-Kreil, Hubertus Butin und Cath\u00e9rine Hug (Hg.): <em>Gerhard Richter: Landschaft<\/em>, Ausst.-Kat. Bank Austria Kunstforum Wien und Kunsthaus Z\u00fcrich, Berlin 2020.<br \/>\n\u2022 Ingried Brugger und Lisa Ortner-Kreil (Hg.), <em>Man Ray<\/em>, Ausst.-Kat. Bank Austria Kunstforum Wien, Heidelberg 2018.<br \/>\n\u2022 Ingried Brugger und Lisa Ortner-Kreil (Hg.), <em>Anna Artaker \u2013 THE PENCIL OF NATURE<\/em>, Ausst.-Kat. tresor im Bank Austria Kunstforum Wien, Wien 2017.<br \/>\n\u2022 Ingried Brugger und Lisa Ortner-Kreil (Hg.), <em>Martin Kippenberger &#8211; XYZ<\/em>, Ausst.-Kat. Bank Austria Kunstforum Wien, K\u00f6ln 2016.<br \/>\n\u2022 \u201eSpooky Games \u2013 Werner Schr\u00f6dls Konstruktionen des Unheimlichen und Ironischen in Fotografie und Film\u201c. In: Ingried Brugger, Lisa Ortner-Kreil und Florian Steininger: <em>Werner Schr\u00f6dl: Snooky Games<\/em>, Ausst.-Kat. Tresor im Bank Austria Kunstforum, Wien, N\u00fcrnberg 2015.<br \/>\n\u2022 \u201eEyes Wide Open \u2013 Stanley Kubrick als fotografischer auteur\u201c, in: Ingried Brugger\/Lisa Ortner-Kreil (Hg.), Eyes Wide Open \u2013 Stanley Kubrick als Fotograf, Ausst.-Kat. Bank Austria Kunstforum Wien, N\u00fcrnberg 2014.<br \/>\n\u2022 \u201eHe was just one of these boys who drove me crazy \u2013 Jean-Michel Basquiat vor Andy Warhols Linse\u201c, in: Ingried Brugger\/Florian Steininger (Hg.), Warhol\/Basquiat, Ausst.-Kat. Bank Austria Kunstforum Wien, Heidelberg 2013.<br \/>\n\u2022 \u201eDer sch\u00f6nste Vokal \u2013 Bild und Text-Interferenzen bei Meret Oppenheim\u201c, in: Ingried Brugger, Heike Eipeldauer (Hg.), Meret Oppenheim \u2013 Retrospektive, Ausst.-Kat. Bank Austria Kunstforum Wien, Ostfildern 2013.<br \/>\n\u2022 \u201eHans Plank \u2013 Eine kunsthistorische Spurensuche\u201c, in: Lisa Ortner-Kreil\/Sebastian Plank (Hg.), Hans Plank, Bad V\u00f6slau 2013.<br \/>\n\u2022 \u201eDas Ich-Museum. Fragestellungen zur Kunst des Sammelns\u201c, in: Ingried Brugger\/Florian Steininger (Hg.), My Private Passion. Die Sammlung Hubert Looser, Ausst.-Kat. Bank Austria Kunstforum Wien, Ostfildern 2012.<br \/>\n\u2022 \u201eSchiffbruch erleiden. Zur metaphorischen Bedeutung von Schifffahrt und Naufragium in der Kunst\u201c, in: Ingried Brugger\/Lisa Kreil (Hg.), Aiwasowski. Maler des Meeres, Ausst.-Kat. Bank Austria Kunstforum Wien, Ostfildern 2011.<br \/>\n\u2022 Die Sammlung <span class=\"caps\">FOTOGRAFIS<\/span> \u2013 Chronologie einer (Wieder)Entdeckung. In: <span class=\"caps\">FOTOGRAFIS<\/span>. collection reloaded. Ausst.-Kat. Bank Austria Kunstforum Wien, Wien 2008. Reprint im Ausst.-Kat. Die Sammlung <span class=\"caps\">FOTOGRAFIS<\/span> im Museum der Moderne Salzburg, Salzburg 2009.<br \/>\n\u2022 Asien. Geheimer Ort irgendwo zwischen Indien und China. In: Hermann Hesse Jahrbuch, Band 2, T\u00fcbingen 2005.<br \/>\n\u2022 Franz Fanon. Prophet und Provokateur. In: Quo vadis Romania?, Band 22, 2003.<\/p>\n\t\t\t<\/div>\t\t\r\n\t\t\t<br \/>\r\n\t\t\t\t\r\n\t\t<!-- Only show Mailing Address and Contact Info in single view -->\r\n\t\t\t<\/div>\r\n<\/div>","protected":false},"featured_media":0,"menu_order":0,"template":"","meta":[],"staff-member-category":[68],"class_list":["post-2225","staff-member","type-staff-member","status-publish","hentry","staff-member-category-members"],"translation":{"provider":"WPGlobus","version":"3.0.2","language":"en","enabled_languages":["de","en"],"languages":{"de":{"title":true,"content":true,"excerpt":false},"en":{"title":false,"content":false,"excerpt":false}}},"metadata":{"first_name":["Lisa"],"last_name":["Ortner-Kreil"],"title":["Kunsthistorikerin, Kuratorin am Bank Austria Kunstforum"],"phone":["Art historian, curator of Bank Austria Kunstforum"]},"featured_image_src":false,"bio":"<a href=\"http:\/\/www.viennavant.at\/wp-content\/uploads\/Portraet-Lisa-Ortner-Kreil_c-Johannes-Siglaer-Full-Res-scaled.jpg\" target=\"_blank\" rel=\"noopener\"><img class=\"alignright wp-image-4608 size-medium\" src=\"http:\/\/www.viennavant.at\/wp-content\/uploads\/Portraet-Lisa-Ortner-Kreil_c-Johannes-Siglaer-Full-Res-300x176.jpg\" alt=\"\" width=\"300\" height=\"176\" \/><\/a>\r\n\r\nLiteraturwissenschaftlerin und Kunsthistorikerin\r\nKuratorin und Ausstellungsorganisatorin am Kunstforum Wien\r\n<p style=\"text-align: right;\">(c) Johannes Sigl\u00e4r<\/p>\r\n<strong>Forschungs- und Interessensschwerpunkte<\/strong>\r\n\r\n\u2022 Historische und zeitgen\u00f6ssische Fotografie\r\n\u2022 transmediales Arbeiten in der zeitgen\u00f6ssischen Kunst\r\n\u2022 Bild und Text\r\n\u2022 Popkultur\r\n\r\n<strong>Universit\u00e4re Ausbildung<\/strong>\r\n\r\n\u2022 1999 bis 2009 Studium der Vergleichenden Literaturwissenschaft, der Kunstgeschichte und der Romanistik an den Universit\u00e4ten Innsbruck, Wien und Rom, Mag. phil., BA\r\n\u2022 Doktoratsstudium der Philosophie an der Universit\u00e4t Wien, Titel der Dissertation: \u201eKunst\/Sammeln heute: Kulturpraxis, Obsession, k\u00fcnstlerische Strategie\u201c (betreut von Prof. Konrad Paul Liessmann und Prof. Norman Bachleitner), abgeschlossen im M\u00e4rz 2016 mit ausgezeichnetem Erfolg (Dr. phil.)\r\n\r\n<strong>Berufserfahrung und T\u00e4tigkeiten<\/strong>\r\n<ul>\r\n \t<li>Bank Austria Kunstforum, Wien (seit Februar 2007, aktuell): Kuratorin, Ausstellungen der letzten Jahre: <em>Kiki Kogelnik: Now Is the Time<\/em> (2023\/24) in Kooperation mit dem Kunstmuseum Brandts und dem Kunsthaus Z\u00fcrich, <em>Gerhard Richter: Landschaft<\/em> (2020) in Kooperation mit dem Kunsthaus Z\u00fcrich, <em>Man Ray<\/em> (2018), <em>Martin Kippenberger: XYZ<\/em> (2016), <em>Eyes Wide Open: Stanley Kubrick als Fotograf<\/em> (2014), sowie Kuratierung von zahlreichen Projekten im zeitgen\u00f6ssischen Bereich f\u00fcr den tresor im Bank Austria Kunstforum Wien, u.a. mit Anja Manfredi, Soli Kiani, Borjana Ventzislavova, Alfredo Barsuglia und Anna Artaker.<\/li>\r\n \t<li>K\u00f6niglich-Belgische Museen, Br\u00fcssel (M\u00e4rz \u2013 August 2012): Wissenschaftliche Mitarbeiterin<\/li>\r\n \t<li>Albertina, Wien (Oktober 2004 \u2013 Januar 2007): Kuratorische Assistentin, Ausstellungsmanagement.<\/li>\r\n \t<li>Lektorin am Institut f\u00fcr Kunstgeschichte der Universit\u00e4t Wien (WS 2016 und SS 2018)<\/li>\r\n \t<li>Lektorin an der Universit\u00e4t f\u00fcr Angewandte Kunst am Studiengang Art &amp; Economy (seit 2008, laufend) sowie MA-Arbeits-Betreuung von Studierenden<\/li>\r\n<\/ul>\r\n<strong>Engagement als freie Kuratorin und Autorin<\/strong>\r\n\r\nIm April 2020 Gr\u00fcndung der Gegenwartskunstinitiative art hoc projects (zusammen mit Barbara Horvath)\r\nfreie kuratorische Projekte u.a. f\u00fcr K\u00d6R \u2013 Kunst im \u00f6ffentlichen Raum Wien, K\u00d6R \u2013 Kunst im \u00f6ffentlichen Raum Nieder\u00f6sterreich, Festspielhaus St. P\u00f6lten, Dommuseum St. P\u00f6lten, photo.gmunden, basement, Wien, dok St. P\u00f6lten, Museum Angerlehner, Thalheim bei Wels, Kunsthandel Giese &amp; Schweiger, Wien, Galerie artecont, Wien, galerie baeckerstra\u00dfe, Wien, Galerie Kontur, Wien, Galerie 3, Klagenfurt, Galerie Freihausgasse, Villach, Kulturhaus GUGG, Braunau am Inn.\r\n\r\n<strong>Wichtigste Publikationen und Herausgeberschaften (Auswahl)<\/strong>\r\n\r\n\u2022 Ingried Brugger und Lisa Ortner-Kreil (Hg.): <em>Kiki Kogelnik: Now Is the Time<\/em>, Ausst.-Kat. Bank Austria Kunstforum Wien, Kunstmuseum Brandts und Kunsthaus Z\u00fcrich, Heidelberg 2023.\r\n\u2022 Lisa Ortner-Kreil, Hubertus Butin und Cath\u00e9rine Hug (Hg.): <em>Gerhard Richter: Landschaft<\/em>, Ausst.-Kat. Bank Austria Kunstforum Wien und Kunsthaus Z\u00fcrich, Berlin 2020.\r\n\u2022 Ingried Brugger und Lisa Ortner-Kreil (Hg.), <em>Man Ray<\/em>, Ausst.-Kat. Bank Austria Kunstforum Wien, Heidelberg 2018.\r\n\u2022 Ingried Brugger und Lisa Ortner-Kreil (Hg.), <em>Anna Artaker \u2013 THE PENCIL OF NATURE<\/em>, Ausst.-Kat. tresor im Bank Austria Kunstforum Wien, Wien 2017.\r\n\u2022 Ingried Brugger und Lisa Ortner-Kreil (Hg.), <em>Martin Kippenberger - XYZ<\/em>, Ausst.-Kat. Bank Austria Kunstforum Wien, K\u00f6ln 2016.\r\n\u2022 \u201eSpooky Games \u2013 Werner Schr\u00f6dls Konstruktionen des Unheimlichen und Ironischen in Fotografie und Film\u201c. In: Ingried Brugger, Lisa Ortner-Kreil und Florian Steininger: <em>Werner Schr\u00f6dl: Snooky Games<\/em>, Ausst.-Kat. Tresor im Bank Austria Kunstforum, Wien, N\u00fcrnberg 2015.\r\n\u2022 \u201eEyes Wide Open \u2013 Stanley Kubrick als fotografischer auteur\u201c, in: Ingried Brugger\/Lisa Ortner-Kreil (Hg.), Eyes Wide Open \u2013 Stanley Kubrick als Fotograf, Ausst.-Kat. Bank Austria Kunstforum Wien, N\u00fcrnberg 2014.\r\n\u2022 \u201eHe was just one of these boys who drove me crazy \u2013 Jean-Michel Basquiat vor Andy Warhols Linse\u201c, in: Ingried Brugger\/Florian Steininger (Hg.), Warhol\/Basquiat, Ausst.-Kat. Bank Austria Kunstforum Wien, Heidelberg 2013.\r\n\u2022 \u201eDer sch\u00f6nste Vokal \u2013 Bild und Text-Interferenzen bei Meret Oppenheim\u201c, in: Ingried Brugger, Heike Eipeldauer (Hg.), Meret Oppenheim \u2013 Retrospektive, Ausst.-Kat. Bank Austria Kunstforum Wien, Ostfildern 2013.\r\n\u2022 \u201eHans Plank \u2013 Eine kunsthistorische Spurensuche\u201c, in: Lisa Ortner-Kreil\/Sebastian Plank (Hg.), Hans Plank, Bad V\u00f6slau 2013.\r\n\u2022 \u201eDas Ich-Museum. Fragestellungen zur Kunst des Sammelns\u201c, in: Ingried Brugger\/Florian Steininger (Hg.), My Private Passion. Die Sammlung Hubert Looser, Ausst.-Kat. Bank Austria Kunstforum Wien, Ostfildern 2012.\r\n\u2022 \u201eSchiffbruch erleiden. Zur metaphorischen Bedeutung von Schifffahrt und Naufragium in der Kunst\u201c, in: Ingried Brugger\/Lisa Kreil (Hg.), Aiwasowski. Maler des Meeres, Ausst.-Kat. Bank Austria Kunstforum Wien, Ostfildern 2011.\r\n\u2022 Die Sammlung <span class=\"caps\">FOTOGRAFIS<\/span> \u2013 Chronologie einer (Wieder)Entdeckung. In: <span class=\"caps\">FOTOGRAFIS<\/span>. collection reloaded. Ausst.-Kat. Bank Austria Kunstforum Wien, Wien 2008. Reprint im Ausst.-Kat. Die Sammlung <span class=\"caps\">FOTOGRAFIS<\/span> im Museum der Moderne Salzburg, Salzburg 2009.\r\n\u2022 Asien. Geheimer Ort irgendwo zwischen Indien und China. In: Hermann Hesse Jahrbuch, Band 2, T\u00fcbingen 2005.\r\n\u2022 Franz Fanon. Prophet und Provokateur. In: Quo vadis Romania?, Band 22, 2003.","_links":{"self":[{"href":"https:\/\/www.viennavant.at\/en\/wp-json\/wp\/v2\/staff-member\/2225","targetHints":{"allow":["GET"]}}],"collection":[{"href":"https:\/\/www.viennavant.at\/en\/wp-json\/wp\/v2\/staff-member"}],"about":[{"href":"https:\/\/www.viennavant.at\/en\/wp-json\/wp\/v2\/types\/staff-member"}],"wp:attachment":[{"href":"https:\/\/www.viennavant.at\/en\/wp-json\/wp\/v2\/media?parent=2225"}],"wp:term":[{"taxonomy":"staff-member-category","embeddable":true,"href":"https:\/\/www.viennavant.at\/en\/wp-json\/wp\/v2\/staff-member-category?post=2225"}],"curies":[{"name":"wp","href":"https:\/\/api.w.org\/{rel}","templated":true}]}}