{"id":2222,"date":"2016-12-14T11:51:32","date_gmt":"2016-12-14T11:51:32","guid":{"rendered":"http:\/\/viennavant.cloud.d2mc.com\/?post_type=staff-member&#038;p=2222"},"modified":"2016-12-21T14:40:52","modified_gmt":"2016-12-21T14:40:52","slug":"mag-dr-sabine-mueller","status":"publish","type":"staff-member","link":"https:\/\/www.viennavant.at\/en\/staff-members\/mag-dr-sabine-mueller\/","title":{"rendered":"Mag. Dr. Sabine M\u00fcller"},"content":{"rendered":"\r\n \r\n<div class=\"staff-member\">\r\n\r\n\t<!-- Featured Image -->\r\n\t\t\t\t\t\t\r\n\t<div class=\"staff-member-right\">\r\n\t\t\t\t\r\n\t\t \r\n\t\t\t<p class=\"staff-member-title\">Germanistin, Institut f\u00fcr Germanistik der Universit\u00e4t Wien<\/p>\r\n\t\t\t\t\r\n\t\t\r\n\t\t   \r\n\t\t\t<div class=\"staff-member-bio\"> \r\n\t\t\t\t<p>Institut f\u00fcr Germanistik der Universit\u00e4t Wien<\/p>\n<p><strong>Curriculum Vitae<\/strong><\/p>\n<p>\u2022 Geboren 1967 in Bad Karlshafen (Deutschland)<br \/>\n\u2022 Studium der Handelswissenschaften an der Wirtschaftsuniversit\u00e4t Wien, Diplomarbeit \u201eBenjamin mit Marx \u2013 Marx mit Benjamin\u201c (Mag. rer.soc.oec.)<br \/>\n\u2022 Studium der Deutschen Philologie und F\u00e4cherkombination (Politologie, Geschichte, Philosophie) an der Universit\u00e4t Wien, erg\u00e4nzend Lehrgang \u201eFilm und Geschichte\u201c<br \/>\n\u2022 Doktoratsstudium der Deutschen Philologie, Dissertation \u201eStimmabgabe. Literatur und Repr\u00e4sentation in der politischen Moderne\u201c (Dr. phil.)<br \/>\n\u2022 1999\u20132005 Mitglied des Forschungsnetzwerks <span class=\"caps\">BTWH<\/span> (Berkeley\/ T\u00fcbingen\/ Wien\/ Harvard)<br \/>\n\u2022 2000\u20132002 Mitarbeit am Forschungsprojekt \u201eZur Theorie und Arch\u00e4ologie von Massenkultur in Wien 1950\u20131970\u201c (BMWF)<br \/>\n\u2022 2002\/03 Junior Fellow am <span class=\"caps\">IFK<\/span> Wien (\u201eDas Theater des Flaneurs\u201c)<br \/>\n\u2022 2003\/04 <span class=\"caps\">IFK<\/span> Fellowship Abroad an der Universit\u00e4t T\u00fcbingen<br \/>\n\u2022 2005\/06 Kooperation mit dem <span class=\"caps\">DFG<\/span>-Projekt \u201eMediale Latenz und politische Form\u201c des <span class=\"caps\">SFB<\/span>\/FK-427 \u201eMedien und kulturelle Kommunikation\u201c (K\u00f6ln)<br \/>\n\u2022 2006\u20132013 Wissenschaftliche Mitarbeiterin des Instituts f\u00fcr Kulturwissenschaften und Theatergeschichte der \u00d6AW<br \/>\n\u2022 2007\/08 Mitarbeit am Forschungsprojekt \u201eTractatus versus Schm\u00e4h: Das Wiener Sprachspiel in Aktion\u201c (Jubil\u00e4umsfonds Stadt Wien)<br \/>\n\u2022 2010 Forschungsstipendium \u201eDeliberative Wissenskulturen. Studien zur postnationalen Konstellation\u201c (Stadt Wien)<br \/>\n\u2022 2011\/12 Mitarbeit am Forschungsprojekt \u201eMenschenversuche nach \u201945. Das Humanexperiment als Schnittstelle zwischen Kultur- und Wissenschaftsgeschichte\u201c\/ \u201eAtlas der Wiener Avantgarden\u201c (\u00d6AW, Stadt Wien)<br \/>\n\u2022 2012 Forschungsstipendium \u201eWiener Schm\u00e4h. Zu Entstehung, Tradierung und Aktualit\u00e4t einer lokalspezifischen Kommunikationskompetenz\u201c (Stadt Wien)<br \/>\n\u2022 seit Mai 2013 Hertha-Firnberg-Stipendiatin (FWF) am Institut f\u00fcr Germanistik der Universit\u00e4t Wien mit dem Projekt \u201eKultivierte Latenz. Die andere Moderne in der \u00f6sterreichischen Literatur 1930\u20131960\u201c, siehe: <a href=\"http:\/\/germanistik.univie.ac.at\/institut\/projekte\/kultivierte-latenz-die-andere-moderne-in-der-oesterreichischen-literatur-1930-1960\/\">http:\/\/germanistik.univie.ac.at\/institut\/projekte\/kultivierte-latenz-die-andere-moderne-in-der-oesterreichischen-literatur-1930\u20131960\/<\/a><\/p>\n<p><strong>Avantgarde-Forschung (aktuell)<\/strong><\/p>\n<p>\u201eMenschenversuche nach \u201945. Das Humanexperiment als Schnittstelle zwischen Kultur- und Wissenschaftsgeschichte\u201c, Kooperationsprojekt zwischen dem Institut f\u00fcr Germanistik der Universit\u00e4t Wien und dem Institut f\u00fcr Kulturwissenschaften und Theatergeschichte (IKT) der \u00d6sterreichischen Akademie der Wissenschaften (\u00d6AW), siehe: <a href=\"http:\/\/www.oeaw.ac.at\/ikt\/forschungen\/kulturen-des-wissens\/atlas-der-wiener-avantgarden-ava\/\">http:\/\/www.oeaw.ac.at\/ikt\/forschungen\/kulturen-des-wissens\/atlas-der-wiener-avantgarden-ava\/<\/a><\/p>\n<p><strong>Publikationen<\/strong><\/p>\n<p><strong>Selbst\u00e4ndige Publikationen<\/strong><br \/>\n\u2022 Gem. mit Elisabeth Gro\u00dfegger (Hg.): Teststrecke Kunst. Wiener Avantgarden nach 1945. Wien: Sonderzahl 2012.<br \/>\n\u2022 Gem. mit Helga Mitterbauer und Katharina Scherke (Hg.): Spuren. Kulturwissenschaftliches Jahrbuch Moderne 6 (2009). Wien-Innsbruck-Bozen: Studienverlag 2010.<br \/>\n\u2022 Gem. mit Cathrine Theodorsen (Hg.): Elfriede Jelinek \u2013 Tradition, Politik und Zitat. Wien: Edition Praesens 2009 (Publikationen des Elfriede Jelinek-Forschungszentrums, Bd. 2).<br \/>\n\u2022 (Hg.): Blackness, transnational. Wien-Innsbruck-Bozen: Studienverlag 2006 (Themenheft der OeZG: \u00d6sterr. Zeitschrift f\u00fcr Geschichtswissenschaften 2006\/4).<br \/>\n\u2022 Gem. mit Siegfried Mattl (Hg.): Wedekind Transformationen. \u2018Lulu\u2019 als Textualit\u00e4t. Wien-Innsbruck-Bozen: Studienverlag 2001 (Themenheft der Zeitschrift Zeitgeschichte 2001\/1).<\/p>\n<p><strong>Aufs\u00e4tze<\/strong><br \/>\n\u2022 Unbehagliche Perspektiven. Masse, Recht und F\u00fchrerschaft in George Saikos Roman \u201cDer Mann im Schilf\u201d (1955), in: treibhaus. Jahrbuch f\u00fcr die Literatur der f\u00fcnfziger Jahre, Bd. 10 (2014): \u00d6sterreichische Literatur (im Druck).<br \/>\n\u2022 Orientalismus und Zionismus. Ann\u00e4herung an eine literaturhistorische Gegengeschichte. In: Werner Michael Schwarz, Ingo Zechner (Hg.): Die helle und die dunkle Seite der Moderne. Festschrift f\u00fcr Siegfried Mattl. Wien: Turia &amp; Kant 2014, S. 85\u201393.<br \/>\n\u2022 Tractatus, \u201aSchm\u00e4h\u2019 und Sprachkritik: \u00dcberlegungen zu einer alternativen Genealogie der Wiener Modernen. In: Andr\u00e1s F. Balogh, Christoph Leitgeb (Hg.): Zwei- und Mehrsprachigkeit in Zentraleuropa. Zur Geschichte einer literarischen und kulturellen Chance. Wien: Praesens 2012, S. 229\u2013254.<br \/>\n\u2022 Mit Roland Innerhofer: Humanversuche. Avantgarde, Experiment und Wissenschaft im Kon\/Text der \u201everbesserung von mitteleuropa\u201c. In: Elisabeth Gro\u00dfegger, Sabine M\u00fcller (Hg.): Teststrecke Kunst. Wiener Avantgarden nach 1945. Wien: Sonderzahl 2012, S. 201\u2013232.<br \/>\n\u2022 Mit Elisabeth Gro\u00dfegger: Die Wiener Avantgarden nach \u201845. Eine Einleitung. In: Elisabeth Gro\u00dfegger, Sabine M\u00fcller (Hg.): Teststrecke Kunst. Wiener Avantgarden nach 1945. Wien: Sonderzahl 2012, S. 11\u201327.<br \/>\n\u2022 Soziale und \u00f6konomische Szenarien. In: Roland Innerhofer, Katja Rothe, Karin Harrasser (Hg.): Das M\u00f6gliche regieren. Gouvernementalit\u00e4t in der Literatur- und Kulturanalyse. Bielefeld: Transcript 2011, S. 271\u2013277.<br \/>\n\u2022 Mit Johannes Feichtinger: Kelsen im wissenschaftshistorischen Kontext. Das \u201ereine\u201c Recht und die \u201eFreunde der Demokratie\u201c. In: Tamara Ehs (Hg.): Hans Kelsen. Eine politikwissenschaftliche Einf\u00fchrung. Wien: Facultas &amp; Nomos 2009, S. 209\u2013236.<br \/>\n\u2022 Masse, Macht und Charakter. Ein Sportst\u00fcck \u2013 eine postdramatische Trag\u00f6die? In: Sabine M\u00fcller, Cathrine Theodorsen (Hg.): Elfriede Jelinek \u2013 Tradition, Politik und Zitat. Wien: Edition Praesens 2009, S. 123\u2013144.<br \/>\n\u2022 Mit Cathrine Theodorsen: Tradition, Politik und Zitat. Einleitung. In: Sabine M\u00fcller, Cathrine Theodorsen (Hg.): Elfriede Jelinek \u2013 Tradition, Politik und Zitat. Wien: Edition Praesens 2009, S. 11\u201336.<br \/>\n\u2022 Simmering gegen Kapfenberg: Keine \u201ematte Sache\u201c \u2013 oder eine Legende? In: Peter Eppel u.a. (Hg.): Wo die Wuchtel fliegt. Legend\u00e4re Orte des Wiener Fu\u00dfballs. Wien: L\u00f6cker 2008, S. 122f.<br \/>\n\u2022 Mit Lutz Ellrich: Mediologie, Normalismus und Latenz.<br \/>\n\u2022 Blackness und Transnationalismus: One plus One? \u00dcberlegungen zu einer exemplarischen Herausforderung zeitgen\u00f6ssischer Historiographie. In: Sabine M\u00fcller (Hg.): Blackness, transnational. Wien-Innsbruck-Bozen: Studienverlag 2006 (OeZG 4\/2006), S. 10\u201350.<br \/>\n\u2022 Blackness, transnational. Editorial. In: Sabine M\u00fcller (Hg.): Blackness, transnational. Wien-Innsbruck-Bozen: Studienverlag 2006 (OeZG 4\/2006), S. 5\u20139.<br \/>\n\u2022 \u201cDiesseits des Diskurses. Die Geburt der Diskursanalyse aus dem Geiste der Latenz. In: Franz X. Eder (Hg.): Historische Diskursanalysen. Genealogie, Theorie, Anwendungen. Wiesbaden: VS Verlag f\u00fcr Sozialwissenschaften 2006, S. 131\u2013149.<br \/>\n\u2022 Das Netz als Knoten in politischer Theorie und Praxis. Zum L\u00f6sungspotential der Figur der Latenz. In: Helga Mitterbauer, Johannes Feichtinger (Hg.): Vernetzungen. Kulturwissenschaftliches Jahrbuch Moderne 1 (2005), S. 31\u201357.<br \/>\n\u2022 Stillgestellter Stimmzauber. Der Kino-Rekommandeur zwischen Kaiserwurstel und Gloriphon. In: Christian Dewald, Werner Michael Schwarz (Hg.): Prater Kino Welt. Der Wiener Prater und die Geschichte des Kinos. Wien: Verlag Filmarchiv Austria 2005, S. 176\u2013202.<br \/>\n\u2022 \u201eDabei k\u00f6nnten sie doch deutsch reden!\u201c Von Praterausrufern, Sprechstellern und \u201ej\u00fcdelnden Hasen\u201c, In: Siegfried Mattl, Klaus M\u00fcller-Richter, Werner M. Schwarz (Hg.): Felix Salten: Wurstelprater. Ein Schl\u00fcsseltext zur Wiener Moderne. Mit Originalaufnahmen von Emil Mayer. Wien: Promedia 2004, S. 212\u2013231.<br \/>\n\u2022 Die Wiener Gruppe, wi(e)dererinnert. Zu einer historischen Gemengelage von kommunikativem Beschweigen, sprachlosem Protest und Sprachskepsis. In: Roman Horak u.a. (Hg.): Randzone. Zur Theorie und Arch\u00e4ologie von Massenkultur am Beispiel Wiens 1950\u20131970, Wien: Turia &amp; Kant 2004, S. 219\u2013240.<br \/>\n\u2022 Serial Killing in a Serial Culture: Lulus apokalyptische Mesalliance mit Jack the Ripper \u2013 Karneval im Zeichen des Schocks. In: Zeitgeschichte 28\/1 (2001), S. 44\u201353.<\/p>\n<p><strong>Rezensionen<\/strong><br \/>\n\u2022 Sammelrezension zu: Peter J. Burgard (Hg.): Barock: Neue Sichtweisen einer Epoche. Aus dem Englischen von Georgia Illetschko. Wien-K\u00f6ln-Weimar: B\u00f6hlau 2001; Moritz Cs\u00e1ky, Federico Celestini, Ulrich Tragatschnig (Hg.): Barock, ein Ort des Ged\u00e4chtnisses. Interpretament der Moderne\/ Postmoderne. Wien-K\u00f6ln-Weimar: B\u00f6hlau 2007; Peter Hersche: Mu\u00dfe und Verschwendung. Europ\u00e4ische Gesellschaft und Kultur im Barockzeitalter. Freiburg: Herder 2006. In: Kulturwissenschaftliches Jahrbuch Moderne 4 (2008), S. 285\u2013292.<br \/>\n\u2022 Zu: Bettina Rabelhofer: Symptom, Sexualit\u00e4t, Trauma. Koh\u00e4renzlinien des \u00c4sthetischen um 1900. W\u00fcrzburg: K\u00f6nigshausen &amp; Neumann 2006. In: Kulturwissenschaftliches Jahrbuch Moderne 3 (2007), S. 246f.<br \/>\n\u2022 Zu: Michel Foucault: Hermeneutik des Selbst. Vorlesung am Coll\u00e8ge de France (1981\/82). Frankfurt\/ Main: Suhrkamp 2004. In: Kulturwissenschaftliches Jahrbuch Moderne 2 (2006), S. 243\u2013245.<br \/>\n\u2022 Zu: Joachim Becker: Akkumulation, Regulation, Territorium. Zur kritischen Rekonstruktion der franz\u00f6sischen Regulationstheorie. Marburg: Metropolis 2002. In: Kulturwissenschaftliches Jahrbuch Moderne 1 (2005), S. 190f.<\/p>\n\t\t\t<\/div>\t\t\r\n\t\t\t<br \/>\r\n\t\t\t\t\r\n\t\t<!-- Only show Mailing Address and Contact Info in single view -->\r\n\t\t\t<\/div>\r\n<\/div>","protected":false},"featured_media":0,"menu_order":0,"template":"","meta":[],"staff-member-category":[68],"class_list":["post-2222","staff-member","type-staff-member","status-publish","hentry","staff-member-category-members"],"translation":{"provider":"WPGlobus","version":"3.0.2","language":"en","enabled_languages":["de","en"],"languages":{"de":{"title":true,"content":true,"excerpt":false},"en":{"title":false,"content":false,"excerpt":false}}},"metadata":{"first_name":["Sabine"],"last_name":["M\u00fcller"],"title":["Germanistin, Institut f\u00fcr Germanistik der Universit\u00e4t Wien"],"phone":["German philologist, Institute for German Literature \/ University Vienna"]},"featured_image_src":false,"bio":"Institut f\u00fcr Germanistik der Universit\u00e4t Wien\r\n\r\n<strong>Curriculum Vitae<\/strong>\r\n\r\n\u2022 Geboren 1967 in Bad Karlshafen (Deutschland)\r\n\u2022 Studium der Handelswissenschaften an der Wirtschaftsuniversit\u00e4t Wien, Diplomarbeit \u201eBenjamin mit Marx \u2013 Marx mit Benjamin\u201c (Mag. rer.soc.oec.)\r\n\u2022 Studium der Deutschen Philologie und F\u00e4cherkombination (Politologie, Geschichte, Philosophie) an der Universit\u00e4t Wien, erg\u00e4nzend Lehrgang \u201eFilm und Geschichte\u201c\r\n\u2022 Doktoratsstudium der Deutschen Philologie, Dissertation \u201eStimmabgabe. Literatur und Repr\u00e4sentation in der politischen Moderne\u201c (Dr. phil.)\r\n\u2022 1999\u20132005 Mitglied des Forschungsnetzwerks <span class=\"caps\">BTWH<\/span> (Berkeley\/ T\u00fcbingen\/ Wien\/ Harvard)\r\n\u2022 2000\u20132002 Mitarbeit am Forschungsprojekt \u201eZur Theorie und Arch\u00e4ologie von Massenkultur in Wien 1950\u20131970\u201c (BMWF)\r\n\u2022 2002\/03 Junior Fellow am <span class=\"caps\">IFK<\/span> Wien (\u201eDas Theater des Flaneurs\u201c)\r\n\u2022 2003\/04 <span class=\"caps\">IFK<\/span> Fellowship Abroad an der Universit\u00e4t T\u00fcbingen\r\n\u2022 2005\/06 Kooperation mit dem <span class=\"caps\">DFG<\/span>-Projekt \u201eMediale Latenz und politische Form\u201c des <span class=\"caps\">SFB<\/span>\/FK-427 \u201eMedien und kulturelle Kommunikation\u201c (K\u00f6ln)\r\n\u2022 2006\u20132013 Wissenschaftliche Mitarbeiterin des Instituts f\u00fcr Kulturwissenschaften und Theatergeschichte der \u00d6AW\r\n\u2022 2007\/08 Mitarbeit am Forschungsprojekt \u201eTractatus versus Schm\u00e4h: Das Wiener Sprachspiel in Aktion\u201c (Jubil\u00e4umsfonds Stadt Wien)\r\n\u2022 2010 Forschungsstipendium \u201eDeliberative Wissenskulturen. Studien zur postnationalen Konstellation\u201c (Stadt Wien)\r\n\u2022 2011\/12 Mitarbeit am Forschungsprojekt \u201eMenschenversuche nach \u201945. Das Humanexperiment als Schnittstelle zwischen Kultur- und Wissenschaftsgeschichte\u201c\/ \u201eAtlas der Wiener Avantgarden\u201c (\u00d6AW, Stadt Wien)\r\n\u2022 2012 Forschungsstipendium \u201eWiener Schm\u00e4h. Zu Entstehung, Tradierung und Aktualit\u00e4t einer lokalspezifischen Kommunikationskompetenz\u201c (Stadt Wien)\r\n\u2022 seit Mai 2013 Hertha-Firnberg-Stipendiatin (FWF) am Institut f\u00fcr Germanistik der Universit\u00e4t Wien mit dem Projekt \u201eKultivierte Latenz. Die andere Moderne in der \u00f6sterreichischen Literatur 1930\u20131960\u201c, siehe: <a href=\"http:\/\/germanistik.univie.ac.at\/institut\/projekte\/kultivierte-latenz-die-andere-moderne-in-der-oesterreichischen-literatur-1930-1960\/\">http:\/\/germanistik.univie.ac.at\/institut\/projekte\/kultivierte-latenz-die-andere-moderne-in-der-oesterreichischen-literatur-1930\u20131960\/<\/a>\r\n\r\n<strong>Avantgarde-Forschung (aktuell)<\/strong>\r\n\r\n\u201eMenschenversuche nach \u201945. Das Humanexperiment als Schnittstelle zwischen Kultur- und Wissenschaftsgeschichte\u201c, Kooperationsprojekt zwischen dem Institut f\u00fcr Germanistik der Universit\u00e4t Wien und dem Institut f\u00fcr Kulturwissenschaften und Theatergeschichte (IKT) der \u00d6sterreichischen Akademie der Wissenschaften (\u00d6AW), siehe: <a href=\"http:\/\/www.oeaw.ac.at\/ikt\/forschungen\/kulturen-des-wissens\/atlas-der-wiener-avantgarden-ava\/\">http:\/\/www.oeaw.ac.at\/ikt\/forschungen\/kulturen-des-wissens\/atlas-der-wiener-avantgarden-ava\/<\/a>\r\n\r\n<strong>Publikationen<\/strong>\r\n\r\n<strong>Selbst\u00e4ndige Publikationen<\/strong>\r\n\u2022 Gem. mit Elisabeth Gro\u00dfegger (Hg.): Teststrecke Kunst. Wiener Avantgarden nach 1945. Wien: Sonderzahl 2012.\r\n\u2022 Gem. mit Helga Mitterbauer und Katharina Scherke (Hg.): Spuren. Kulturwissenschaftliches Jahrbuch Moderne 6 (2009). Wien-Innsbruck-Bozen: Studienverlag 2010.\r\n\u2022 Gem. mit Cathrine Theodorsen (Hg.): Elfriede Jelinek \u2013 Tradition, Politik und Zitat. Wien: Edition Praesens 2009 (Publikationen des Elfriede Jelinek-Forschungszentrums, Bd. 2).\r\n\u2022 (Hg.): Blackness, transnational. Wien-Innsbruck-Bozen: Studienverlag 2006 (Themenheft der OeZG: \u00d6sterr. Zeitschrift f\u00fcr Geschichtswissenschaften 2006\/4).\r\n\u2022 Gem. mit Siegfried Mattl (Hg.): Wedekind Transformationen. \u2018Lulu\u2019 als Textualit\u00e4t. Wien-Innsbruck-Bozen: Studienverlag 2001 (Themenheft der Zeitschrift Zeitgeschichte 2001\/1).\r\n\r\n<strong>Aufs\u00e4tze<\/strong>\r\n\u2022 Unbehagliche Perspektiven. Masse, Recht und F\u00fchrerschaft in George Saikos Roman \u201cDer Mann im Schilf\u201d (1955), in: treibhaus. Jahrbuch f\u00fcr die Literatur der f\u00fcnfziger Jahre, Bd. 10 (2014): \u00d6sterreichische Literatur (im Druck).\r\n\u2022 Orientalismus und Zionismus. Ann\u00e4herung an eine literaturhistorische Gegengeschichte. In: Werner Michael Schwarz, Ingo Zechner (Hg.): Die helle und die dunkle Seite der Moderne. Festschrift f\u00fcr Siegfried Mattl. Wien: Turia &amp; Kant 2014, S. 85\u201393.\r\n\u2022 Tractatus, \u201aSchm\u00e4h\u2019 und Sprachkritik: \u00dcberlegungen zu einer alternativen Genealogie der Wiener Modernen. In: Andr\u00e1s F. Balogh, Christoph Leitgeb (Hg.): Zwei- und Mehrsprachigkeit in Zentraleuropa. Zur Geschichte einer literarischen und kulturellen Chance. Wien: Praesens 2012, S. 229\u2013254.\r\n\u2022 Mit Roland Innerhofer: Humanversuche. Avantgarde, Experiment und Wissenschaft im Kon\/Text der \u201everbesserung von mitteleuropa\u201c. In: Elisabeth Gro\u00dfegger, Sabine M\u00fcller (Hg.): Teststrecke Kunst. Wiener Avantgarden nach 1945. Wien: Sonderzahl 2012, S. 201\u2013232.\r\n\u2022 Mit Elisabeth Gro\u00dfegger: Die Wiener Avantgarden nach \u201845. Eine Einleitung. In: Elisabeth Gro\u00dfegger, Sabine M\u00fcller (Hg.): Teststrecke Kunst. Wiener Avantgarden nach 1945. Wien: Sonderzahl 2012, S. 11\u201327.\r\n\u2022 Soziale und \u00f6konomische Szenarien. In: Roland Innerhofer, Katja Rothe, Karin Harrasser (Hg.): Das M\u00f6gliche regieren. Gouvernementalit\u00e4t in der Literatur- und Kulturanalyse. Bielefeld: Transcript 2011, S. 271\u2013277.\r\n\u2022 Mit Johannes Feichtinger: Kelsen im wissenschaftshistorischen Kontext. Das \u201ereine\u201c Recht und die \u201eFreunde der Demokratie\u201c. In: Tamara Ehs (Hg.): Hans Kelsen. Eine politikwissenschaftliche Einf\u00fchrung. Wien: Facultas &amp; Nomos 2009, S. 209\u2013236.\r\n\u2022 Masse, Macht und Charakter. Ein Sportst\u00fcck \u2013 eine postdramatische Trag\u00f6die? In: Sabine M\u00fcller, Cathrine Theodorsen (Hg.): Elfriede Jelinek \u2013 Tradition, Politik und Zitat. Wien: Edition Praesens 2009, S. 123\u2013144.\r\n\u2022 Mit Cathrine Theodorsen: Tradition, Politik und Zitat. Einleitung. In: Sabine M\u00fcller, Cathrine Theodorsen (Hg.): Elfriede Jelinek \u2013 Tradition, Politik und Zitat. Wien: Edition Praesens 2009, S. 11\u201336.\r\n\u2022 Simmering gegen Kapfenberg: Keine \u201ematte Sache\u201c \u2013 oder eine Legende? In: Peter Eppel u.a. (Hg.): Wo die Wuchtel fliegt. Legend\u00e4re Orte des Wiener Fu\u00dfballs. Wien: L\u00f6cker 2008, S. 122f.\r\n\u2022 Mit Lutz Ellrich: Mediologie, Normalismus und Latenz.\r\n\u2022 Blackness und Transnationalismus: One plus One? \u00dcberlegungen zu einer exemplarischen Herausforderung zeitgen\u00f6ssischer Historiographie. In: Sabine M\u00fcller (Hg.): Blackness, transnational. Wien-Innsbruck-Bozen: Studienverlag 2006 (OeZG 4\/2006), S. 10\u201350.\r\n\u2022 Blackness, transnational. Editorial. In: Sabine M\u00fcller (Hg.): Blackness, transnational. Wien-Innsbruck-Bozen: Studienverlag 2006 (OeZG 4\/2006), S. 5\u20139.\r\n\u2022 \u201cDiesseits des Diskurses. Die Geburt der Diskursanalyse aus dem Geiste der Latenz. In: Franz X. Eder (Hg.): Historische Diskursanalysen. Genealogie, Theorie, Anwendungen. Wiesbaden: VS Verlag f\u00fcr Sozialwissenschaften 2006, S. 131\u2013149.\r\n\u2022 Das Netz als Knoten in politischer Theorie und Praxis. Zum L\u00f6sungspotential der Figur der Latenz. In: Helga Mitterbauer, Johannes Feichtinger (Hg.): Vernetzungen. Kulturwissenschaftliches Jahrbuch Moderne 1 (2005), S. 31\u201357.\r\n\u2022 Stillgestellter Stimmzauber. Der Kino-Rekommandeur zwischen Kaiserwurstel und Gloriphon. In: Christian Dewald, Werner Michael Schwarz (Hg.): Prater Kino Welt. Der Wiener Prater und die Geschichte des Kinos. Wien: Verlag Filmarchiv Austria 2005, S. 176\u2013202.\r\n\u2022 \u201eDabei k\u00f6nnten sie doch deutsch reden!\u201c Von Praterausrufern, Sprechstellern und \u201ej\u00fcdelnden Hasen\u201c, In: Siegfried Mattl, Klaus M\u00fcller-Richter, Werner M. Schwarz (Hg.): Felix Salten: Wurstelprater. Ein Schl\u00fcsseltext zur Wiener Moderne. Mit Originalaufnahmen von Emil Mayer. Wien: Promedia 2004, S. 212\u2013231.\r\n\u2022 Die Wiener Gruppe, wi(e)dererinnert. Zu einer historischen Gemengelage von kommunikativem Beschweigen, sprachlosem Protest und Sprachskepsis. In: Roman Horak u.a. (Hg.): Randzone. Zur Theorie und Arch\u00e4ologie von Massenkultur am Beispiel Wiens 1950\u20131970, Wien: Turia &amp; Kant 2004, S. 219\u2013240.\r\n\u2022 Serial Killing in a Serial Culture: Lulus apokalyptische Mesalliance mit Jack the Ripper \u2013 Karneval im Zeichen des Schocks. In: Zeitgeschichte 28\/1 (2001), S. 44\u201353.\r\n\r\n<strong>Rezensionen<\/strong>\r\n\u2022 Sammelrezension zu: Peter J. Burgard (Hg.): Barock: Neue Sichtweisen einer Epoche. Aus dem Englischen von Georgia Illetschko. Wien-K\u00f6ln-Weimar: B\u00f6hlau 2001; Moritz Cs\u00e1ky, Federico Celestini, Ulrich Tragatschnig (Hg.): Barock, ein Ort des Ged\u00e4chtnisses. Interpretament der Moderne\/ Postmoderne. Wien-K\u00f6ln-Weimar: B\u00f6hlau 2007; Peter Hersche: Mu\u00dfe und Verschwendung. Europ\u00e4ische Gesellschaft und Kultur im Barockzeitalter. Freiburg: Herder 2006. In: Kulturwissenschaftliches Jahrbuch Moderne 4 (2008), S. 285\u2013292.\r\n\u2022 Zu: Bettina Rabelhofer: Symptom, Sexualit\u00e4t, Trauma. Koh\u00e4renzlinien des \u00c4sthetischen um 1900. W\u00fcrzburg: K\u00f6nigshausen &amp; Neumann 2006. In: Kulturwissenschaftliches Jahrbuch Moderne 3 (2007), S. 246f.\r\n\u2022 Zu: Michel Foucault: Hermeneutik des Selbst. Vorlesung am Coll\u00e8ge de France (1981\/82). Frankfurt\/ Main: Suhrkamp 2004. In: Kulturwissenschaftliches Jahrbuch Moderne 2 (2006), S. 243\u2013245.\r\n\u2022 Zu: Joachim Becker: Akkumulation, Regulation, Territorium. Zur kritischen Rekonstruktion der franz\u00f6sischen Regulationstheorie. Marburg: Metropolis 2002. In: Kulturwissenschaftliches Jahrbuch Moderne 1 (2005), S. 190f.","_links":{"self":[{"href":"https:\/\/www.viennavant.at\/en\/wp-json\/wp\/v2\/staff-member\/2222","targetHints":{"allow":["GET"]}}],"collection":[{"href":"https:\/\/www.viennavant.at\/en\/wp-json\/wp\/v2\/staff-member"}],"about":[{"href":"https:\/\/www.viennavant.at\/en\/wp-json\/wp\/v2\/types\/staff-member"}],"wp:attachment":[{"href":"https:\/\/www.viennavant.at\/en\/wp-json\/wp\/v2\/media?parent=2222"}],"wp:term":[{"taxonomy":"staff-member-category","embeddable":true,"href":"https:\/\/www.viennavant.at\/en\/wp-json\/wp\/v2\/staff-member-category?post=2222"}],"curies":[{"name":"wp","href":"https:\/\/api.w.org\/{rel}","templated":true}]}}