{"id":2221,"date":"2016-12-14T11:50:55","date_gmt":"2016-12-14T11:50:55","guid":{"rendered":"http:\/\/viennavant.cloud.d2mc.com\/?post_type=staff-member&#038;p=2221"},"modified":"2022-12-26T21:41:29","modified_gmt":"2022-12-26T21:41:29","slug":"mag-dr-manfred-mueller","status":"publish","type":"staff-member","link":"https:\/\/www.viennavant.at\/en\/staff-members\/mag-dr-manfred-mueller\/","title":{"rendered":"Mag. Dr. Manfred M\u00fcller"},"content":{"rendered":"\r\n \r\n<div class=\"staff-member\">\r\n\r\n\t<!-- Featured Image -->\r\n\t\t\t\t\t\t\r\n\t<div class=\"staff-member-right\">\r\n\t\t\t\t\r\n\t\t \r\n\t\t\t<p class=\"staff-member-title\">Germanist, Pr\u00e4sident der \u00d6sterreichischen Gesellschaft f\u00fcr Literatur, Pr\u00e4sident der \u00d6sterreichischen Franz Kafka-Gesellschaft<\/p>\r\n\t\t\t\t\r\n\t\t\r\n\t\t   \r\n\t\t\t<div class=\"staff-member-bio\"> \r\n\t\t\t\t<p><a href=\"http:\/\/www.viennavant.at\/wp-content\/uploads\/manfredmueller.jpg\" target=\"_blank\" rel=\"noopener\"><img loading=\"lazy\" decoding=\"async\" class=\"alignleft wp-image-1073 size-full\" src=\"http:\/\/www.viennavant.at\/wp-content\/uploads\/manfredmueller.jpg\" width=\"110\" height=\"157\" \/><\/a>Pr\u00e4sident der \u00d6sterreichischen Gesellschaft f\u00fcr Literatur<br \/>\nPr\u00e4sident der \u00d6sterreichischen Franz Kafka-Gesellschaft<\/p>\n<p><strong>Forschungsschwerpunkte:<\/strong><\/p>\n<p>\u00d6sterreichische Literatur des 19. und 20. Jahrhunderts mit dem Schwerpunkt Prosa nach 1945<br \/>\nLiteraturtheorie<br \/>\nLiteratur und Medien<\/p>\n<p><strong>Website:<br \/>\n<\/strong><a href=\"https:\/\/www.ogl.at\/ueber-uns\/team\/manfred-mueller\/\">https:\/\/www.ogl.at\/ueber-uns\/team\/manfred-mueller\/<\/a><\/p>\n<p><strong>Curriculum Vitae<\/strong><\/p>\n<p>\u2022 Geb. am 15. 1. 1969 in Zell am See (Sbg).<br \/>\n\u2022 Studium der Germanistik und Kunstgeschichte an der Universit\u00e4t Wien;<br \/>\n\u2022 Promotion 2002, Dissertationsthema: \u00bbDer \u203aFall G\u00fctersloh\u2039 und seine Auswirkungen auf Heimito von Doderers fr\u00fche Autorenpoetik\u00ab.<br \/>\nKurator dreier Ausstellungen \u00fcber Alexander Lernet-Holenia;<br \/>\nKonzipient und Moderator zahlreicher literarischer Veranstaltungen und wissenschaftlicher Symposien.<br \/>\n\u2022 Universit\u00e4tsassistent am Institut f\u00fcr Germanistik der Universit\u00e4t Wien (2002);<br \/>\n\u2022 Lehrbeauftragter am Institut f\u00fcr Germanistik der Universit\u00e4t Wien (seit 2002);<br \/>\n\u2022 Gastvortr\u00e4ge in Moskau, St. Petersburg, Nizhniy Novgorod und L\u2019viv;<br \/>\n\u2022 2006 \u2013 2012 Vorsitzender des Vereins \u203aviennAvant\u2039 zur Erforschung der Wiener Avantgarden;<br \/>\n\u2022 Seit 2012 Pr\u00e4sident der \u00d6sterreichischen Franz Kafka-Gesellschaft.<br \/>\n\u2022 Langj\u00e4hriger Generalsekret\u00e4r und seit 17.1.2014 Pr\u00e4sident der \u00d6sterreichischen Gesellschaft f\u00fcr Literatur;<br \/>\n\u2022 Herausgeber mehrerer Sammelb\u00e4nde und Anthologien;<br \/>\nAufs\u00e4tze v. a. zur \u00f6sterreichischen Literatur nach 1945;<br \/>\nBuchrezensionen in \u203awas\u2039, \u203aDer Standard\u2039, \u203aFalter\u2039, \u203akolik\u2039 und \u203aWespennest\u2039.<br \/>\n\u2022 Kurator dreier Ausstellungen \u00fcber Alexander Lernet-\u00ad\u2010Holenia;<br \/>\n\u2022 Konzipient und Moderator zahlreicher literarischer Veranstaltungen und wissenschaftlicher Symposien.<\/p>\n<p><strong>Publikationen (Auswahl):<\/strong><\/p>\n<p><strong>Herausgebert\u00e4tigkeit:<\/strong><br \/>\n\u2022 Alexander Lernet-Holenia. Die Lust an der Ungleichzeitigkeit.<br \/>\nHrsg. von Thomas H\u00fcbel und Manfred M\u00fcller. Wien: Zsolnay Verlag 1997<br \/>\n\u2022 Widerspiel. Wiener Schaupl\u00e4tze in Leben und Werk Alexander Lernet-Holenias 1897\u20131976. Hrsg. von Patrice Blaser und Manfred M\u00fcller. Wien: \u00d6sterreichische Gesellschaft f\u00fcr Literatur 1997<br \/>\n\u2022 Alexander Lernet-Holenia 1897\u20131976. Katalog einer Ausstellung, veranstaltet vom Bundesministerium f\u00fcr Ausw\u00e4rtige Angelegenheiten. Zusammengestellt von Patrice Blaser und Manfred M\u00fcller. Wien 1998<br \/>\n\u2022 In anderer Augen. Die Staaten der Europ\u00e4ischen Union in der \u00f6sterreichischen Literatur. Hrsg. von Marianne Gruber, Manfred M\u00fcller und Helmuth A. Niederle. Klagenfurt: Wieser Verlag 1998<br \/>\n\u2022 Verschlossen mit silbernem Schl\u00fcssel. Literatur aus Armenien, Aserbaidschan, Georgien. Hrsg. von Marianne Gruber und Manfred M\u00fcller. M\u00fcnchen \u2013 Wien: Edition <span class=\"caps\">KAPPA<\/span> 2000<br \/>\n\u2022 Personalbibliographie Alexander Lernet-Holenia. Hrsg. von H\u00e9l\u00e8ne Barri\u00e8re, Thomas Eicher und Manfred M\u00fcller. Oberhausen: Athena Verlag 2001<br \/>\n\u2022 Schuld-Komplexe. Das Werk Alexander Lernet-Holenias im Nachkriegskontext. Hrsg. von H\u00e9l\u00e8ne Barri\u00e8re, Thomas Eicher und Manfred M\u00fcller. Oberhausen: Athena Verlag 2004<br \/>\n\u2022 Alte Meister, Schufte, Aussenseiter. Reflexionen \u00fcber \u00f6sterreichische Literatur nach 1945. Hrsg. von Manfred M\u00fcller. Wien: Sonderzahl 2005<br \/>\n\u2022 Michael Guttenbrunner \u2013 Texte und Materialien. Hrsg. von Manfred M\u00fcller und Helmuth A. Niederle. Wien: L\u00f6cker 2005<br \/>\n\u2022 \u203aBin ich denn wirklich, was ihr einst wart?\u2039 \u2013 Alexander Lernet-Holenia 1897\u20131976. Hrsg. von Thomas H\u00fcbel, Manfred M\u00fcller und Gerald Sommer. Riverside: Ariadne Press 2006<br \/>\n\u2022 Reise in die Nachbarschaft. Zur Wirkungsgeschichte der deutschsprachigen Literatur in der Bukowina und Galizien nach 1918. Hrsg. von Manfred M\u00fcller und Larissa Cybenko. Wien: <span class=\"caps\">LIT<\/span> Verlag 2009<br \/>\n\u2022 mitSprache unterwegs. Literarische Reportagen. Hrsg. von Manfred M\u00fcller und Kurt Neumann. Wien: Edition Atelier, 2010<br \/>\n\u2022 Von der Kulturlandschaft zum Ort des kritischen Selbstbewusstseins. Italien in der \u00f6sterreichischen Literatur. Hrsg. von Manfred M\u00fcller und Luigi Reitani. Wien: <span class=\"caps\">LIT<\/span> Verlag 2011<br \/>\n\u2022 Erinnerungskulturen im Vergleich. Internationale Konferenz Wien, Mai 2009. Hrsg. von Penka Angelova und Manfred M\u00fcller. St. Ingbert: R\u00f6hrig Universit\u00e4tsverlag 2011 (= Schriftenreihe der Elias Canetti Gesellschaft, Bd. 7)<br \/>\n\u2022 Portrait Reinhold Aumaier. Die Rampe. Hefte f\u00fcr Literatur 3\/2012<\/p>\n<p><strong>Aufs\u00e4tze:<\/strong><br \/>\n\u2022 \u203aKein Wunder, da\u00df ich zuerst das B\u00f6se sehe.\u2039 Anmerkungen zur Wahrnehmung der Erz\u00e4hlerfiguren Josef Winklers. In: was Nr. 84 (Februar 1996), S. 47\u201356<br \/>\n\u2022 Alexander Lernet-Holenia \u2013 \u203aWirkliches Dichten\u2039 oder \u203aschlicht Schreiben\u2039? In: Personalbibliographie Alexander Lernet-Holenia. Hrsg. von H\u00e9l\u00e8ne Barri\u00e8re, Thomas Eicher und Manfred M\u00fcller. Oberhausen: Athena Verlag 2001<br \/>\n\u2022 (Mitverf.) Personalbibliographie Alexander Lernet-Holenia.<br \/>\nIn: Personalbibliographie Alexander Lernet-Holenia. Hrsg. von H\u00e9l\u00e8ne Barri\u00e8re, Thomas Eicher und Manfred M\u00fcller. Oberhausen: Athena Verlag 2001<br \/>\n\u2022 Wolfgang Kraus und die Exilliteratur zu Beginn der sechziger Jahre. In: Evelyn Adunka \/ Peter Roessler (Hrsg.): Die Rezeption des Exils. Geschichte und Perspektiven der \u00f6sterreichischen Exilforschung. Wien: Mandelbaum 2003<br \/>\n\u2022 Wieder-Eroberung der Innenwelt? Anmerkungen zu George Saikos sp\u00e4tem Erz\u00e4hlen. In: George Saiko. Texte und Materialien. Hrsg. von Michael Hansel und Klaus Kastberger. Wien: Sonderzahl 2003<br \/>\n\u2022 Alms\u00e4ue, Baumriesen und Kr\u00fcppelwacholder \u2013 Zur Naturdarstellung in Alexander Lernet-Holenias Roman \u203aDie Inseln unter dem Winde\u2039. In: Schuld-Komplexe. Das Werk Alexander Lernet-Holenias im Nachkriegskontext. Hrsg. von H\u00e9l\u00e8ne Barri\u00e8re, Thomas Eicher und Manfred M\u00fcller. Oberhausen: Athena Verlag 2004<br \/>\n\u2022 Ein Versuch, Staatsdichter zu sein. Alexander Lernet-Holenia 1945 \u2013 1955. In: \u203aBin ich denn wirklich, was ihr einst wart?\u2039 \u2013 Alexander Lernet-Holenia 1897\u20131976. Hrsg. von Thomas H\u00fcbel, Manfred M\u00fcller und Gerald Sommer. Riverside: Ariadne Press 2006<br \/>\n\u2022 Kakabsa im Anblick der Ruinen. Anmerkungen zu Herbert Eisenreich. In: Im Keller. Der Untergrund des literarischen Aufbruchs nach 1945. Hrsg. Von Evelyn Polt-Heinzl und Daniela Strigl. Wien: Sonderzahl 2006<br \/>\n\u2022 Aus n\u00e4chster Ferne. Zu Josef Winklers Italien-Blicken und seinem Umgang mit Quellen. In: Germanica (2007)<br \/>\n\u2022 Konstruierte Distanz \u2013 Zu Joseph Roths erster Galizien-Reportage \u203aLeute und Gegend\u2039. In: Joseph Roth und die Reportage. Hrsg. von Thomas Eicher. Heidelberg: Mattes 2010, S. 169\u2013183<br \/>\n\u2022 Lebensgeschichten als Textdenkm\u00e4ler. Zu den gesammelten Erinnerungen aus dem Archiv des \u00d6sterreichischen Nationalfonds. In: Erinnerungen. Lebensgeschichten von Opfern des Nationalsozialismus. 15 Jahre Nationalfonds der Republik \u00d6sterreich. Hrsg. von Renate Meissner. Wien: Nationalfonds der Republik \u00d6sterreich f\u00fcr Opfer des Nationalsozialismus 2010.<br \/>\n\u2022 Dichterf\u00fcrsten unter schwarzen Sternen: Alexander Lernet-Holenia, Heimito von Doderer und die \u00f6sterreichische Literatur nach 1945. In: Alexandr W. Belobratow (Hrsg.): \u00d6sterreichische Literatur: Robert Musil und mehr. St. Petersburg: Petersburg <span class=\"caps\">XXI<\/span> <span class=\"caps\">VEK<\/span> 2011, S. 109\u2013129 (= Jahrbuch der \u00d6sterreich-Bibliothek in St. Petersburg, 2009\/2010, Bd. 9)<br \/>\n\u2022 Chaos und Ordnung in der \u00f6sterreichischen Literatur nach 1945.<br \/>\nIn: Konzepte f\u00fcr Chaos und Ordnung in Natur- und Geisteswissenschaften. Nizhniy Novgorod: Aekom 2011.<br \/>\n\u2022 Laudatio anl\u00e4sslich der Verleihung des Reinhard-Priessnitz-Preises 2010 an Andrea Winkler. In: kolik 50 (2011)<br \/>\n\u2022 Nachwort. In: Peter von Tramin: Die Herren S\u00f6hne. Wien: Metroverlag 2011<br \/>\n\u2022 Anmerkungen zu den Anf\u00e4ngen der literarischen Nachkriegs-Avantgarde in \u00d6sterreich. In: Teststrecke Kunst. Die Wiener Avantgarden nach 1945. Hrsg. v. Elisabeth Gro\u00dfegger und Sabine M\u00fcller. Wien: Sonderzahl 2012<br \/>\n\u2022 Herrenreiter im Ruhestand. \u203aGreisengemurmel\u2039 In der \u00f6sterreichischen Nachkriegsliteratur. In: Gregor von Rezzori. Auf der Suche nach einer gr\u00f6\u00dferen Heimat. Hrsg. von Andrea Corbea-Hoisie u.a. Konstanz: Hartung-Gorre (in Vorbereitung)<\/p>\n\t\t\t<\/div>\t\t\r\n\t\t\t<br \/>\r\n\t\t\t\t\r\n\t\t<!-- Only show Mailing Address and Contact Info in single view -->\r\n\t\t\t<\/div>\r\n<\/div>","protected":false},"featured_media":0,"menu_order":0,"template":"","meta":[],"staff-member-category":[68],"class_list":["post-2221","staff-member","type-staff-member","status-publish","hentry","staff-member-category-members"],"translation":{"provider":"WPGlobus","version":"3.0.2","language":"en","enabled_languages":["de","en"],"languages":{"de":{"title":true,"content":true,"excerpt":false},"en":{"title":false,"content":false,"excerpt":false}}},"metadata":{"first_name":["Manfred"],"last_name":["M\u00fcller"],"title":["Germanist, Pr\u00e4sident der \u00d6sterreichischen Gesellschaft f\u00fcr Literatur, Pr\u00e4sident der \u00d6sterreichischen Franz Kafka-Gesellschaft"],"phone":["German Philologist, president of Austrian Society for Literature, president of Austrian Franz Kafka-Society"]},"featured_image_src":false,"bio":"<a href=\"http:\/\/www.viennavant.at\/wp-content\/uploads\/manfredmueller.jpg\" target=\"_blank\" rel=\"noopener\"><img class=\"alignleft wp-image-1073 size-full\" src=\"http:\/\/www.viennavant.at\/wp-content\/uploads\/manfredmueller.jpg\" width=\"110\" height=\"157\" \/><\/a>Pr\u00e4sident der \u00d6sterreichischen Gesellschaft f\u00fcr Literatur\r\nPr\u00e4sident der \u00d6sterreichischen Franz Kafka-Gesellschaft\r\n\r\n<strong>Forschungsschwerpunkte:<\/strong>\r\n\r\n\u00d6sterreichische Literatur des 19. und 20. Jahrhunderts mit dem Schwerpunkt Prosa nach 1945\r\nLiteraturtheorie\r\nLiteratur und Medien\r\n\r\n<strong>Website:\r\n<\/strong><a href=\"https:\/\/www.ogl.at\/ueber-uns\/team\/manfred-mueller\/\">https:\/\/www.ogl.at\/ueber-uns\/team\/manfred-mueller\/<\/a>\r\n\r\n<strong>Curriculum Vitae<\/strong>\r\n\r\n\u2022 Geb. am 15. 1. 1969 in Zell am See (Sbg).\r\n\u2022 Studium der Germanistik und Kunstgeschichte an der Universit\u00e4t Wien;\r\n\u2022 Promotion 2002, Dissertationsthema: \u00bbDer \u203aFall G\u00fctersloh\u2039 und seine Auswirkungen auf Heimito von Doderers fr\u00fche Autorenpoetik\u00ab.\r\nKurator dreier Ausstellungen \u00fcber Alexander Lernet-Holenia;\r\nKonzipient und Moderator zahlreicher literarischer Veranstaltungen und wissenschaftlicher Symposien.\r\n\u2022 Universit\u00e4tsassistent am Institut f\u00fcr Germanistik der Universit\u00e4t Wien (2002);\r\n\u2022 Lehrbeauftragter am Institut f\u00fcr Germanistik der Universit\u00e4t Wien (seit 2002);\r\n\u2022 Gastvortr\u00e4ge in Moskau, St. Petersburg, Nizhniy Novgorod und L\u2019viv;\r\n\u2022 2006 \u2013 2012 Vorsitzender des Vereins \u203aviennAvant\u2039 zur Erforschung der Wiener Avantgarden;\r\n\u2022 Seit 2012 Pr\u00e4sident der \u00d6sterreichischen Franz Kafka-Gesellschaft.\r\n\u2022 Langj\u00e4hriger Generalsekret\u00e4r und seit 17.1.2014 Pr\u00e4sident der \u00d6sterreichischen Gesellschaft f\u00fcr Literatur;\r\n\u2022 Herausgeber mehrerer Sammelb\u00e4nde und Anthologien;\r\nAufs\u00e4tze v. a. zur \u00f6sterreichischen Literatur nach 1945;\r\nBuchrezensionen in \u203awas\u2039, \u203aDer Standard\u2039, \u203aFalter\u2039, \u203akolik\u2039 und \u203aWespennest\u2039.\r\n\u2022 Kurator dreier Ausstellungen \u00fcber Alexander Lernet-\u00ad\u2010Holenia;\r\n\u2022 Konzipient und Moderator zahlreicher literarischer Veranstaltungen und wissenschaftlicher Symposien.\r\n\r\n<strong>Publikationen (Auswahl):<\/strong>\r\n\r\n<strong>Herausgebert\u00e4tigkeit:<\/strong>\r\n\u2022 Alexander Lernet-Holenia. Die Lust an der Ungleichzeitigkeit.\r\nHrsg. von Thomas H\u00fcbel und Manfred M\u00fcller. Wien: Zsolnay Verlag 1997\r\n\u2022 Widerspiel. Wiener Schaupl\u00e4tze in Leben und Werk Alexander Lernet-Holenias 1897\u20131976. Hrsg. von Patrice Blaser und Manfred M\u00fcller. Wien: \u00d6sterreichische Gesellschaft f\u00fcr Literatur 1997\r\n\u2022 Alexander Lernet-Holenia 1897\u20131976. Katalog einer Ausstellung, veranstaltet vom Bundesministerium f\u00fcr Ausw\u00e4rtige Angelegenheiten. Zusammengestellt von Patrice Blaser und Manfred M\u00fcller. Wien 1998\r\n\u2022 In anderer Augen. Die Staaten der Europ\u00e4ischen Union in der \u00f6sterreichischen Literatur. Hrsg. von Marianne Gruber, Manfred M\u00fcller und Helmuth A. Niederle. Klagenfurt: Wieser Verlag 1998\r\n\u2022 Verschlossen mit silbernem Schl\u00fcssel. Literatur aus Armenien, Aserbaidschan, Georgien. Hrsg. von Marianne Gruber und Manfred M\u00fcller. M\u00fcnchen \u2013 Wien: Edition <span class=\"caps\">KAPPA<\/span> 2000\r\n\u2022 Personalbibliographie Alexander Lernet-Holenia. Hrsg. von H\u00e9l\u00e8ne Barri\u00e8re, Thomas Eicher und Manfred M\u00fcller. Oberhausen: Athena Verlag 2001\r\n\u2022 Schuld-Komplexe. Das Werk Alexander Lernet-Holenias im Nachkriegskontext. Hrsg. von H\u00e9l\u00e8ne Barri\u00e8re, Thomas Eicher und Manfred M\u00fcller. Oberhausen: Athena Verlag 2004\r\n\u2022 Alte Meister, Schufte, Aussenseiter. Reflexionen \u00fcber \u00f6sterreichische Literatur nach 1945. Hrsg. von Manfred M\u00fcller. Wien: Sonderzahl 2005\r\n\u2022 Michael Guttenbrunner \u2013 Texte und Materialien. Hrsg. von Manfred M\u00fcller und Helmuth A. Niederle. Wien: L\u00f6cker 2005\r\n\u2022 \u203aBin ich denn wirklich, was ihr einst wart?\u2039 \u2013 Alexander Lernet-Holenia 1897\u20131976. Hrsg. von Thomas H\u00fcbel, Manfred M\u00fcller und Gerald Sommer. Riverside: Ariadne Press 2006\r\n\u2022 Reise in die Nachbarschaft. Zur Wirkungsgeschichte der deutschsprachigen Literatur in der Bukowina und Galizien nach 1918. Hrsg. von Manfred M\u00fcller und Larissa Cybenko. Wien: <span class=\"caps\">LIT<\/span> Verlag 2009\r\n\u2022 mitSprache unterwegs. Literarische Reportagen. Hrsg. von Manfred M\u00fcller und Kurt Neumann. Wien: Edition Atelier, 2010\r\n\u2022 Von der Kulturlandschaft zum Ort des kritischen Selbstbewusstseins. Italien in der \u00f6sterreichischen Literatur. Hrsg. von Manfred M\u00fcller und Luigi Reitani. Wien: <span class=\"caps\">LIT<\/span> Verlag 2011\r\n\u2022 Erinnerungskulturen im Vergleich. Internationale Konferenz Wien, Mai 2009. Hrsg. von Penka Angelova und Manfred M\u00fcller. St. Ingbert: R\u00f6hrig Universit\u00e4tsverlag 2011 (= Schriftenreihe der Elias Canetti Gesellschaft, Bd. 7)\r\n\u2022 Portrait Reinhold Aumaier. Die Rampe. Hefte f\u00fcr Literatur 3\/2012\r\n\r\n<strong>Aufs\u00e4tze:<\/strong>\r\n\u2022 \u203aKein Wunder, da\u00df ich zuerst das B\u00f6se sehe.\u2039 Anmerkungen zur Wahrnehmung der Erz\u00e4hlerfiguren Josef Winklers. In: was Nr. 84 (Februar 1996), S. 47\u201356\r\n\u2022 Alexander Lernet-Holenia \u2013 \u203aWirkliches Dichten\u2039 oder \u203aschlicht Schreiben\u2039? In: Personalbibliographie Alexander Lernet-Holenia. Hrsg. von H\u00e9l\u00e8ne Barri\u00e8re, Thomas Eicher und Manfred M\u00fcller. Oberhausen: Athena Verlag 2001\r\n\u2022 (Mitverf.) Personalbibliographie Alexander Lernet-Holenia.\r\nIn: Personalbibliographie Alexander Lernet-Holenia. Hrsg. von H\u00e9l\u00e8ne Barri\u00e8re, Thomas Eicher und Manfred M\u00fcller. Oberhausen: Athena Verlag 2001\r\n\u2022 Wolfgang Kraus und die Exilliteratur zu Beginn der sechziger Jahre. In: Evelyn Adunka \/ Peter Roessler (Hrsg.): Die Rezeption des Exils. Geschichte und Perspektiven der \u00f6sterreichischen Exilforschung. Wien: Mandelbaum 2003\r\n\u2022 Wieder-Eroberung der Innenwelt? Anmerkungen zu George Saikos sp\u00e4tem Erz\u00e4hlen. In: George Saiko. Texte und Materialien. Hrsg. von Michael Hansel und Klaus Kastberger. Wien: Sonderzahl 2003\r\n\u2022 Alms\u00e4ue, Baumriesen und Kr\u00fcppelwacholder \u2013 Zur Naturdarstellung in Alexander Lernet-Holenias Roman \u203aDie Inseln unter dem Winde\u2039. In: Schuld-Komplexe. Das Werk Alexander Lernet-Holenias im Nachkriegskontext. Hrsg. von H\u00e9l\u00e8ne Barri\u00e8re, Thomas Eicher und Manfred M\u00fcller. Oberhausen: Athena Verlag 2004\r\n\u2022 Ein Versuch, Staatsdichter zu sein. Alexander Lernet-Holenia 1945 \u2013 1955. In: \u203aBin ich denn wirklich, was ihr einst wart?\u2039 \u2013 Alexander Lernet-Holenia 1897\u20131976. Hrsg. von Thomas H\u00fcbel, Manfred M\u00fcller und Gerald Sommer. Riverside: Ariadne Press 2006\r\n\u2022 Kakabsa im Anblick der Ruinen. Anmerkungen zu Herbert Eisenreich. In: Im Keller. Der Untergrund des literarischen Aufbruchs nach 1945. Hrsg. Von Evelyn Polt-Heinzl und Daniela Strigl. Wien: Sonderzahl 2006\r\n\u2022 Aus n\u00e4chster Ferne. Zu Josef Winklers Italien-Blicken und seinem Umgang mit Quellen. In: Germanica (2007)\r\n\u2022 Konstruierte Distanz \u2013 Zu Joseph Roths erster Galizien-Reportage \u203aLeute und Gegend\u2039. In: Joseph Roth und die Reportage. Hrsg. von Thomas Eicher. Heidelberg: Mattes 2010, S. 169\u2013183\r\n\u2022 Lebensgeschichten als Textdenkm\u00e4ler. Zu den gesammelten Erinnerungen aus dem Archiv des \u00d6sterreichischen Nationalfonds. In: Erinnerungen. Lebensgeschichten von Opfern des Nationalsozialismus. 15 Jahre Nationalfonds der Republik \u00d6sterreich. Hrsg. von Renate Meissner. Wien: Nationalfonds der Republik \u00d6sterreich f\u00fcr Opfer des Nationalsozialismus 2010.\r\n\u2022 Dichterf\u00fcrsten unter schwarzen Sternen: Alexander Lernet-Holenia, Heimito von Doderer und die \u00f6sterreichische Literatur nach 1945. In: Alexandr W. Belobratow (Hrsg.): \u00d6sterreichische Literatur: Robert Musil und mehr. St. Petersburg: Petersburg <span class=\"caps\">XXI<\/span> <span class=\"caps\">VEK<\/span> 2011, S. 109\u2013129 (= Jahrbuch der \u00d6sterreich-Bibliothek in St. Petersburg, 2009\/2010, Bd. 9)\r\n\u2022 Chaos und Ordnung in der \u00f6sterreichischen Literatur nach 1945.\r\nIn: Konzepte f\u00fcr Chaos und Ordnung in Natur- und Geisteswissenschaften. Nizhniy Novgorod: Aekom 2011.\r\n\u2022 Laudatio anl\u00e4sslich der Verleihung des Reinhard-Priessnitz-Preises 2010 an Andrea Winkler. In: kolik 50 (2011)\r\n\u2022 Nachwort. In: Peter von Tramin: Die Herren S\u00f6hne. Wien: Metroverlag 2011\r\n\u2022 Anmerkungen zu den Anf\u00e4ngen der literarischen Nachkriegs-Avantgarde in \u00d6sterreich. In: Teststrecke Kunst. Die Wiener Avantgarden nach 1945. Hrsg. v. Elisabeth Gro\u00dfegger und Sabine M\u00fcller. Wien: Sonderzahl 2012\r\n\u2022 Herrenreiter im Ruhestand. \u203aGreisengemurmel\u2039 In der \u00f6sterreichischen Nachkriegsliteratur. In: Gregor von Rezzori. Auf der Suche nach einer gr\u00f6\u00dferen Heimat. Hrsg. von Andrea Corbea-Hoisie u.a. Konstanz: Hartung-Gorre (in Vorbereitung)","_links":{"self":[{"href":"https:\/\/www.viennavant.at\/en\/wp-json\/wp\/v2\/staff-member\/2221","targetHints":{"allow":["GET"]}}],"collection":[{"href":"https:\/\/www.viennavant.at\/en\/wp-json\/wp\/v2\/staff-member"}],"about":[{"href":"https:\/\/www.viennavant.at\/en\/wp-json\/wp\/v2\/types\/staff-member"}],"wp:attachment":[{"href":"https:\/\/www.viennavant.at\/en\/wp-json\/wp\/v2\/media?parent=2221"}],"wp:term":[{"taxonomy":"staff-member-category","embeddable":true,"href":"https:\/\/www.viennavant.at\/en\/wp-json\/wp\/v2\/staff-member-category?post=2221"}],"curies":[{"name":"wp","href":"https:\/\/api.w.org\/{rel}","templated":true}]}}