{"id":2209,"date":"2016-12-14T11:23:04","date_gmt":"2016-12-14T11:23:04","guid":{"rendered":"http:\/\/viennavant.cloud.d2mc.com\/?post_type=staff-member&#038;p=2209"},"modified":"2017-06-29T11:02:11","modified_gmt":"2017-06-29T11:02:11","slug":"univ-doz-dr-christoph-leitgeb","status":"publish","type":"staff-member","link":"https:\/\/www.viennavant.at\/en\/staff-members\/univ-doz-dr-christoph-leitgeb\/","title":{"rendered":"Univ. Doz. Dr. Christoph Leitgeb"},"content":{"rendered":"\r\n \r\n<div class=\"staff-member\">\r\n\r\n\t<!-- Featured Image -->\r\n\t\t\t\t\t\t\r\n\t<div class=\"staff-member-right\">\r\n\t\t\t\t\r\n\t\t \r\n\t\t\t<p class=\"staff-member-title\">Germanist, Historiker, Lehrbeauftragter an der Universit\u00e4t Salzburg, wissenschaftlicher Mitarbeiter des Institut f\u00fcr Kulturwissenschaft und Theatergeschichte der \u00d6sterreichischen Akademie der Wissenschaften<\/p>\r\n\t\t\t\t\r\n\t\t\r\n\t\t   \r\n\t\t\t<div class=\"staff-member-bio\"> \r\n\t\t\t\t<p>Wissenschaftliche Mitarbeiter am Institut f\u00fcr Kulturwissenschaften und Theatergeschichte der \u00d6sterreichischen Akademie der Wissenschaften. Lehre in Salzburg und Linz<\/p>\n<p><a href=\"http:\/\/www.viennavant.at\/wp-content\/uploads\/christophleitgeb.jpg\" target=\"_blank\" rel=\"noopener\"><img loading=\"lazy\" decoding=\"async\" class=\"alignleft wp-image-748 size-full\" src=\"http:\/\/www.viennavant.at\/wp-content\/uploads\/christophleitgeb.jpg\" width=\"100\" height=\"120\" \/><\/a><strong>Forschungsschwerpunkte<\/strong><\/p>\n<p>\u2022 \u00d6sterreichische Literatur des 19. und 20. Jahrhunderts;<br \/>\n\u2022 Stilistik und Rhetorik;<br \/>\n\u2022 Interkulturelle Kommunikation;<br \/>\n\u2022 Literaturtheorie<\/p>\n<p><strong>Website:<\/strong><br \/>\n<a href=\"http:\/\/www.oeaw.ac.at\/ikt\/team\/christoph-leitgeb\/\">http:\/\/www.oeaw.ac.at\/ikt\/team\/christoph-leitgeb\/<\/a><\/p>\n<p><strong>Vita<\/strong><\/p>\n<p>\u2022 geboren in Innsbruck<br \/>\n\u2022 Studium der Geschichte, Anglistik\/Amerikanistik und Germanistik in Salzburg.<br \/>\n\u2022 Fr\u00fcher Mittelschullehrer, Lektor in Sheffield, Osaka und Olm\u00fctz, Literaturkritiker f\u00fcr die Tageszeitung \u201eDer Standard\u201c<br \/>\n\u2022 Venia f\u00fcr Neuere deutsche Literatur<br \/>\n\u2022 Seit 2004 Mitarbeiter der \u00d6sterreichischen Akademie der Wissenschaften, Institut f\u00fcr Kulturwissenschaften und Theatergeschichte<br \/>\n\u2022 Lehrer f\u00fcr Deutsch als Fremdsprache an der Universit\u00e4t Linz, Lehrbeauftragter an der Germanistik Salzburg<\/p>\n<p><strong>Publikationen (Auswahl)<\/strong><\/p>\n<p><strong>B\u00fccher<\/strong><br \/>\n\u2022 Gattungspoetik bei Robert Musil: Drama und Novelle in Theorie und Praxis, Salzburg 1989. (Zugl. Diss.)<br \/>\n\u2022 (Zus. mit Richard Reichensperger,) Studien zu einer Sprachstilgeschichte \u00f6sterreichischer Literatur (Grillparzer, Musil), Heidelberg 1999.<br \/>\n\u2022 Barthes\u2019 Mythos im Rahmen konkreter Ironie. Literarische Konstruktionen des Eigenen und Fremden, M\u00fcnchen, Paderborn 2008. (Zugl. Habil)<\/p>\n<p><strong>Herausgaben<\/strong><br \/>\n\u2022 (Zus. mit Herbert Foltinek:) Literaturwissenschaft: intermedial \u2013 interdisziplin\u00e4r (=Ver\u00f6ffentlichungen der Kommission f\u00fcr Literaturwissenschaft, 22), Wien 2002.<br \/>\n\u2022 (Zus. mit Moritz Cs\u00e1ky:) Kommunikation \u2013 Ged\u00e4chtnis \u2013 Raum. Kulturwissenschaften nach dem \u201eSpatial Turn\u201c (=Kultur- und Medientheorie), Bielefeld 2009.<br \/>\n\u2022 (Zus. mit Andr\u00e1s Balogh:) Zwei- und Mehrsprachigkeit in Zentraleuropa, Wien 2012.<br \/>\n\u2022 In Vorbereitung (Zus. mit Andr\u00e1s Balogh:) Reisen und Grenzen in Zentraleuropa, Wien 2013<br \/>\n\u2022 In Vorbereitung (Zus. mit Hermann Blume und Michael R\u00f6ssner:) Narrated Realities, Bielefeld 2013<\/p>\n<p><strong>Aufs\u00e4tze und Texte (Auswahl)<\/strong><br \/>\n\u2022 In Druck: Das Unheimliche erz\u00e4hlen. Das unheimliche Erz\u00e4hlen. Zur Translation von Freuds Essay in Theorien der Fiktion. In: Hermann Blume, Christoph Leitgeb, Michael R\u00f6ssner (Hg.): Narrated Realities, Bielefeld 2013<br \/>\n\u2022 In Druck: Das unheimliche Leben und Sterben literarischer Puppen (Publikation im Sammelband der Tagung Sterbensarten der \/ in der \u00f6sterreichischen Literatur, Wien, 2013)<br \/>\n\u2022 In Druck: Die Inszenierung von Mehrsprachigkeit in der Konversation Germaine de Staels (Publikation im Sammelband der Tagung Inszenierung und Ged\u00e4chtnis, Bielefeld 2013)<br \/>\n\u2022 In Druck: Untergrabene Balkone: Zum Verh\u00e4ltnis von Unheimlichkeit und Subversion in einem Text aus Ilse Aichingers \u201eSchlechte W\u00f6rter\u201c (Publikation im Sammelband der Tagung \u201e\u201aGegen den Strich\u2018. Das Subversive in der Deutschsprachigen Literatur nach 1945, Antwerpen, 09.2010 im Aisthesis-Verlag). Bielefeld 2013.<br \/>\n\u2022 Ilse Aichingers unheimliche Angst, in: Christa G\u00fcrtler, Irene Fussl, Ilse Aichinger: Behutsam k\u00e4mpfen, W\u00fcrzburg, 2013, S. 123\u2013133.<br \/>\n\u2022 Zwei- und Mehrsprachigkeit in Zentraleuropa. Vorwort, in: Christoph Leitgeb, Andr\u00e1s Balogh: Zwei- und Mehrsprachigkeit in Zentraleuropa, Wien 2012. S. 4\u201311.<br \/>\n\u2022 Ironie, Erinnerung und Geschichte, in: Andr\u00e1s F. Balogh, Helga Mitterbauer (Hg.), Ged\u00e4chtnis und Erinnerung in Zentraleuropa, Wien 2012, S. 45\u201357.<br \/>\n\u2022 Die Unheimlichkeit des Roland Barthes, in: Angela Oster, Karin Peters (Hg.): Jenseits der Zeichen. Roland Barthes und die Widerspenstigkeit des Realen, M\u00fcnchen 2012, S. 159\u2013170.<br \/>\n\u2022 Der Clown und die Grazie: Zur Transmedialit\u00e4t in Hofmannsthals \u201eSchwierigem\u201c. In: Sprachkunst <span class=\"caps\">XLI<\/span> (2010\/1), S. 3\u201316.<br \/>\n\u2022 Zu einer Theorie des Zitats in den Kulturwissenschaften: \u201eZeigen\u201c, \u201eSagen\u201c und einige Fragen, in: Bjoern Tammen, Werner Telesko (Hg.), zitieren \u2013 gedenken \u2013 erinnern. Beitr\u00e4ge aus dem Zentrum Kulturforschungen der \u00d6sterreichischen Akademie der Wissenschaften, Wien 2010, S. 11\u201318.<br \/>\n\u2022 Kommunikation \u2013 Ged\u00e4chtnis \u2013 Raum. Vorwort, in: Christoph Leitgeb, Moritz Cs\u00e1ky (Hg), Kommunikation \u2013 Ged\u00e4chtnis \u2013 Raum. Kulturwissenschaften nach dem \u201eSpatial Turn\u201c, Bielefeld 2009, S. 7\u201310.<br \/>\n\u2022 Eine kleine Rhetorik des Schreibens \u00fcber das Altern, in: Irmgard Bohunovsky B\u00e4rnthaler (Hg.), Kunst ist gestaltete Zeit. \u00dcber das Altern, Klagenfurt, Wien 2007, S. 142\u2013164.<br \/>\n\u2022 Anwendungen der Frame-Theorie in der \u00c4sthetik, mit Rahmen, in: Sprachkunst <span class=\"caps\">XXXVII<\/span> (2006\/2), S. 387\u2013394.<br \/>\n\u2022 Ironie des Fremden: Die Kehrseite des Mythos Japan, in: Martin Kubaczek, Masahiko Tsuchiya (Hg.), Bevorzugt beobachtet. Zum Japanbild in der zeitgen\u00f6ssischen Literatur, M\u00fcnchen 2005, S. 110 \u2013 124.<br \/>\n\u2022 Schwirren statt Schweben. Der ironische Tod \u00f6sterreichischer Fliegen, in: Gunther Martens, Clemens Ruthner, Jaak de Vos (Hg.), Musil anders. Neue Erkundungen eines interdiskursiven Autors (= Musiliana 11), Bern 2005, S. 111\u2013133.<br \/>\n\u2022 Zur Rhetorik deutschsprachiger Haikus, in: Sprachkunst <span class=\"caps\">XXXV<\/span> (2004\/2), S. 303\u2013317.<br \/>\n\u2022 Mit Richard Reichensperger: Von Textanalysen zur Literaturgeschichte. Studien zu einer Sprachstilgeschichte \u00f6sterreichischer Literatur: Grillparzer, Musil, in: Michael B\u00f6hler, Hans Otto Horch (Hg.), Kulturtopographie deutschsprachiger Literaturen. Perspektivierungen im Spannungsfeld von Integration und Differenz, T\u00fcbingen 2002, S. 87 \u2013 96.<br \/>\n\u2022 Die konkrete Form der Ironie: Gebrochene Rahmen, in Sprachkunst <span class=\"caps\">XXXII<\/span> (2001\/1), S. 93\u2014 112.<br \/>\n\u2022 Ironische Lebensl\u00e4ufe, in: Oswald Panagl, Walter Weiss (Hg.), Noch einmal: Dichtung und Politik. Vom Text zum politisch-sozialen Kontext, und zur\u00fcck, Wien 2000, S. 221\u2013236.<br \/>\n\u2022 Abstrakte Mauern, konkrete Ideologie. Zur Hausmetaphorik Robert Musils, in: Marie-Louise Roth (Hg.), Neue Ans\u00e4tze zur Robert Musil Forschung (= Musiliana 5), Bern 1999, S. 109\u2013136.<br \/>\n\u2022 Engelmann erinnert sich nicht nur an Wittgenstein: Nationalit\u00e4tenkampf, Assimilation und Philosophie in Olm\u00fctz nach dem Ersten Weltkrieg, in: Mitteilungen des Brenner Archivs 17 (1998), S. 32\u201346.<br \/>\n\u2022 Grillparzers \u201eJugenderinnerungen im Gr\u00fcnen\u201c, in: Ulla Fix, Hans Wellmann (Hg.), Stile, Stilpr\u00e4gungen und ihr Wandel. \u00dcber Epochen-, Gattungs- und Autorenstile. Sprachwissenschaftliche Analysen und didaktische Konzepte, Heidelberg 1997, S. 331\u2013344.<br \/>\n\u2022 Musils Metapher f\u00fcr moderne Zusammenh\u00e4nge: Ein \u201cGewebe\u201d, in: Differenzierung und Integration. Sprache und Literatur deutschsprachiger L\u00e4nder im Proze\u00df der Modernisierung. Abschlie\u00dfendes Berliner Gesamtsymposium an der Berlin-Brandenburgischen Akademie der Wissenschaften. 21.-24. 3. 1996, S. 69\u201373.<br \/>\n\u2022 Mit Walter Weiss, Hans H\u00f6ller, Richard Reichensperger, Renate Langer: Studien zu einer Sprachstilgeschichte \u00f6sterreichischer Literatur (Grillparzer, Musil), in: Internationalit\u00e4t und Regionalit\u00e4t. Differenzierung und Integration. Sprache und Literatur deutschsprachiger L\u00e4nder im Proze\u00df der Modernisierung. Wiener Gesamtsymposium.2.-4.3.1994, S. 85\u201390.<br \/>\n\u2022 Grillparzers Kloster bei Sendomir und Musils Tonka. Ein Sprachstilvergleich, in: Sprachkunst <span class=\"caps\">XXV<\/span> (1994\/2), S. 347\u2013371.<br \/>\n\u2022 Musils \u201eFischer\u201c, Bunraku und \u201eInterkulturelle Germanistik\u201c, in: Studies in Language and Culture 18. Faculty of Language and Culture. Osaka University. 1992, S. 189\u2013200.<\/p>\n<p>Dazu ca. 40 Rezensionen und kulturkritische Essays f\u00fcr die Kulturseite des \u201eStandard\u201c, darunter mehrere ganzseitige f\u00fcr die Wochenendbeilage \u201eAlbum\u201c (u.a. zu Oswald Egger, Robert Walser, Elfriede Jelinek, Hannah Arendt, Karoline von G\u00fcnderrode, Wolfgang Koeppen, Henri Michaux, Franz Schuh, Robert Musil, Yisang, Thomas Mann, Hans-Christian Andersen, Elias Canetti, Erinnerungsjahr 2005, Die Sprache des Lexikons, Thomas Raab, Malik-Verlag, Karl-Markus Gau\u00df, Julia Schoch, Vidiadhar S. Naipaul, Robert Schneider, Gert Jonke, Ernst Broch, Slavoi Zizek, Cees Nooteboom, Ernst Jandl, Michel Houellebecq, Eva Hoffman, Hikaru Okuizumi, Peter Handke, Gerhard R\u00fchm, Dieter Forte, S\u0142awomir Mro\u017cek, Gert Ledig.<\/p>\n\t\t\t<\/div>\t\t\r\n\t\t\t<br \/>\r\n\t\t\t\t\r\n\t\t<!-- Only show Mailing Address and Contact Info in single view -->\r\n\t\t\t<\/div>\r\n<\/div>","protected":false},"featured_media":0,"menu_order":0,"template":"","meta":[],"staff-member-category":[68],"class_list":["post-2209","staff-member","type-staff-member","status-publish","hentry","staff-member-category-members"],"translation":{"provider":"WPGlobus","version":"3.0.2","language":"en","enabled_languages":["de","en"],"languages":{"de":{"title":true,"content":true,"excerpt":false},"en":{"title":false,"content":false,"excerpt":false}}},"metadata":{"first_name":["Christoph"],"last_name":["Leitgeb"],"title":["Germanist, Historiker, Lehrbeauftragter an der Universit\u00e4t Salzburg, wissenschaftlicher Mitarbeiter des Institut f\u00fcr Kulturwissenschaft und Theatergeschichte der \u00d6sterreichischen Akademie der Wissenschaften"],"phone":["German philologist, historian, lecturer University of Salzbourg, scientist of Institute for Cultural Studies and Theatre History \/ Austrian Academy of Science"]},"featured_image_src":false,"bio":"Wissenschaftliche Mitarbeiter am Institut f\u00fcr Kulturwissenschaften und Theatergeschichte der \u00d6sterreichischen Akademie der Wissenschaften. Lehre in Salzburg und Linz\r\n\r\n<a href=\"http:\/\/www.viennavant.at\/wp-content\/uploads\/christophleitgeb.jpg\" target=\"_blank\" rel=\"noopener\"><img class=\"alignleft wp-image-748 size-full\" src=\"http:\/\/www.viennavant.at\/wp-content\/uploads\/christophleitgeb.jpg\" width=\"100\" height=\"120\" \/><\/a><strong>Forschungsschwerpunkte<\/strong>\r\n\r\n\u2022 \u00d6sterreichische Literatur des 19. und 20. Jahrhunderts;\r\n\u2022 Stilistik und Rhetorik;\r\n\u2022 Interkulturelle Kommunikation;\r\n\u2022 Literaturtheorie\r\n\r\n<strong>Website:<\/strong>\r\n<a href=\"http:\/\/www.oeaw.ac.at\/ikt\/team\/christoph-leitgeb\/\">http:\/\/www.oeaw.ac.at\/ikt\/team\/christoph-leitgeb\/<\/a>\r\n\r\n<strong>Vita<\/strong>\r\n\r\n\u2022 geboren in Innsbruck\r\n\u2022 Studium der Geschichte, Anglistik\/Amerikanistik und Germanistik in Salzburg.\r\n\u2022 Fr\u00fcher Mittelschullehrer, Lektor in Sheffield, Osaka und Olm\u00fctz, Literaturkritiker f\u00fcr die Tageszeitung \u201eDer Standard\u201c\r\n\u2022 Venia f\u00fcr Neuere deutsche Literatur\r\n\u2022 Seit 2004 Mitarbeiter der \u00d6sterreichischen Akademie der Wissenschaften, Institut f\u00fcr Kulturwissenschaften und Theatergeschichte\r\n\u2022 Lehrer f\u00fcr Deutsch als Fremdsprache an der Universit\u00e4t Linz, Lehrbeauftragter an der Germanistik Salzburg\r\n\r\n<strong>Publikationen (Auswahl)<\/strong>\r\n\r\n<strong>B\u00fccher<\/strong>\r\n\u2022 Gattungspoetik bei Robert Musil: Drama und Novelle in Theorie und Praxis, Salzburg 1989. (Zugl. Diss.)\r\n\u2022 (Zus. mit Richard Reichensperger,) Studien zu einer Sprachstilgeschichte \u00f6sterreichischer Literatur (Grillparzer, Musil), Heidelberg 1999.\r\n\u2022 Barthes\u2019 Mythos im Rahmen konkreter Ironie. Literarische Konstruktionen des Eigenen und Fremden, M\u00fcnchen, Paderborn 2008. (Zugl. Habil)\r\n\r\n<strong>Herausgaben<\/strong>\r\n\u2022 (Zus. mit Herbert Foltinek:) Literaturwissenschaft: intermedial \u2013 interdisziplin\u00e4r (=Ver\u00f6ffentlichungen der Kommission f\u00fcr Literaturwissenschaft, 22), Wien 2002.\r\n\u2022 (Zus. mit Moritz Cs\u00e1ky:) Kommunikation \u2013 Ged\u00e4chtnis \u2013 Raum. Kulturwissenschaften nach dem \u201eSpatial Turn\u201c (=Kultur- und Medientheorie), Bielefeld 2009.\r\n\u2022 (Zus. mit Andr\u00e1s Balogh:) Zwei- und Mehrsprachigkeit in Zentraleuropa, Wien 2012.\r\n\u2022 In Vorbereitung (Zus. mit Andr\u00e1s Balogh:) Reisen und Grenzen in Zentraleuropa, Wien 2013\r\n\u2022 In Vorbereitung (Zus. mit Hermann Blume und Michael R\u00f6ssner:) Narrated Realities, Bielefeld 2013\r\n\r\n<strong>Aufs\u00e4tze und Texte (Auswahl)<\/strong>\r\n\u2022 In Druck: Das Unheimliche erz\u00e4hlen. Das unheimliche Erz\u00e4hlen. Zur Translation von Freuds Essay in Theorien der Fiktion. In: Hermann Blume, Christoph Leitgeb, Michael R\u00f6ssner (Hg.): Narrated Realities, Bielefeld 2013\r\n\u2022 In Druck: Das unheimliche Leben und Sterben literarischer Puppen (Publikation im Sammelband der Tagung Sterbensarten der \/ in der \u00f6sterreichischen Literatur, Wien, 2013)\r\n\u2022 In Druck: Die Inszenierung von Mehrsprachigkeit in der Konversation Germaine de Staels (Publikation im Sammelband der Tagung Inszenierung und Ged\u00e4chtnis, Bielefeld 2013)\r\n\u2022 In Druck: Untergrabene Balkone: Zum Verh\u00e4ltnis von Unheimlichkeit und Subversion in einem Text aus Ilse Aichingers \u201eSchlechte W\u00f6rter\u201c (Publikation im Sammelband der Tagung \u201e\u201aGegen den Strich\u2018. Das Subversive in der Deutschsprachigen Literatur nach 1945, Antwerpen, 09.2010 im Aisthesis-Verlag). Bielefeld 2013.\r\n\u2022 Ilse Aichingers unheimliche Angst, in: Christa G\u00fcrtler, Irene Fussl, Ilse Aichinger: Behutsam k\u00e4mpfen, W\u00fcrzburg, 2013, S. 123\u2013133.\r\n\u2022 Zwei- und Mehrsprachigkeit in Zentraleuropa. Vorwort, in: Christoph Leitgeb, Andr\u00e1s Balogh: Zwei- und Mehrsprachigkeit in Zentraleuropa, Wien 2012. S. 4\u201311.\r\n\u2022 Ironie, Erinnerung und Geschichte, in: Andr\u00e1s F. Balogh, Helga Mitterbauer (Hg.), Ged\u00e4chtnis und Erinnerung in Zentraleuropa, Wien 2012, S. 45\u201357.\r\n\u2022 Die Unheimlichkeit des Roland Barthes, in: Angela Oster, Karin Peters (Hg.): Jenseits der Zeichen. Roland Barthes und die Widerspenstigkeit des Realen, M\u00fcnchen 2012, S. 159\u2013170.\r\n\u2022 Der Clown und die Grazie: Zur Transmedialit\u00e4t in Hofmannsthals \u201eSchwierigem\u201c. In: Sprachkunst <span class=\"caps\">XLI<\/span> (2010\/1), S. 3\u201316.\r\n\u2022 Zu einer Theorie des Zitats in den Kulturwissenschaften: \u201eZeigen\u201c, \u201eSagen\u201c und einige Fragen, in: Bjoern Tammen, Werner Telesko (Hg.), zitieren \u2013 gedenken \u2013 erinnern. Beitr\u00e4ge aus dem Zentrum Kulturforschungen der \u00d6sterreichischen Akademie der Wissenschaften, Wien 2010, S. 11\u201318.\r\n\u2022 Kommunikation \u2013 Ged\u00e4chtnis \u2013 Raum. Vorwort, in: Christoph Leitgeb, Moritz Cs\u00e1ky (Hg), Kommunikation \u2013 Ged\u00e4chtnis \u2013 Raum. Kulturwissenschaften nach dem \u201eSpatial Turn\u201c, Bielefeld 2009, S. 7\u201310.\r\n\u2022 Eine kleine Rhetorik des Schreibens \u00fcber das Altern, in: Irmgard Bohunovsky B\u00e4rnthaler (Hg.), Kunst ist gestaltete Zeit. \u00dcber das Altern, Klagenfurt, Wien 2007, S. 142\u2013164.\r\n\u2022 Anwendungen der Frame-Theorie in der \u00c4sthetik, mit Rahmen, in: Sprachkunst <span class=\"caps\">XXXVII<\/span> (2006\/2), S. 387\u2013394.\r\n\u2022 Ironie des Fremden: Die Kehrseite des Mythos Japan, in: Martin Kubaczek, Masahiko Tsuchiya (Hg.), Bevorzugt beobachtet. Zum Japanbild in der zeitgen\u00f6ssischen Literatur, M\u00fcnchen 2005, S. 110 \u2013 124.\r\n\u2022 Schwirren statt Schweben. Der ironische Tod \u00f6sterreichischer Fliegen, in: Gunther Martens, Clemens Ruthner, Jaak de Vos (Hg.), Musil anders. Neue Erkundungen eines interdiskursiven Autors (= Musiliana 11), Bern 2005, S. 111\u2013133.\r\n\u2022 Zur Rhetorik deutschsprachiger Haikus, in: Sprachkunst <span class=\"caps\">XXXV<\/span> (2004\/2), S. 303\u2013317.\r\n\u2022 Mit Richard Reichensperger: Von Textanalysen zur Literaturgeschichte. Studien zu einer Sprachstilgeschichte \u00f6sterreichischer Literatur: Grillparzer, Musil, in: Michael B\u00f6hler, Hans Otto Horch (Hg.), Kulturtopographie deutschsprachiger Literaturen. Perspektivierungen im Spannungsfeld von Integration und Differenz, T\u00fcbingen 2002, S. 87 \u2013 96.\r\n\u2022 Die konkrete Form der Ironie: Gebrochene Rahmen, in Sprachkunst <span class=\"caps\">XXXII<\/span> (2001\/1), S. 93\u2014 112.\r\n\u2022 Ironische Lebensl\u00e4ufe, in: Oswald Panagl, Walter Weiss (Hg.), Noch einmal: Dichtung und Politik. Vom Text zum politisch-sozialen Kontext, und zur\u00fcck, Wien 2000, S. 221\u2013236.\r\n\u2022 Abstrakte Mauern, konkrete Ideologie. Zur Hausmetaphorik Robert Musils, in: Marie-Louise Roth (Hg.), Neue Ans\u00e4tze zur Robert Musil Forschung (= Musiliana 5), Bern 1999, S. 109\u2013136.\r\n\u2022 Engelmann erinnert sich nicht nur an Wittgenstein: Nationalit\u00e4tenkampf, Assimilation und Philosophie in Olm\u00fctz nach dem Ersten Weltkrieg, in: Mitteilungen des Brenner Archivs 17 (1998), S. 32\u201346.\r\n\u2022 Grillparzers \u201eJugenderinnerungen im Gr\u00fcnen\u201c, in: Ulla Fix, Hans Wellmann (Hg.), Stile, Stilpr\u00e4gungen und ihr Wandel. \u00dcber Epochen-, Gattungs- und Autorenstile. Sprachwissenschaftliche Analysen und didaktische Konzepte, Heidelberg 1997, S. 331\u2013344.\r\n\u2022 Musils Metapher f\u00fcr moderne Zusammenh\u00e4nge: Ein \u201cGewebe\u201d, in: Differenzierung und Integration. Sprache und Literatur deutschsprachiger L\u00e4nder im Proze\u00df der Modernisierung. Abschlie\u00dfendes Berliner Gesamtsymposium an der Berlin-Brandenburgischen Akademie der Wissenschaften. 21.-24. 3. 1996, S. 69\u201373.\r\n\u2022 Mit Walter Weiss, Hans H\u00f6ller, Richard Reichensperger, Renate Langer: Studien zu einer Sprachstilgeschichte \u00f6sterreichischer Literatur (Grillparzer, Musil), in: Internationalit\u00e4t und Regionalit\u00e4t. Differenzierung und Integration. Sprache und Literatur deutschsprachiger L\u00e4nder im Proze\u00df der Modernisierung. Wiener Gesamtsymposium.2.-4.3.1994, S. 85\u201390.\r\n\u2022 Grillparzers Kloster bei Sendomir und Musils Tonka. Ein Sprachstilvergleich, in: Sprachkunst <span class=\"caps\">XXV<\/span> (1994\/2), S. 347\u2013371.\r\n\u2022 Musils \u201eFischer\u201c, Bunraku und \u201eInterkulturelle Germanistik\u201c, in: Studies in Language and Culture 18. Faculty of Language and Culture. Osaka University. 1992, S. 189\u2013200.\r\n\r\nDazu ca. 40 Rezensionen und kulturkritische Essays f\u00fcr die Kulturseite des \u201eStandard\u201c, darunter mehrere ganzseitige f\u00fcr die Wochenendbeilage \u201eAlbum\u201c (u.a. zu Oswald Egger, Robert Walser, Elfriede Jelinek, Hannah Arendt, Karoline von G\u00fcnderrode, Wolfgang Koeppen, Henri Michaux, Franz Schuh, Robert Musil, Yisang, Thomas Mann, Hans-Christian Andersen, Elias Canetti, Erinnerungsjahr 2005, Die Sprache des Lexikons, Thomas Raab, Malik-Verlag, Karl-Markus Gau\u00df, Julia Schoch, Vidiadhar S. Naipaul, Robert Schneider, Gert Jonke, Ernst Broch, Slavoi Zizek, Cees Nooteboom, Ernst Jandl, Michel Houellebecq, Eva Hoffman, Hikaru Okuizumi, Peter Handke, Gerhard R\u00fchm, Dieter Forte, S\u0142awomir Mro\u017cek, Gert Ledig.","_links":{"self":[{"href":"https:\/\/www.viennavant.at\/en\/wp-json\/wp\/v2\/staff-member\/2209","targetHints":{"allow":["GET"]}}],"collection":[{"href":"https:\/\/www.viennavant.at\/en\/wp-json\/wp\/v2\/staff-member"}],"about":[{"href":"https:\/\/www.viennavant.at\/en\/wp-json\/wp\/v2\/types\/staff-member"}],"wp:attachment":[{"href":"https:\/\/www.viennavant.at\/en\/wp-json\/wp\/v2\/media?parent=2209"}],"wp:term":[{"taxonomy":"staff-member-category","embeddable":true,"href":"https:\/\/www.viennavant.at\/en\/wp-json\/wp\/v2\/staff-member-category?post=2209"}],"curies":[{"name":"wp","href":"https:\/\/api.w.org\/{rel}","templated":true}]}}