{"id":2207,"date":"2016-12-14T11:20:21","date_gmt":"2016-12-14T11:20:21","guid":{"rendered":"http:\/\/viennavant.cloud.d2mc.com\/?post_type=staff-member&#038;p=2207"},"modified":"2024-06-05T20:17:51","modified_gmt":"2024-06-05T20:17:51","slug":"helga-koecher","status":"publish","type":"staff-member","link":"https:\/\/www.viennavant.at\/en\/staff-members\/helga-koecher\/","title":{"rendered":"Helga K\u00f6cher"},"content":{"rendered":"\r\n \r\n<div class=\"staff-member\">\r\n\r\n\t<!-- Featured Image -->\r\n\t\t\t\t\t\t\r\n\t<div class=\"staff-member-right\">\r\n\t\t\t\t\r\n\t\t \r\n\t\t\t<p class=\"staff-member-title\">Projektmanagement und Social Arts, Schriftf\u00fchrerin ViennAvant<\/p>\r\n\t\t\t\t\r\n\t\t\r\n\t\t   \r\n\t\t\t<div class=\"staff-member-bio\"> \r\n\t\t\t\t<p><a href=\"http:\/\/www.viennavant.at\/wp-content\/uploads\/hkoecher.jpg\" target=\"_blank\" rel=\"noopener noreferrer\"><img loading=\"lazy\" decoding=\"async\" class=\"alignleft wp-image-927 size-medium\" src=\"http:\/\/www.viennavant.at\/wp-content\/uploads\/hkoecher-300x199.jpg\" width=\"300\" height=\"199\" srcset=\"https:\/\/www.viennavant.at\/wp-content\/uploads\/hkoecher-300x199.jpg 300w, https:\/\/www.viennavant.at\/wp-content\/uploads\/hkoecher.jpg 640w\" sizes=\"auto, (max-width: 300px) 100vw, 300px\" \/><\/a><\/p>\n<p>Social Arts<br \/>\nProjektmanagement<br \/>\nSchriftf\u00fchrerin ViennAvant<\/p>\n<p>&nbsp;<\/p>\n<p>&nbsp;<\/p>\n<p><br style=\"clear:both;\"><\/p>\n<p><strong>Website:<\/strong><\/p>\n<p><a href=\"http:\/\/www.eop.at\/datenbank\/personen\/hkoecher\/\">http:\/\/www.eop.at\/datenbank\/personen\/hkoecher\/<\/a><\/p>\n<p><strong>Forschungsschwerpunkte und Interessensspektrum:<\/strong><\/p>\n<p>\u2022 Bildung horizontaler Strukturen<br \/>\n\u2022 Soziale Skulptur und Gruppenprozesse<br \/>\n\u2022 Digitale und analoge Kommunikationsstrukturen<br \/>\n\u2022 Innovationsforschung<br \/>\n\u2022 Konzipierung interdisziplin\u00e4rer Kommunikations- und Forschungssettings<br \/>\n\u2022 Wissensmanagement<\/p>\n<p><strong>Curriculum vitae<\/strong><\/p>\n<p>\u2022 Geboren 1941 in Waidhofen\/Ybbs<br \/>\n\u2022 1956 \u2013 1958 Malstudium bei ihrem Gro\u00dfonkel Oskar Kokoschka<br \/>\n\u2022 1959 Matura<br \/>\n\u2022 1960 Heirat. 4 Kinder<br \/>\n\u2022 1973\u20131976 Gr\u00fcndung des gesellschaftpolitischen Netzwerks \u201eMut zur Demokratie\u201c, Konzeption und Organisation zahlreicher Diskussionsveranstaltungen und Wochenendseminare<br \/>\n\u2022 1973 \u2013 1975 Europ\u00e4isches Forum Alpbach, Teilnahme an Seminaren Soziologie, Club of Rome, Psychologie und Management<br \/>\n\u2022 1976 \u2013 1978 Redakteurin N\u00d6N<br \/>\n\u2022 1978 Trennt sich aus ihrer Ehe und \u00fcbersiedelt mit ihren 4 Kindern nach Wien, arbeitet in Galerien und veranstaltet Kunstparties mit Ausstellungen in ihrer Wohnung<br \/>\n\u2022 1980 \u2013 1998 Angestellte bei Esso Austria AG (Public Relations, Marketing Research, Controlling, Marketing, Werbung)<br \/>\n\u2022 1980 \u2013 1986 \u00d6sterreichkorrespondentin der Kunstzeitschriften Kunstforum international, du, Flash Art, Artefactum. Intensive Publikationst\u00e4tigkeit. Freundschaft mit Willi Bongard, Kiki Kogelnik, Hannah Wilke, Joseph Beuys, Francesco Conz und Teilnahme an Fluxus-Events, enge Kontakte mit Maria Lassnig,\u00a0 Arnulf Rainer, Marc Adrian, Oswald Wiener, Hermann Nitsch, Richard Demarco, Linda Christanell, Keith Haring, Werner Schmalenbach u.a.<br \/>\n\u2022 Seit 1992 Besch\u00e4ftigung mit Kulturwissenschaft in Vortr\u00e4gen und Tagungen des IFK, des IWM, des Instituts Wiener Kreis und des IKW<br \/>\n\u2022 1999 Beginn intensiver Vernetzungst\u00e4tigkeit im Verst\u00e4ndnis der \u201eSozialen Skulptur\u201c zwischen Kunst- und Kulturschaffenden verschiedener Disziplinen, WissenschaftlerInnen und NGOs<br \/>\n\u2022 1999 &#8211; 2001 Konzeption, Kuratierung und Organisation des Diskursprojekts \u201e<a href=\"https:\/\/www.eop.at\/hkoecher_brueckenfuerdenfrieden\/\">Br\u00fccken f\u00fcr den Frieden<\/a>\u201c mit 54 \u00f6ffentlichen Veranstaltungen.<br \/>\n\u2022 Kuratierung und Organisation des ersten Open Spaces im \u00f6ffentlichen Raum weltweit im Volksgarten rund um den Theseustempel (dokumentiert: Florian Fischer und Erich Kolenaty: Open Space in Open Air. Abschlussveranstaltung des Sommer-Open-Air-Forums &#8220;Br\u00fccken f\u00fcr den Frieden&#8221; im Volksgarten in Wien. In &#8220;Open Space in der Praxis&#8221;, hrsg. von Caroline Maleh, S.42ff: Weinheim\/Basel: Beltz 2002.)<br \/>\n\u2022 2000 Initiierung der Gr\u00fcndung der Attac \u00d6sterreich<br \/>\n\u2022 2002 T\u00e4tigkeit als Kuratorin und Moderatorin im zivilgesellschaftlichen Bereich<br \/>\n\u2022 2002 Konzeption des transdisziplin\u00e4ren Netzwerks \u201e<a href=\"https:\/\/www.eop.at\/\">Emergence of Projects (eop)<\/a>\u201c als Bottom up funktionierendes &#8220;soziales Netzwerk&#8221;.<br \/>\n\u2022 2003 Gr\u00fcndung des bis jetzt bestehenden Netzwerks &#8220;Emergence of Projects (eop)&#8221; zur Untersuchung der Entwicklung horizontaler Strukturen durch Kooperation in gemeinsamen Projekten. Pr\u00e4sentationen im In- und Ausland, Entwicklung und Begleitung zahlreicher Projekte, Veranstaltungen, Ausstellungen, Workshops, Videos, Kommunikations- und Pr\u00e4sentationsformate, Konzeption der Homepage <a href=\"http:\/\/www.eop.at\">www.eop.<br \/>\n<\/a>\u2022 2004 &#8211; 2008 intensiv beteiligt an <a href=\"https:\/\/en.wikipedia.org\/wiki\/Netznetz\">netznetz<\/a> , dem Basis-organisierten F\u00f6rdermodell der Stadt Wien f\u00fcr digitale Netzkultur<br \/>\n\u2022 2005 Beginn der Projektentwicklung des Netzwerks zur Erforschung der Wiener Avantgarden ViennAvant, angeregt durch einen Jour fixe in der \u00d6sterr. Akademie der Wissenschaften<br \/>\n\u2022 2006 Mitgr\u00fcndung des Vereins ViennAvant zur Erforschung der Wiener Avantgarden. Seither im Vorstand und Schriftf\u00fchrerin, Organisation von Treffen und Veranstaltungen, Erstellung eines umfangreichen monatlichen Newsletters zu avantgarderelevanten Events und Aktivit\u00e4ten<br \/>\n\u2022 2008 Mitarbeit am Aufbau eines gesamt\u00f6sterreichischen Avantgardeforschungsnetzwerks f\u00fcr die Einreichung der <span class=\"caps\">FWF<\/span>-Ausschreibung <span class=\"caps\">NIKE (Netzwerk Kulturelles Erbe), Kalkulation f\u00fcr unseren Einreicher<\/span> Wendelin Schmidt-Dengler. Durch seinen pl\u00f6tzlichen Tod, die darauffolgende Regierungskrise, gefolgt von der Finanzkrise wurde NIKE leider ersatzlos gecancelt.<br \/>\n\u2022 2009 Konzeption und Aufbau der Homepage <a href=\"http:\/\/www.www.viennavant.at\">www.viennavant.at<\/a><br \/>\n\u2022\u00a0Mitarbeit an der\u00a0inhaltlichen Konzeption des ViennAvant-Symposiums <a href=\"http:\/\/www.viennavant.at\/?page_id=2261\"><u><span style=\"color: #0066cc;\">Teststrecke Kunst. Wiener Avantgarden nach 1945<\/span><\/u><\/a> in der \u00d6sterreichischen Akademie der Wissenschaften. Kalkulation, Auswahl\u00a0und Anfragen der Teilnehmer_innen\u00a0und Organisation des Symposiums. &#8211; Podiumsbeitrag bei einer begleitenden Veranstaltung der Wiener Vorlesungen<br \/>\n\u2022 Seit 2009 Aufbau und kontinuierliche Betreuung einer Webpr\u00e4senz in Facebook f\u00fcr die beiden Netzwerke eop und viennAvant.<br \/>\n\u2022 Seit 2009 Herausgabe eines umfangreichen monatlichen Newsletters f\u00fcr die Mitglieder des ViennAvant-Netzwerks mit der Information ihrer Aktivit\u00e4ten (Publikationen, Vortr\u00e4ge, Konferenzteilnahmen, Moderationen) sowie Ank\u00fcndigung avantgarderelevanter CfPs und Events.<br \/>\n\u2022 Seit 2010 Organisation und Dokumentation zahlreicher ViennAvant-<a href=\"http:\/\/www.viennavant.at\/?page_id=2490\">Archivgespr\u00e4che<\/a> und weiterer Veranstaltungen der <a href=\"http:\/\/www.viennavant.at\/?cat=7\">ViennAvant-Gespr\u00e4chsreihe<\/a><br \/>\n\u2022 2014 Ausschreibung und Konzeptentwicklung zum Themenkomplex \u201eHumor in den K\u00fcnsten der Wiener Avantgarde\u201c, Bildung und Begleitung eines interdisziplin\u00e4ren Panelteams zur dieser Thematik f\u00fcr die <a href=\"http:\/\/www.viennavant.at\/?cat=55\">4. <span class=\"caps\">EAM<\/span>-Konferenz \u2018UTOPIA\u2019 in Helsinki<\/a> und Organisation und Administration der Subventionen daf\u00fcr.<br \/>\n\u2022 Entwicklung eines Konzepts zur interdisziplin\u00e4ren Vernetzung europ\u00e4ischer Wissenschaftlerinnen und Wissenschaftler. Konzeption und Organisation eines von der Universit\u00e4t f\u00fcr Angewandte Kunst gehosteten Kick Off Meetings <a href=\"http:\/\/eop.at\/datenbank\/projekte\/europawirklichkeitundvision\/researchinginneoliberalconditions\/\">Researching in neoliberal conditions<\/a> mit Wissenschaftler_innen und Kreativen<br \/>\n\u2022 2015 Mitarbeit an der Konzeption und Organisation der <a href=\"http:\/\/www.viennavant.at\/?cat=1\">Multidisziplin\u00e4re Ringvorlesung <span class=\"caps\">AVANTGARDE<\/span>. <span class=\"caps\">DYNAMISIERUNG<\/span> <span class=\"caps\">DER<\/span> K\u00dcNSTE im Sommersemester 2015<\/a><br \/>\n\u2022 Initiierung, Vorbereitung und Mitorganisation einer Pressekonferenz von Wiener Kunst- und Kulturschaffenden und deren Interessensvertretungen im <span class=\"caps\">WUK<\/span> <a href=\"http:\/\/eop.at\/datenbank\/projekte\/pk\/\">Eine andere Kulturpolitik ist n\u00f6tig<\/a><br \/>\n\u2022 2018: Koordination des politisch-k\u00fcnstlerischen Projekts &#8220;<a href=\"https:\/\/bibliothek.univie.ac.at\/events\/013414.html\">1000-j\u00e4hrige Bibliothek \u2013 die Sprache pr\u00fcfen<\/a>&#8220;: Vermittlungstext f\u00fcr die Ausstellung Hannes Priesch, die sich mit dem Themengebiet Sprache und Politik anhand von Hitlers Mein Kampf auseinandersetzt. Verortung der Ausstellung in der Fachbereichsbibliothek Soziologie und Politikwissenschaft, \u00a0Besetzung der SchauspielerInnen f\u00fcr die Lesung der Texte und Mitarbeit bei der Koordination der Vortragsreihe mit den Instituten f\u00fcr Politikwissenschaft, Zeitgeschichte und Staatswissenschaft.<br \/>\n\u2022 2019 Konzeption und Organisation einer Tagung &#8220;Wiener Netzwerke 1920 &#8211; 1970 &#8211; 2020&#8221; im mumok -Museum Moderner Kunst Stiftung Ludwig Wien mit 17 Wissenschaftlerinnen und Wissenschaftlern aus 9 verschiedenen Disziplinen. <a style=\"background-color: #ffffff;\" href=\"https:\/\/www.viennavant.at\/tagung-wiener-netzwerke-1920-1970-2020\/\">https:\/\/www.viennavant.at\/tagung-wiener-netzwerke-1920-1970-2020\/<\/a><br \/>\n\u2022 \u00dcbernahme des Vorlasses von Helga K\u00f6cher durch die Sammlungen des Landes Nieder\u00f6sterreich \/ Donau Universit\u00e4t Krems &#8211; inzwischen Archiv der Zeitgenossen <a href=\"https:\/\/www.archivderzeitgenossen.at\/das-archiv\/.\">https:\/\/www.archivderzeitgenossen.at\/das-archiv\/.<\/a><br \/>\n\u2022 Konzeption und Organisation eines interdisziplin\u00e4ren Werkstattgespr\u00e4chs &#8220;Apokalypsen, Utopien, Avantgarden&#8221;, nach mehreren Corona bedingten Verschiebungen 2021 im Q21 des Museumsquartiers Wien <a href=\"https:\/\/www.viennavant.at\/category\/gespraechsreihe\/\">https:\/\/www.viennavant.at\/category\/gespraechsreihe\/<br \/>\n<\/a>\u2022 Initiierung und Organisation der Gespr\u00e4chsreihe <a href=\"https:\/\/www.viennavant.at\/interdisziplinaerer-diskurs\/4700-2\/\">&#8220;Offene Sprache&#8221;<\/a> mit 6 Gruppengespr\u00e4chen zu Cancelling und Wokeness in der \u00d6sterreichischen Gesellschaft f\u00fcr Literatur von November 2022 bis Oktober 2023.<br \/>\n\u2022 Seit J\u00e4nner 2024 Aufbau und Organisation einer weiteren Gespr\u00e4chsreihe &#8220;Offene Sprache neu&#8221; zur Frage \u201eWas braucht eine Sprache, damit Verst\u00e4ndigung zwischen Menschen unterschiedlicher Meinungen m\u00f6glich wird?\u201c<\/p>\n<p><strong>Publikationen<\/strong><\/p>\n<p><strong>Buchbeitr\u00e4ge<\/strong><br \/>\n\u2022 \u201eMut zur Avantgarde\u201c, Impulsreferat zur Podiumsdiskussion \u201eAvantgarde \u2013 Epoche, Prinzip, Aktualit\u00e4t?\u201c im Rahmen der Wiener Vorlesungen, 21.10.2009. Druckfassung f\u00fcr den Symposiumsband \u201cTeststrecke Kunst. Wiener Avantgarden nach 1945\u201d. Elisabeth Gro\u00dfegger und Sabine M\u00fcller (Hg.) <span class=\"caps\">ISBN<\/span> 978 3 85449 368 6, Sonderzahl-Verlag<br \/>\n\u2022 \u201cEine Stadt besteht ja nicht nur aus H\u00e4usern, Stra\u00dfen und Denkm\u00e4lern, sondern vor allem aus Menschen\u201d, in \u201cProzesshafte und diskursbasierte Kunst im st\u00e4dtischen Raum\u201d in: CITY_SYSTEMS_S Betrachtungen Strukturen Interventionen Gespr\u00e4che. Angela Heide, Pamela Bartar (Hrsg.) <span class=\"caps\">ART<\/span> <span class=\"caps\">MINUTES<\/span> <span class=\"caps\">PUBLISHING<\/span>, Wien 2009, <span class=\"caps\">ISBN<\/span> 978\u20133\u20139502711\u20130\u20132<br \/>\n\u2022 Wollen wir wirklich alle Gewalt? in: Friede braucht Bewegung. Analysen und Perspektiven der Friedensbewegung in \u00d6sterreich. Andreas Pecha, Thomas Roithner, Thomas Walter (Hrsg.) Verlag Th. Roithner, Wien 2002.<\/p>\n<p><strong>Katalogtexte<\/strong><br \/>\n\u2022 \u201cEin Spiegel f\u00fcr den Basilisken\u201d, Katalogtext zur Ausstellung G\u00fcnter Brus, Ballungstr\u00e4ume, Galerie Thadd\u00e4us Ropac. Salzburg 1987<\/p>\n<p><strong>Kunstkritiken (Auswahl)<\/strong><br \/>\n\u2022 Kunstforum International Nr. 60, April 1983: Kunstbrief aus Wien. Leben danach, Galerie Pakesch<br \/>\n\u2022 Kunstforum International Nr. 63\/64, Juli\/Aug. 1983: Just What is It that Makes an Exhibition so Different, so Appealing. Guggenheim NY<br \/>\n\u2022 Kunstforum International Nr. 66, Okt. 1983: Br\u00fcche in die Zukunft. Franz Wanner, Galerie Pakesch<br \/>\n\u2022 Kunstforum International Nr. 66, Okt. 1983: Hubert Schmalix, Galerie n\u00e4chst St. Stephan<br \/>\n\u2022 Kunstforum International Nr. 67, Nov. 1983: Die Kontinentalverschiebung des Rituellen<br \/>\n\u2022 Kunstforum International Kunstforum International Nr. 69, Feb. 1984: Hubert Scheibl, Von der Wirklichkeit des Traums, Galerie Hubert Winter, Wien<br \/>\n\u2022 Kunstforum International Nr. 69, Feb. 1984: Brigitte Kowanz \u2013 Franz Graf, Galerie n\u00e4chst St. Stephan, Wien<br \/>\n\u2022 Kunstforum International Nr. 70, M\u00e4rz 1984: Brief aus Mailand<br \/>\n\u2022 Kunstforum International Nr. 70, M\u00e4rz 1984: Dora Maurer, Raumkonzept Schlo\u00df Buchberg, Sammlung Dieter und Gertraud Bogner<br \/>\n\u2022 Kunstforum International Nr. 71\/72, April\/Mai 1984: Richard Tuttle \u201cDrawing Books\u201d, Galerie Hubert Winter, Wien<br \/>\n\u2022 Kunstforum International Nr. 73\/74, Juni\/Aug. 1984: Hermann Nitsch \u2013 Das Orgien Mysterien Theater. 80. Aktion auf Schloss Prinzendorf<br \/>\n\u2022 Kunstforum International Nr. 73\/74, Juni\/Aug. 1984: Brief aus Mailand<br \/>\n\u2022 Kunstforum International Nr. 73\/74, Juni\/Aug. 1984: Brief aus Wien<br \/>\n\u2022 Kunstforum International Nr. 75, Sept.\/Okt. 1984: Per Kirkeby, \u00d6le und Gouachen, Galerie Thadd\u00e4us Ropac, Salzburg<br \/>\n\u2022 Kunstforum International Nr. 75, Sept.\/Okt. 1984: Die <span class=\"caps\">REM<\/span>-Zeit ist ausgerufen. Hannes Priesch im \u201cREM\u201d und im Museum des 20. Jhdts.<br \/>\n\u2022 Kunstforum International Nr. 81, Okt.\/Nov. 1985: Brief aus Salzburg<br \/>\n\u2022 Flash Art M\u00e4rz 1983 Arnulf Rainer, Fingermalereien<br \/>\n\u2022 Kunstwerk 2\/1982 Schauplatz New York<br \/>\n\u2022 du 9\/1980 Selbstgestaltung wird Weltgestaltung. Maria Lassnig zur\u00fcck in Wien<br \/>\n\u2022 du 1\/1981 Der neue Mann in Frankfurt. Peter Weiermair<br \/>\n\u2022 du 2\/1981 Faszination Objekt<br \/>\n\u2022 du 7\/1981 K\u00fche auf dem Dach. Das Hundertwasser-Haus<br \/>\n\u2022 du 9\/1981 Schweizer Kunst macht in \u00d6sterreich Furore<br \/>\n\u2022 du 7\/1982 Der Zeit ihre Kunst, der Kunst ihre Freiheit. Zur Museumssituation in \u00d6sterreich<br \/>\n\u2022 du 9\/1982 Und das Wort ist Fleisch geworden. \u201cK\u00f6rperzeichen: \u00d6sterreich\u201d<br \/>\n\u2022 du 11\/1982 Keine Angst vorm Schwarzen Mann. Richard Hambleton<br \/>\n\u2022 du 1\/1983 Der intellektuelle Triebst\u00f6r. Christian Ludwig Attersee<br \/>\n\u2022 du 2\/1983 Der ausgegrabene Fr\u00fchling. Die Costakis-Sammlung begeistert die <span class=\"caps\">USA<\/span><br \/>\n\u2022 du 3\/1983 Kunst als Brennspiegel. Die Albertina Wien<br \/>\n\u2022 du 6\/1983 Anders sind wir unerreichbar. Arnulf Rainer Hiroshima-Bilder. Kunstmuseum Hannover<br \/>\n\u2022 du 7\/1983 T\u00fcrken-Sommer in Wien<br \/>\n\u2022 du 8\/1983 Die Sandwich Generation. Soll und Haben-Bilanz des Guggenheim Museums<br \/>\n\u2022 du 9\/1983 Der Mut zur g\u00f6ttlichen Nutzlosigkeit. Raffael-Ausstellung in der Albertina<br \/>\n\u2022 du 12\/1983 Walter Pichler, Skulpturen, Geb\u00e4ude, Projekte<br \/>\n\u2022 du 2\/1984 Photographie in \u00d6sterreich<br \/>\n\u2022 du 5\/1984 Das Cimabue-Kreuz auf Welttournee<br \/>\n\u2022 du 6\/1984 Brief aus Wien<br \/>\n\u2022 du 9\/1984 R\u00fcckblick auf die Biennale<br \/>\n\u2022 du 10\/1984 Dossier: Sommerakademie Salzburg<br \/>\n\u2022 du 5\/1985 Tier und Pflanzenstudien der D\u00fcrer-Zeit<br \/>\n\u2022 du 6\/1985 Wien 1870 \u2013 1930. \u201cTraum und Wirklichkeit\u201d Konzept, Gesamtorganisation und Lay Out der Ausgabe. Text \u201cDas Geheimnis des blauen Zimmers\u201d<br \/>\n\u2022 du 2\/1986 Brief aus Wien<br \/>\n\u2022 du 6\/1986 Ein Staat namens Kugelmugel<br \/>\n\u2022 du 7\/1986 Brief aus Spanien<br \/>\n\u2022 du 4\/1987 \u201cHypnerotomachia Poliphili\u201d \u2013 ein Traum von Liebe. Zur Daniel Spoerri-Ausstellung in Wien.<br \/>\n\u2022 Artefactum 1983, Richard Tuttle, \u201cDrawing Books, Galerie Hubert Winter, Wien<br \/>\n\u2022 Artefactum 1\/1984 Die Eroberung Jerusalems. Hermann Nitsch<br \/>\n\u2022 Artefactum 2\/1984 Geschichte der \u00d6sterreichischen Fotografie<br \/>\n\u2022 Artefactum 3\/1984 Oswald Oberhuber. Paradiesgarten. Galerie n\u00e4chst St. Stephan<br \/>\n\u2022 Artefactum 3\/1984, Hans Nevidal, Genie zwischendurch, Akademie der Bildenden Kunst, Wien<br \/>\n\u2022 Artefactum 4\/1984 Dasein Dargestellt. Helmut Schober. Zwischenbereiche. Museum des 20. Jhdts., Wien<br \/>\n\u2022 Artefactum 4\/1984, Heinz Frank. Objekte. Galerie Hubert Winter, Wien<br \/>\n\u2022 Artefactum 5\/1984 Neues Architekturmuseum in Basel<br \/>\n\u2022 Artefactum 5\/1984 Heidi Stumrauch, Kate Blacker, Jean-Luc Vilmouth, Galerie Grita Insam<br \/>\n\u2022 Artefactum 1985, Richard Hambleton, Galleria Salvatore Ala, Mailand<\/p>\n\t\t\t<\/div>\t\t\r\n\t\t\t<br \/>\r\n\t\t\t\t\r\n\t\t<!-- Only show Mailing Address and Contact Info in single view -->\r\n\t\t\t<\/div>\r\n<\/div>","protected":false},"featured_media":0,"menu_order":0,"template":"","meta":[],"staff-member-category":[68],"class_list":["post-2207","staff-member","type-staff-member","status-publish","hentry","staff-member-category-members"],"translation":{"provider":"WPGlobus","version":"3.0.2","language":"en","enabled_languages":["de","en"],"languages":{"de":{"title":true,"content":true,"excerpt":false},"en":{"title":false,"content":false,"excerpt":false}}},"metadata":{"first_name":["Helga"],"last_name":["K\u00f6cher"],"title":["Projektmanagement und Social Arts, Schriftf\u00fchrerin ViennAvant"],"phone":["Project management and social arts, secretary of ViennAvant"]},"featured_image_src":false,"bio":"<a href=\"http:\/\/www.viennavant.at\/wp-content\/uploads\/hkoecher.jpg\" target=\"_blank\" rel=\"noopener noreferrer\"><img class=\"alignleft wp-image-927 size-medium\" src=\"http:\/\/www.viennavant.at\/wp-content\/uploads\/hkoecher-300x199.jpg\" width=\"300\" height=\"199\" \/><\/a>\r\n\r\nSocial Arts\r\nProjektmanagement\r\nSchriftf\u00fchrerin ViennAvant\r\n\r\n&nbsp;\r\n\r\n&nbsp;\r\n\r\n<br style=\"clear:both;\">\r\n\r\n<strong>Website:<\/strong>\r\n\r\n<a href=\"http:\/\/www.eop.at\/datenbank\/personen\/hkoecher\/\">http:\/\/www.eop.at\/datenbank\/personen\/hkoecher\/<\/a>\r\n\r\n<strong>Forschungsschwerpunkte und Interessensspektrum:<\/strong>\r\n\r\n\u2022 Bildung horizontaler Strukturen\r\n\u2022 Soziale Skulptur und Gruppenprozesse\r\n\u2022 Digitale und analoge Kommunikationsstrukturen\r\n\u2022 Innovationsforschung\r\n\u2022 Konzipierung interdisziplin\u00e4rer Kommunikations- und Forschungssettings\r\n\u2022 Wissensmanagement\r\n\r\n<strong>Curriculum vitae<\/strong>\r\n\r\n\u2022 Geboren 1941 in Waidhofen\/Ybbs\r\n\u2022 1956 \u2013 1958 Malstudium bei ihrem Gro\u00dfonkel Oskar Kokoschka\r\n\u2022 1959 Matura\r\n\u2022 1960 Heirat. 4 Kinder\r\n\u2022 1973\u20131976 Gr\u00fcndung des gesellschaftpolitischen Netzwerks \u201eMut zur Demokratie\u201c, Konzeption und Organisation zahlreicher Diskussionsveranstaltungen und Wochenendseminare\r\n\u2022 1973 \u2013 1975 Europ\u00e4isches Forum Alpbach, Teilnahme an Seminaren Soziologie, Club of Rome, Psychologie und Management\r\n\u2022 1976 \u2013 1978 Redakteurin N\u00d6N\r\n\u2022 1978 Trennt sich aus ihrer Ehe und \u00fcbersiedelt mit ihren 4 Kindern nach Wien, arbeitet in Galerien und veranstaltet Kunstparties mit Ausstellungen in ihrer Wohnung\r\n\u2022 1980 \u2013 1998 Angestellte bei Esso Austria AG (Public Relations, Marketing Research, Controlling, Marketing, Werbung)\r\n\u2022 1980 \u2013 1986 \u00d6sterreichkorrespondentin der Kunstzeitschriften Kunstforum international, du, Flash Art, Artefactum. Intensive Publikationst\u00e4tigkeit. Freundschaft mit Willi Bongard, Kiki Kogelnik, Hannah Wilke, Joseph Beuys, Francesco Conz und Teilnahme an Fluxus-Events, enge Kontakte mit Maria Lassnig,\u00a0 Arnulf Rainer, Marc Adrian, Oswald Wiener, Hermann Nitsch, Richard Demarco, Linda Christanell, Keith Haring, Werner Schmalenbach u.a.\r\n\u2022 Seit 1992 Besch\u00e4ftigung mit Kulturwissenschaft in Vortr\u00e4gen und Tagungen des IFK, des IWM, des Instituts Wiener Kreis und des IKW\r\n\u2022 1999 Beginn intensiver Vernetzungst\u00e4tigkeit im Verst\u00e4ndnis der \u201eSozialen Skulptur\u201c zwischen Kunst- und Kulturschaffenden verschiedener Disziplinen, WissenschaftlerInnen und NGOs\r\n\u2022 1999 - 2001 Konzeption, Kuratierung und Organisation des Diskursprojekts \u201e<a href=\"https:\/\/www.eop.at\/hkoecher_brueckenfuerdenfrieden\/\">Br\u00fccken f\u00fcr den Frieden<\/a>\u201c mit 54 \u00f6ffentlichen Veranstaltungen.\r\n\u2022 Kuratierung und Organisation des ersten Open Spaces im \u00f6ffentlichen Raum weltweit im Volksgarten rund um den Theseustempel (dokumentiert: Florian Fischer und Erich Kolenaty: Open Space in Open Air. Abschlussveranstaltung des Sommer-Open-Air-Forums \"Br\u00fccken f\u00fcr den Frieden\" im Volksgarten in Wien. In \"Open Space in der Praxis\", hrsg. von Caroline Maleh, S.42ff: Weinheim\/Basel: Beltz 2002.)\r\n\u2022 2000 Initiierung der Gr\u00fcndung der Attac \u00d6sterreich\r\n\u2022 2002 T\u00e4tigkeit als Kuratorin und Moderatorin im zivilgesellschaftlichen Bereich\r\n\u2022 2002 Konzeption des transdisziplin\u00e4ren Netzwerks \u201e<a href=\"https:\/\/www.eop.at\/\">Emergence of Projects (eop)<\/a>\u201c als Bottom up funktionierendes \"soziales Netzwerk\".\r\n\u2022 2003 Gr\u00fcndung des bis jetzt bestehenden Netzwerks \"Emergence of Projects (eop)\" zur Untersuchung der Entwicklung horizontaler Strukturen durch Kooperation in gemeinsamen Projekten. Pr\u00e4sentationen im In- und Ausland, Entwicklung und Begleitung zahlreicher Projekte, Veranstaltungen, Ausstellungen, Workshops, Videos, Kommunikations- und Pr\u00e4sentationsformate, Konzeption der Homepage <a href=\"http:\/\/www.eop.at\">www.eop.\r\n<\/a>\u2022 2004 - 2008 intensiv beteiligt an <a href=\"https:\/\/en.wikipedia.org\/wiki\/Netznetz\">netznetz<\/a> , dem Basis-organisierten F\u00f6rdermodell der Stadt Wien f\u00fcr digitale Netzkultur\r\n\u2022 2005 Beginn der Projektentwicklung des Netzwerks zur Erforschung der Wiener Avantgarden ViennAvant, angeregt durch einen Jour fixe in der \u00d6sterr. Akademie der Wissenschaften\r\n\u2022 2006 Mitgr\u00fcndung des Vereins ViennAvant zur Erforschung der Wiener Avantgarden. Seither im Vorstand und Schriftf\u00fchrerin, Organisation von Treffen und Veranstaltungen, Erstellung eines umfangreichen monatlichen Newsletters zu avantgarderelevanten Events und Aktivit\u00e4ten\r\n\u2022 2008 Mitarbeit am Aufbau eines gesamt\u00f6sterreichischen Avantgardeforschungsnetzwerks f\u00fcr die Einreichung der <span class=\"caps\">FWF<\/span>-Ausschreibung <span class=\"caps\">NIKE (Netzwerk Kulturelles Erbe), Kalkulation f\u00fcr unseren Einreicher<\/span> Wendelin Schmidt-Dengler. Durch seinen pl\u00f6tzlichen Tod, die darauffolgende Regierungskrise, gefolgt von der Finanzkrise wurde NIKE leider ersatzlos gecancelt.\r\n\u2022 2009 Konzeption und Aufbau der Homepage <a href=\"http:\/\/www.www.viennavant.at\">www.viennavant.at<\/a>\r\n\u2022\u00a0Mitarbeit an der\u00a0inhaltlichen Konzeption des ViennAvant-Symposiums <a href=\"http:\/\/www.viennavant.at\/?page_id=2261\"><u><span style=\"color: #0066cc;\">Teststrecke Kunst. Wiener Avantgarden nach 1945<\/span><\/u><\/a> in der \u00d6sterreichischen Akademie der Wissenschaften. Kalkulation, Auswahl\u00a0und Anfragen der Teilnehmer_innen\u00a0und Organisation des Symposiums. - Podiumsbeitrag bei einer begleitenden Veranstaltung der Wiener Vorlesungen\r\n\u2022 Seit 2009 Aufbau und kontinuierliche Betreuung einer Webpr\u00e4senz in Facebook f\u00fcr die beiden Netzwerke eop und viennAvant.\r\n\u2022 Seit 2009 Herausgabe eines umfangreichen monatlichen Newsletters f\u00fcr die Mitglieder des ViennAvant-Netzwerks mit der Information ihrer Aktivit\u00e4ten (Publikationen, Vortr\u00e4ge, Konferenzteilnahmen, Moderationen) sowie Ank\u00fcndigung avantgarderelevanter CfPs und Events.\r\n\u2022 Seit 2010 Organisation und Dokumentation zahlreicher ViennAvant-<a href=\"http:\/\/www.viennavant.at\/?page_id=2490\">Archivgespr\u00e4che<\/a> und weiterer Veranstaltungen der <a href=\"http:\/\/www.viennavant.at\/?cat=7\">ViennAvant-Gespr\u00e4chsreihe<\/a>\r\n\u2022 2014 Ausschreibung und Konzeptentwicklung zum Themenkomplex \u201eHumor in den K\u00fcnsten der Wiener Avantgarde\u201c, Bildung und Begleitung eines interdisziplin\u00e4ren Panelteams zur dieser Thematik f\u00fcr die <a href=\"http:\/\/www.viennavant.at\/?cat=55\">4. <span class=\"caps\">EAM<\/span>-Konferenz \u2018UTOPIA\u2019 in Helsinki<\/a> und Organisation und Administration der Subventionen daf\u00fcr.\r\n\u2022 Entwicklung eines Konzepts zur interdisziplin\u00e4ren Vernetzung europ\u00e4ischer Wissenschaftlerinnen und Wissenschaftler. Konzeption und Organisation eines von der Universit\u00e4t f\u00fcr Angewandte Kunst gehosteten Kick Off Meetings <a href=\"http:\/\/eop.at\/datenbank\/projekte\/europawirklichkeitundvision\/researchinginneoliberalconditions\/\">Researching in neoliberal conditions<\/a> mit Wissenschaftler_innen und Kreativen\r\n\u2022 2015 Mitarbeit an der Konzeption und Organisation der <a href=\"http:\/\/www.viennavant.at\/?cat=1\">Multidisziplin\u00e4re Ringvorlesung <span class=\"caps\">AVANTGARDE<\/span>. <span class=\"caps\">DYNAMISIERUNG<\/span> <span class=\"caps\">DER<\/span> K\u00dcNSTE im Sommersemester 2015<\/a>\r\n\u2022 Initiierung, Vorbereitung und Mitorganisation einer Pressekonferenz von Wiener Kunst- und Kulturschaffenden und deren Interessensvertretungen im <span class=\"caps\">WUK<\/span> <a href=\"http:\/\/eop.at\/datenbank\/projekte\/pk\/\">Eine andere Kulturpolitik ist n\u00f6tig<\/a>\r\n\u2022 2018: Koordination des politisch-k\u00fcnstlerischen Projekts \"<a href=\"https:\/\/bibliothek.univie.ac.at\/events\/013414.html\">1000-j\u00e4hrige Bibliothek \u2013 die Sprache pr\u00fcfen<\/a>\": Vermittlungstext f\u00fcr die Ausstellung Hannes Priesch, die sich mit dem Themengebiet Sprache und Politik anhand von Hitlers Mein Kampf auseinandersetzt. Verortung der Ausstellung in der Fachbereichsbibliothek Soziologie und Politikwissenschaft, \u00a0Besetzung der SchauspielerInnen f\u00fcr die Lesung der Texte und Mitarbeit bei der Koordination der Vortragsreihe mit den Instituten f\u00fcr Politikwissenschaft, Zeitgeschichte und Staatswissenschaft.\r\n\u2022 2019 Konzeption und Organisation einer Tagung \"Wiener Netzwerke 1920 - 1970 - 2020\" im mumok -Museum Moderner Kunst Stiftung Ludwig Wien mit 17 Wissenschaftlerinnen und Wissenschaftlern aus 9 verschiedenen Disziplinen. <a style=\"background-color: #ffffff;\" href=\"https:\/\/www.viennavant.at\/tagung-wiener-netzwerke-1920-1970-2020\/\">https:\/\/www.viennavant.at\/tagung-wiener-netzwerke-1920-1970-2020\/<\/a>\r\n\u2022 \u00dcbernahme des Vorlasses von Helga K\u00f6cher durch die Sammlungen des Landes Nieder\u00f6sterreich \/ Donau Universit\u00e4t Krems - inzwischen Archiv der Zeitgenossen <a href=\"https:\/\/www.archivderzeitgenossen.at\/das-archiv\/.\">https:\/\/www.archivderzeitgenossen.at\/das-archiv\/.<\/a>\r\n\u2022 Konzeption und Organisation eines interdisziplin\u00e4ren Werkstattgespr\u00e4chs \"Apokalypsen, Utopien, Avantgarden\", nach mehreren Corona bedingten Verschiebungen 2021 im Q21 des Museumsquartiers Wien <a href=\"https:\/\/www.viennavant.at\/category\/gespraechsreihe\/\">https:\/\/www.viennavant.at\/category\/gespraechsreihe\/\r\n<\/a>\u2022 Initiierung und Organisation der Gespr\u00e4chsreihe <a href=\"https:\/\/www.viennavant.at\/interdisziplinaerer-diskurs\/4700-2\/\">\"Offene Sprache\"<\/a> mit 6 Gruppengespr\u00e4chen zu Cancelling und Wokeness in der \u00d6sterreichischen Gesellschaft f\u00fcr Literatur von November 2022 bis Oktober 2023.\r\n\u2022 Seit J\u00e4nner 2024 Aufbau und Organisation einer weiteren Gespr\u00e4chsreihe \"Offene Sprache neu\" zur Frage \u201eWas braucht eine Sprache, damit Verst\u00e4ndigung zwischen Menschen unterschiedlicher Meinungen m\u00f6glich wird?\u201c\r\n\r\n<strong>Publikationen<\/strong>\r\n\r\n<strong>Buchbeitr\u00e4ge<\/strong>\r\n\u2022 \u201eMut zur Avantgarde\u201c, Impulsreferat zur Podiumsdiskussion \u201eAvantgarde \u2013 Epoche, Prinzip, Aktualit\u00e4t?\u201c im Rahmen der Wiener Vorlesungen, 21.10.2009. Druckfassung f\u00fcr den Symposiumsband \u201cTeststrecke Kunst. Wiener Avantgarden nach 1945\u201d. Elisabeth Gro\u00dfegger und Sabine M\u00fcller (Hg.) <span class=\"caps\">ISBN<\/span> 978 3 85449 368 6, Sonderzahl-Verlag\r\n\u2022 \u201cEine Stadt besteht ja nicht nur aus H\u00e4usern, Stra\u00dfen und Denkm\u00e4lern, sondern vor allem aus Menschen\u201d, in \u201cProzesshafte und diskursbasierte Kunst im st\u00e4dtischen Raum\u201d in: CITY_SYSTEMS_S Betrachtungen Strukturen Interventionen Gespr\u00e4che. Angela Heide, Pamela Bartar (Hrsg.) <span class=\"caps\">ART<\/span> <span class=\"caps\">MINUTES<\/span> <span class=\"caps\">PUBLISHING<\/span>, Wien 2009, <span class=\"caps\">ISBN<\/span> 978\u20133\u20139502711\u20130\u20132\r\n\u2022 Wollen wir wirklich alle Gewalt? in: Friede braucht Bewegung. Analysen und Perspektiven der Friedensbewegung in \u00d6sterreich. Andreas Pecha, Thomas Roithner, Thomas Walter (Hrsg.) Verlag Th. Roithner, Wien 2002.\r\n\r\n<strong>Katalogtexte<\/strong>\r\n\u2022 \u201cEin Spiegel f\u00fcr den Basilisken\u201d, Katalogtext zur Ausstellung G\u00fcnter Brus, Ballungstr\u00e4ume, Galerie Thadd\u00e4us Ropac. Salzburg 1987\r\n\r\n<strong>Kunstkritiken (Auswahl)<\/strong>\r\n\u2022 Kunstforum International Nr. 60, April 1983: Kunstbrief aus Wien. Leben danach, Galerie Pakesch\r\n\u2022 Kunstforum International Nr. 63\/64, Juli\/Aug. 1983: Just What is It that Makes an Exhibition so Different, so Appealing. Guggenheim NY\r\n\u2022 Kunstforum International Nr. 66, Okt. 1983: Br\u00fcche in die Zukunft. Franz Wanner, Galerie Pakesch\r\n\u2022 Kunstforum International Nr. 66, Okt. 1983: Hubert Schmalix, Galerie n\u00e4chst St. Stephan\r\n\u2022 Kunstforum International Nr. 67, Nov. 1983: Die Kontinentalverschiebung des Rituellen\r\n\u2022 Kunstforum International Kunstforum International Nr. 69, Feb. 1984: Hubert Scheibl, Von der Wirklichkeit des Traums, Galerie Hubert Winter, Wien\r\n\u2022 Kunstforum International Nr. 69, Feb. 1984: Brigitte Kowanz \u2013 Franz Graf, Galerie n\u00e4chst St. Stephan, Wien\r\n\u2022 Kunstforum International Nr. 70, M\u00e4rz 1984: Brief aus Mailand\r\n\u2022 Kunstforum International Nr. 70, M\u00e4rz 1984: Dora Maurer, Raumkonzept Schlo\u00df Buchberg, Sammlung Dieter und Gertraud Bogner\r\n\u2022 Kunstforum International Nr. 71\/72, April\/Mai 1984: Richard Tuttle \u201cDrawing Books\u201d, Galerie Hubert Winter, Wien\r\n\u2022 Kunstforum International Nr. 73\/74, Juni\/Aug. 1984: Hermann Nitsch \u2013 Das Orgien Mysterien Theater. 80. Aktion auf Schloss Prinzendorf\r\n\u2022 Kunstforum International Nr. 73\/74, Juni\/Aug. 1984: Brief aus Mailand\r\n\u2022 Kunstforum International Nr. 73\/74, Juni\/Aug. 1984: Brief aus Wien\r\n\u2022 Kunstforum International Nr. 75, Sept.\/Okt. 1984: Per Kirkeby, \u00d6le und Gouachen, Galerie Thadd\u00e4us Ropac, Salzburg\r\n\u2022 Kunstforum International Nr. 75, Sept.\/Okt. 1984: Die <span class=\"caps\">REM<\/span>-Zeit ist ausgerufen. Hannes Priesch im \u201cREM\u201d und im Museum des 20. Jhdts.\r\n\u2022 Kunstforum International Nr. 81, Okt.\/Nov. 1985: Brief aus Salzburg\r\n\u2022 Flash Art M\u00e4rz 1983 Arnulf Rainer, Fingermalereien\r\n\u2022 Kunstwerk 2\/1982 Schauplatz New York\r\n\u2022 du 9\/1980 Selbstgestaltung wird Weltgestaltung. Maria Lassnig zur\u00fcck in Wien\r\n\u2022 du 1\/1981 Der neue Mann in Frankfurt. Peter Weiermair\r\n\u2022 du 2\/1981 Faszination Objekt\r\n\u2022 du 7\/1981 K\u00fche auf dem Dach. Das Hundertwasser-Haus\r\n\u2022 du 9\/1981 Schweizer Kunst macht in \u00d6sterreich Furore\r\n\u2022 du 7\/1982 Der Zeit ihre Kunst, der Kunst ihre Freiheit. Zur Museumssituation in \u00d6sterreich\r\n\u2022 du 9\/1982 Und das Wort ist Fleisch geworden. \u201cK\u00f6rperzeichen: \u00d6sterreich\u201d\r\n\u2022 du 11\/1982 Keine Angst vorm Schwarzen Mann. Richard Hambleton\r\n\u2022 du 1\/1983 Der intellektuelle Triebst\u00f6r. Christian Ludwig Attersee\r\n\u2022 du 2\/1983 Der ausgegrabene Fr\u00fchling. Die Costakis-Sammlung begeistert die <span class=\"caps\">USA<\/span>\r\n\u2022 du 3\/1983 Kunst als Brennspiegel. Die Albertina Wien\r\n\u2022 du 6\/1983 Anders sind wir unerreichbar. Arnulf Rainer Hiroshima-Bilder. Kunstmuseum Hannover\r\n\u2022 du 7\/1983 T\u00fcrken-Sommer in Wien\r\n\u2022 du 8\/1983 Die Sandwich Generation. Soll und Haben-Bilanz des Guggenheim Museums\r\n\u2022 du 9\/1983 Der Mut zur g\u00f6ttlichen Nutzlosigkeit. Raffael-Ausstellung in der Albertina\r\n\u2022 du 12\/1983 Walter Pichler, Skulpturen, Geb\u00e4ude, Projekte\r\n\u2022 du 2\/1984 Photographie in \u00d6sterreich\r\n\u2022 du 5\/1984 Das Cimabue-Kreuz auf Welttournee\r\n\u2022 du 6\/1984 Brief aus Wien\r\n\u2022 du 9\/1984 R\u00fcckblick auf die Biennale\r\n\u2022 du 10\/1984 Dossier: Sommerakademie Salzburg\r\n\u2022 du 5\/1985 Tier und Pflanzenstudien der D\u00fcrer-Zeit\r\n\u2022 du 6\/1985 Wien 1870 \u2013 1930. \u201cTraum und Wirklichkeit\u201d Konzept, Gesamtorganisation und Lay Out der Ausgabe. Text \u201cDas Geheimnis des blauen Zimmers\u201d\r\n\u2022 du 2\/1986 Brief aus Wien\r\n\u2022 du 6\/1986 Ein Staat namens Kugelmugel\r\n\u2022 du 7\/1986 Brief aus Spanien\r\n\u2022 du 4\/1987 \u201cHypnerotomachia Poliphili\u201d \u2013 ein Traum von Liebe. Zur Daniel Spoerri-Ausstellung in Wien.\r\n\u2022 Artefactum 1983, Richard Tuttle, \u201cDrawing Books, Galerie Hubert Winter, Wien\r\n\u2022 Artefactum 1\/1984 Die Eroberung Jerusalems. Hermann Nitsch\r\n\u2022 Artefactum 2\/1984 Geschichte der \u00d6sterreichischen Fotografie\r\n\u2022 Artefactum 3\/1984 Oswald Oberhuber. Paradiesgarten. Galerie n\u00e4chst St. Stephan\r\n\u2022 Artefactum 3\/1984, Hans Nevidal, Genie zwischendurch, Akademie der Bildenden Kunst, Wien\r\n\u2022 Artefactum 4\/1984 Dasein Dargestellt. Helmut Schober. Zwischenbereiche. Museum des 20. Jhdts., Wien\r\n\u2022 Artefactum 4\/1984, Heinz Frank. Objekte. Galerie Hubert Winter, Wien\r\n\u2022 Artefactum 5\/1984 Neues Architekturmuseum in Basel\r\n\u2022 Artefactum 5\/1984 Heidi Stumrauch, Kate Blacker, Jean-Luc Vilmouth, Galerie Grita Insam\r\n\u2022 Artefactum 1985, Richard Hambleton, Galleria Salvatore Ala, Mailand","_links":{"self":[{"href":"https:\/\/www.viennavant.at\/en\/wp-json\/wp\/v2\/staff-member\/2207","targetHints":{"allow":["GET"]}}],"collection":[{"href":"https:\/\/www.viennavant.at\/en\/wp-json\/wp\/v2\/staff-member"}],"about":[{"href":"https:\/\/www.viennavant.at\/en\/wp-json\/wp\/v2\/types\/staff-member"}],"wp:attachment":[{"href":"https:\/\/www.viennavant.at\/en\/wp-json\/wp\/v2\/media?parent=2207"}],"wp:term":[{"taxonomy":"staff-member-category","embeddable":true,"href":"https:\/\/www.viennavant.at\/en\/wp-json\/wp\/v2\/staff-member-category?post=2207"}],"curies":[{"name":"wp","href":"https:\/\/api.w.org\/{rel}","templated":true}]}}