{"id":2206,"date":"2016-12-14T11:19:09","date_gmt":"2016-12-14T11:19:09","guid":{"rendered":"http:\/\/viennavant.cloud.d2mc.com\/?post_type=staff-member&#038;p=2206"},"modified":"2016-12-21T14:45:07","modified_gmt":"2016-12-21T14:45:07","slug":"rudolf-kohoutek","status":"publish","type":"staff-member","link":"https:\/\/www.viennavant.at\/en\/staff-members\/rudolf-kohoutek\/","title":{"rendered":"Rudolf Kohoutek"},"content":{"rendered":"\r\n \r\n<div class=\"staff-member\">\r\n\r\n\t<!-- Featured Image -->\r\n\t\t\t\t\t\t\r\n\t<div class=\"staff-member-right\">\r\n\t\t\t\t\r\n\t\t \r\n\t\t\t<p class=\"staff-member-title\">Freiberuflicher Stadtforscher, Urbanist und Theoretiker<\/p>\r\n\t\t\t\t\r\n\t\t\r\n\t\t   \r\n\t\t\t<div class=\"staff-member-bio\"> \r\n\t\t\t\t<p>Stadtforscher, Urbanist, Theoretiker<\/p>\n<p><a href=\"http:\/\/www.viennavant.at\/wp-content\/uploads\/rkohoutek1.jpg\" target=\"_blank\"><img loading=\"lazy\" decoding=\"async\" class=\"alignleft wp-image-1171\" src=\"http:\/\/www.viennavant.at\/wp-content\/uploads\/rkohoutek1-300x200.jpg\" width=\"300\" height=\"200\" srcset=\"https:\/\/www.viennavant.at\/wp-content\/uploads\/rkohoutek1-300x200.jpg 300w, https:\/\/www.viennavant.at\/wp-content\/uploads\/rkohoutek1-1024x684.jpg 1024w, https:\/\/www.viennavant.at\/wp-content\/uploads\/rkohoutek1-272x182.jpg 272w, https:\/\/www.viennavant.at\/wp-content\/uploads\/rkohoutek1.jpg 1618w\" sizes=\"auto, (max-width: 300px) 100vw, 300px\" \/><\/a><strong>Forschungsgebiete<\/strong><\/p>\n<p>\u2022 Geschichte und Theorie der Avantgarden<br \/>\n\u2022 Kultur- und Architekturforschung<br \/>\n\u2022 Wissenschaftliche Aufarbeitung von Architekturnachl\u00e4ssen<br \/>\n\u2022 Stadtentwicklung u. -erneuerung<\/p>\n<div class=\"clearfix divider\"><\/div>\n<p><strong>Curriculum Vitae<\/strong><\/p>\n<p>\u2022 Geb. 1941 in Wien<br \/>\n\u2022 Studium der Architektur an der Technischen Hochschule und der Akademie der bildenden K\u00fcnste Wien<br \/>\n\u2022 1963 \u2013 69 Arbeit in den Architekturb\u00fcros Max Bill, Ottokar Uhl, Hans Hollein u.a.<br \/>\n\u2022 1970\u201371 Chefredakteur der Architekturzeitschrift \u201eBau\u201c<br \/>\n\u2022 Seit 1972 freiberufliche Forschungsarbeiten f\u00fcr das Institut f\u00fcr Stadtforschung Wien, den Magistrat der Stadt Wien \/ Stadtplanung \/ Kulturamt, f\u00fcr Ministerien und Institute<br \/>\n\u2022 1980\u201393 Ausbildung und Praxis in Biodynamischer Psychologie und K\u00f6rper-Psychotherapie (Gerda Boyesen Institut London)<br \/>\n\u2022 1986\u20131990 Organisation und Betreuung von Ausbildungslehrg\u00e4ngen in Wien \/ London<br \/>\n\u2022 Seit 1994 Mitbegr\u00fcnder der Urbanen Initiativen, einer Diskussions- und Aktionsgruppe f\u00fcr Stadtentwicklung und Herausgabe eines Newsletter;<br \/>\n\u2022 Vortrags-, Lehr- und Beiratst\u00e4tigkeit zu den Themenbereichen Stadtgestaltung, Identit\u00e4t, Image und Architekturqualit\u00e4t von Stadtentwicklungsgebieten, zu Instrumente der Stadtplanung, zu Wohnkultur, Alltagsleben, Geschichte des b\u00fcrgerlichen Wohnens.<\/p>\n<p><strong>Publikationen (Auswahl)<\/strong><\/p>\n<p><strong>Selbst\u00e4ndige Publikationen<\/strong><br \/>\n\u2022 Qualitative Defizite im Bereich Wohnen. Alltagssprache und Fach-Sprachen zu Wohnqualit\u00e4t und Wohnkultur. Im Auftrag der \u00d6sterreichischen Gesellschaft f\u00fcr Kulturpolitik \/ Wohnbauforschung des Bundes: Wien 1982.<br \/>\n\u2022 (gem. mit Gottfried Pirhofer) Architektur. Hammer &amp; Sonnenuntergang zwischen postmoderner \u00d6konomik und Mythos. Edition Buch2, Falter Verlag: Wien 1988. <span class=\"caps\">ISBN<\/span>: 3854390483<\/p>\n<p><strong>Studien und Konzepte<\/strong><br \/>\n\u2022 Beitr\u00e4ge zum Konzept und st\u00e4dtebaulichen Leitprogramm der Weltausstellung Wien-Budapest \u00b495 und zur st\u00e4dtebaulichen Entwicklung Wiens im Donaubereich. 1988\u201393. U.a.: Bilder einer Ausstellung: Der Entwicklungsraum Praterstern \u2013 <span class=\"caps\">EXPO<\/span>-Gel\u00e4nde \/ Donaucity. Das Wege und Orte Konzept (gem. mit Kurt Pl\u00f6ckinger und Konrad Tiefenbacher), im Auftrag der Mag.-Abt. 21 u. der <span class=\"caps\">EXPO<\/span> AG. Wien 1990.<br \/>\n\u2022 Lifting Vienna \u2013 St\u00e4dtebauliche Reformmodelle, Akademie der bildenden K\u00fcnste Wien (gem. mit Barbara Hauer). Wien 2001.<br \/>\n\u2022 Szenarien der Wiener Gr\u00fcnderzeit 2030. Studie im Auftrag der Wiener Wohnbauforschung, Mag.-Abt. 50 (gem. mit Gottfried Pirhofer). Wien 2002 \u2013 2003.<br \/>\n\u2022 Wohnqualit\u00e4ten Flugfeld Aspern. Studie im Auftrag der Wiener Wohnbauforschung, Mag.-Abt. 50 (gem. mit Gottfried Pirhofer). Wien 2004.<br \/>\n\u2022 Kabelwerk: Entwurfsprozess als Modell. Dokumentation \u00fcber den st\u00e4dtebaulichen Planungsprozess (gem. mit Herbert Buchner und Volkmar Pamer). Stand der Dinge. Magistrat der Stadt Wien 2004.<br \/>\n\u2022 Economies of Temporary Uses (and Case Studies Vienna). In: Urban Catalyst. Strategies for Temporary Use. Results of the European Research Project 2001 \u2013 2003. Philipp Oswalt u.a. (Eds.), Berlin 2004.<br \/>\n\u2022 Architektur und Raumbild in der Stadtentwicklungszone Neu Erdberg \u2013 Simmering. Analyse und Perspektiven. (Beratung Renate Banik-Schweitzer) Studie im Auftrag der Mag.-Abt. 21A, Wien 2006.<br \/>\n\u2022 \u201eRaum-Collage\u201c: Zusammenspiel der vielf\u00e4ltigen Elemente in einem st\u00e4dtischen Teil-Raum, Wien Mariahilf. Im Auftrag der Magistratsabteilung 19, Wien 2009.<br \/>\n\u2022 Black Box Baukultur \/ <a href=\"http:\/\/www.baukultur.or.at\">http:\/\/www.baukultur.or.at<\/a> \u2013 2009.<br \/>\nVienna is almost alright. Entwicklungsdynamiken und neue Interventionen im dicht bebauten Stadtgebiet (mit Gottfried Pirhofer). Im Auftrag der Magistratsabteilung 21, Wien 2013.<\/p>\n<p><strong>Aufs\u00e4tze<\/strong><br \/>\n\u2022 Architecture Beyond Eclecticism? In: A New Wave of Austrian Architecture; Published by the Institute for Architecture and Urban Studies; Catalogue 13: New York 1980. <span class=\"caps\">ISBN<\/span>-10: 0932628079, <span class=\"caps\">ISBN<\/span>-13: 978\u20130932628077<br \/>\n\u2022 Das Museum als Agentur zur gesellschaftlichen Modernisierung \u2013 und zur Zerst\u00f6rung von Kultur? In: Kulturjahrbuch 5, Wiener Beitr\u00e4ge zu Kulturwissenschaft und Kulturpolitik, Verlag f\u00fcr Gesellschaftskritik: Wien 1986.<br \/>\n\u2022 Stadterweiterung: Ein Dialog zwischen Zentrum und transdanubischer Peripherie. In: Arnold Klotz (Hg.): W\u00e4chst Wien? Beirat f\u00fcr die Stadtentwicklungsbereiche. Magistrat der Stadt Wien, 1993.<br \/>\n\u2022 Die Wiener \u201eDonaucity\u201c: Und alles ist m\u00f6glich. In: Stadt-Bauwelt 24 \/ 86. Jg. Berlin 1995.<br \/>\n\u2022 Eine Transversale in dezentralen Stadtteilen. Neue Dienstleistungen und \u00f6ffentlicher Raum. In: R\u00fcdiger Lainer: Die konkrete Utopie \u2013 Strukturelemente der Stadt, Millenniumsworkshop. Im Auftrag der Mag.-Abt. 21B. Wien 1996.<br \/>\n\u2022 Eine Stadt f\u00fcr Alle. In: art: phalanx. Kunst- und Kommunikationsb\u00fcro (Hg.), MQ inside out. A Visitors Manual, Verlag Anton Pustet, Salzburg 2003<br \/>\n\u2022 Tempor\u00e4re Nutzungen, Deregulierung und Urbanit\u00e4t (mit Christa Kamleithner). In: d\u00e9rive, Zeitschrift f\u00fcr Stadtforschung, Heft 14, Wien 2004<br \/>\nDer unm\u00f6gliche Wettbewerb, in: UmBau 22, \u00d6sterr. Gesellschaft f\u00fcr Architektur, Wien 2005<br \/>\n\u2022 How to desire Brazil? \/ Drei St\u00e4dte in Brasilien (S\u00e3o Paulo, Brasilia, Rio de Janeiro): Ein anderer Schauplatz der Architektur. In: Brazilian Conditions, Integrated Design Studio, Akademie der Bildenden K\u00fcnste Wien, Springer Verlag: Wien New York 2005.<br \/>\n\u2022 Bahnh\u00f6fe \u2013 Die offene Stadt in der Stadt. In: <span class=\"caps\">RAUM<\/span>, Zeitschrift des \u00d6sterreichischen Instituts f\u00fcr Raumplanung (\u00d6IR). Wien 2005.<br \/>\n\u2022 Tempor\u00e4re Nutzungen, Deregulierung und Urbanit\u00e4t (mit Christa Kamleithner), In Florian Haydn, Robert Temel (Hg.). Tempor\u00e4re R\u00e4ume. Konzepte zur Stadtnutzung. Birkh\u00e4user, Basel Boston Berlin 2006<br \/>\n\u2022 Transformationen im \u00f6ffentlichen Raum \u2013 Wien 1991 bis 2006. In: Gerhard Strohmeier (Hg.), Wien 1991 \u2013 2006. Wem geh\u00f6rt der \u00f6ffentliche Raum? 15 Jahre Ausstellung \u201eFrauenalltag in der Stadt\u201c. Reflexionen zum \u00f6ffentlichen Raum in Wien 2006<br \/>\n\u2022 The Experiment of Red Vienna, 1919\u20131934. In: Philipp Oswalt, Shrinking Cities, Volume 2, Interventions. Hatje Cantz. Ostfildern 2006.<br \/>\n\u2022 Turn Terror into Sport. Eine Intervention des theatercombinats. <a href=\"http:\/\/www.nextroom.at\/article.php?id=27845\">http:\/\/www.nextroom.at\/article.php?id=27845<\/a> deriv\u00e9 2007.<br \/>\n\u2022 Donaucity \u2013 kontextualisiert. In: Claudia Bosse \/ Christina N\u00e4gele; Theatrale Raumproduktionen. Skizzen des Verschwindens. Theatercombinat. Revolver Archiv f\u00fcr aktuelle Kunst. Frankfurt\/M. 2007<br \/>\n\u2022 Die Kunst der Hauptstadtgr\u00fcndung: St. P\u00f6lten \u2013 die neue Landeshauptstadt. In: Stefan Eminger \/ Ernst Langthaler (Hg.): Nieder\u00f6sterreich im 20. Jahrhundert, Band 1, Politik. B\u00f6hlau Verlag 2008.<br \/>\n\u2022 Urbane Str\u00f6mungen. In: Franz Vranitzky (Hg.), Themen der Zeit II, Passagen Verlag. Wien 2008.<br \/>\n\u2022 Nachkriegsmoderne und Avantgarden in der Wiener und internationalen Architektur. work in progress 2008 \/ 2009.<br \/>\n\u2022 Tschemm Sesch\u2019n. In: <span class=\"caps\">SKUG<\/span> Magazin On-line 2009.<br \/>\n\u2022 Skizzen zu einer Enzyklop\u00e4die und Praxologie der Baustelle. Konstellationen menschlicher und nicht-menschlicher Akteure. In: KONstruktiv 278, Zeitschrift der Bundeskammer der Architekten und Ingenieurkonsulenten, Wien, Juli 2010.<br \/>\n\u2022 Tausche Haus gegen Text oder Aktion: Avantgardismen in der Wiener Architektur 1950 \u2013 1973. In: Teststrecke Kunst. Wiener Avantgarden nach 1945. Hg. von Elisabeth Gro\u00dfegger und Sabine M\u00fcller. Wien: Sonderzahl 2012, S. 104 \u2013 128. <span class=\"caps\">ISBN<\/span> 978 3 85449 368 6<\/p>\n\t\t\t<\/div>\t\t\r\n\t\t\t<br \/>\r\n\t\t\t\t\r\n\t\t<!-- Only show Mailing Address and Contact Info in single view -->\r\n\t\t\t<\/div>\r\n<\/div>","protected":false},"featured_media":0,"menu_order":0,"template":"","meta":[],"staff-member-category":[68],"class_list":["post-2206","staff-member","type-staff-member","status-publish","hentry","staff-member-category-members"],"translation":{"provider":"WPGlobus","version":"3.0.2","language":"en","enabled_languages":["de","en"],"languages":{"de":{"title":true,"content":true,"excerpt":false},"en":{"title":false,"content":false,"excerpt":false}}},"metadata":{"first_name":["Rudolf"],"last_name":["Kohoutek"],"title":["Freiberuflicher Stadtforscher, Urbanist und Theoretiker"],"phone":["Freelance urban researcher, urbanist and theorist"]},"featured_image_src":false,"bio":"Stadtforscher, Urbanist, Theoretiker\r\n\r\n<a href=\"http:\/\/www.viennavant.at\/wp-content\/uploads\/rkohoutek1.jpg\" target=\"_blank\"><img class=\"alignleft wp-image-1171\" src=\"http:\/\/www.viennavant.at\/wp-content\/uploads\/rkohoutek1-300x200.jpg\" width=\"300\" height=\"200\" \/><\/a><strong>Forschungsgebiete<\/strong>\r\n\r\n\u2022 Geschichte und Theorie der Avantgarden\r\n\u2022 Kultur- und Architekturforschung\r\n\u2022 Wissenschaftliche Aufarbeitung von Architekturnachl\u00e4ssen\r\n\u2022 Stadtentwicklung u. -erneuerung\r\n<div class=\"clearfix divider\"><\/div>\r\n<strong>Curriculum Vitae<\/strong>\r\n\r\n\u2022 Geb. 1941 in Wien\r\n\u2022 Studium der Architektur an der Technischen Hochschule und der Akademie der bildenden K\u00fcnste Wien\r\n\u2022 1963 \u2013 69 Arbeit in den Architekturb\u00fcros Max Bill, Ottokar Uhl, Hans Hollein u.a.\r\n\u2022 1970\u201371 Chefredakteur der Architekturzeitschrift \u201eBau\u201c\r\n\u2022 Seit 1972 freiberufliche Forschungsarbeiten f\u00fcr das Institut f\u00fcr Stadtforschung Wien, den Magistrat der Stadt Wien \/ Stadtplanung \/ Kulturamt, f\u00fcr Ministerien und Institute\r\n\u2022 1980\u201393 Ausbildung und Praxis in Biodynamischer Psychologie und K\u00f6rper-Psychotherapie (Gerda Boyesen Institut London)\r\n\u2022 1986\u20131990 Organisation und Betreuung von Ausbildungslehrg\u00e4ngen in Wien \/ London\r\n\u2022 Seit 1994 Mitbegr\u00fcnder der Urbanen Initiativen, einer Diskussions- und Aktionsgruppe f\u00fcr Stadtentwicklung und Herausgabe eines Newsletter;\r\n\u2022 Vortrags-, Lehr- und Beiratst\u00e4tigkeit zu den Themenbereichen Stadtgestaltung, Identit\u00e4t, Image und Architekturqualit\u00e4t von Stadtentwicklungsgebieten, zu Instrumente der Stadtplanung, zu Wohnkultur, Alltagsleben, Geschichte des b\u00fcrgerlichen Wohnens.\r\n\r\n<strong>Publikationen (Auswahl)<\/strong>\r\n\r\n<strong>Selbst\u00e4ndige Publikationen<\/strong>\r\n\u2022 Qualitative Defizite im Bereich Wohnen. Alltagssprache und Fach-Sprachen zu Wohnqualit\u00e4t und Wohnkultur. Im Auftrag der \u00d6sterreichischen Gesellschaft f\u00fcr Kulturpolitik \/ Wohnbauforschung des Bundes: Wien 1982.\r\n\u2022 (gem. mit Gottfried Pirhofer) Architektur. Hammer &amp; Sonnenuntergang zwischen postmoderner \u00d6konomik und Mythos. Edition Buch2, Falter Verlag: Wien 1988. <span class=\"caps\">ISBN<\/span>: 3854390483\r\n\r\n<strong>Studien und Konzepte<\/strong>\r\n\u2022 Beitr\u00e4ge zum Konzept und st\u00e4dtebaulichen Leitprogramm der Weltausstellung Wien-Budapest \u00b495 und zur st\u00e4dtebaulichen Entwicklung Wiens im Donaubereich. 1988\u201393. U.a.: Bilder einer Ausstellung: Der Entwicklungsraum Praterstern \u2013 <span class=\"caps\">EXPO<\/span>-Gel\u00e4nde \/ Donaucity. Das Wege und Orte Konzept (gem. mit Kurt Pl\u00f6ckinger und Konrad Tiefenbacher), im Auftrag der Mag.-Abt. 21 u. der <span class=\"caps\">EXPO<\/span> AG. Wien 1990.\r\n\u2022 Lifting Vienna \u2013 St\u00e4dtebauliche Reformmodelle, Akademie der bildenden K\u00fcnste Wien (gem. mit Barbara Hauer). Wien 2001.\r\n\u2022 Szenarien der Wiener Gr\u00fcnderzeit 2030. Studie im Auftrag der Wiener Wohnbauforschung, Mag.-Abt. 50 (gem. mit Gottfried Pirhofer). Wien 2002 \u2013 2003.\r\n\u2022 Wohnqualit\u00e4ten Flugfeld Aspern. Studie im Auftrag der Wiener Wohnbauforschung, Mag.-Abt. 50 (gem. mit Gottfried Pirhofer). Wien 2004.\r\n\u2022 Kabelwerk: Entwurfsprozess als Modell. Dokumentation \u00fcber den st\u00e4dtebaulichen Planungsprozess (gem. mit Herbert Buchner und Volkmar Pamer). Stand der Dinge. Magistrat der Stadt Wien 2004.\r\n\u2022 Economies of Temporary Uses (and Case Studies Vienna). In: Urban Catalyst. Strategies for Temporary Use. Results of the European Research Project 2001 \u2013 2003. Philipp Oswalt u.a. (Eds.), Berlin 2004.\r\n\u2022 Architektur und Raumbild in der Stadtentwicklungszone Neu Erdberg \u2013 Simmering. Analyse und Perspektiven. (Beratung Renate Banik-Schweitzer) Studie im Auftrag der Mag.-Abt. 21A, Wien 2006.\r\n\u2022 \u201eRaum-Collage\u201c: Zusammenspiel der vielf\u00e4ltigen Elemente in einem st\u00e4dtischen Teil-Raum, Wien Mariahilf. Im Auftrag der Magistratsabteilung 19, Wien 2009.\r\n\u2022 Black Box Baukultur \/ <a href=\"http:\/\/www.baukultur.or.at\">http:\/\/www.baukultur.or.at<\/a> \u2013 2009.\r\nVienna is almost alright. Entwicklungsdynamiken und neue Interventionen im dicht bebauten Stadtgebiet (mit Gottfried Pirhofer). Im Auftrag der Magistratsabteilung 21, Wien 2013.\r\n\r\n<strong>Aufs\u00e4tze<\/strong>\r\n\u2022 Architecture Beyond Eclecticism? In: A New Wave of Austrian Architecture; Published by the Institute for Architecture and Urban Studies; Catalogue 13: New York 1980. <span class=\"caps\">ISBN<\/span>-10: 0932628079, <span class=\"caps\">ISBN<\/span>-13: 978\u20130932628077\r\n\u2022 Das Museum als Agentur zur gesellschaftlichen Modernisierung \u2013 und zur Zerst\u00f6rung von Kultur? In: Kulturjahrbuch 5, Wiener Beitr\u00e4ge zu Kulturwissenschaft und Kulturpolitik, Verlag f\u00fcr Gesellschaftskritik: Wien 1986.\r\n\u2022 Stadterweiterung: Ein Dialog zwischen Zentrum und transdanubischer Peripherie. In: Arnold Klotz (Hg.): W\u00e4chst Wien? Beirat f\u00fcr die Stadtentwicklungsbereiche. Magistrat der Stadt Wien, 1993.\r\n\u2022 Die Wiener \u201eDonaucity\u201c: Und alles ist m\u00f6glich. In: Stadt-Bauwelt 24 \/ 86. Jg. Berlin 1995.\r\n\u2022 Eine Transversale in dezentralen Stadtteilen. Neue Dienstleistungen und \u00f6ffentlicher Raum. In: R\u00fcdiger Lainer: Die konkrete Utopie \u2013 Strukturelemente der Stadt, Millenniumsworkshop. Im Auftrag der Mag.-Abt. 21B. Wien 1996.\r\n\u2022 Eine Stadt f\u00fcr Alle. In: art: phalanx. Kunst- und Kommunikationsb\u00fcro (Hg.), MQ inside out. A Visitors Manual, Verlag Anton Pustet, Salzburg 2003\r\n\u2022 Tempor\u00e4re Nutzungen, Deregulierung und Urbanit\u00e4t (mit Christa Kamleithner). In: d\u00e9rive, Zeitschrift f\u00fcr Stadtforschung, Heft 14, Wien 2004\r\nDer unm\u00f6gliche Wettbewerb, in: UmBau 22, \u00d6sterr. Gesellschaft f\u00fcr Architektur, Wien 2005\r\n\u2022 How to desire Brazil? \/ Drei St\u00e4dte in Brasilien (S\u00e3o Paulo, Brasilia, Rio de Janeiro): Ein anderer Schauplatz der Architektur. In: Brazilian Conditions, Integrated Design Studio, Akademie der Bildenden K\u00fcnste Wien, Springer Verlag: Wien New York 2005.\r\n\u2022 Bahnh\u00f6fe \u2013 Die offene Stadt in der Stadt. In: <span class=\"caps\">RAUM<\/span>, Zeitschrift des \u00d6sterreichischen Instituts f\u00fcr Raumplanung (\u00d6IR). Wien 2005.\r\n\u2022 Tempor\u00e4re Nutzungen, Deregulierung und Urbanit\u00e4t (mit Christa Kamleithner), In Florian Haydn, Robert Temel (Hg.). Tempor\u00e4re R\u00e4ume. Konzepte zur Stadtnutzung. Birkh\u00e4user, Basel Boston Berlin 2006\r\n\u2022 Transformationen im \u00f6ffentlichen Raum \u2013 Wien 1991 bis 2006. In: Gerhard Strohmeier (Hg.), Wien 1991 \u2013 2006. Wem geh\u00f6rt der \u00f6ffentliche Raum? 15 Jahre Ausstellung \u201eFrauenalltag in der Stadt\u201c. Reflexionen zum \u00f6ffentlichen Raum in Wien 2006\r\n\u2022 The Experiment of Red Vienna, 1919\u20131934. In: Philipp Oswalt, Shrinking Cities, Volume 2, Interventions. Hatje Cantz. Ostfildern 2006.\r\n\u2022 Turn Terror into Sport. Eine Intervention des theatercombinats. <a href=\"http:\/\/www.nextroom.at\/article.php?id=27845\">http:\/\/www.nextroom.at\/article.php?id=27845<\/a> deriv\u00e9 2007.\r\n\u2022 Donaucity \u2013 kontextualisiert. In: Claudia Bosse \/ Christina N\u00e4gele; Theatrale Raumproduktionen. Skizzen des Verschwindens. Theatercombinat. Revolver Archiv f\u00fcr aktuelle Kunst. Frankfurt\/M. 2007\r\n\u2022 Die Kunst der Hauptstadtgr\u00fcndung: St. P\u00f6lten \u2013 die neue Landeshauptstadt. In: Stefan Eminger \/ Ernst Langthaler (Hg.): Nieder\u00f6sterreich im 20. Jahrhundert, Band 1, Politik. B\u00f6hlau Verlag 2008.\r\n\u2022 Urbane Str\u00f6mungen. In: Franz Vranitzky (Hg.), Themen der Zeit II, Passagen Verlag. Wien 2008.\r\n\u2022 Nachkriegsmoderne und Avantgarden in der Wiener und internationalen Architektur. work in progress 2008 \/ 2009.\r\n\u2022 Tschemm Sesch\u2019n. In: <span class=\"caps\">SKUG<\/span> Magazin On-line 2009.\r\n\u2022 Skizzen zu einer Enzyklop\u00e4die und Praxologie der Baustelle. Konstellationen menschlicher und nicht-menschlicher Akteure. In: KONstruktiv 278, Zeitschrift der Bundeskammer der Architekten und Ingenieurkonsulenten, Wien, Juli 2010.\r\n\u2022 Tausche Haus gegen Text oder Aktion: Avantgardismen in der Wiener Architektur 1950 \u2013 1973. In: Teststrecke Kunst. Wiener Avantgarden nach 1945. Hg. von Elisabeth Gro\u00dfegger und Sabine M\u00fcller. Wien: Sonderzahl 2012, S. 104 \u2013 128. <span class=\"caps\">ISBN<\/span> 978 3 85449 368 6","_links":{"self":[{"href":"https:\/\/www.viennavant.at\/en\/wp-json\/wp\/v2\/staff-member\/2206","targetHints":{"allow":["GET"]}}],"collection":[{"href":"https:\/\/www.viennavant.at\/en\/wp-json\/wp\/v2\/staff-member"}],"about":[{"href":"https:\/\/www.viennavant.at\/en\/wp-json\/wp\/v2\/types\/staff-member"}],"wp:attachment":[{"href":"https:\/\/www.viennavant.at\/en\/wp-json\/wp\/v2\/media?parent=2206"}],"wp:term":[{"taxonomy":"staff-member-category","embeddable":true,"href":"https:\/\/www.viennavant.at\/en\/wp-json\/wp\/v2\/staff-member-category?post=2206"}],"curies":[{"name":"wp","href":"https:\/\/api.w.org\/{rel}","templated":true}]}}