{"id":2203,"date":"2016-12-14T11:15:26","date_gmt":"2016-12-14T11:15:26","guid":{"rendered":"http:\/\/viennavant.cloud.d2mc.com\/?post_type=staff-member&#038;p=2203"},"modified":"2022-12-26T21:47:38","modified_gmt":"2022-12-26T21:47:38","slug":"univ-assistentin-m-a-katharina-jesberger","status":"publish","type":"staff-member","link":"https:\/\/www.viennavant.at\/en\/staff-members\/univ-assistentin-m-a-katharina-jesberger\/","title":{"rendered":"Univ. Assistentin M.A. Katharina Jesberger"},"content":{"rendered":"\r\n \r\n<div class=\"staff-member\">\r\n\r\n\t<!-- Featured Image -->\r\n\t\t\t\t\t\t\r\n\t<div class=\"staff-member-right\">\r\n\t\t\t\t\r\n\t\t \r\n\t\t\t<p class=\"staff-member-title\">Kunsthistorikerin, Assistentin an der Universit\u00e4t f\u00fcr Angewandte Kunst Wien, Abt. Kunstgeschichte<\/p>\r\n\t\t\t\t\r\n\t\t\r\n\t\t   \r\n\t\t\t<div class=\"staff-member-bio\"> \r\n\t\t\t\t<p><strong><a href=\"http:\/\/www.viennavant.at\/wp-content\/uploads\/kjesberger.jpg\" target=\"_blank\" rel=\"noopener\"><img loading=\"lazy\" decoding=\"async\" class=\"alignleft wp-image-1013\" src=\"http:\/\/www.viennavant.at\/wp-content\/uploads\/kjesberger-200x300.jpg\" width=\"167\" height=\"250\" \/><\/a>Forschungsschwerpunkte und Interessensspektrum:<\/strong><\/p>\n<p>\u2022 Videokunst<br \/>\n\u2022 Medienkunst<br \/>\n\u2022 Geschichte und Theorie der Avantgarden<br \/>\n\u2022 Kulturtheorien<br \/>\n\u2022 Videoaktivismus<br \/>\n\u2022 italienische Videobewegungen<br \/>\n\u2022 Studio Azzurro<br \/>\n\u2022 Nam June Paik<br \/>\n\u2022 iranische Videokunst<\/p>\n<p><strong>Webseite:<br \/>\n<\/strong><a href=\"https:\/\/www.angewandtekunstgeschichte.net\/person\/katharina-jesberger\">https:\/\/www.angewandtekunstgeschichte.net\/person\/katharina-jesberger<\/a><\/p>\n<p><br style=\"clear:both;\"><strong>Curriculum Vitae<\/strong><\/p>\n<p>\u2022 Geboren in Erlenbach am Main (D) 1979<br \/>\n\u2022 Studium der Kunstgeschichte und Italianistik an den Universit\u00e4ten Stuttgart und Basel<br \/>\n\u2022 2003 Wolfgang Hartmann Preis, Nachwuchspreis f\u00fcr junge Kunsthistoriker<br \/>\n\u2022 2006 Magister Artium in Stuttgart, Magisterarbeit \u201eAvantgarde ohne Vatermord. Die k\u00fcnstlerische Strategie des Studio Azzurro\u201c<br \/>\n\u2022 2008 Daad-Stipendiatin, Master in Multimedia Content Design an der Universit\u00e0 degli Studi di Firenze, Schwerpunkt Video-Postproduktion<br \/>\n\u2022 Seit 2009 Univ. Ass. an der Abteilung Kunstgeschichte, Universit\u00e4t f\u00fcr angewandte Kunst Wien<br \/>\n\u2022 Forschungen zur Videokunst, 70er Jahre Videobewegungen und Nam June Paik<\/p>\n<p><strong>Wissenschaftliche Publikationen<\/strong><\/p>\n<p>\u2022 \u201eEine kurze Geschichte der Galerie Rolf Ricke\u201c in: Neues Museum in N\u00fcrnberg (Hrsg.), Einfach Kunst, Sammlung Rolf Ricke, Verlag f\u00fcr moderne Kunst N\u00fcrnberg 2002, S. 190\u2013196.<\/p>\n<p>\u2022 Katharina Jesberger, Ralv Milberg, Inna Poltorychin, Ruby Sircar, Daniel Vujanic (Hrsg.), wohingegens, Reader der Projektgruppe Windbeutel (Wolfgang Hartmann-Preis 2003), Lautsprecherverlag Stuttgart 2003.<\/p>\n<p>\u2022 \u201ewohingegens\u201c in: Elke aus dem Moore (Hrsg.), Tillandsien. Projekte 2003\u20132004 im K\u00fcnstlerhaus Stuttgart, Revolver, Archiv f\u00fcr aktuelle Kunst, Frankfurt am Main 2005, S. 68\/69.<\/p>\n<p><strong>Vortr\u00e4ge<\/strong><\/p>\n<p>\u2022 Silent Signifiers. Image Language Relations and Format in the Video Works of \u201cIran. Preview of the Past\u201d, 19.05.2012, Universit\u00e4t Bonn, International Conference \u201cIranian Contemporary Art \u2013 Searching for Identity?\u201d<\/p>\n<p>\u2022 \u201ePaikisch. Eine Einf\u00fchrung\u201c, 29.11.2011, Universit\u00e4t f\u00fcr angewandte Kunst Wien, Einf\u00fchrungsvortrag zur Reihe \u201ePaikisch und\u2026\u201c<\/p>\n<p>\u2022 \u201eBetween art and activism \u2013 video collectives in the 70s\u201c, 13.6.2011, Kultur Center <span class=\"caps\">REX<\/span>, Belgrad (SRB), Feminist-Hacker-Festival \u201eNapravi Me!\/ Make Me!\u201c<\/p>\n<p>\u2022 \u201eLost between art and activism, subtle gestures and sticky tapes: Laboratorio di Comunicazione Militante as an example for the stories of the 70s\u2019 video movements\u201c, 20.1.2011, University of Leeds (GB), Postgraduate Conference \u201eThe Forgotten Voices of the Avant-Garde\u201c<\/p>\n\t\t\t<\/div>\t\t\r\n\t\t\t<br \/>\r\n\t\t\t\t\r\n\t\t<!-- Only show Mailing Address and Contact Info in single view -->\r\n\t\t\t<\/div>\r\n<\/div>","protected":false},"featured_media":0,"menu_order":0,"template":"","meta":[],"staff-member-category":[68],"class_list":["post-2203","staff-member","type-staff-member","status-publish","hentry","staff-member-category-members"],"translation":{"provider":"WPGlobus","version":"3.0.2","language":"en","enabled_languages":["de","en"],"languages":{"de":{"title":true,"content":true,"excerpt":false},"en":{"title":false,"content":false,"excerpt":false}}},"metadata":{"first_name":["Katharina"],"last_name":["Jesberger"],"title":["Kunsthistorikerin, Assistentin an der Universit\u00e4t f\u00fcr Angewandte Kunst Wien, Abt. Kunstgeschichte"],"phone":["Art historian, assistent of Dept. Art History \/ University of Applied Arts Vienna"]},"featured_image_src":false,"bio":"<strong><a href=\"http:\/\/www.viennavant.at\/wp-content\/uploads\/kjesberger.jpg\" target=\"_blank\" rel=\"noopener\"><img class=\"alignleft wp-image-1013\" src=\"http:\/\/www.viennavant.at\/wp-content\/uploads\/kjesberger-200x300.jpg\" width=\"167\" height=\"250\" \/><\/a>Forschungsschwerpunkte und Interessensspektrum:<\/strong>\r\n\r\n\u2022 Videokunst\r\n\u2022 Medienkunst\r\n\u2022 Geschichte und Theorie der Avantgarden\r\n\u2022 Kulturtheorien\r\n\u2022 Videoaktivismus\r\n\u2022 italienische Videobewegungen\r\n\u2022 Studio Azzurro\r\n\u2022 Nam June Paik\r\n\u2022 iranische Videokunst\r\n\r\n<strong>Webseite:\r\n<\/strong><a href=\"https:\/\/www.angewandtekunstgeschichte.net\/person\/katharina-jesberger\">https:\/\/www.angewandtekunstgeschichte.net\/person\/katharina-jesberger<\/a>\r\n\r\n<br style=\"clear:both;\"><strong>Curriculum Vitae<\/strong>\r\n\r\n\u2022 Geboren in Erlenbach am Main (D) 1979\r\n\u2022 Studium der Kunstgeschichte und Italianistik an den Universit\u00e4ten Stuttgart und Basel\r\n\u2022 2003 Wolfgang Hartmann Preis, Nachwuchspreis f\u00fcr junge Kunsthistoriker\r\n\u2022 2006 Magister Artium in Stuttgart, Magisterarbeit \u201eAvantgarde ohne Vatermord. Die k\u00fcnstlerische Strategie des Studio Azzurro\u201c\r\n\u2022 2008 Daad-Stipendiatin, Master in Multimedia Content Design an der Universit\u00e0 degli Studi di Firenze, Schwerpunkt Video-Postproduktion\r\n\u2022 Seit 2009 Univ. Ass. an der Abteilung Kunstgeschichte, Universit\u00e4t f\u00fcr angewandte Kunst Wien\r\n\u2022 Forschungen zur Videokunst, 70er Jahre Videobewegungen und Nam June Paik\r\n\r\n<strong>Wissenschaftliche Publikationen<\/strong>\r\n\r\n\u2022 \u201eEine kurze Geschichte der Galerie Rolf Ricke\u201c in: Neues Museum in N\u00fcrnberg (Hrsg.), Einfach Kunst, Sammlung Rolf Ricke, Verlag f\u00fcr moderne Kunst N\u00fcrnberg 2002, S. 190\u2013196.\r\n\r\n\u2022 Katharina Jesberger, Ralv Milberg, Inna Poltorychin, Ruby Sircar, Daniel Vujanic (Hrsg.), wohingegens, Reader der Projektgruppe Windbeutel (Wolfgang Hartmann-Preis 2003), Lautsprecherverlag Stuttgart 2003.\r\n\r\n\u2022 \u201ewohingegens\u201c in: Elke aus dem Moore (Hrsg.), Tillandsien. Projekte 2003\u20132004 im K\u00fcnstlerhaus Stuttgart, Revolver, Archiv f\u00fcr aktuelle Kunst, Frankfurt am Main 2005, S. 68\/69.\r\n\r\n<strong>Vortr\u00e4ge<\/strong>\r\n\r\n\u2022 Silent Signifiers. Image Language Relations and Format in the Video Works of \u201cIran. Preview of the Past\u201d, 19.05.2012, Universit\u00e4t Bonn, International Conference \u201cIranian Contemporary Art \u2013 Searching for Identity?\u201d\r\n\r\n\u2022 \u201ePaikisch. Eine Einf\u00fchrung\u201c, 29.11.2011, Universit\u00e4t f\u00fcr angewandte Kunst Wien, Einf\u00fchrungsvortrag zur Reihe \u201ePaikisch und\u2026\u201c\r\n\r\n\u2022 \u201eBetween art and activism \u2013 video collectives in the 70s\u201c, 13.6.2011, Kultur Center <span class=\"caps\">REX<\/span>, Belgrad (SRB), Feminist-Hacker-Festival \u201eNapravi Me!\/ Make Me!\u201c\r\n\r\n\u2022 \u201eLost between art and activism, subtle gestures and sticky tapes: Laboratorio di Comunicazione Militante as an example for the stories of the 70s\u2019 video movements\u201c, 20.1.2011, University of Leeds (GB), Postgraduate Conference \u201eThe Forgotten Voices of the Avant-Garde\u201c","_links":{"self":[{"href":"https:\/\/www.viennavant.at\/en\/wp-json\/wp\/v2\/staff-member\/2203","targetHints":{"allow":["GET"]}}],"collection":[{"href":"https:\/\/www.viennavant.at\/en\/wp-json\/wp\/v2\/staff-member"}],"about":[{"href":"https:\/\/www.viennavant.at\/en\/wp-json\/wp\/v2\/types\/staff-member"}],"wp:attachment":[{"href":"https:\/\/www.viennavant.at\/en\/wp-json\/wp\/v2\/media?parent=2203"}],"wp:term":[{"taxonomy":"staff-member-category","embeddable":true,"href":"https:\/\/www.viennavant.at\/en\/wp-json\/wp\/v2\/staff-member-category?post=2203"}],"curies":[{"name":"wp","href":"https:\/\/api.w.org\/{rel}","templated":true}]}}