{"id":2199,"date":"2016-12-14T11:11:23","date_gmt":"2016-12-14T11:11:23","guid":{"rendered":"http:\/\/viennavant.cloud.d2mc.com\/?post_type=staff-member&#038;p=2199"},"modified":"2023-04-06T18:50:08","modified_gmt":"2023-04-06T18:50:08","slug":"andrea-hubin","status":"publish","type":"staff-member","link":"https:\/\/www.viennavant.at\/en\/staff-members\/andrea-hubin\/","title":{"rendered":"Mag. Andrea Hubin"},"content":{"rendered":"\r\n \r\n<div class=\"staff-member\">\r\n\r\n\t<!-- Featured Image -->\r\n\t\t\t\t\t\t\r\n\t<div class=\"staff-member-right\">\r\n\t\t\t\t\r\n\t\t \r\n\t\t\t<p class=\"staff-member-title\">Kunsthistorikerin, wissenschaftliche Mitarbeiterin Kunsthalle Wien<\/p>\r\n\t\t\t\t\r\n\t\t\r\n\t\t   \r\n\t\t\t<div class=\"staff-member-bio\"> \r\n\t\t\t\t<p><strong><a href=\"http:\/\/www.viennavant.at\/wp-content\/uploads\/andreahubin.jpg\" target=\"_blank\" rel=\"noopener\"><img loading=\"lazy\" decoding=\"async\" class=\"alignleft wp-image-577\" src=\"http:\/\/www.viennavant.at\/wp-content\/uploads\/andreahubin-214x300.jpg\" width=\"178\" height=\"250\" srcset=\"https:\/\/www.viennavant.at\/wp-content\/uploads\/andreahubin-214x300.jpg 214w, https:\/\/www.viennavant.at\/wp-content\/uploads\/andreahubin-730x1024.jpg 730w, https:\/\/www.viennavant.at\/wp-content\/uploads\/andreahubin.jpg 770w\" sizes=\"auto, (max-width: 178px) 100vw, 178px\" \/><\/a>Kunsthistorikerin<\/strong><br \/>\n<strong>Kunstvermittlerin<\/strong><\/p>\n<p><strong>Forschungsschwerpunkte und Interessensspektrum:<\/strong><\/p>\n<p>\u2022 Forschung zu Traditionslinien der konstruktiven Kunst in \u00d6sterreich, sowie zu deren Verflechtung mit Ornamentbegriffen<br \/>\n\u2022 Institutionenarbeit f\u00fcr Kunstausbildungen<br \/>\n\u2022 Lehrauftr\u00e4ge zu kunsthistorischen Themen und Begriffsfragen zeitgen\u00f6ssischer Kunst<\/p>\n<p><br style=\"clear:both;\"><strong>Kunsthistorikerin und Kunstvermittlerin<\/strong><\/p>\n<p>Gestaltung partizipativer Denk- und Handlungsr\u00e4ume in Kunstkontexten und Museen, Entwicklung und Moderation von Diskursaktionen mit experimentell-performativem Charakter.<\/p>\n<p>Seit 2013 wissenschaftliche Mitarbeiterin der Abteilung Kunstvermittlung (bis 2019 Dramaturgie) der <u>Kunsthalle Wien<\/u> \u2013 dort Entwicklung und Umsetzung experimenteller Veranstaltungsprogramme f\u00fcr Erwachsene und von 2015\u20132019 leitende Betreuung der partizipativen Aktionsplattform <u>\u201eCommunity College\u201c<\/u>.<\/p>\n<p>2013\u20132021 Lehrbeauftragte mit speziellem Fokus auf Theorie und Praxis der Vermittlung an der <u>Universit\u00e4t f\u00fcr Angewandte Kunst Wien<\/u> (Fachbereich Fachdidaktik) und 2016\u20132017 der Akademie der Bildenden K\u00fcnste Wien (Institut f\u00fcr das k\u00fcnstlerische Lehramt).<\/p>\n<p>Forschung und Publikation zu performativen Methoden der Kunstvermittlung und Erwachsenenbildung in Museumskontexten, zur Geschichte kritischer Kunstvermittlung in Wien im Rahmen des Forschungsprojekts <u>\u201eintertwining hi\/stories\u201c<\/u> des internationalen Netzwerkes <u>\u201eAnother Roadmap for Arts Education\u201c<\/u> und zu Traditionslinien der konstruktiven Kunst in \u00d6sterreich (als Herausgeberin: <u>Sammlung Dieter und Gertraud Bogner im mumok<\/u> : Leidenschaftlich Exakt, K\u00f6ln 2012, und Perspektiven in Bewegung, K\u00f6ln 2017).<\/p>\n<p>Wichtige Stationen als Vermittlerin waren 2007 die Arbeit auf der <u>documenta 12<\/u>, wo auch das Wissenstransferprojekt DEUTSCH WISSEN entstand, zudem Mitwirkung an der Begleitforschung, sowie 2008 der Beitrag zur Konzeption der Kunstvermittlung sowie das Vermittlungsteambuilding der <u>5. Berlin Biennale<\/u>.<\/p>\n<table>\n<tbody>\n<tr>\n<td width=\"123\"><\/td>\n<td width=\"482\"><strong>AUSBILDUNG <\/strong><\/td>\n<\/tr>\n<tr>\n<td width=\"123\">2008<\/td>\n<td width=\"482\">Studienabschluss im Fach Kunstgeschichte mit Auszeichnung<br \/>\nDiplomarbeit \u00fcber die \u201eKonzepte von Audio-Visualit\u00e4t in den Arbeiten der K\u00fcnstlerin Renate Kowanz-Kocer\u201c bei Prof. Hammer-Tugendhat, Universit\u00e4t f\u00fcr Angewandte Kunst<\/td>\n<\/tr>\n<tr>\n<td width=\"123\">1998\/99<\/td>\n<td width=\"482\">Auslandssemester an der Universit\u00e4t Frankfurt am Main, dort: \u201eGeschnittenes Licht und Schattenrisse\u201c \u2013 Arbeit zur Semantik von Licht und Schatten in den Filmen von David Lynch<\/td>\n<\/tr>\n<tr>\n<td width=\"123\">1994\u20131995<\/td>\n<td width=\"482\">Auslandsstudium f\u00fcr Modernen Theatertanz in Amsterdam an der Hogeschool voor de Kunsten (Opleiding Moderne Theaterdans). Choreographie und Auff\u00fchrung des Solos \u201eLanguages\u201c<\/td>\n<\/tr>\n<tr>\n<td width=\"123\">1990 bis 2008<\/td>\n<td width=\"482\">Studium der Kunstgeschichte an den Universit\u00e4ten Wien und Frankfurt am Main<\/td>\n<\/tr>\n<tr>\n<td width=\"123\"><\/td>\n<td width=\"482\"><\/td>\n<\/tr>\n<tr>\n<td width=\"123\"><\/td>\n<td width=\"482\"><strong>BERUFLICHE STATIONEN<\/strong><\/td>\n<\/tr>\n<tr>\n<td width=\"123\">Seit 2019<\/td>\n<td width=\"482\">Kunsthalle Wien, Vermittlungsabteilung<\/td>\n<\/tr>\n<tr>\n<td width=\"123\">2022\/23<\/td>\n<td width=\"482\">Volkskundemuseum Wien, Workshopreihe \u201eDemokratie lernen mit Denkbildern\u201c, Projektleitung<\/td>\n<\/tr>\n<tr>\n<td width=\"123\">2013\u20132021<\/td>\n<td width=\"482\">Universit\u00e4t f\u00fcr Angewandte Kunst, Fachbereich Fachdidaktik<\/td>\n<\/tr>\n<tr>\n<td width=\"123\">2013\u20132019<\/td>\n<td width=\"482\">Kunsthalle Wien, Wissenschaftliche Mitarbeiterin der Abteilung Dramaturgie<\/td>\n<\/tr>\n<tr>\n<td width=\"123\">2013\u20132019<\/td>\n<td width=\"482\">Volkskundemuseum Wien, museumsdramaturgische Begleitung eines culture connected gef\u00f6rderten Sch\u00fcler:innen-Theaterprojekts<\/td>\n<\/tr>\n<tr>\n<td width=\"123\">2016\u20132017<\/td>\n<td width=\"482\">Akademie der Bildenden K\u00fcnste Wien, Institut f\u00fcr das k\u00fcnstlerische Lehramt<\/td>\n<\/tr>\n<tr>\n<td width=\"123\">2013\u20132021<\/td>\n<td width=\"482\">Volkskundemuseum Wien, Vermittlungsinterventionen zu Ausstellungen und Projekten (u.a. \u201eKlimesch \u2013 Das Gesch\u00e4ft mit den Dingen\u201c)<\/td>\n<\/tr>\n<tr>\n<td width=\"123\">2009\u20132010<\/td>\n<td width=\"482\">Volkskundemuseum Wien, Forschungsprojekt \u201eDoing kinship with pictures and objects\u201c<\/td>\n<\/tr>\n<tr>\n<td width=\"123\">2008\u20132016<\/td>\n<td width=\"482\">mumok, Sammlungsabteilung, Leitung des zweiteiligen Katalogprojekts zur Sammlung Dieter und Gertraud Bogner<\/td>\n<\/tr>\n<tr>\n<td width=\"123\">2008<\/td>\n<td width=\"482\">mumok, Bibliothek, wissenschaftliche Mitarbeiterin<\/td>\n<\/tr>\n<tr>\n<td width=\"123\">2008<\/td>\n<td width=\"482\">5. Berlin Biennale, Konzeption der Kunstvermittlung und Vermittlungsteambuilding<\/td>\n<\/tr>\n<tr>\n<td width=\"123\">2007<\/td>\n<td width=\"482\">documenta 12, Vermittlung und Mitwirkung an der Begleitforschung<\/td>\n<\/tr>\n<tr>\n<td width=\"123\">2007 \u20132013<\/td>\n<td width=\"482\">Kunsthalle Wien, Bibliothek<\/td>\n<\/tr>\n<tr>\n<td width=\"123\">2003\u20132006<\/td>\n<td width=\"482\">Kunstdokumentationszentrum basis wien, Assistenz der Gesch\u00e4ftsf\u00fchrung (Lioba Reddeker)<\/td>\n<\/tr>\n<tr>\n<td width=\"123\">2001\u20132003<\/td>\n<td width=\"482\">Wiener Kunstschule, \u00d6ffentlichkeitsarbeit und Lehre<\/td>\n<\/tr>\n<tr>\n<td width=\"123\">1999\u20132003<\/td>\n<td width=\"482\">Generali Foundation Wien, Kunstvermittlung<\/td>\n<\/tr>\n<tr>\n<td width=\"123\">1996\u20131998<\/td>\n<td width=\"482\">IFK Internationales Forschungszentrum Kulturwissenschaften, Wien, Front Office<\/td>\n<\/tr>\n<tr>\n<td width=\"123\">1996\u20131998<\/td>\n<td width=\"482\">\u00d6H Universit\u00e4t Wien, Bildungspolitische Referentin<\/td>\n<\/tr>\n<\/tbody>\n<\/table>\n<p><strong>Curriculum Vitae<\/strong><\/p>\n<p>\u2022 geboren 1972 in Wien<br \/>\n\u2022 Studium der Kunstgeschichte<\/p>\n<p>\u2022 seit 2013 wissenschaftliche Mitarbeiterin Kunsthalle Wien<br \/>\n\u2022 Seit 2009 Wissenschaftliche Leitung und Herausgeberin im Forschungs- und Publikationsprojekt <a href=\"http:\/\/www.mumok.at\/programm\/archiv\/ausstellungen\/2007\/ohne-wenn-und-aber\/\">Die Sammlung Bogner<\/a> im mumok Wien. In einem ersten von drei geplanten B\u00e4nden wurden die nach 1945 datierten Best\u00e4nde als <a href=\"http:\/\/www.mumok.at\/ueber-mumok\/publikationen\/notinmenu\/aktuell\/leidenschaftlich-exakt\/\">Catalogue Raisonn\u00e9<\/a> aufbereitet. Erschienen 2012 mumok \/ Buchhandlung K\u00f6nig.<br \/>\n\u2022 2009\u20132010 Wissenschaftliche Mitarbeiterin im Forschungsprojekt <a href=\"http:\/\/www.wwtf.at\/projects\/research_projects\/details\/index.php?PKEY=985_DE_O\">Doing kinship with pictures and objects: a laboratory for private and public practices of art<\/a> (Arts&amp;Sciences Call 2008 <span class=\"caps\">WWTF<\/span>)<br \/>\n\u2022 2008 Konzept, Umsetzung und Supervision der Kunstvermittlung der berlin biennale 2008 (\u201eSecret Service\u201c)<br \/>\n\u2022 Wissenschaftliche Koordination der Bibliothek im mumok Wien<br \/>\n\u2022 2007 Kunstvermittlung auf der documenta 12: Wissenstransferprojekt \u201eDEUTSCH <span class=\"caps\">WISSEN<\/span>\u201c, Ausstellungsgespr\u00e4che und Mitwirkung an der Begleitforschung<br \/>\n\u2022 seit 2007 Leitung Bibliothek und Schriftentausch, Kunsthalle Wien<br \/>\n\u2022 2003 bis 2005 Assistenz Gesch\u00e4ftsf\u00fchrung im Kunstdokumentationszentrum <a href=\"http:\/\/www.basis-wien.at\">basis wien<\/a>; \u00d6ffentlichkeitsarbeit und Kommunikation, Veranstaltungsbetreuung, e-Medienkoordination; Abwicklung der Abschlussphase des EU-Projekts \u201evektor\u201c<br \/>\n\u2022 2001 \u2013 2003 Lehre und \u00d6ffentlichkeitsarbeit an der wiener kunst schule: Studienplanentwicklung f\u00fcr den 2. Studienabschnitt aller Lehrg\u00e4nge, Mitwirkung an der Schulreform, Medien-Betreuung, Ausstellungsorganisation, Projektentwicklung.<br \/>\nLehrveranstaltungen an der wiener kunst schule<br \/>\n\u2013 2004\/05 Seminar \u201eErfolgsversprechen\u201c. Die Studierenden erhielten im Zuge des Seminars die M\u00f6glichkeit zur Ausstellungsbeteiligung an \u201eUPDATE. kunststrukturennutzen&amp;schaffen\u201c (K\u00fcnstlerhaus Wien).<br \/>\n\u2013 2003\/04 Lehrveranstaltung \u201eAusstellungstheorie und Ausstellungspraxis\u201c<br \/>\n\u2013 2001 \u2013 2003 Entwicklung und Durchf\u00fchrung der Lehrveranstaltung <span class=\"caps\">KOOP<\/span> Interdisziplin\u00e4r., die Studierenden erm\u00f6glichte, Vortr\u00e4ge und Diskussionsveranstaltungen an au\u00dferschulischen Einrichtungen in ihr Studium zu integrieren.<br \/>\n\u2022 1999 \u2013 2001 Entwicklung und Durchf\u00fchrung einer speziell an die Anforderungen von Kunststudierenden angepassten \u00dcberblicksvorlesung zur Kunstgeschichte<br \/>\n\u2022 2001 wissenschaftliche Mitarbeiterin im Projekt \u201eVon Ort zu Ort\u201c der K\u00fcnstlerInnengruppe Wochenklausur<br \/>\n\u2022 1999 \u2013 2003 Kunstvermittlerin an der Generali Foundation Wien, Projektschwerpunkt \u201eKunstvermittlung und Politische Bildung\u201c<br \/>\n\u2022 1998 Akteurin im Orgien-Mysterien-Theater von Hermann Nitsch (\u201eSechs Tages Spiel\u201c)<br \/>\n\u2022 1997 \u2013 1998 Mitarbeit als Vortragende in \u201eMission auf Bestellung\u201c, Kunstvermittlungsprojekt, finanziert vom Bundeskurator f\u00fcr bildende Kunst Wolfgang Zinggl<br \/>\n\u2022 1996 \u2013 1998 Mitarbeiterin am <span class=\"caps\">IFK<\/span> Internationales Forschungszentrum Kulturwissenschaften, Wien<\/p>\n<p><strong>Hochschulpolitisches Engagement:<\/strong><\/p>\n<p>\u2022 1996 \u2013 1997 Bildungspolitische Referentin der Hochsch\u00fclerInnenschaft an der Universit\u00e4t Wien; Vorsitzende der studentischen Fakult\u00e4tsvertretung Geisteswissenschaften an der Universit\u00e4t Wien; Studienrichtungsvertretung Kunstgeschichte<\/p>\n<p><strong>Tagungsbeitr\u00e4ge, Vortr\u00e4ge<\/strong><\/p>\n<p>\u2022 Vortrag \u201eWien um 1954. Was bleibt den Jungen noch zu tun?\u201c im Rahmen der 16. Tagung des Verbandes \u00f6sterreichischer Kunsthistorikerinnen und Kunst-historiker \u201eOrnament und\u2026 \u00dcber die R\u00e4nder \u00e4sthetischer Theorien und Praktiken\u201c, 30. September \u2013 2. Oktober 2011, Krems<br \/>\n\u2022 Workshop \u201eMapping Sinn &amp; Zweck im <span class=\"caps\">MAK<\/span>. Kunstvermittlung und\/als Ornament.\u201c, im Rahmen der Tagung educational turn 3 \u2013 intentions &amp; aims, veranstaltet von schnittpunkt. ausstellungstheorie &amp; praxis, 13. Oktober 2011<br \/>\n\u2022 Mitwirkung an der Diskussionsrunde Another (Unesco) Road Map for Arts Education mit Carla Bobadilla, Barbara Mahlknecht, Iver Ohm, Katharina Morawek, Karin Schneider, 4. Mai 2011, Depot Wien<br \/>\n\u2022 Pr\u00e4sentation \u201ePerforming the Vermittler_in\u201c und Workshop \u201eIch will etwas darstellen!\u201c. Optionen des Performativen f\u00fcr die Kunstvermittlerin beim Symposium <span class=\"caps\">KUNST<\/span> [auf] F\u00dcHREN \u2013 Performativit\u00e4t als Modus und Kunstform in der Kunstvermittlung, 20. Juni 2009, Kunsthalle Fridericianum Kassel<br \/>\n\u2022 Einf\u00fchrung zur Ausstellung: Eva Brunner-Szabo: Totenhemd, 22. April 2009, Syndikart Wien<br \/>\n\u2022 Documenta 1955 and its Public: A Refusal to Mediate. Vortrag bei der Association of Art Historians Annual Conference (Session: Public Disorder: Post-World War II European Art and Its Publics), 2. \u2013 4. April 2009, Manchester<br \/>\n\u2022 Moderation der Gespr\u00e4chsrunde: Kunstgeschichte\/n. Mit Elke Frietsch, Edith Futscher, Daniela Hammer-Tugendhat und Ulrike M\u00fcller, 15. Mai 2008, <span class=\"caps\">MUSA<\/span> Wien<br \/>\n\u2022 Vortrag: Schnittstellen-Arbeit aus historischer Sicht: Zu den Video Performances der \u00f6sterreichischen K\u00fcnstlerin Renate Kowanz-Kocer, Vortrag und Diskussion (mit Carola Dertnig) im Rahmen der <span class=\"caps\">CROSSBREEDS<\/span> Plattform f\u00fcr k\u00fcnstlerische Positionen im Dazwischen, 31. J\u00e4nner 2007, <span class=\"caps\">WUK<\/span> Wien<br \/>\n\u2022 Vortrag im Rahmen der Veranstaltungsreihe Berufsbild K\u00fcnstlerIn: Pressearbeit f\u00fcr K\u00fcnstlerInnen, 14. Dezember 2005, wiener kunst schule<br \/>\n\u2022 Moderation der Podiumsdiskussion: \u201eWer macht die Kunst?\u201c. Mit Flora Neuwirth, Sabine B. Vogel, Daniela Zyman, 17. Oktober 2005, Depot Wien<br \/>\n\u2022 schnittpunkt jour fixe 39 \u2013 Mitglieder stellen sich und ihre Arbeit vor: Andrea Hubin \/ basis wien, Mittwoch, 29. Juni 2005, IG Bildende Kunst Wien<br \/>\n\u2022 Moderation der Podiumsdiskussion: Junge Szene? K\u00fcnstlerInnen-Karrieren. Mit Lucas Gehrmann, Christian H\u00f6ller, Jakob Lena Knebl, 17. Mai 2005, Depot Wien<br \/>\n\u2022 Moderation des Podiums: Alles was <span class=\"caps\">RECHT<\/span> ist. Ein Survival-Training f\u00fcr K\u00fcnstlerInnen: Pressearbeit. Mit Robert Bilek und Nicole Scheyerer, 30. April 2003, IG Bildende Kunst Wien<\/p>\n<p><strong>Publikationen<\/strong><\/p>\n<p><strong>Herausgabe:<\/strong><br \/>\n\u2022 Leidenschaftlich exakt. Sammlung Dieter und Gertraud Bogner im mumok. Catalogue Raisonn\u00e9 mit Werken nach 1945 aus der Sammlung Dieter und Gertraud Bogner im mumok (Schenkung 2007) mit \u00fcber 75 Werkbeschreibungen und zwei Einf\u00fchrungstexten. 600 Farbabb., 240 S. AutorInnen: Manuela Ammer, Sandro Droschl, Andrea Hubin, Elisabeth Fritz, Rainer Fuchs, Ines Gebetsroither, Gabriel Hubmann, Stefanie Kitzberger, Karola Kraus, Edelbert K\u00f6b, Harald Krejci, Sabine Mostegl, Susanne Neuburger, Marie R\u00f6bl, Michael Rottmann, Rolf Wienk\u00f6tter und Luisa Ziaja. K\u00fcnstlerInnen: Friedrich Achleitner, Marc Adrian, Robert Adrian X, Josef Albers, Hans Arp, H. C. Artmann, Wolfgang Bauer, Konrad Bayer, Max Bense, Hans Bischoffshausen, Exakte Tendenzen, Johann Fruhmann, Heinz Gappmayr, Roland Goeschl, Dan Graham, Josef Hoffmann, Wolfgang Hollegha, Kurt Ingerl, Hildegard Joos, Joseph Kosuth, Richard Kriesche, D\u00f3ra Maurer, Josef Mikl, Hermann Painitz, Markus Prachensky, Arnulf Rainer, Gerhard R\u00fchm, Richard Tuttle, Peter Weibel u.v.a. <span class=\"caps\">ISBN<\/span> 978\u20133-902490\u201382-7 (mumok), <span class=\"caps\">ISBN<\/span> 978\u20133-86335\u2013267-7 (Verlag der Buchhandlung Walther K\u00f6nig, K\u00f6ln)<\/p>\n<p><strong>Aufs\u00e4tze und Texte:<\/strong><br \/>\n\u2022 Das partizipative Museum. Zwischen Kooperation und user generated content, in: \u00d6ZV \u00d6sterreichische Zeitschrift f\u00fcr Volkskunde (Hg. Verein f\u00fcr Volkskunde), Jg. <span class=\"caps\">LXV<\/span> \/ 113, Heft 1, Wien 2011, S. 98\u2013103<br \/>\n\u2022 Handlungsmacht an den R\u00e4ndern der Macht. Wo siedelt sich eine Kunstvermittlung an, die mit Performativit\u00e4ts-Konzepten operiert?, in: Art Education Research \u00b02. <span class=\"caps\">KUNST<\/span> [auf] F\u00dcHREN (Hg. Nora Landkammer, Anna Sch\u00fcrch, Bernadett Settele, Sandra Ortmann, Danja Erni), 2010,<br \/>\n<a href=\"http:\/\/iae-journal.zhdk.ch\/no-2\">http:\/\/iae-journal.zhdk.ch\/no-2<\/a><br \/>\n\u2022 Family Learning \u2018Doing Research with Anthropologists, Designers, Mediators and a Museum (zus. mit Karin Schneider), in: engage Journal (Hg. engage \u2013 The National Association for Gallery Education), Heft Nr. 25, London 2010<br \/>\n\u2022 Marc Adrians Anf\u00e4nge in der Plastik, in: fair \u2013 Zeitung f\u00fcr Kunst und \u00c4sthetik, Berlin\/Wien, Heft 07\/2009<br \/>\n\u2022 \u201eUnd so meinen wir auch, da\u00df das Gespr\u00e4ch ohne Worte sein mu\u00df.\u201c documenta I und die Abwehr von Vermittlung, in: Kunstvermittlung 2. Zwischen kritischer Praxis und Dienstleistung auf der documenta 12 (Hg. Carmen M\u00f6rsch und das Forschungsteam der Documenta-12-Vermittlung), Z\u00fcrich (Diaphanes Verlag) 2009<br \/>\n\u2022 Katalogbeitr\u00e4ge zu Margot Pilz und Friedrich Eckhardt, in: <span class=\"caps\">MATRIX<\/span>. Geschlechter \/ Verh\u00e4ltnisse \/ Revisionen (Hg. Sabine Mostegl, Gudrun Ratzinger f\u00fcr die Kulturabteilung der Stadt Wien), Wien\/New York 2008<br \/>\n\u2022 Erfolgsversprechen. Das Seminar als Kunstgegenstand, in: exit_05 &gt;&gt;ohne Titel&lt;&lt; (Hg. wiener kunst schule), Wien 2005, S. 90\u201393<br \/>\n\u2022 \u201eDaf\u00fcr das keineR von uns ein Profi ist, halten wir uns echt gut. Vorausgesetzt die Agnes verschweigt uns nicht noch die eine oder andere Katastrophe.\u201c Zur Lehrveranstaltung Ausstellungstheorie und -praxis (zusammen mit Annette S\u00fcdbeck), in: exit_04 &gt;&gt;ausgezeichnet&lt;&lt; (Hg. wiener kunst schule), Wien 2004<br \/>\n\u2022 Not being able to \u2013 Nichtk\u00f6nnen, in: swamp. Highway 101 \/ The Journal #1 (Hg. Helmut Ploebst), Wien 2000, S. 68\u201375<br \/>\n\u2022 Deadlock \/ Totpunkt, in: Camera Austria International, Nr. 68 (1999), S. 81<br \/>\n\u2022 K\u00f6rper, Pose und Fotografie, in: k\u00f6rperinszenierungen. Choreographien und Maskeraden (Hg. Ursula Sch\u00f6ndeling und Kerstin Thomas), Frankfurt 1999, S. 10\u201313<br \/>\n\u2022 Ausstellungsbesprechung: Sozialmaschine Geld (O.K. Centrum f\u00fcr Gegenwartskunst 3. Dezember 1999 \u2013 2. M\u00e4rz 2000), in: <span class=\"caps\">ORF<\/span> Online (7. Dezember 1999)<\/p>\n\t\t\t<\/div>\t\t\r\n\t\t\t<br \/>\r\n\t\t\t\t\r\n\t\t<!-- Only show Mailing Address and Contact Info in single view -->\r\n\t\t\t<\/div>\r\n<\/div>","protected":false},"featured_media":0,"menu_order":0,"template":"","meta":[],"staff-member-category":[68],"class_list":["post-2199","staff-member","type-staff-member","status-publish","hentry","staff-member-category-members"],"translation":{"provider":"WPGlobus","version":"3.0.2","language":"en","enabled_languages":["de","en"],"languages":{"de":{"title":true,"content":true,"excerpt":false},"en":{"title":false,"content":false,"excerpt":false}}},"metadata":{"first_name":["Andrea"],"last_name":["Hubin"],"title":["Kunsthistorikerin, wissenschaftliche Mitarbeiterin Kunsthalle Wien"],"phone":["Art historian, scientific staff Kunsthalle Vienna"]},"featured_image_src":false,"bio":"<strong><a href=\"http:\/\/www.viennavant.at\/wp-content\/uploads\/andreahubin.jpg\" target=\"_blank\" rel=\"noopener\"><img class=\"alignleft wp-image-577\" src=\"http:\/\/www.viennavant.at\/wp-content\/uploads\/andreahubin-214x300.jpg\" width=\"178\" height=\"250\" \/><\/a>Kunsthistorikerin<\/strong>\r\n<strong>Kunstvermittlerin<\/strong>\r\n\r\n<strong>Forschungsschwerpunkte und Interessensspektrum:<\/strong>\r\n\r\n\u2022 Forschung zu Traditionslinien der konstruktiven Kunst in \u00d6sterreich, sowie zu deren Verflechtung mit Ornamentbegriffen\r\n\u2022 Institutionenarbeit f\u00fcr Kunstausbildungen\r\n\u2022 Lehrauftr\u00e4ge zu kunsthistorischen Themen und Begriffsfragen zeitgen\u00f6ssischer Kunst\r\n\r\n<br style=\"clear:both;\"><strong>Kunsthistorikerin und Kunstvermittlerin<\/strong>\r\n\r\nGestaltung partizipativer Denk- und Handlungsr\u00e4ume in Kunstkontexten und Museen, Entwicklung und Moderation von Diskursaktionen mit experimentell-performativem Charakter.\r\n\r\nSeit 2013 wissenschaftliche Mitarbeiterin der Abteilung Kunstvermittlung (bis 2019 Dramaturgie) der <u>Kunsthalle Wien<\/u> \u2013 dort Entwicklung und Umsetzung experimenteller Veranstaltungsprogramme f\u00fcr Erwachsene und von 2015\u20132019 leitende Betreuung der partizipativen Aktionsplattform <u>\u201eCommunity College\u201c<\/u>.\r\n\r\n2013\u20132021 Lehrbeauftragte mit speziellem Fokus auf Theorie und Praxis der Vermittlung an der <u>Universit\u00e4t f\u00fcr Angewandte Kunst Wien<\/u> (Fachbereich Fachdidaktik) und 2016\u20132017 der Akademie der Bildenden K\u00fcnste Wien (Institut f\u00fcr das k\u00fcnstlerische Lehramt).\r\n\r\nForschung und Publikation zu performativen Methoden der Kunstvermittlung und Erwachsenenbildung in Museumskontexten, zur Geschichte kritischer Kunstvermittlung in Wien im Rahmen des Forschungsprojekts <u>\u201eintertwining hi\/stories\u201c<\/u> des internationalen Netzwerkes <u>\u201eAnother Roadmap for Arts Education\u201c<\/u> und zu Traditionslinien der konstruktiven Kunst in \u00d6sterreich (als Herausgeberin: <u>Sammlung Dieter und Gertraud Bogner im mumok<\/u> : Leidenschaftlich Exakt, K\u00f6ln 2012, und Perspektiven in Bewegung, K\u00f6ln 2017).\r\n\r\nWichtige Stationen als Vermittlerin waren 2007 die Arbeit auf der <u>documenta 12<\/u>, wo auch das Wissenstransferprojekt DEUTSCH WISSEN entstand, zudem Mitwirkung an der Begleitforschung, sowie 2008 der Beitrag zur Konzeption der Kunstvermittlung sowie das Vermittlungsteambuilding der <u>5. Berlin Biennale<\/u>.\r\n<table>\r\n<tbody>\r\n<tr>\r\n<td width=\"123\"><\/td>\r\n<td width=\"482\"><strong>AUSBILDUNG <\/strong><\/td>\r\n<\/tr>\r\n<tr>\r\n<td width=\"123\">2008<\/td>\r\n<td width=\"482\">Studienabschluss im Fach Kunstgeschichte mit Auszeichnung\r\nDiplomarbeit \u00fcber die \u201eKonzepte von Audio-Visualit\u00e4t in den Arbeiten der K\u00fcnstlerin Renate Kowanz-Kocer\u201c bei Prof. Hammer-Tugendhat, Universit\u00e4t f\u00fcr Angewandte Kunst<\/td>\r\n<\/tr>\r\n<tr>\r\n<td width=\"123\">1998\/99<\/td>\r\n<td width=\"482\">Auslandssemester an der Universit\u00e4t Frankfurt am Main, dort: \u201eGeschnittenes Licht und Schattenrisse\u201c \u2013 Arbeit zur Semantik von Licht und Schatten in den Filmen von David Lynch<\/td>\r\n<\/tr>\r\n<tr>\r\n<td width=\"123\">1994\u20131995<\/td>\r\n<td width=\"482\">Auslandsstudium f\u00fcr Modernen Theatertanz in Amsterdam an der Hogeschool voor de Kunsten (Opleiding Moderne Theaterdans). Choreographie und Auff\u00fchrung des Solos \u201eLanguages\u201c<\/td>\r\n<\/tr>\r\n<tr>\r\n<td width=\"123\">1990 bis 2008<\/td>\r\n<td width=\"482\">Studium der Kunstgeschichte an den Universit\u00e4ten Wien und Frankfurt am Main<\/td>\r\n<\/tr>\r\n<tr>\r\n<td width=\"123\"><\/td>\r\n<td width=\"482\"><\/td>\r\n<\/tr>\r\n<tr>\r\n<td width=\"123\"><\/td>\r\n<td width=\"482\"><strong>BERUFLICHE STATIONEN<\/strong><\/td>\r\n<\/tr>\r\n<tr>\r\n<td width=\"123\">Seit 2019<\/td>\r\n<td width=\"482\">Kunsthalle Wien, Vermittlungsabteilung<\/td>\r\n<\/tr>\r\n<tr>\r\n<td width=\"123\">2022\/23<\/td>\r\n<td width=\"482\">Volkskundemuseum Wien, Workshopreihe \u201eDemokratie lernen mit Denkbildern\u201c, Projektleitung<\/td>\r\n<\/tr>\r\n<tr>\r\n<td width=\"123\">2013\u20132021<\/td>\r\n<td width=\"482\">Universit\u00e4t f\u00fcr Angewandte Kunst, Fachbereich Fachdidaktik<\/td>\r\n<\/tr>\r\n<tr>\r\n<td width=\"123\">2013\u20132019<\/td>\r\n<td width=\"482\">Kunsthalle Wien, Wissenschaftliche Mitarbeiterin der Abteilung Dramaturgie<\/td>\r\n<\/tr>\r\n<tr>\r\n<td width=\"123\">2013\u20132019<\/td>\r\n<td width=\"482\">Volkskundemuseum Wien, museumsdramaturgische Begleitung eines culture connected gef\u00f6rderten Sch\u00fcler:innen-Theaterprojekts<\/td>\r\n<\/tr>\r\n<tr>\r\n<td width=\"123\">2016\u20132017<\/td>\r\n<td width=\"482\">Akademie der Bildenden K\u00fcnste Wien, Institut f\u00fcr das k\u00fcnstlerische Lehramt<\/td>\r\n<\/tr>\r\n<tr>\r\n<td width=\"123\">2013\u20132021<\/td>\r\n<td width=\"482\">Volkskundemuseum Wien, Vermittlungsinterventionen zu Ausstellungen und Projekten (u.a. \u201eKlimesch \u2013 Das Gesch\u00e4ft mit den Dingen\u201c)<\/td>\r\n<\/tr>\r\n<tr>\r\n<td width=\"123\">2009\u20132010<\/td>\r\n<td width=\"482\">Volkskundemuseum Wien, Forschungsprojekt \u201eDoing kinship with pictures and objects\u201c<\/td>\r\n<\/tr>\r\n<tr>\r\n<td width=\"123\">2008\u20132016<\/td>\r\n<td width=\"482\">mumok, Sammlungsabteilung, Leitung des zweiteiligen Katalogprojekts zur Sammlung Dieter und Gertraud Bogner<\/td>\r\n<\/tr>\r\n<tr>\r\n<td width=\"123\">2008<\/td>\r\n<td width=\"482\">mumok, Bibliothek, wissenschaftliche Mitarbeiterin<\/td>\r\n<\/tr>\r\n<tr>\r\n<td width=\"123\">2008<\/td>\r\n<td width=\"482\">5. Berlin Biennale, Konzeption der Kunstvermittlung und Vermittlungsteambuilding<\/td>\r\n<\/tr>\r\n<tr>\r\n<td width=\"123\">2007<\/td>\r\n<td width=\"482\">documenta 12, Vermittlung und Mitwirkung an der Begleitforschung<\/td>\r\n<\/tr>\r\n<tr>\r\n<td width=\"123\">2007 \u20132013<\/td>\r\n<td width=\"482\">Kunsthalle Wien, Bibliothek<\/td>\r\n<\/tr>\r\n<tr>\r\n<td width=\"123\">2003\u20132006<\/td>\r\n<td width=\"482\">Kunstdokumentationszentrum basis wien, Assistenz der Gesch\u00e4ftsf\u00fchrung (Lioba Reddeker)<\/td>\r\n<\/tr>\r\n<tr>\r\n<td width=\"123\">2001\u20132003<\/td>\r\n<td width=\"482\">Wiener Kunstschule, \u00d6ffentlichkeitsarbeit und Lehre<\/td>\r\n<\/tr>\r\n<tr>\r\n<td width=\"123\">1999\u20132003<\/td>\r\n<td width=\"482\">Generali Foundation Wien, Kunstvermittlung<\/td>\r\n<\/tr>\r\n<tr>\r\n<td width=\"123\">1996\u20131998<\/td>\r\n<td width=\"482\">IFK Internationales Forschungszentrum Kulturwissenschaften, Wien, Front Office<\/td>\r\n<\/tr>\r\n<tr>\r\n<td width=\"123\">1996\u20131998<\/td>\r\n<td width=\"482\">\u00d6H Universit\u00e4t Wien, Bildungspolitische Referentin<\/td>\r\n<\/tr>\r\n<\/tbody>\r\n<\/table>\r\n<strong>Curriculum Vitae<\/strong>\r\n\r\n\u2022 geboren 1972 in Wien\r\n\u2022 Studium der Kunstgeschichte\r\n\r\n\u2022 seit 2013 wissenschaftliche Mitarbeiterin Kunsthalle Wien\r\n\u2022 Seit 2009 Wissenschaftliche Leitung und Herausgeberin im Forschungs- und Publikationsprojekt <a href=\"http:\/\/www.mumok.at\/programm\/archiv\/ausstellungen\/2007\/ohne-wenn-und-aber\/\">Die Sammlung Bogner<\/a> im mumok Wien. In einem ersten von drei geplanten B\u00e4nden wurden die nach 1945 datierten Best\u00e4nde als <a href=\"http:\/\/www.mumok.at\/ueber-mumok\/publikationen\/notinmenu\/aktuell\/leidenschaftlich-exakt\/\">Catalogue Raisonn\u00e9<\/a> aufbereitet. Erschienen 2012 mumok \/ Buchhandlung K\u00f6nig.\r\n\u2022 2009\u20132010 Wissenschaftliche Mitarbeiterin im Forschungsprojekt <a href=\"http:\/\/www.wwtf.at\/projects\/research_projects\/details\/index.php?PKEY=985_DE_O\">Doing kinship with pictures and objects: a laboratory for private and public practices of art<\/a> (Arts&amp;Sciences Call 2008 <span class=\"caps\">WWTF<\/span>)\r\n\u2022 2008 Konzept, Umsetzung und Supervision der Kunstvermittlung der berlin biennale 2008 (\u201eSecret Service\u201c)\r\n\u2022 Wissenschaftliche Koordination der Bibliothek im mumok Wien\r\n\u2022 2007 Kunstvermittlung auf der documenta 12: Wissenstransferprojekt \u201eDEUTSCH <span class=\"caps\">WISSEN<\/span>\u201c, Ausstellungsgespr\u00e4che und Mitwirkung an der Begleitforschung\r\n\u2022 seit 2007 Leitung Bibliothek und Schriftentausch, Kunsthalle Wien\r\n\u2022 2003 bis 2005 Assistenz Gesch\u00e4ftsf\u00fchrung im Kunstdokumentationszentrum <a href=\"http:\/\/www.basis-wien.at\">basis wien<\/a>; \u00d6ffentlichkeitsarbeit und Kommunikation, Veranstaltungsbetreuung, e-Medienkoordination; Abwicklung der Abschlussphase des EU-Projekts \u201evektor\u201c\r\n\u2022 2001 \u2013 2003 Lehre und \u00d6ffentlichkeitsarbeit an der wiener kunst schule: Studienplanentwicklung f\u00fcr den 2. Studienabschnitt aller Lehrg\u00e4nge, Mitwirkung an der Schulreform, Medien-Betreuung, Ausstellungsorganisation, Projektentwicklung.\r\nLehrveranstaltungen an der wiener kunst schule\r\n\u2013 2004\/05 Seminar \u201eErfolgsversprechen\u201c. Die Studierenden erhielten im Zuge des Seminars die M\u00f6glichkeit zur Ausstellungsbeteiligung an \u201eUPDATE. kunststrukturennutzen&amp;schaffen\u201c (K\u00fcnstlerhaus Wien).\r\n\u2013 2003\/04 Lehrveranstaltung \u201eAusstellungstheorie und Ausstellungspraxis\u201c\r\n\u2013 2001 \u2013 2003 Entwicklung und Durchf\u00fchrung der Lehrveranstaltung <span class=\"caps\">KOOP<\/span> Interdisziplin\u00e4r., die Studierenden erm\u00f6glichte, Vortr\u00e4ge und Diskussionsveranstaltungen an au\u00dferschulischen Einrichtungen in ihr Studium zu integrieren.\r\n\u2022 1999 \u2013 2001 Entwicklung und Durchf\u00fchrung einer speziell an die Anforderungen von Kunststudierenden angepassten \u00dcberblicksvorlesung zur Kunstgeschichte\r\n\u2022 2001 wissenschaftliche Mitarbeiterin im Projekt \u201eVon Ort zu Ort\u201c der K\u00fcnstlerInnengruppe Wochenklausur\r\n\u2022 1999 \u2013 2003 Kunstvermittlerin an der Generali Foundation Wien, Projektschwerpunkt \u201eKunstvermittlung und Politische Bildung\u201c\r\n\u2022 1998 Akteurin im Orgien-Mysterien-Theater von Hermann Nitsch (\u201eSechs Tages Spiel\u201c)\r\n\u2022 1997 \u2013 1998 Mitarbeit als Vortragende in \u201eMission auf Bestellung\u201c, Kunstvermittlungsprojekt, finanziert vom Bundeskurator f\u00fcr bildende Kunst Wolfgang Zinggl\r\n\u2022 1996 \u2013 1998 Mitarbeiterin am <span class=\"caps\">IFK<\/span> Internationales Forschungszentrum Kulturwissenschaften, Wien\r\n\r\n<strong>Hochschulpolitisches Engagement:<\/strong>\r\n\r\n\u2022 1996 \u2013 1997 Bildungspolitische Referentin der Hochsch\u00fclerInnenschaft an der Universit\u00e4t Wien; Vorsitzende der studentischen Fakult\u00e4tsvertretung Geisteswissenschaften an der Universit\u00e4t Wien; Studienrichtungsvertretung Kunstgeschichte\r\n\r\n<strong>Tagungsbeitr\u00e4ge, Vortr\u00e4ge<\/strong>\r\n\r\n\u2022 Vortrag \u201eWien um 1954. Was bleibt den Jungen noch zu tun?\u201c im Rahmen der 16. Tagung des Verbandes \u00f6sterreichischer Kunsthistorikerinnen und Kunst-historiker \u201eOrnament und\u2026 \u00dcber die R\u00e4nder \u00e4sthetischer Theorien und Praktiken\u201c, 30. September \u2013 2. Oktober 2011, Krems\r\n\u2022 Workshop \u201eMapping Sinn &amp; Zweck im <span class=\"caps\">MAK<\/span>. Kunstvermittlung und\/als Ornament.\u201c, im Rahmen der Tagung educational turn 3 \u2013 intentions &amp; aims, veranstaltet von schnittpunkt. ausstellungstheorie &amp; praxis, 13. Oktober 2011\r\n\u2022 Mitwirkung an der Diskussionsrunde Another (Unesco) Road Map for Arts Education mit Carla Bobadilla, Barbara Mahlknecht, Iver Ohm, Katharina Morawek, Karin Schneider, 4. Mai 2011, Depot Wien\r\n\u2022 Pr\u00e4sentation \u201ePerforming the Vermittler_in\u201c und Workshop \u201eIch will etwas darstellen!\u201c. Optionen des Performativen f\u00fcr die Kunstvermittlerin beim Symposium <span class=\"caps\">KUNST<\/span> [auf] F\u00dcHREN \u2013 Performativit\u00e4t als Modus und Kunstform in der Kunstvermittlung, 20. Juni 2009, Kunsthalle Fridericianum Kassel\r\n\u2022 Einf\u00fchrung zur Ausstellung: Eva Brunner-Szabo: Totenhemd, 22. April 2009, Syndikart Wien\r\n\u2022 Documenta 1955 and its Public: A Refusal to Mediate. Vortrag bei der Association of Art Historians Annual Conference (Session: Public Disorder: Post-World War II European Art and Its Publics), 2. \u2013 4. April 2009, Manchester\r\n\u2022 Moderation der Gespr\u00e4chsrunde: Kunstgeschichte\/n. Mit Elke Frietsch, Edith Futscher, Daniela Hammer-Tugendhat und Ulrike M\u00fcller, 15. Mai 2008, <span class=\"caps\">MUSA<\/span> Wien\r\n\u2022 Vortrag: Schnittstellen-Arbeit aus historischer Sicht: Zu den Video Performances der \u00f6sterreichischen K\u00fcnstlerin Renate Kowanz-Kocer, Vortrag und Diskussion (mit Carola Dertnig) im Rahmen der <span class=\"caps\">CROSSBREEDS<\/span> Plattform f\u00fcr k\u00fcnstlerische Positionen im Dazwischen, 31. J\u00e4nner 2007, <span class=\"caps\">WUK<\/span> Wien\r\n\u2022 Vortrag im Rahmen der Veranstaltungsreihe Berufsbild K\u00fcnstlerIn: Pressearbeit f\u00fcr K\u00fcnstlerInnen, 14. Dezember 2005, wiener kunst schule\r\n\u2022 Moderation der Podiumsdiskussion: \u201eWer macht die Kunst?\u201c. Mit Flora Neuwirth, Sabine B. Vogel, Daniela Zyman, 17. Oktober 2005, Depot Wien\r\n\u2022 schnittpunkt jour fixe 39 \u2013 Mitglieder stellen sich und ihre Arbeit vor: Andrea Hubin \/ basis wien, Mittwoch, 29. Juni 2005, IG Bildende Kunst Wien\r\n\u2022 Moderation der Podiumsdiskussion: Junge Szene? K\u00fcnstlerInnen-Karrieren. Mit Lucas Gehrmann, Christian H\u00f6ller, Jakob Lena Knebl, 17. Mai 2005, Depot Wien\r\n\u2022 Moderation des Podiums: Alles was <span class=\"caps\">RECHT<\/span> ist. Ein Survival-Training f\u00fcr K\u00fcnstlerInnen: Pressearbeit. Mit Robert Bilek und Nicole Scheyerer, 30. April 2003, IG Bildende Kunst Wien\r\n\r\n<strong>Publikationen<\/strong>\r\n\r\n<strong>Herausgabe:<\/strong>\r\n\u2022 Leidenschaftlich exakt. Sammlung Dieter und Gertraud Bogner im mumok. Catalogue Raisonn\u00e9 mit Werken nach 1945 aus der Sammlung Dieter und Gertraud Bogner im mumok (Schenkung 2007) mit \u00fcber 75 Werkbeschreibungen und zwei Einf\u00fchrungstexten. 600 Farbabb., 240 S. AutorInnen: Manuela Ammer, Sandro Droschl, Andrea Hubin, Elisabeth Fritz, Rainer Fuchs, Ines Gebetsroither, Gabriel Hubmann, Stefanie Kitzberger, Karola Kraus, Edelbert K\u00f6b, Harald Krejci, Sabine Mostegl, Susanne Neuburger, Marie R\u00f6bl, Michael Rottmann, Rolf Wienk\u00f6tter und Luisa Ziaja. K\u00fcnstlerInnen: Friedrich Achleitner, Marc Adrian, Robert Adrian X, Josef Albers, Hans Arp, H. C. Artmann, Wolfgang Bauer, Konrad Bayer, Max Bense, Hans Bischoffshausen, Exakte Tendenzen, Johann Fruhmann, Heinz Gappmayr, Roland Goeschl, Dan Graham, Josef Hoffmann, Wolfgang Hollegha, Kurt Ingerl, Hildegard Joos, Joseph Kosuth, Richard Kriesche, D\u00f3ra Maurer, Josef Mikl, Hermann Painitz, Markus Prachensky, Arnulf Rainer, Gerhard R\u00fchm, Richard Tuttle, Peter Weibel u.v.a. <span class=\"caps\">ISBN<\/span> 978\u20133-902490\u201382-7 (mumok), <span class=\"caps\">ISBN<\/span> 978\u20133-86335\u2013267-7 (Verlag der Buchhandlung Walther K\u00f6nig, K\u00f6ln)\r\n\r\n<strong>Aufs\u00e4tze und Texte:<\/strong>\r\n\u2022 Das partizipative Museum. Zwischen Kooperation und user generated content, in: \u00d6ZV \u00d6sterreichische Zeitschrift f\u00fcr Volkskunde (Hg. Verein f\u00fcr Volkskunde), Jg. <span class=\"caps\">LXV<\/span> \/ 113, Heft 1, Wien 2011, S. 98\u2013103\r\n\u2022 Handlungsmacht an den R\u00e4ndern der Macht. Wo siedelt sich eine Kunstvermittlung an, die mit Performativit\u00e4ts-Konzepten operiert?, in: Art Education Research \u00b02. <span class=\"caps\">KUNST<\/span> [auf] F\u00dcHREN (Hg. Nora Landkammer, Anna Sch\u00fcrch, Bernadett Settele, Sandra Ortmann, Danja Erni), 2010,\r\n<a href=\"http:\/\/iae-journal.zhdk.ch\/no-2\">http:\/\/iae-journal.zhdk.ch\/no-2<\/a>\r\n\u2022 Family Learning \u2018Doing Research with Anthropologists, Designers, Mediators and a Museum (zus. mit Karin Schneider), in: engage Journal (Hg. engage \u2013 The National Association for Gallery Education), Heft Nr. 25, London 2010\r\n\u2022 Marc Adrians Anf\u00e4nge in der Plastik, in: fair \u2013 Zeitung f\u00fcr Kunst und \u00c4sthetik, Berlin\/Wien, Heft 07\/2009\r\n\u2022 \u201eUnd so meinen wir auch, da\u00df das Gespr\u00e4ch ohne Worte sein mu\u00df.\u201c documenta I und die Abwehr von Vermittlung, in: Kunstvermittlung 2. Zwischen kritischer Praxis und Dienstleistung auf der documenta 12 (Hg. Carmen M\u00f6rsch und das Forschungsteam der Documenta-12-Vermittlung), Z\u00fcrich (Diaphanes Verlag) 2009\r\n\u2022 Katalogbeitr\u00e4ge zu Margot Pilz und Friedrich Eckhardt, in: <span class=\"caps\">MATRIX<\/span>. Geschlechter \/ Verh\u00e4ltnisse \/ Revisionen (Hg. Sabine Mostegl, Gudrun Ratzinger f\u00fcr die Kulturabteilung der Stadt Wien), Wien\/New York 2008\r\n\u2022 Erfolgsversprechen. Das Seminar als Kunstgegenstand, in: exit_05 &gt;&gt;ohne Titel&lt;&lt; (Hg. wiener kunst schule), Wien 2005, S. 90\u201393\r\n\u2022 \u201eDaf\u00fcr das keineR von uns ein Profi ist, halten wir uns echt gut. Vorausgesetzt die Agnes verschweigt uns nicht noch die eine oder andere Katastrophe.\u201c Zur Lehrveranstaltung Ausstellungstheorie und -praxis (zusammen mit Annette S\u00fcdbeck), in: exit_04 &gt;&gt;ausgezeichnet&lt;&lt; (Hg. wiener kunst schule), Wien 2004\r\n\u2022 Not being able to \u2013 Nichtk\u00f6nnen, in: swamp. Highway 101 \/ The Journal #1 (Hg. Helmut Ploebst), Wien 2000, S. 68\u201375\r\n\u2022 Deadlock \/ Totpunkt, in: Camera Austria International, Nr. 68 (1999), S. 81\r\n\u2022 K\u00f6rper, Pose und Fotografie, in: k\u00f6rperinszenierungen. Choreographien und Maskeraden (Hg. Ursula Sch\u00f6ndeling und Kerstin Thomas), Frankfurt 1999, S. 10\u201313\r\n\u2022 Ausstellungsbesprechung: Sozialmaschine Geld (O.K. Centrum f\u00fcr Gegenwartskunst 3. Dezember 1999 \u2013 2. M\u00e4rz 2000), in: <span class=\"caps\">ORF<\/span> Online (7. Dezember 1999)","_links":{"self":[{"href":"https:\/\/www.viennavant.at\/en\/wp-json\/wp\/v2\/staff-member\/2199","targetHints":{"allow":["GET"]}}],"collection":[{"href":"https:\/\/www.viennavant.at\/en\/wp-json\/wp\/v2\/staff-member"}],"about":[{"href":"https:\/\/www.viennavant.at\/en\/wp-json\/wp\/v2\/types\/staff-member"}],"wp:attachment":[{"href":"https:\/\/www.viennavant.at\/en\/wp-json\/wp\/v2\/media?parent=2199"}],"wp:term":[{"taxonomy":"staff-member-category","embeddable":true,"href":"https:\/\/www.viennavant.at\/en\/wp-json\/wp\/v2\/staff-member-category?post=2199"}],"curies":[{"name":"wp","href":"https:\/\/api.w.org\/{rel}","templated":true}]}}