{"id":2196,"date":"2016-12-14T11:06:40","date_gmt":"2016-12-14T11:06:40","guid":{"rendered":"http:\/\/viennavant.cloud.d2mc.com\/?post_type=staff-member&#038;p=2196"},"modified":"2022-12-26T21:22:16","modified_gmt":"2022-12-26T21:22:16","slug":"dr-phil-katharina-gsoellpointner","status":"publish","type":"staff-member","link":"https:\/\/www.viennavant.at\/en\/staff-members\/dr-phil-katharina-gsoellpointner\/","title":{"rendered":"Priv. Doz. Dr. phil. Katharina Gs\u00f6llpointner"},"content":{"rendered":"\r\n \r\n<div class=\"staff-member\">\r\n\r\n\t<!-- Featured Image -->\r\n\t\t\t\t\t\t\r\n\t<div class=\"staff-member-right\">\r\n\t\t\t\t\r\n\t\t \r\n\t\t\t<p class=\"staff-member-title\">Kunst-, Kommunikations- und Medienwissenschaftlerin, Head of Department International Programmes in Sustainable Developments an der Universit\u00e4t f\u00fcr Angewandte Kunst Wien an der Universit\u00e4t f\u00fcr Angewandte Kunst, Wien, Inhaberin der Institut f\u00fcr systemische Medienforschung GmbH<\/p>\r\n\t\t\t\t\r\n\t\t\r\n\t\t   \r\n\t\t\t<div class=\"staff-member-bio\"> \r\n\t\t\t\t<p><a href=\"http:\/\/www.viennavant.at\/wp-content\/uploads\/kgsoellpointner.jpg\" target=\"_blank\" rel=\"noopener\"><img loading=\"lazy\" decoding=\"async\" class=\"alignleft wp-image-998\" src=\"http:\/\/www.viennavant.at\/wp-content\/uploads\/kgsoellpointner-281x300.jpg\" width=\"215\" height=\"230\" srcset=\"https:\/\/www.viennavant.at\/wp-content\/uploads\/kgsoellpointner-281x300.jpg 281w, https:\/\/www.viennavant.at\/wp-content\/uploads\/kgsoellpointner-958x1024.jpg 958w, https:\/\/www.viennavant.at\/wp-content\/uploads\/kgsoellpointner.jpg 1010w\" sizes=\"auto, (max-width: 215px) 100vw, 215px\" \/><\/a>\u2022 Kunst-, Kommunikations- und Medienwissenschafterin<br \/>\n\u2022 Senior Scientist an der Universit\u00e4t f\u00fcr Angewandte Kunst<br \/>\n\u2022 Coach, Supervisorin und Organisationsberaterin (\u00d6AGG)<br \/>\n\u2022 Inhaberin der Institut f\u00fcr systemische Medienforschung GmbH <a href=\"http:\/\/www.mediengarten.at\">http:\/\/www.mediengarten.at<\/a><\/p>\n<p><br style=\"clear:both;\"><\/p>\n<p><strong>Forschungsschwerpunkte<\/strong><\/p>\n<p>systemtheoretische und konstruktivistische Medientheorie<br \/>\n\u00c4sthetik und Medien der Kunst<br \/>\nDigitale K\u00fcnste<\/p>\n<p><strong>Websites<\/strong><\/p>\n<p><a href=\"http:\/\/www.katharinagsoellpointner.at\">http:\/\/www.katharinagsoellpointner.at<\/a><br \/>\n<a href=\"http:\/\/www.mediengarten.at\/\">http:\/\/www.mediengarten.at\/<\/a><\/p>\n<p><strong>Aus- und Weiterbildung<\/strong><\/p>\n<p>\u20221979\u20131986 Studium der Anglistik, Politikwissenschaft, Germanistik und Publizistik und Kommunikationswissenschaft an der Paris-Lodron-Universit\u00e4t Salzburg<br \/>\n\u2022Dissertation \u00fcber \u201eAlltagskultur und Kulturkritik. Zur Produktion von Kulturberichterstattung\u201d<br \/>\n\u20221988 Post Graduate Internship bei den Vereinten Nationen, Department of Public Information, United Nations Headquarter New York, <span class=\"caps\">USA<\/span> (Fulbright Stipendium)<br \/>\n\u20222001\u20132005 Ausbildung in Supervision \/ Coaching \/ Organisationsberatung beim \u00d6sterreichischen Arbeitsskreis f\u00fcr Gruppentherapie und Gruppendynamik (\u00d6AGG) in Wien; Abschlussarbeit \u00fcber \u201eKunst und Coaching zwischen System und Gestalt.\u201c<\/p>\n<p><strong>Forschungsprojekte (Auswahl)<\/strong><\/p>\n<p>\u2022 2013 \u2013 2016 Digital Synesthesia. Forschungsf\u00f6rderung im Rahmen des Programms <span class=\"caps\">PEEK<\/span> \u2013 Programm zur Entwicklung und Erschlie\u00dfung der K\u00fcnste des <span class=\"caps\">FWF<\/span> \u2013 der Wissenschaftsfonds (mit Ruth Schnell und Romana Schuler) <a href=\"http:\/\/digitalsynesthesia.net\/wp\/\">http:\/\/digitalsynesthesia.net\/wp\/<\/a><br \/>\n\u2022 2006 \u2013 2009 \u00c4STHETISCHES <span class=\"caps\">KNOW<\/span>-HOW. Sprache \u2013 Technologie \u2013 Medialit\u00e4t. Forschungspreis des Calls \u201eSciENCE for creative industries Projekte (F\u00fcnf-Sinne-Call)\u201c des Wiener Wissenschafts-, Forschungs- und Technologiefonds <span class=\"caps\">WWTF<\/span> (mit S. Moser), ver\u00f6ffentlich als multimediale Online-Publikation <a href=\"http:\/\/www.sprachmedien.at\">www.sprachmedien.at<\/a><br \/>\n\u2022 2002\u20132003 Medialit\u00e4t &amp; Kybernetik. Interdependenzen zwischen Kunst und Technologie Forschungsf\u00f6rderung des Jubil\u00e4umsfonds der \u00d6sterreichischen Nationalbank<br \/>\n\u2022 2002 Projekt Art&amp;Science Wien: Entwicklung:Leitbild:Konstruktion Studie im Auftrag des Stadtrats f\u00fcr Wissenschaft und Kultur der Stadt Wien<br \/>\n\u2022 1999 Erforschung neuer k\u00fcnstlerischer Kategorien im medialen Kontext Forschungsf\u00f6rderung des Bundesministeriums f\u00fcr Wissenschaft und Verkehr<\/p>\n<p><strong>Berufst\u00e4tigkeit (Auswahl)<\/strong><\/p>\n<p>\u2022 Seit 2019 ist Katharina Gs\u00f6llpointner Head of Department International Programmes in Sustainable Developments an der Universit\u00e4t f\u00fcr Angewandte Kunst Wien.<br \/>\n\u2022 2016\u00a0habilitierte\u00a0sie sich mit einer Arbeit \u00fcber\u00a0<i>Intermediale Produktion &amp; Multimodale Perzeption. Zur \u00c4sthetik der Digitalen Kunst<\/i>\u00a0und erhielt die\u00a0Venia Docendi\u00a0f\u00fcr das Fach\u00a0Medientheorie\u00a0an der Universit\u00e4t f\u00fcr angewandte Kunst Wien, wo sie von 2012 bis 2018 an der Abteilung f\u00fcr Digitale Kunst (Leitung Ruth Schnell) auch als\u00a0<i>Researcher<\/i>\u00a0und\u00a0<i>Lecturer<\/i>\u00a0t\u00e4tig war.<br \/>\n\u2022 Katharina Gs\u00f6llpointner hat eine Reihe von inter- und transdisziplin\u00e4re Forschungsprojekte mit internationalen Kooperationspartnern konzipiert und erfolgreich geleitet. Sie publiziert, h\u00e4lt Vortr\u00e4ge und lehrt zur\u00a0\u00c4sthetik\u00a0und\u00a0<i>Kybernetik\u00a0der\u00a0Medien<\/i>.<br \/>\n\u2022 2007 gr\u00fcndete sie zusammen mit Sibylle Moser das\u00a0<i>LOOP. Institut f\u00fcr systemische Medienforschung<\/i>, das als Forschungseinrichtung Partner der\u00a0Universit\u00e4t f\u00fcr angewandte Kunst Wien\u00a0und des\u00a0Zentrums f\u00fcr Kunst und Medientechnologie\u00a0(ZKM) in Karlsruhe war.<sup id=\"cite_ref-4\" class=\"reference\"><\/sup>\u00a02010 \u00fcbernahm sie das Institut und leitete es bis 2016 unter dem Namen\u00a0<i>mediengarten. Institut f\u00fcr systemische Medienforschung GmbH<\/i>\u00a0als Alleineigent\u00fcmerin.<br \/>\n\u2022 2002\u20132003 Konsulentin und Projektkoordinatorin von artscience vienna, einem Projekt der Stadt Wien zur Erm\u00f6glichung neuer, transdisziplin\u00e4rer Kooperationsformen von Kunst, Wissenschaft und Technologie; Konzeption und Durchf\u00fchrung von vier international besetzten Workshops mit ExpertInnen aus Kunst und Wissenschaft<br \/>\n\u2022 1994\u20131998 Beirat f\u00fcr Medienkunst am \u00d6sterreichischen Bundesministerium f\u00fcr Wissenschaft, Forschung und Kunst<br \/>\n\u2022 1991\u20131995 Leiterin und k\u00fcnstlerischer Beirat des Festivals Ars Electronica Linz (mit Peter Weibel)<br \/>\n\u2022 1990\u20131991 PR und \u00d6ffentlichkeitsarbeit am Museum f\u00fcr angewandte Kunst <span class=\"caps\">MAK<\/span>, Wien<br \/>\n\u2022 Seit 1989 Universit\u00e4tslektorin f\u00fcr Medienkunstgeschichte, Medientheorie, Transdisziplinarit\u00e4t von Kunst und Wissenschaft, Theorie und Praxis der Kommunikation an in- und ausl\u00e4ndischen Universit\u00e4ten (<a style=\"background-color: #ffffff;\" href=\"http:\/\/www.katharinagsoellpointner.at\/lehre.html\">http:\/\/www.katharinagsoellpointner.at\/lehre.html<\/a>)<br \/>\n\u2022 1989\u20131990 Assistenz f\u00fcr Veranstaltungs- und Ausstellungskoordinationen am Museum f\u00fcr angewandte Kunst <span class=\"caps\">MAK<\/span>, Wien<br \/>\n\u2022 1986\u20131988 Leitung PR und \u00d6ffentlichkeitsarbeit am Linzer Institut f\u00fcr Gestaltung<\/p>\n<p><strong>Publikationen (Auswahl)<\/strong><\/p>\n<p><strong>Herausgeberschaft<\/strong><br \/>\n\u2022 Digital Synesthesia. A Model for the Aesthetics of Digital Art<br \/>\n(w\/ R. Schnell and R. Schuler). Edition Angewandte. Berlin\/Boston: De Gruyter (in preparation) 2016<br \/>\n\u2022 Peter Weibel (mit H. Deisl). Wien: <span class=\"caps\">DER<\/span> <span class=\"caps\">KONTERFEI<\/span> 2015. <a href=\"http:\/\/derkonterfei.com\/product\/peter-weibel-heinrich-deisl-katharina-gs%C3%B6llpointner-hrsg\">http:\/\/derkonterfei.com\/product\/peter-weibel-heinrich-deisl-katharina-gs\u00f6llpointner-hrsg<\/a><br \/>\n\u2022 Medien der Beratung. \u00c4sthetik, Methoden, Praxis (im Druck). Wien: facultas.wuv 2012.<\/p>\n<p><strong>Monografie<\/strong><br \/>\n\u2022 <span class=\"caps\">PARAMOUR<\/span>. Kunst im Kontext Neuer Technologien (mit U. Hentschl\u00e4ger). Wien: Triton 1999<\/p>\n<p><strong>Aufs\u00e4tze und Texte<\/strong><br \/>\n\u2022 Medien\u00e4sthetik \u2013 wozu?, in: Gs\u00f6llpointner, K. (Hg.), Medien der Beratung. \u00c4sthetik, Methoden, Praxis, Wien: facultas.wuv 2012 (im Druck)<br \/>\n\u2022 Lernen von der Kunst, in: Gs\u00f6llpointner, K. (Hg.), Medien der Beratung. \u00c4sthetik, Methoden, Praxis, Wien: facultas.wuv (im Druck) 2012<br \/>\n\u2022 Paradoxien der Kunst, Kunst der Paradoxien, in: Geierhos, H. (Hg.), ontological rehearsals. Masks, Props, Sculptures, Wien: Schlebr\u00fcgge 2010, S. 64\u201372<br \/>\n\u2022 Sprache Beobachten (mit S. Moser), in: <a href=\"http:\/\/www.sprachmedien.at\">www.sprachmedien.at<\/a> 2009<br \/>\n\u2022 Texte Wahrnehmen, in: <a href=\"http:\/\/www.sprachmedien.at\">www.sprachmedien.at<\/a> 2009<br \/>\n\u2022 Texte Reflektieren, in: <a href=\"http:\/\/www.sprachmedien.at\">www.sprachmedien.at<\/a> 2009<br \/>\n\u2022 Texte Positionieren, in: <a href=\"http:\/\/www.sprachmedien.at\">www.sprachmedien.at<\/a> 2009<br \/>\n\u2022 Formen f\u00fcr Medien: Chromotope &amp; Chromogramme, in: Coeln, V. (Hg.), Licht: Chromotop und Chromogramm, Wien: Art Libre 2006<br \/>\n\u2022 <span class=\"caps\">LIFE<\/span> <span class=\"caps\">SCIENCES<\/span>:LIVE <span class=\"caps\">IMAGES<\/span>, in: Lischka, G.J.\/Feuerstein, T. (Hg.), Selbst:Darstellung. Bern: Benteli 2003, S. 53\u201383<br \/>\n\u2022 Kritik der \u201cKunstvermittlung\u201d. Auf der Suche nach der verlorenen Partizipation\u2026, in: kunstvermittlung.at, Kommunikationsarbeit mit NetzbesucherInnen zur Ausstellungskunst, Wien: B\u00fcro f\u00fcr Kulturvermittlung 2003, S. 67\u201373<br \/>\n\u2022 Das Feuern der Synapsen. Zu \u201enervOS nerv Operating System\u201c von Nicole A. Pruckermayr und Johannes M. Zm\u00f6lnig, in: Herbert von Karajan Centrum (Hg.), Star_Project. Senso- and visionary links. Wien 2001, S. 79\u201393<br \/>\n\u2022 Art_Server: Politics, Culture &amp; Net.Art, in: Jahrmann, M. (Hg.), Art_Server: Stargate to Netculture. Linz: O.K. Centrum f\u00fcr Gegenwartskunst 2000, S. 14\u201317<br \/>\n\u2022 Auf der Suche nach dem medialen Subjekt (zu Johannes Deutsch\u2019 Farbtrichter und CWD3ecke), in: Johannes Deutsch. Paarlauf der finsteren Trichter. Wien: Triton 2000, S. 11\u201316<br \/>\n\u2022 Mediale Energie. Zur Installation R111,, in: Dinkla, S.\/Brockhaus, C. (Hg.), Connected Cities. Kunstprozesse im urbanen Netz, Wilhelm Lehmbruck Museum Duisburg. Ostfildern-Ruit: Cantz 1999, S. 213\u2013220<br \/>\n\u2022 Ich\/Auge\/Welt \u2013 The Art of Vision. Alfons Schilling: Pionier der Virtual Reality, in: Telepolis Online 1998<br \/>\n\u2022 O.K. und Archiv X, in: <span class=\"caps\">EIKON<\/span>. Internationale Zeitschrift f\u00fcr Photographie &amp; Medienkunst, Heft 25. Wien 1998, S. 46\u201348<br \/>\n\u2022 Johannes Deutsch: &gt;Aus dem Zentrum der Verflechtung&lt;, in: <span class=\"caps\">EIKON<\/span>. Internationale Zeitschrift f\u00fcr Photographie &amp; Medienkunst. Heft 26\/27. Wien 1998, S. 90\u201391<br \/>\n\u2022 Architectural Images \u2013 Moving Pictures. Zur digitalen und medialen Repr\u00e4sentation von Environment, in: Iglhaut, S.\/Medosch, A.\/R\u00f6tzer, F.(Hg.), Stadt am Netz. Ansichten von Telepolis. Mannheim: Bollmann 1996, S. 229\u2013239<br \/>\n\u2022 Architektur und Elektronik, in: Gerbel, K.\/Weibel, P. (Hg.), Intelligente Ambiente, Ars Electronica 94. Wien: <span class=\"caps\">PVS<\/span> 1994, S. 28\u201337<br \/>\n\u2022 Das Medium als Baustoff. \u00dcber Coop Himmelb(l)au, in: Gerbel, K.\/Weibel, P. (Hg.), Intelligente Ambiente, Ars Electronica 94. Wien: <span class=\"caps\">PVS<\/span> 1994, S. 58\u201363<br \/>\n\u2022 30 Second Spots. Zu Joan Logues TV Commercials for Artists, in: Bl\u00fcmlinger, C.\/Steininger, A. (Hg.), Transparent. Dokumentarische Zonen im Video. Wien 1992.<br \/>\n\u2022 Marx: The Video. Zu Laura Kipnis\u2019 Video, in: Bl\u00fcmlinger, C.\/Steininger, A. (Hg.), Transparent. Dokumentarische Zonen im Video. Wien 1992.<br \/>\n\u2022 Die Kunst der Schnittstelle. Dan Graham: Three Linked Cubes, in: Gerbel, K.\/Weibel, P. (Hg.), Die Welt von Innen, Ars Electronica 92. Wien: <span class=\"caps\">PVS<\/span> 1992, S. 136\u2013139<\/p>\n\t\t\t<\/div>\t\t\r\n\t\t\t<br \/>\r\n\t\t\t\t\r\n\t\t<!-- Only show Mailing Address and Contact Info in single view -->\r\n\t\t\t<\/div>\r\n<\/div>","protected":false},"featured_media":0,"menu_order":0,"template":"","meta":[],"staff-member-category":[68],"class_list":["post-2196","staff-member","type-staff-member","status-publish","hentry","staff-member-category-members"],"translation":{"provider":"WPGlobus","version":"3.0.2","language":"en","enabled_languages":["de","en"],"languages":{"de":{"title":true,"content":true,"excerpt":false},"en":{"title":false,"content":false,"excerpt":false}}},"metadata":{"first_name":["Katharina"],"last_name":["Gs\u00f6llpointner"],"title":["Kunst-, Kommunikations- und Medienwissenschaftlerin, Head of Department International Programmes in Sustainable Developments an der Universit\u00e4t f\u00fcr Angewandte Kunst Wien an der Universit\u00e4t f\u00fcr Angewandte Kunst, Wien, Inhaberin der Institut f\u00fcr systemische Medienforschung GmbH"],"phone":["Art historian, communication- and media scientist, Head of Department International Programmes in Sustainable Developments an der Universit\u00e4t f\u00fcr Angewandte Kunst Wien\/ University for Applied Arts Vienna, owner of Institute for systemic Media Research GmbH"]},"featured_image_src":false,"bio":"<a href=\"http:\/\/www.viennavant.at\/wp-content\/uploads\/kgsoellpointner.jpg\" target=\"_blank\" rel=\"noopener\"><img class=\"alignleft wp-image-998\" src=\"http:\/\/www.viennavant.at\/wp-content\/uploads\/kgsoellpointner-281x300.jpg\" width=\"215\" height=\"230\" \/><\/a>\u2022 Kunst-, Kommunikations- und Medienwissenschafterin\r\n\u2022 Senior Scientist an der Universit\u00e4t f\u00fcr Angewandte Kunst\r\n\u2022 Coach, Supervisorin und Organisationsberaterin (\u00d6AGG)\r\n\u2022 Inhaberin der Institut f\u00fcr systemische Medienforschung GmbH <a href=\"http:\/\/www.mediengarten.at\">http:\/\/www.mediengarten.at<\/a>\r\n\r\n<br style=\"clear:both;\">\r\n\r\n<strong>Forschungsschwerpunkte<\/strong>\r\n\r\nsystemtheoretische und konstruktivistische Medientheorie\r\n\u00c4sthetik und Medien der Kunst\r\nDigitale K\u00fcnste\r\n\r\n<strong>Websites<\/strong>\r\n\r\n<a href=\"http:\/\/www.katharinagsoellpointner.at\">http:\/\/www.katharinagsoellpointner.at<\/a>\r\n<a href=\"http:\/\/www.mediengarten.at\/\">http:\/\/www.mediengarten.at\/<\/a>\r\n\r\n<strong>Aus- und Weiterbildung<\/strong>\r\n\r\n\u20221979\u20131986 Studium der Anglistik, Politikwissenschaft, Germanistik und Publizistik und Kommunikationswissenschaft an der Paris-Lodron-Universit\u00e4t Salzburg\r\n\u2022Dissertation \u00fcber \u201eAlltagskultur und Kulturkritik. Zur Produktion von Kulturberichterstattung\u201d\r\n\u20221988 Post Graduate Internship bei den Vereinten Nationen, Department of Public Information, United Nations Headquarter New York, <span class=\"caps\">USA<\/span> (Fulbright Stipendium)\r\n\u20222001\u20132005 Ausbildung in Supervision \/ Coaching \/ Organisationsberatung beim \u00d6sterreichischen Arbeitsskreis f\u00fcr Gruppentherapie und Gruppendynamik (\u00d6AGG) in Wien; Abschlussarbeit \u00fcber \u201eKunst und Coaching zwischen System und Gestalt.\u201c\r\n\r\n<strong>Forschungsprojekte (Auswahl)<\/strong>\r\n\r\n\u2022 2013 \u2013 2016 Digital Synesthesia. Forschungsf\u00f6rderung im Rahmen des Programms <span class=\"caps\">PEEK<\/span> \u2013 Programm zur Entwicklung und Erschlie\u00dfung der K\u00fcnste des <span class=\"caps\">FWF<\/span> \u2013 der Wissenschaftsfonds (mit Ruth Schnell und Romana Schuler) <a href=\"http:\/\/digitalsynesthesia.net\/wp\/\">http:\/\/digitalsynesthesia.net\/wp\/<\/a>\r\n\u2022 2006 \u2013 2009 \u00c4STHETISCHES <span class=\"caps\">KNOW<\/span>-HOW. Sprache \u2013 Technologie \u2013 Medialit\u00e4t. Forschungspreis des Calls \u201eSciENCE for creative industries Projekte (F\u00fcnf-Sinne-Call)\u201c des Wiener Wissenschafts-, Forschungs- und Technologiefonds <span class=\"caps\">WWTF<\/span> (mit S. Moser), ver\u00f6ffentlich als multimediale Online-Publikation <a href=\"http:\/\/www.sprachmedien.at\">www.sprachmedien.at<\/a>\r\n\u2022 2002\u20132003 Medialit\u00e4t &amp; Kybernetik. Interdependenzen zwischen Kunst und Technologie Forschungsf\u00f6rderung des Jubil\u00e4umsfonds der \u00d6sterreichischen Nationalbank\r\n\u2022 2002 Projekt Art&amp;Science Wien: Entwicklung:Leitbild:Konstruktion Studie im Auftrag des Stadtrats f\u00fcr Wissenschaft und Kultur der Stadt Wien\r\n\u2022 1999 Erforschung neuer k\u00fcnstlerischer Kategorien im medialen Kontext Forschungsf\u00f6rderung des Bundesministeriums f\u00fcr Wissenschaft und Verkehr\r\n\r\n<strong>Berufst\u00e4tigkeit (Auswahl)<\/strong>\r\n\r\n\u2022 Seit 2019 ist Katharina Gs\u00f6llpointner Head of Department International Programmes in Sustainable Developments an der Universit\u00e4t f\u00fcr Angewandte Kunst Wien.\r\n\u2022 2016\u00a0habilitierte\u00a0sie sich mit einer Arbeit \u00fcber\u00a0<i>Intermediale Produktion &amp; Multimodale Perzeption. Zur \u00c4sthetik der Digitalen Kunst<\/i>\u00a0und erhielt die\u00a0Venia Docendi\u00a0f\u00fcr das Fach\u00a0Medientheorie\u00a0an der Universit\u00e4t f\u00fcr angewandte Kunst Wien, wo sie von 2012 bis 2018 an der Abteilung f\u00fcr Digitale Kunst (Leitung Ruth Schnell) auch als\u00a0<i>Researcher<\/i>\u00a0und\u00a0<i>Lecturer<\/i>\u00a0t\u00e4tig war.\r\n\u2022 Katharina Gs\u00f6llpointner hat eine Reihe von inter- und transdisziplin\u00e4re Forschungsprojekte mit internationalen Kooperationspartnern konzipiert und erfolgreich geleitet. Sie publiziert, h\u00e4lt Vortr\u00e4ge und lehrt zur\u00a0\u00c4sthetik\u00a0und\u00a0<i>Kybernetik\u00a0der\u00a0Medien<\/i>.\r\n\u2022 2007 gr\u00fcndete sie zusammen mit Sibylle Moser das\u00a0<i>LOOP. Institut f\u00fcr systemische Medienforschung<\/i>, das als Forschungseinrichtung Partner der\u00a0Universit\u00e4t f\u00fcr angewandte Kunst Wien\u00a0und des\u00a0Zentrums f\u00fcr Kunst und Medientechnologie\u00a0(ZKM) in Karlsruhe war.<sup id=\"cite_ref-4\" class=\"reference\"><\/sup>\u00a02010 \u00fcbernahm sie das Institut und leitete es bis 2016 unter dem Namen\u00a0<i>mediengarten. Institut f\u00fcr systemische Medienforschung GmbH<\/i>\u00a0als Alleineigent\u00fcmerin.\r\n\u2022 2002\u20132003 Konsulentin und Projektkoordinatorin von artscience vienna, einem Projekt der Stadt Wien zur Erm\u00f6glichung neuer, transdisziplin\u00e4rer Kooperationsformen von Kunst, Wissenschaft und Technologie; Konzeption und Durchf\u00fchrung von vier international besetzten Workshops mit ExpertInnen aus Kunst und Wissenschaft\r\n\u2022 1994\u20131998 Beirat f\u00fcr Medienkunst am \u00d6sterreichischen Bundesministerium f\u00fcr Wissenschaft, Forschung und Kunst\r\n\u2022 1991\u20131995 Leiterin und k\u00fcnstlerischer Beirat des Festivals Ars Electronica Linz (mit Peter Weibel)\r\n\u2022 1990\u20131991 PR und \u00d6ffentlichkeitsarbeit am Museum f\u00fcr angewandte Kunst <span class=\"caps\">MAK<\/span>, Wien\r\n\u2022 Seit 1989 Universit\u00e4tslektorin f\u00fcr Medienkunstgeschichte, Medientheorie, Transdisziplinarit\u00e4t von Kunst und Wissenschaft, Theorie und Praxis der Kommunikation an in- und ausl\u00e4ndischen Universit\u00e4ten (<a style=\"background-color: #ffffff;\" href=\"http:\/\/www.katharinagsoellpointner.at\/lehre.html\">http:\/\/www.katharinagsoellpointner.at\/lehre.html<\/a>)\r\n\u2022 1989\u20131990 Assistenz f\u00fcr Veranstaltungs- und Ausstellungskoordinationen am Museum f\u00fcr angewandte Kunst <span class=\"caps\">MAK<\/span>, Wien\r\n\u2022 1986\u20131988 Leitung PR und \u00d6ffentlichkeitsarbeit am Linzer Institut f\u00fcr Gestaltung\r\n\r\n<strong>Publikationen (Auswahl)<\/strong>\r\n\r\n<strong>Herausgeberschaft<\/strong>\r\n\u2022 Digital Synesthesia. A Model for the Aesthetics of Digital Art\r\n(w\/ R. Schnell and R. Schuler). Edition Angewandte. Berlin\/Boston: De Gruyter (in preparation) 2016\r\n\u2022 Peter Weibel (mit H. Deisl). Wien: <span class=\"caps\">DER<\/span> <span class=\"caps\">KONTERFEI<\/span> 2015. <a href=\"http:\/\/derkonterfei.com\/product\/peter-weibel-heinrich-deisl-katharina-gs%C3%B6llpointner-hrsg\">http:\/\/derkonterfei.com\/product\/peter-weibel-heinrich-deisl-katharina-gs\u00f6llpointner-hrsg<\/a>\r\n\u2022 Medien der Beratung. \u00c4sthetik, Methoden, Praxis (im Druck). Wien: facultas.wuv 2012.\r\n\r\n<strong>Monografie<\/strong>\r\n\u2022 <span class=\"caps\">PARAMOUR<\/span>. Kunst im Kontext Neuer Technologien (mit U. Hentschl\u00e4ger). Wien: Triton 1999\r\n\r\n<strong>Aufs\u00e4tze und Texte<\/strong>\r\n\u2022 Medien\u00e4sthetik \u2013 wozu?, in: Gs\u00f6llpointner, K. (Hg.), Medien der Beratung. \u00c4sthetik, Methoden, Praxis, Wien: facultas.wuv 2012 (im Druck)\r\n\u2022 Lernen von der Kunst, in: Gs\u00f6llpointner, K. (Hg.), Medien der Beratung. \u00c4sthetik, Methoden, Praxis, Wien: facultas.wuv (im Druck) 2012\r\n\u2022 Paradoxien der Kunst, Kunst der Paradoxien, in: Geierhos, H. (Hg.), ontological rehearsals. Masks, Props, Sculptures, Wien: Schlebr\u00fcgge 2010, S. 64\u201372\r\n\u2022 Sprache Beobachten (mit S. Moser), in: <a href=\"http:\/\/www.sprachmedien.at\">www.sprachmedien.at<\/a> 2009\r\n\u2022 Texte Wahrnehmen, in: <a href=\"http:\/\/www.sprachmedien.at\">www.sprachmedien.at<\/a> 2009\r\n\u2022 Texte Reflektieren, in: <a href=\"http:\/\/www.sprachmedien.at\">www.sprachmedien.at<\/a> 2009\r\n\u2022 Texte Positionieren, in: <a href=\"http:\/\/www.sprachmedien.at\">www.sprachmedien.at<\/a> 2009\r\n\u2022 Formen f\u00fcr Medien: Chromotope &amp; Chromogramme, in: Coeln, V. (Hg.), Licht: Chromotop und Chromogramm, Wien: Art Libre 2006\r\n\u2022 <span class=\"caps\">LIFE<\/span> <span class=\"caps\">SCIENCES<\/span>:LIVE <span class=\"caps\">IMAGES<\/span>, in: Lischka, G.J.\/Feuerstein, T. (Hg.), Selbst:Darstellung. Bern: Benteli 2003, S. 53\u201383\r\n\u2022 Kritik der \u201cKunstvermittlung\u201d. Auf der Suche nach der verlorenen Partizipation\u2026, in: kunstvermittlung.at, Kommunikationsarbeit mit NetzbesucherInnen zur Ausstellungskunst, Wien: B\u00fcro f\u00fcr Kulturvermittlung 2003, S. 67\u201373\r\n\u2022 Das Feuern der Synapsen. Zu \u201enervOS nerv Operating System\u201c von Nicole A. Pruckermayr und Johannes M. Zm\u00f6lnig, in: Herbert von Karajan Centrum (Hg.), Star_Project. Senso- and visionary links. Wien 2001, S. 79\u201393\r\n\u2022 Art_Server: Politics, Culture &amp; Net.Art, in: Jahrmann, M. (Hg.), Art_Server: Stargate to Netculture. Linz: O.K. Centrum f\u00fcr Gegenwartskunst 2000, S. 14\u201317\r\n\u2022 Auf der Suche nach dem medialen Subjekt (zu Johannes Deutsch\u2019 Farbtrichter und CWD3ecke), in: Johannes Deutsch. Paarlauf der finsteren Trichter. Wien: Triton 2000, S. 11\u201316\r\n\u2022 Mediale Energie. Zur Installation R111,, in: Dinkla, S.\/Brockhaus, C. (Hg.), Connected Cities. Kunstprozesse im urbanen Netz, Wilhelm Lehmbruck Museum Duisburg. Ostfildern-Ruit: Cantz 1999, S. 213\u2013220\r\n\u2022 Ich\/Auge\/Welt \u2013 The Art of Vision. Alfons Schilling: Pionier der Virtual Reality, in: Telepolis Online 1998\r\n\u2022 O.K. und Archiv X, in: <span class=\"caps\">EIKON<\/span>. Internationale Zeitschrift f\u00fcr Photographie &amp; Medienkunst, Heft 25. Wien 1998, S. 46\u201348\r\n\u2022 Johannes Deutsch: &gt;Aus dem Zentrum der Verflechtung&lt;, in: <span class=\"caps\">EIKON<\/span>. Internationale Zeitschrift f\u00fcr Photographie &amp; Medienkunst. Heft 26\/27. Wien 1998, S. 90\u201391\r\n\u2022 Architectural Images \u2013 Moving Pictures. Zur digitalen und medialen Repr\u00e4sentation von Environment, in: Iglhaut, S.\/Medosch, A.\/R\u00f6tzer, F.(Hg.), Stadt am Netz. Ansichten von Telepolis. Mannheim: Bollmann 1996, S. 229\u2013239\r\n\u2022 Architektur und Elektronik, in: Gerbel, K.\/Weibel, P. (Hg.), Intelligente Ambiente, Ars Electronica 94. Wien: <span class=\"caps\">PVS<\/span> 1994, S. 28\u201337\r\n\u2022 Das Medium als Baustoff. \u00dcber Coop Himmelb(l)au, in: Gerbel, K.\/Weibel, P. (Hg.), Intelligente Ambiente, Ars Electronica 94. Wien: <span class=\"caps\">PVS<\/span> 1994, S. 58\u201363\r\n\u2022 30 Second Spots. Zu Joan Logues TV Commercials for Artists, in: Bl\u00fcmlinger, C.\/Steininger, A. (Hg.), Transparent. Dokumentarische Zonen im Video. Wien 1992.\r\n\u2022 Marx: The Video. Zu Laura Kipnis\u2019 Video, in: Bl\u00fcmlinger, C.\/Steininger, A. (Hg.), Transparent. Dokumentarische Zonen im Video. Wien 1992.\r\n\u2022 Die Kunst der Schnittstelle. Dan Graham: Three Linked Cubes, in: Gerbel, K.\/Weibel, P. (Hg.), Die Welt von Innen, Ars Electronica 92. Wien: <span class=\"caps\">PVS<\/span> 1992, S. 136\u2013139","_links":{"self":[{"href":"https:\/\/www.viennavant.at\/en\/wp-json\/wp\/v2\/staff-member\/2196","targetHints":{"allow":["GET"]}}],"collection":[{"href":"https:\/\/www.viennavant.at\/en\/wp-json\/wp\/v2\/staff-member"}],"about":[{"href":"https:\/\/www.viennavant.at\/en\/wp-json\/wp\/v2\/types\/staff-member"}],"wp:attachment":[{"href":"https:\/\/www.viennavant.at\/en\/wp-json\/wp\/v2\/media?parent=2196"}],"wp:term":[{"taxonomy":"staff-member-category","embeddable":true,"href":"https:\/\/www.viennavant.at\/en\/wp-json\/wp\/v2\/staff-member-category?post=2196"}],"curies":[{"name":"wp","href":"https:\/\/api.w.org\/{rel}","templated":true}]}}