{"id":2174,"date":"2016-12-14T10:41:49","date_gmt":"2016-12-14T10:41:49","guid":{"rendered":"http:\/\/viennavant.cloud.d2mc.com\/?post_type=staff-member&#038;p=2174"},"modified":"2022-12-26T21:16:29","modified_gmt":"2022-12-26T21:16:29","slug":"mag-markus-ender","status":"publish","type":"staff-member","link":"https:\/\/www.viennavant.at\/en\/staff-members\/mag-markus-ender\/","title":{"rendered":"Mag. Dr. Markus Ender"},"content":{"rendered":"\r\n \r\n<div class=\"staff-member\">\r\n\r\n\t<!-- Featured Image -->\r\n\t\t\t\t\t\t\r\n\t<div class=\"staff-member-right\">\r\n\t\t\t\t\r\n\t\t \r\n\t\t\t<p class=\"staff-member-title\">Germanist, Senior Scientist am Forschungsinstitut Brenner-Archiv der Universit\u00e4t Innsbruck<\/p>\r\n\t\t\t\t\r\n\t\t\r\n\t\t   \r\n\t\t\t<div class=\"staff-member-bio\"> \r\n\t\t\t\t<p><a href=\"http:\/\/www.viennavant.at\/wp-content\/uploads\/markusender.jpg\" target=\"_blank\" rel=\"noopener\"><img loading=\"lazy\" decoding=\"async\" class=\"alignleft wp-image-1077 \" src=\"http:\/\/www.viennavant.at\/wp-content\/uploads\/markusender-222x300.jpg\" width=\"165\" height=\"223\" srcset=\"https:\/\/www.viennavant.at\/wp-content\/uploads\/markusender-222x300.jpg 222w, https:\/\/www.viennavant.at\/wp-content\/uploads\/markusender.jpg 739w\" sizes=\"auto, (max-width: 165px) 100vw, 165px\" \/><\/a>Senior Scientist am Forschungsinstitut Brenner-Archiv<\/p>\n<p><strong>Forschungsschwerpunkte und Interessensspektrum<\/strong><\/p>\n<p>\u2022 Literatur des 20. Jahrhunderts<br \/>\n\u2022 Wahrnehmungen des Krieges in der Kunst<br \/>\n\u2022 Literatur, Historiographie und Erinnerungskultur<br \/>\n\u2022 Postmoderne Literatur- und Archivtheorie<br \/>\n\u2022 Editionswissenschaft<\/p>\n<p><br style=\"clear:both;\"><\/p>\n<p><strong>Webseite<\/strong><\/p>\n<p><a href=\"http:\/\/www.uibk.ac.at\/brenner-archiv\/mitarbeiter\/ender.html\">http:\/\/www.uibk.ac.at\/brenner-archiv\/mitarbeiter\/ender.html<\/a><\/p>\n<p><strong>Curriculum vitae<\/strong><\/p>\n<p>\u2022 1977 geb. in W\u00f6rgl<br \/>\n\u2022 1995\u20131997 Studium der Rechtswissenschaften an der Leopold-Franzens-Universit\u00e4t Innsbruck<br \/>\n\u2022 1997\u20131999 Tourismuskolleg des Bundes in Innsbruck mit Schwerpunkt Touristisches Management<br \/>\n\u2022 2001\u20132006Studium der Germanistik, Geschichte und Philosophie an der Leopold-Franzens-Universit\u00e4t Innsbruck; derzeit Doktoratsstudium.<br \/>\n\u2022 Seit 2012 wissenschaftlicher Projektmitarbeiter am Forschungsinstitut Brenner-Archiv; Mitarbeit am <span class=\"caps\">FWF<\/span>-Projekt \u201eLudwig von Ficker als Kulturvermittler\u201c (http:\/\/www.uibk.ac.at\/brenner-archiv\/projekte\/lfickeralskulturvermittler\/)<br \/>\n\u2022 2017 Promotion. Interdisziplin\u00e4r-kulturwissenschaftliche Arbeit \u00fcber Identit\u00e4tskonzepte und Erinnerungsformen in der deutschsprachigen Nachkriegsprosa zum alliierten Bombenkrieg und zur &#8220;Heimatfront&#8221;.<br \/>\n\u2022 seit 2018: Senior Scientist am Forschungsinstitut Brenner-Archiv<\/p>\n<p><strong>Kongress- und Tagungsbeitr\u00e4ge \/ Vortr\u00e4ge<\/strong><\/p>\n<p>\u2022 \u201eDas war dann wohl der Weltuntergang\u201c. Luftkrieg und Literatur \u2013 Vermittlungsstrategien im Spannungsfeld von Geschichte, individueller Erinnerung und kollektiver Identit\u00e4t. I. Graduiertenkolloquium des Instituts f\u00fcr Germanistik und des Forschungsinstituts Brenner-Archiv der Universit\u00e4t Innsbruck, 21.-22.04.2008.<br \/>\n\u2022 Erz\u00e4hlen vom Luftkrieg. Interuniversit\u00e4res Sommerkolleg f\u00fcr Absolvierende der Germanistik an der Alpen-Adria-Universit\u00e4t Klagenfurt, 08.-10.07.2009.<br \/>\n\u2022 \u201eMortui vivos docent?\u201c Bemerkungen zu Hubert Fichtes Roman \u201eDetlevs Imitationen Gr\u00fcnspan\u201c. Deutschsprachige Literatur und Dramatik aus der Sicht der Bearbeitung: Ein hermeneutisch-\u00e4sthetischer \u00dcberblick; Universit\u00e4t Trento, 2.-3.12.2010.<br \/>\n\u2022 Die Wahrheiten des Krieges. Literatur im Spannungsfeld zwischen Historiographie und Fiktion. Vortrag im Rahmen des uni.com <span class=\"caps\">VHS<\/span>-Kurses \u201eNichts als die Wahrheit\u201c; Innsbruck, 23.10.2012.<br \/>\n\u2022 Zur Kommentierung von Wissensdisziplinen im digitalen Briefwechsel von Ludwig von Ficker. Workshop \u201eProbleme des Kommentierens <span class=\"caps\">VII<\/span>\u201c; Igls-Vill, Zentrum f\u00fcr Bildungsarbeit, 16.11.2012 (gemeinsam mit Ingrid F\u00fcrhapter).<br \/>\n\u2022 \u201eDas Brot der fr\u00fchen Jahre.\u201c Gl\u00fcck und Gl\u00fcckskonzepte bei Heinrich B\u00f6ll. Vortrag im Rahmen des uni.com <span class=\"caps\">VHS<\/span>-Kurses \u201eGl\u00fccksvorstellungen in Literatur und Philosophie\u201c; Innsbruck, 16.04.2013.<br \/>\n\u2022 \u201eHerr Walden ist leider anderer Meinung wie Sie\u201c. Der Sturm und der Brenner \u2013 \u00e4sthetisch-ideologische Ann\u00e4herungen und Distanzierungen zwischen Berlin und Innsbruck. Internationale Tagung: \u201eDer Sturm \u2013 Literatur, Musik, Graphik und die Vernetzung in der Zeit des Expressionismus\u201c; D\u00fcsseldorf, 14.-16.11.2013 (gemeinsam mit Ingrid F\u00fcrhapter).<br \/>\n\u2022 Des Widerspenstigen Z\u00e4hmung \u2013 Ludwig von Fickers Briefwechsel als editorische und technische Herausforderung. Gastvortrag im Rahmen der VU \u201cEinf\u00fchrung in die Editionswissenschaft\u201d (U. Schneider\/A. Steinsiek), Innsbruck, 10.12.2013 (gemeinsam mit Ingrid F\u00fcrhapter).<br \/>\n\u2022 \u201eHora et tempus est\u201c \u2013 f\u00fcr etwas Neues. Zum Mehrwert der kommentierten Online-Edition des Briefwechsels Ludwig von Fickers. Sektionsvortrag im Rahmen der 15. internationalen Tagung der Arbeitsgemeinschaft f\u00fcr germanistische Edition \u201eVom Nutzen der Editionen\u201c, <span class=\"caps\">RWTH<\/span> University Aachen, 19.-22.02.2014.<br \/>\n\u2022 \u201eVom Archiv ins Netz: Die kommentierte Online-Edition des Gesamtbriefwechsels Ludwig von Fickers\u201c. <span class=\"caps\">KOOP<\/span>-LITERA International 2014. 2. Internationale Arbeitstagung der Literaturarchive und Nachlassinstitutionen, Schweizerische Nationalbibliothek Bern, 07.-09.05.2014 (gemeinsam mit Ingrid F\u00fcrhapter).<br \/>\n\u2022 \u201eImmer eines Kommenden tr\u00e4chtig\u201c \u2013 utopische und apokalyptische Visionen in der Zeitschrift \u201eDer Brenner\u201c (1910\u20131954). \u201cUtopia\u201d \u2013 Fourth Bi-Annual International Conference of the European Network for Avant-Garde and Modernism Studies. Helsinki, University of Helsinki, 29.-31.08.2014 (gemeinsam mit Ingrid F\u00fcrhapter).<\/p>\n<p><strong>Wissenschaftliche Publikationen<\/strong><\/p>\n<p>\u2022 Die h\u00f6here Macht. Zum Motivkomplex des Religi\u00f6sen bei Adalbert Stifter. Innsbruck, Dipl., 2006.<br \/>\n\u2022 Stromschnellen. Einige Verl\u00e4ufe der \u00f6sterreichischen Literatur 1933\u20131955. In: Hoi\u00df, Barbara (Hrsg.): Donau. Verzweigt. Schreiben unter und nach dem Nationalsozialismus. Linz: Adalbert-Stifter Institut des Landes Ober\u00f6sterreich 2008, S. 201\u2013226.<br \/>\n\u2022 Schweigen, Vergessen, Wahrheit, Schuld. Erz\u00e4hlen vom Bombenkrieg unter problematischen Vorzeichen. In: Drumm, Constanze; Wiesinger, Michaela (Hrsg.): Sommerkolleg. Germanistische Graduierenden-Studien \u00d6sterreich, Klagenfurt 2009. Wien: Pr\u00e4sens Verlag 2010, S. 61\u201381.<br \/>\n\u2022 \u201eMortui vivos docent\u201c? Postmoderne Erz\u00e4hlstrategien und hermeneutische Aneignung in Hubert Fichtes Roman \u201eDetlevs Imitationen Gr\u00fcnspan\u201c. In: Cambi, Fabrizio; Ferrari, Fulvio (Hg.): Deutschsprachige Literatur und Dramatik aus der Sicht der Bearbeitung: Ein hermeneutisch-\u00e4sthetischer \u00dcberblick. Trento: Universit\u00e0 degli studi di Trento 2011, S.187\u2013204.<br \/>\n\u2022 Macht der Bilder \u2013 Bilder der Macht. Zur Dialektik der medialen Re-Konstruktion von Kriegswirklichkeiten in Bertolt Brechts \u201eKriegsfibel\u201c. In: Ender Markus; Wilhelm, Mari\u00e0n (Hrsg.): Bildtheorie und Fotografie . Innsbruck: Studia Verlag 2013, S. 171\u2013191.<br \/>\n\u2022 (gem. mit Ingrid F\u00fcrhapter): \u201aHerr Walden ist leider anderer Meinung wie Sie.\u2018 Der Sturm und der Brenner \u2013 \u00e4sthetisch-ideologische Ann\u00e4herungen und Distanzierungen zwischen Berlin und Innsbruck. In: H\u00fclsen-Esch, Andrea von; Herwig, Henriette (Hg.): Tagungsband \u201eDer Sturm. Literatur, Musik, Graphik, Vernetzung\u201c (in Vorbereitung, erscheint 2014).<br \/>\n\u2022 (gem. mit Ingrid F\u00fcrhapter): \u201eKohlwei\u00dfling und Schrapnellw\u00f6lkchen\u201c. Ludwig von Ficker als Kaiserj\u00e4ger an der S\u00fcdwestfront \u2013 eine Chronik des Kriegsjahres 1916 [Arbeitstitel]. In: Mitteilungen aus dem Brenner-Archiv Nr. 33 (in Vorbereitung, erscheint 2014).<\/p>\n<p><strong>Herausgeberschaft<\/strong><\/p>\n<p>\u2022 Ender, Markus; Wilhelm, Mari\u00e0n (Hg.): Bildtheorie und Fotografie. Innsbruck: Studia Verlag 2013 (= sprachraum 7).<\/p>\n\t\t\t<\/div>\t\t\r\n\t\t\t<br \/>\r\n\t\t\t\t\r\n\t\t<!-- Only show Mailing Address and Contact Info in single view -->\r\n\t\t\t<\/div>\r\n<\/div>","protected":false},"featured_media":0,"menu_order":0,"template":"","meta":[],"staff-member-category":[68],"class_list":["post-2174","staff-member","type-staff-member","status-publish","hentry","staff-member-category-members"],"translation":{"provider":"WPGlobus","version":"3.0.2","language":"en","enabled_languages":["de","en"],"languages":{"de":{"title":true,"content":true,"excerpt":false},"en":{"title":false,"content":false,"excerpt":false}}},"metadata":{"first_name":["Markus"],"last_name":["Ender"],"title":["Germanist, Senior Scientist am Forschungsinstitut Brenner-Archiv der Universit\u00e4t Innsbruck"],"phone":["German philologist, project assistant of Research Institute Brenner-Archiv \/ University Innsbruck"]},"featured_image_src":false,"bio":"<a href=\"http:\/\/www.viennavant.at\/wp-content\/uploads\/markusender.jpg\" target=\"_blank\" rel=\"noopener\"><img class=\"alignleft wp-image-1077 \" src=\"http:\/\/www.viennavant.at\/wp-content\/uploads\/markusender-222x300.jpg\" width=\"165\" height=\"223\" \/><\/a>Senior Scientist am Forschungsinstitut Brenner-Archiv\r\n\r\n<strong>Forschungsschwerpunkte und Interessensspektrum<\/strong>\r\n\r\n\u2022 Literatur des 20. Jahrhunderts\r\n\u2022 Wahrnehmungen des Krieges in der Kunst\r\n\u2022 Literatur, Historiographie und Erinnerungskultur\r\n\u2022 Postmoderne Literatur- und Archivtheorie\r\n\u2022 Editionswissenschaft\r\n\r\n<br style=\"clear:both;\">\r\n\r\n<strong>Webseite<\/strong>\r\n\r\n<a href=\"http:\/\/www.uibk.ac.at\/brenner-archiv\/mitarbeiter\/ender.html\">http:\/\/www.uibk.ac.at\/brenner-archiv\/mitarbeiter\/ender.html<\/a>\r\n\r\n<strong>Curriculum vitae<\/strong>\r\n\r\n\u2022 1977 geb. in W\u00f6rgl\r\n\u2022 1995\u20131997 Studium der Rechtswissenschaften an der Leopold-Franzens-Universit\u00e4t Innsbruck\r\n\u2022 1997\u20131999 Tourismuskolleg des Bundes in Innsbruck mit Schwerpunkt Touristisches Management\r\n\u2022 2001\u20132006Studium der Germanistik, Geschichte und Philosophie an der Leopold-Franzens-Universit\u00e4t Innsbruck; derzeit Doktoratsstudium.\r\n\u2022 Seit 2012 wissenschaftlicher Projektmitarbeiter am Forschungsinstitut Brenner-Archiv; Mitarbeit am <span class=\"caps\">FWF<\/span>-Projekt \u201eLudwig von Ficker als Kulturvermittler\u201c (http:\/\/www.uibk.ac.at\/brenner-archiv\/projekte\/lfickeralskulturvermittler\/)\r\n\u2022 2017 Promotion. Interdisziplin\u00e4r-kulturwissenschaftliche Arbeit \u00fcber Identit\u00e4tskonzepte und Erinnerungsformen in der deutschsprachigen Nachkriegsprosa zum alliierten Bombenkrieg und zur \"Heimatfront\".\r\n\u2022 seit 2018: Senior Scientist am Forschungsinstitut Brenner-Archiv\r\n\r\n<strong>Kongress- und Tagungsbeitr\u00e4ge \/ Vortr\u00e4ge<\/strong>\r\n\r\n\u2022 \u201eDas war dann wohl der Weltuntergang\u201c. Luftkrieg und Literatur \u2013 Vermittlungsstrategien im Spannungsfeld von Geschichte, individueller Erinnerung und kollektiver Identit\u00e4t. I. Graduiertenkolloquium des Instituts f\u00fcr Germanistik und des Forschungsinstituts Brenner-Archiv der Universit\u00e4t Innsbruck, 21.-22.04.2008.\r\n\u2022 Erz\u00e4hlen vom Luftkrieg. Interuniversit\u00e4res Sommerkolleg f\u00fcr Absolvierende der Germanistik an der Alpen-Adria-Universit\u00e4t Klagenfurt, 08.-10.07.2009.\r\n\u2022 \u201eMortui vivos docent?\u201c Bemerkungen zu Hubert Fichtes Roman \u201eDetlevs Imitationen Gr\u00fcnspan\u201c. Deutschsprachige Literatur und Dramatik aus der Sicht der Bearbeitung: Ein hermeneutisch-\u00e4sthetischer \u00dcberblick; Universit\u00e4t Trento, 2.-3.12.2010.\r\n\u2022 Die Wahrheiten des Krieges. Literatur im Spannungsfeld zwischen Historiographie und Fiktion. Vortrag im Rahmen des uni.com <span class=\"caps\">VHS<\/span>-Kurses \u201eNichts als die Wahrheit\u201c; Innsbruck, 23.10.2012.\r\n\u2022 Zur Kommentierung von Wissensdisziplinen im digitalen Briefwechsel von Ludwig von Ficker. Workshop \u201eProbleme des Kommentierens <span class=\"caps\">VII<\/span>\u201c; Igls-Vill, Zentrum f\u00fcr Bildungsarbeit, 16.11.2012 (gemeinsam mit Ingrid F\u00fcrhapter).\r\n\u2022 \u201eDas Brot der fr\u00fchen Jahre.\u201c Gl\u00fcck und Gl\u00fcckskonzepte bei Heinrich B\u00f6ll. Vortrag im Rahmen des uni.com <span class=\"caps\">VHS<\/span>-Kurses \u201eGl\u00fccksvorstellungen in Literatur und Philosophie\u201c; Innsbruck, 16.04.2013.\r\n\u2022 \u201eHerr Walden ist leider anderer Meinung wie Sie\u201c. Der Sturm und der Brenner \u2013 \u00e4sthetisch-ideologische Ann\u00e4herungen und Distanzierungen zwischen Berlin und Innsbruck. Internationale Tagung: \u201eDer Sturm \u2013 Literatur, Musik, Graphik und die Vernetzung in der Zeit des Expressionismus\u201c; D\u00fcsseldorf, 14.-16.11.2013 (gemeinsam mit Ingrid F\u00fcrhapter).\r\n\u2022 Des Widerspenstigen Z\u00e4hmung \u2013 Ludwig von Fickers Briefwechsel als editorische und technische Herausforderung. Gastvortrag im Rahmen der VU \u201cEinf\u00fchrung in die Editionswissenschaft\u201d (U. Schneider\/A. Steinsiek), Innsbruck, 10.12.2013 (gemeinsam mit Ingrid F\u00fcrhapter).\r\n\u2022 \u201eHora et tempus est\u201c \u2013 f\u00fcr etwas Neues. Zum Mehrwert der kommentierten Online-Edition des Briefwechsels Ludwig von Fickers. Sektionsvortrag im Rahmen der 15. internationalen Tagung der Arbeitsgemeinschaft f\u00fcr germanistische Edition \u201eVom Nutzen der Editionen\u201c, <span class=\"caps\">RWTH<\/span> University Aachen, 19.-22.02.2014.\r\n\u2022 \u201eVom Archiv ins Netz: Die kommentierte Online-Edition des Gesamtbriefwechsels Ludwig von Fickers\u201c. <span class=\"caps\">KOOP<\/span>-LITERA International 2014. 2. Internationale Arbeitstagung der Literaturarchive und Nachlassinstitutionen, Schweizerische Nationalbibliothek Bern, 07.-09.05.2014 (gemeinsam mit Ingrid F\u00fcrhapter).\r\n\u2022 \u201eImmer eines Kommenden tr\u00e4chtig\u201c \u2013 utopische und apokalyptische Visionen in der Zeitschrift \u201eDer Brenner\u201c (1910\u20131954). \u201cUtopia\u201d \u2013 Fourth Bi-Annual International Conference of the European Network for Avant-Garde and Modernism Studies. Helsinki, University of Helsinki, 29.-31.08.2014 (gemeinsam mit Ingrid F\u00fcrhapter).\r\n\r\n<strong>Wissenschaftliche Publikationen<\/strong>\r\n\r\n\u2022 Die h\u00f6here Macht. Zum Motivkomplex des Religi\u00f6sen bei Adalbert Stifter. Innsbruck, Dipl., 2006.\r\n\u2022 Stromschnellen. Einige Verl\u00e4ufe der \u00f6sterreichischen Literatur 1933\u20131955. In: Hoi\u00df, Barbara (Hrsg.): Donau. Verzweigt. Schreiben unter und nach dem Nationalsozialismus. Linz: Adalbert-Stifter Institut des Landes Ober\u00f6sterreich 2008, S. 201\u2013226.\r\n\u2022 Schweigen, Vergessen, Wahrheit, Schuld. Erz\u00e4hlen vom Bombenkrieg unter problematischen Vorzeichen. In: Drumm, Constanze; Wiesinger, Michaela (Hrsg.): Sommerkolleg. Germanistische Graduierenden-Studien \u00d6sterreich, Klagenfurt 2009. Wien: Pr\u00e4sens Verlag 2010, S. 61\u201381.\r\n\u2022 \u201eMortui vivos docent\u201c? Postmoderne Erz\u00e4hlstrategien und hermeneutische Aneignung in Hubert Fichtes Roman \u201eDetlevs Imitationen Gr\u00fcnspan\u201c. In: Cambi, Fabrizio; Ferrari, Fulvio (Hg.): Deutschsprachige Literatur und Dramatik aus der Sicht der Bearbeitung: Ein hermeneutisch-\u00e4sthetischer \u00dcberblick. Trento: Universit\u00e0 degli studi di Trento 2011, S.187\u2013204.\r\n\u2022 Macht der Bilder \u2013 Bilder der Macht. Zur Dialektik der medialen Re-Konstruktion von Kriegswirklichkeiten in Bertolt Brechts \u201eKriegsfibel\u201c. In: Ender Markus; Wilhelm, Mari\u00e0n (Hrsg.): Bildtheorie und Fotografie . Innsbruck: Studia Verlag 2013, S. 171\u2013191.\r\n\u2022 (gem. mit Ingrid F\u00fcrhapter): \u201aHerr Walden ist leider anderer Meinung wie Sie.\u2018 Der Sturm und der Brenner \u2013 \u00e4sthetisch-ideologische Ann\u00e4herungen und Distanzierungen zwischen Berlin und Innsbruck. In: H\u00fclsen-Esch, Andrea von; Herwig, Henriette (Hg.): Tagungsband \u201eDer Sturm. Literatur, Musik, Graphik, Vernetzung\u201c (in Vorbereitung, erscheint 2014).\r\n\u2022 (gem. mit Ingrid F\u00fcrhapter): \u201eKohlwei\u00dfling und Schrapnellw\u00f6lkchen\u201c. Ludwig von Ficker als Kaiserj\u00e4ger an der S\u00fcdwestfront \u2013 eine Chronik des Kriegsjahres 1916 [Arbeitstitel]. In: Mitteilungen aus dem Brenner-Archiv Nr. 33 (in Vorbereitung, erscheint 2014).\r\n\r\n<strong>Herausgeberschaft<\/strong>\r\n\r\n\u2022 Ender, Markus; Wilhelm, Mari\u00e0n (Hg.): Bildtheorie und Fotografie. Innsbruck: Studia Verlag 2013 (= sprachraum 7).","_links":{"self":[{"href":"https:\/\/www.viennavant.at\/en\/wp-json\/wp\/v2\/staff-member\/2174","targetHints":{"allow":["GET"]}}],"collection":[{"href":"https:\/\/www.viennavant.at\/en\/wp-json\/wp\/v2\/staff-member"}],"about":[{"href":"https:\/\/www.viennavant.at\/en\/wp-json\/wp\/v2\/types\/staff-member"}],"wp:attachment":[{"href":"https:\/\/www.viennavant.at\/en\/wp-json\/wp\/v2\/media?parent=2174"}],"wp:term":[{"taxonomy":"staff-member-category","embeddable":true,"href":"https:\/\/www.viennavant.at\/en\/wp-json\/wp\/v2\/staff-member-category?post=2174"}],"curies":[{"name":"wp","href":"https:\/\/api.w.org\/{rel}","templated":true}]}}