{"id":64,"date":"2016-05-20T06:37:34","date_gmt":"2016-05-20T06:37:34","guid":{"rendered":"http:\/\/viennavant.cloud.d2mc.com\/?page_id=64"},"modified":"2016-12-22T13:10:59","modified_gmt":"2016-12-22T13:10:59","slug":"mitglieder-des-kompetenznetzwerks-viennavant","status":"publish","type":"page","link":"https:\/\/www.viennavant.at\/en\/mitglieder-des-kompetenznetzwerks-viennavant\/","title":{"rendered":"Members of Network ViennAvant"},"content":{"rendered":"\r\n<div class=\"staff-list\">\r\n\t\r\n \t\t\t<div class=\"staff-member\">\r\n\r\n\r\n\t\t\t<div class=\"staff-member-right\">\r\n\r\n\t\t\t\t<h3 class=\"staff-member-name\">\r\n\t\t\t\t\t\t\t\t    \t\t\t\t\t   <a href=\"https:\/\/www.viennavant.at\/en\/staff-members\/badura-triska-eva\/\">Dr. Eva Badura-Triska<\/a>\r\n\t\t\t\t                        \t\t\t\t<\/h3>\r\n\r\n                <!-- phone ist englische Kurzbio und email =x wenn keine Bio -->\r\n\t\t\t\t\r\n                  <!-- englische Kurzbio -->\r\n\t\t\t\t<div class=\"staff-member-contacts\">\r\n\t\t\t\t<p class=\"staff-member-phone\">Art historian, up to 2019 Curator Museum Modern Art Vienna<\/p>\r\n\t\t\t\t<\/div>\r\n\t\t\t\t\r\n\r\n\t\t\t\t\r\n\r\n\t\t\t<\/div>\r\n\t\t<\/div>\r\n\t\r\n \t\t\t<div class=\"staff-member\">\r\n\r\n\r\n\t\t\t<div class=\"staff-member-right\">\r\n\r\n\t\t\t\t<h3 class=\"staff-member-name\">\r\n\t\t\t\t\t\t\t\t    \t\t\t\t\t   <a href=\"https:\/\/www.viennavant.at\/en\/staff-members\/univ-prof-dr-peter-becker\/\">Univ. Prof. Dr. Peter Becker<\/a>\r\n\t\t\t\t                        \t\t\t\t<\/h3>\r\n\r\n                <!-- phone ist englische Kurzbio und email =x wenn keine Bio -->\r\n\t\t\t\t\r\n                  <!-- englische Kurzbio -->\r\n\t\t\t\t<div class=\"staff-member-contacts\">\r\n\t\t\t\t<p class=\"staff-member-phone\">Historian, professor of Austrian History \/ Institute for History University Vienna<\/p>\r\n\t\t\t\t<\/div>\r\n\t\t\t\t\r\n\r\n\t\t\t\t\r\n\r\n\t\t\t<\/div>\r\n\t\t<\/div>\r\n\t\r\n \t\t\t<div class=\"staff-member\">\r\n\r\n\r\n\t\t\t<div class=\"staff-member-right\">\r\n\r\n\t\t\t\t<h3 class=\"staff-member-name\">\r\n\t\t\t\t\t\t\t\t    \t\t\t\t\t   <a href=\"https:\/\/www.viennavant.at\/en\/staff-members\/dr-gertraud-bogner\/\">Dr. Gertraud Bogner<\/a>\r\n\t\t\t\t                        \t\t\t\t<\/h3>\r\n\r\n                <!-- phone ist englische Kurzbio und email =x wenn keine Bio -->\r\n\t\t\t\t\r\n                  <!-- englische Kurzbio -->\r\n\t\t\t\t<div class=\"staff-member-contacts\">\r\n\t\t\t\t<p class=\"staff-member-phone\">Art historian<\/p>\r\n\t\t\t\t<\/div>\r\n\t\t\t\t\r\n\r\n\t\t\t\t\r\n\r\n\t\t\t<\/div>\r\n\t\t<\/div>\r\n\t\r\n \t\t\t<div class=\"staff-member\">\r\n\r\n\r\n\t\t\t<div class=\"staff-member-right\">\r\n\r\n\t\t\t\t<h3 class=\"staff-member-name\">\r\n\t\t\t\t\t\t\t\t    \t\t\t\t\t   <a href=\"https:\/\/www.viennavant.at\/en\/staff-members\/doz-dr-dieter-bogner\/\">Univ. Doz. Dr. Dieter Bogner<\/a>\r\n\t\t\t\t                        \t\t\t\t<\/h3>\r\n\r\n                <!-- phone ist englische Kurzbio und email =x wenn keine Bio -->\r\n\t\t\t\t\r\n                  <!-- englische Kurzbio -->\r\n\t\t\t\t<div class=\"staff-member-contacts\">\r\n\t\t\t\t<p class=\"staff-member-phone\">Art historian, Institute for Art History University Vienna, museum planning<\/p>\r\n\t\t\t\t<\/div>\r\n\t\t\t\t\r\n\r\n\t\t\t\t\r\n\r\n\t\t\t<\/div>\r\n\t\t<\/div>\r\n\t\r\n \t\t\t<div class=\"staff-member\">\r\n\r\n\r\n\t\t\t<div class=\"staff-member-right\">\r\n\r\n\t\t\t\t<h3 class=\"staff-member-name\">\r\n\t\t\t\t\t\t\t\t    \t\t\t\t\t   <a href=\"https:\/\/www.viennavant.at\/en\/staff-members\/mag-peter-bogner\/\">Mag. Peter Bogner<\/a>\r\n\t\t\t\t                        \t\t\t\t<\/h3>\r\n\r\n                <!-- phone ist englische Kurzbio und email =x wenn keine Bio -->\r\n\t\t\t\t\r\n                  <!-- englische Kurzbio -->\r\n\t\t\t\t<div class=\"staff-member-contacts\">\r\n\t\t\t\t<p class=\"staff-member-phone\">Director of Austrian Lillian und Friedrich Kiesler Privatstiftung<\/p>\r\n\t\t\t\t<\/div>\r\n\t\t\t\t\r\n\r\n\t\t\t\t\r\n\r\n\t\t\t<\/div>\r\n\t\t<\/div>\r\n\t\r\n \t\t\t<div class=\"staff-member\">\r\n\r\n\r\n\t\t\t<div class=\"staff-member-right\">\r\n\r\n\t\t\t\t<h3 class=\"staff-member-name\">\r\n\t\t\t\t\t\t\t\t    \t\t\t\t\t   <a href=\"https:\/\/www.viennavant.at\/en\/staff-members\/dr-rosemarie-brucher\/\">Ass.Prof.in Dr.in. Rosemarie Brucher<\/a>\r\n\t\t\t\t                        \t\t\t\t<\/h3>\r\n\r\n                <!-- phone ist englische Kurzbio und email =x wenn keine Bio -->\r\n\t\t\t\t\r\n                  <!-- englische Kurzbio -->\r\n\t\t\t\t<div class=\"staff-member-contacts\">\r\n\t\t\t\t<p class=\"staff-member-phone\">Theatre-, film- and media scientist, german philologist, senior scientist for Theatre studies, Centre for Gender Research, University of Arts, Graz<\/p>\r\n\t\t\t\t<\/div>\r\n\t\t\t\t\r\n\r\n\t\t\t\t\r\n\r\n\t\t\t<\/div>\r\n\t\t<\/div>\r\n\t\r\n \t\t\t<div class=\"staff-member\">\r\n\r\n\r\n\t\t\t<div class=\"staff-member-right\">\r\n\r\n\t\t\t\t<h3 class=\"staff-member-name\">\r\n\t\t\t\t\t\t\t\t    \t\t\t\t\t   Dr. Ilse Chlan\t\t\t\t\t                    \t\t\t\t<\/h3>\r\n\r\n                <!-- phone ist englische Kurzbio und email =x wenn keine Bio -->\r\n\t\t\t\t\r\n                  <!-- englische Kurzbio -->\r\n\t\t\t\t<div class=\"staff-member-contacts\">\r\n\t\t\t\t<p class=\"staff-member-phone\">German philologist, artist<\/p>\r\n\t\t\t\t<\/div>\r\n\t\t\t\t\r\n\r\n\t\t\t\t\r\n\r\n\t\t\t<\/div>\r\n\t\t<\/div>\r\n\t\r\n \t\t\t<div class=\"staff-member\">\r\n\r\n\r\n\t\t\t<div class=\"staff-member-right\">\r\n\r\n\t\t\t\t<h3 class=\"staff-member-name\">\r\n\t\t\t\t\t\t\t\t    \t\t\t\t\t   <a href=\"https:\/\/www.viennavant.at\/en\/staff-members\/doz-dr-stefan-drees\/\">Prof. Dr. Stefan Drees<\/a>\r\n\t\t\t\t                        \t\t\t\t<\/h3>\r\n\r\n                <!-- phone ist englische Kurzbio und email =x wenn keine Bio -->\r\n\t\t\t\t\r\n                  <!-- englische Kurzbio -->\r\n\t\t\t\t<div class=\"staff-member-contacts\">\r\n\t\t\t\t<p class=\"staff-member-phone\">Musicologist, Professor for Musicology, High School for Music Hanns Eisler Berlin<\/p>\r\n\t\t\t\t<\/div>\r\n\t\t\t\t\r\n\r\n\t\t\t\t\r\n\r\n\t\t\t<\/div>\r\n\t\t<\/div>\r\n\t\r\n \t\t\t<div class=\"staff-member\">\r\n\r\n\r\n\t\t\t<div class=\"staff-member-right\">\r\n\r\n\t\t\t\t<h3 class=\"staff-member-name\">\r\n\t\t\t\t\t\t\t\t    \t\t\t\t\t   Mag. Dr. Thomas Eder\t\t\t\t\t                    \t\t\t\t<\/h3>\r\n\r\n                <!-- phone ist englische Kurzbio und email =x wenn keine Bio -->\r\n\t\t\t\t\r\n                  <!-- englische Kurzbio -->\r\n\t\t\t\t<div class=\"staff-member-contacts\">\r\n\t\t\t\t<p class=\"staff-member-phone\">German philologist, University Assistant of Institute for German Philology of University Vienna<\/p>\r\n\t\t\t\t<\/div>\r\n\t\t\t\t\r\n\r\n\t\t\t\t\r\n\r\n\t\t\t<\/div>\r\n\t\t<\/div>\r\n\t\r\n \t\t\t<div class=\"staff-member\">\r\n\r\n\r\n\t\t\t<div class=\"staff-member-right\">\r\n\r\n\t\t\t\t<h3 class=\"staff-member-name\">\r\n\t\t\t\t\t\t\t\t    \t\t\t\t\t   <a href=\"https:\/\/www.viennavant.at\/en\/staff-members\/mmag-heike-eipeldauer\/\">MMag. Heike Eipeldauer<\/a>\r\n\t\t\t\t                        \t\t\t\t<\/h3>\r\n\r\n                <!-- phone ist englische Kurzbio und email =x wenn keine Bio -->\r\n\t\t\t\t\r\n                  <!-- englische Kurzbio -->\r\n\t\t\t\t<div class=\"staff-member-contacts\">\r\n\t\t\t\t<p class=\"staff-member-phone\">Art historian, curator Museum Modern Art Stiftung Ludwig, Vienna<\/p>\r\n\t\t\t\t<\/div>\r\n\t\t\t\t\r\n\r\n\t\t\t\t\r\n\r\n\t\t\t<\/div>\r\n\t\t<\/div>\r\n\t\r\n \t\t\t<div class=\"staff-member\">\r\n\r\n\r\n\t\t\t<div class=\"staff-member-right\">\r\n\r\n\t\t\t\t<h3 class=\"staff-member-name\">\r\n\t\t\t\t\t\t\t\t    \t\t\t\t\t   Prof. Dr. Lutz Ellrich\t\t\t\t\t                    \t\t\t\t<\/h3>\r\n\r\n                <!-- phone ist englische Kurzbio und email =x wenn keine Bio -->\r\n\t\t\t\t\r\n                  <!-- englische Kurzbio -->\r\n\t\t\t\t<div class=\"staff-member-contacts\">\r\n\t\t\t\t<p class=\"staff-member-phone\">Media Science, professor for media science, Institute for Media Culture and Theatre \/ University K\u00f6ln<\/p>\r\n\t\t\t\t<\/div>\r\n\t\t\t\t\r\n\r\n\t\t\t\t\r\n\r\n\t\t\t<\/div>\r\n\t\t<\/div>\r\n\t\r\n \t\t\t<div class=\"staff-member\">\r\n\r\n\r\n\t\t\t<div class=\"staff-member-right\">\r\n\r\n\t\t\t\t<h3 class=\"staff-member-name\">\r\n\t\t\t\t\t\t\t\t    \t\t\t\t\t   <a href=\"https:\/\/www.viennavant.at\/en\/staff-members\/mag-markus-ender\/\">Mag. Dr. Markus Ender<\/a>\r\n\t\t\t\t                        \t\t\t\t<\/h3>\r\n\r\n                <!-- phone ist englische Kurzbio und email =x wenn keine Bio -->\r\n\t\t\t\t\r\n                  <!-- englische Kurzbio -->\r\n\t\t\t\t<div class=\"staff-member-contacts\">\r\n\t\t\t\t<p class=\"staff-member-phone\">German philologist, project assistant of Research Institute Brenner-Archiv \/ University Innsbruck<\/p>\r\n\t\t\t\t<\/div>\r\n\t\t\t\t\r\n\r\n\t\t\t\t\r\n\r\n\t\t\t<\/div>\r\n\t\t<\/div>\r\n\t\r\n \t\t\t<div class=\"staff-member\">\r\n\r\n\r\n\t\t\t<div class=\"staff-member-right\">\r\n\r\n\t\t\t\t<h3 class=\"staff-member-name\">\r\n\t\t\t\t\t\t\t\t    \t\t\t\t\t   <a href=\"https:\/\/www.viennavant.at\/en\/staff-members\/mag-marcello-farabegoli\/\">Mag. Marcello Farabegoli<\/a>\r\n\t\t\t\t                        \t\t\t\t<\/h3>\r\n\r\n                <!-- phone ist englische Kurzbio und email =x wenn keine Bio -->\r\n\t\t\t\t\r\n                  <!-- englische Kurzbio -->\r\n\t\t\t\t<div class=\"staff-member-contacts\">\r\n\t\t\t\t<p class=\"staff-member-phone\">Kurator, Entwickler und Produzent k\u00fcnstlerischer Projekte, Physiker, Pianist.<\/p>\r\n\t\t\t\t<\/div>\r\n\t\t\t\t\r\n\r\n\t\t\t\t\r\n\r\n\t\t\t<\/div>\r\n\t\t<\/div>\r\n\t\r\n \t\t\t<div class=\"staff-member\">\r\n\r\n\r\n\t\t\t<div class=\"staff-member-right\">\r\n\r\n\t\t\t\t<h3 class=\"staff-member-name\">\r\n\t\t\t\t\t\t\t\t    \t\t\t\t\t   <a href=\"https:\/\/www.viennavant.at\/en\/staff-members\/doz-mag-dr-johannes-feichtinger\/\">PD. Dr. phil. Johannes Feichtinger<\/a>\r\n\t\t\t\t                        \t\t\t\t<\/h3>\r\n\r\n                <!-- phone ist englische Kurzbio und email =x wenn keine Bio -->\r\n\t\t\t\t\r\n                  <!-- englische Kurzbio -->\r\n\t\t\t\t<div class=\"staff-member-contacts\">\r\n\t\t\t\t<p class=\"staff-member-phone\">Historian, german philologist, senior scientist Institute for Cultural Studies and Theatre History of Austrian Academy of Science<\/p>\r\n\t\t\t\t<\/div>\r\n\t\t\t\t\r\n\r\n\t\t\t\t\r\n\r\n\t\t\t<\/div>\r\n\t\t<\/div>\r\n\t\r\n \t\t\t<div class=\"staff-member\">\r\n\r\n\r\n\t\t\t<div class=\"staff-member-right\">\r\n\r\n\t\t\t\t<h3 class=\"staff-member-name\">\r\n\t\t\t\t\t\t\t\t    \t\t\t\t\t   <a href=\"https:\/\/www.viennavant.at\/en\/staff-members\/mag-dr-phil-andreas-felber\/\">Mag. Dr. phil. Andreas Felber<\/a>\r\n\t\t\t\t                        \t\t\t\t<\/h3>\r\n\r\n                <!-- phone ist englische Kurzbio und email =x wenn keine Bio -->\r\n\t\t\t\t\r\n                  <!-- englische Kurzbio -->\r\n\t\t\t\t<div class=\"staff-member-contacts\">\r\n\t\t\t\t<p class=\"staff-member-phone\">Musicologist, lecturer of Institute for Popular Music \/ University for Music and Performing Arts, Vienna<\/p>\r\n\t\t\t\t<\/div>\r\n\t\t\t\t\r\n\r\n\t\t\t\t\r\n\r\n\t\t\t<\/div>\r\n\t\t<\/div>\r\n\t\r\n \t\t\t<div class=\"staff-member\">\r\n\r\n\r\n\t\t\t<div class=\"staff-member-right\">\r\n\r\n\t\t\t\t<h3 class=\"staff-member-name\">\r\n\t\t\t\t\t\t\t\t    \t\t\t\t\t   <a href=\"https:\/\/www.viennavant.at\/en\/staff-members\/priv-doz-dr-bernhard-fetz\/\">Priv.-Doz. Dr. Bernhard Fetz<\/a>\r\n\t\t\t\t                        \t\t\t\t<\/h3>\r\n\r\n                <!-- phone ist englische Kurzbio und email =x wenn keine Bio -->\r\n\t\t\t\t\r\n                  <!-- englische Kurzbio -->\r\n\t\t\t\t<div class=\"staff-member-contacts\">\r\n\t\t\t\t<p class=\"staff-member-phone\">German philologist, director of Austrian Literature Archive of Austrian National Library and director of Museum of Literature, Vienna<\/p>\r\n\t\t\t\t<\/div>\r\n\t\t\t\t\r\n\r\n\t\t\t\t\r\n\r\n\t\t\t<\/div>\r\n\t\t<\/div>\r\n\t\r\n \t\t\t<div class=\"staff-member\">\r\n\r\n\r\n\t\t\t<div class=\"staff-member-right\">\r\n\r\n\t\t\t\t<h3 class=\"staff-member-name\">\r\n\t\t\t\t\t\t\t\t    \t\t\t\t\t   <a href=\"https:\/\/www.viennavant.at\/en\/staff-members\/difh-dr-phil-andreas-fraunberger\/\">DI(fh) Dr. phil. Andreas Fraunberger<\/a>\r\n\t\t\t\t                        \t\t\t\t<\/h3>\r\n\r\n                <!-- phone ist englische Kurzbio und email =x wenn keine Bio -->\r\n\t\t\t\t\r\n                  <!-- englische Kurzbio -->\r\n\t\t\t\t<div class=\"staff-member-contacts\">\r\n\t\t\t\t<p class=\"staff-member-phone\">Media scientist, lecturer of University for Applied Arts Vienna, CEO and co-founder of \u201cJunger R\u00f6mer GmbH, Creative Production Studio\u201d<\/p>\r\n\t\t\t\t<\/div>\r\n\t\t\t\t\r\n\r\n\t\t\t\t\r\n\r\n\t\t\t<\/div>\r\n\t\t<\/div>\r\n\t\r\n \t\t\t<div class=\"staff-member\">\r\n\r\n\r\n\t\t\t<div class=\"staff-member-right\">\r\n\r\n\t\t\t\t<h3 class=\"staff-member-name\">\r\n\t\t\t\t\t\t\t\t    \t\t\t\t\t   <a href=\"https:\/\/www.viennavant.at\/en\/staff-members\/mag-ingrid-fuerhapter\/\">Mag. Dr. Ingrid F\u00fcrhapter<\/a>\r\n\t\t\t\t                        \t\t\t\t<\/h3>\r\n\r\n                <!-- phone ist englische Kurzbio und email =x wenn keine Bio -->\r\n\t\t\t\t\r\n                  <!-- englische Kurzbio -->\r\n\t\t\t\t<div class=\"staff-member-contacts\">\r\n\t\t\t\t<p class=\"staff-member-phone\">German philologist, project assistant of Research Institute Brenner-Archiv \/ University Innsbruck<\/p>\r\n\t\t\t\t<\/div>\r\n\t\t\t\t\r\n\r\n\t\t\t\t\r\n\r\n\t\t\t<\/div>\r\n\t\t<\/div>\r\n\t\r\n \t\t\t<div class=\"staff-member\">\r\n\r\n\r\n\t\t\t<div class=\"staff-member-right\">\r\n\r\n\t\t\t\t<h3 class=\"staff-member-name\">\r\n\t\t\t\t\t\t\t\t    \t\t\t\t\t   <a href=\"https:\/\/www.viennavant.at\/en\/staff-members\/mag-dr-edith-futscher\/\">Mag. Dr. Edith Futscher<\/a>\r\n\t\t\t\t                        \t\t\t\t<\/h3>\r\n\r\n                <!-- phone ist englische Kurzbio und email =x wenn keine Bio -->\r\n\t\t\t\t\r\n                  <!-- englische Kurzbio -->\r\n\t\t\t\t<div class=\"staff-member-contacts\">\r\n\t\t\t\t<p class=\"staff-member-phone\">Art historian, senior scientist of University for Applied Arts Vienna<\/p>\r\n\t\t\t\t<\/div>\r\n\t\t\t\t\r\n\r\n\t\t\t\t\r\n\r\n\t\t\t<\/div>\r\n\t\t<\/div>\r\n\t\r\n \t\t\t<div class=\"staff-member\">\r\n\r\n\r\n\t\t\t<div class=\"staff-member-right\">\r\n\r\n\t\t\t\t<h3 class=\"staff-member-name\">\r\n\t\t\t\t\t\t\t\t    \t\t\t\t\t   Dr. Lucas Gehrmann\t\t\t\t\t                    \t\t\t\t<\/h3>\r\n\r\n                <!-- phone ist englische Kurzbio und email =x wenn keine Bio -->\r\n\t\t\t\t\r\n                  <!-- englische Kurzbio -->\r\n\t\t\t\t<div class=\"staff-member-contacts\">\r\n\t\t\t\t<p class=\"staff-member-phone\">Art historian, curator Kunsthalle Vienna<\/p>\r\n\t\t\t\t<\/div>\r\n\t\t\t\t\r\n\r\n\t\t\t\t\r\n\r\n\t\t\t<\/div>\r\n\t\t<\/div>\r\n\t\r\n \t\t\t<div class=\"staff-member\">\r\n\r\n\r\n\t\t\t<div class=\"staff-member-right\">\r\n\r\n\t\t\t\t<h3 class=\"staff-member-name\">\r\n\t\t\t\t\t\t\t\t    \t\t\t\t\t   Univ. Prof. Dr. Wolfgang Gratzer\t\t\t\t\t                    \t\t\t\t<\/h3>\r\n\r\n                <!-- phone ist englische Kurzbio und email =x wenn keine Bio -->\r\n\t\t\t\t\r\n                  <!-- englische Kurzbio -->\r\n\t\t\t\t<div class=\"staff-member-contacts\">\r\n\t\t\t\t<p class=\"staff-member-phone\">Musicologist, professor of University Mozarteum Salzbourg<\/p>\r\n\t\t\t\t<\/div>\r\n\t\t\t\t\r\n\r\n\t\t\t\t\r\n\r\n\t\t\t<\/div>\r\n\t\t<\/div>\r\n\t\r\n \t\t\t<div class=\"staff-member\">\r\n\r\n\r\n\t\t\t<div class=\"staff-member-right\">\r\n\r\n\t\t\t\t<h3 class=\"staff-member-name\">\r\n\t\t\t\t\t\t\t\t    \t\t\t\t\t   <a href=\"https:\/\/www.viennavant.at\/en\/staff-members\/dr-norbert-griesmayer\/\">Dr. Norbert Griesmayer<\/a>\r\n\t\t\t\t                        \t\t\t\t<\/h3>\r\n\r\n                <!-- phone ist englische Kurzbio und email =x wenn keine Bio -->\r\n\t\t\t\t\r\n                  <!-- englische Kurzbio -->\r\n\t\t\t\t<div class=\"staff-member-contacts\">\r\n\t\t\t\t<p class=\"staff-member-phone\">Literature Historian<\/p>\r\n\t\t\t\t<\/div>\r\n\t\t\t\t\r\n\r\n\t\t\t\t\r\n\r\n\t\t\t<\/div>\r\n\t\t<\/div>\r\n\t\r\n \t\t\t<div class=\"staff-member\">\r\n\r\n\r\n\t\t\t<div class=\"staff-member-right\">\r\n\r\n\t\t\t\t<h3 class=\"staff-member-name\">\r\n\t\t\t\t\t\t\t\t    \t\t\t\t\t   Mag. Dr. Christine Grond\t\t\t\t\t                    \t\t\t\t<\/h3>\r\n\r\n                <!-- phone ist englische Kurzbio und email =x wenn keine Bio -->\r\n\t\t\t\t\r\n                  <!-- englische Kurzbio -->\r\n\t\t\t\t<div class=\"staff-member-contacts\">\r\n\t\t\t\t<p class=\"staff-member-phone\">German philologist, director \u201cArchiv der Zeitgenossen\u201d \/ Danube University Krems<\/p>\r\n\t\t\t\t<\/div>\r\n\t\t\t\t\r\n\r\n\t\t\t\t\r\n\r\n\t\t\t<\/div>\r\n\t\t<\/div>\r\n\t\r\n \t\t\t<div class=\"staff-member\">\r\n\r\n\r\n\t\t\t<div class=\"staff-member-right\">\r\n\r\n\t\t\t\t<h3 class=\"staff-member-name\">\r\n\t\t\t\t\t\t\t\t    \t\t\t\t\t   <a href=\"https:\/\/www.viennavant.at\/en\/staff-members\/dr-elisabeth-grossegger\/\">Dr. Elisabeth Gro\u00dfegger<\/a>\r\n\t\t\t\t                        \t\t\t\t<\/h3>\r\n\r\n                <!-- phone ist englische Kurzbio und email =x wenn keine Bio -->\r\n\t\t\t\t\r\n                  <!-- englische Kurzbio -->\r\n\t\t\t\t<div class=\"staff-member-contacts\">\r\n\t\t\t\t<p class=\"staff-member-phone\">Theatre studies, deputy director of Institute for Cultural Studies and Theatre History of Austrian Academy of Science<\/p>\r\n\t\t\t\t<\/div>\r\n\t\t\t\t\r\n\r\n\t\t\t\t\r\n\r\n\t\t\t<\/div>\r\n\t\t<\/div>\r\n\t\r\n \t\t\t<div class=\"staff-member\">\r\n\r\n\r\n\t\t\t<div class=\"staff-member-right\">\r\n\r\n\t\t\t\t<h3 class=\"staff-member-name\">\r\n\t\t\t\t\t\t\t\t    \t\t\t\t\t   <a href=\"https:\/\/www.viennavant.at\/en\/staff-members\/dr-phil-katharina-gsoellpointner\/\">Priv. Doz. Dr. phil. Katharina Gs\u00f6llpointner<\/a>\r\n\t\t\t\t                        \t\t\t\t<\/h3>\r\n\r\n                <!-- phone ist englische Kurzbio und email =x wenn keine Bio -->\r\n\t\t\t\t\r\n                  <!-- englische Kurzbio -->\r\n\t\t\t\t<div class=\"staff-member-contacts\">\r\n\t\t\t\t<p class=\"staff-member-phone\">Art historian, communication- and media scientist, Head of Department International Programmes in Sustainable Developments an der Universit\u00e4t f\u00fcr Angewandte Kunst Wien\/ University for Applied Arts Vienna, owner of Institute for systemic Media Research GmbH<\/p>\r\n\t\t\t\t<\/div>\r\n\t\t\t\t\r\n\r\n\t\t\t\t\r\n\r\n\t\t\t<\/div>\r\n\t\t<\/div>\r\n\t\r\n \t\t\t<div class=\"staff-member\">\r\n\r\n\r\n\t\t\t<div class=\"staff-member-right\">\r\n\r\n\t\t\t\t<h3 class=\"staff-member-name\">\r\n\t\t\t\t\t\t\t\t    \t\t\t\t\t   <a href=\"https:\/\/www.viennavant.at\/en\/staff-members\/mag-dr-in-desiree-hebenstreit\/\">Mag. Dr.in Desiree Hebenstreit<\/a>\r\n\t\t\t\t                        \t\t\t\t<\/h3>\r\n\r\n                <!-- phone ist englische Kurzbio und email =x wenn keine Bio -->\r\n\t\t\t\t\r\n                  <!-- englische Kurzbio -->\r\n\t\t\t\t<div class=\"staff-member-contacts\">\r\n\t\t\t\t<p class=\"staff-member-phone\">Historian of literature, University of Vienna<\/p>\r\n\t\t\t\t<\/div>\r\n\t\t\t\t\r\n\r\n\t\t\t\t\r\n\r\n\t\t\t<\/div>\r\n\t\t<\/div>\r\n\t\r\n \t\t\t<div class=\"staff-member\">\r\n\r\n\r\n\t\t\t<div class=\"staff-member-right\">\r\n\r\n\t\t\t\t<h3 class=\"staff-member-name\">\r\n\t\t\t\t\t\t\t\t    \t\t\t\t\t   <a href=\"https:\/\/www.viennavant.at\/en\/staff-members\/mag-dr-angela-heide\/\">Mag. Dr. Angela Heide<\/a>\r\n\t\t\t\t                        \t\t\t\t<\/h3>\r\n\r\n                <!-- phone ist englische Kurzbio und email =x wenn keine Bio -->\r\n\t\t\t\t\r\n                  <!-- englische Kurzbio -->\r\n\t\t\t\t<div class=\"staff-member-contacts\">\r\n\t\t\t\t<p class=\"staff-member-phone\">Theater studies, curator, dramaturg and producer artminutes, WOLKE 7<\/p>\r\n\t\t\t\t<\/div>\r\n\t\t\t\t\r\n\r\n\t\t\t\t\r\n\r\n\t\t\t<\/div>\r\n\t\t<\/div>\r\n\t\r\n \t\t\t<div class=\"staff-member\">\r\n\r\n\r\n\t\t\t<div class=\"staff-member-right\">\r\n\r\n\t\t\t\t<h3 class=\"staff-member-name\">\r\n\t\t\t\t\t\t\t\t    \t\t\t\t\t   Univ. Professorin Dr. Waltraud Heindl\t\t\t\t\t                    \t\t\t\t<\/h3>\r\n\r\n                <!-- phone ist englische Kurzbio und email =x wenn keine Bio -->\r\n\t\t\t\t\r\n                  <!-- englische Kurzbio -->\r\n\t\t\t\t<div class=\"staff-member-contacts\">\r\n\t\t\t\t<p class=\"staff-member-phone\">Historian, professor emeritus of Institute for History \/ University Vienna<\/p>\r\n\t\t\t\t<\/div>\r\n\t\t\t\t\r\n\r\n\t\t\t\t\r\n\r\n\t\t\t<\/div>\r\n\t\t<\/div>\r\n\t\r\n \t\t\t<div class=\"staff-member\">\r\n\r\n\r\n\t\t\t<div class=\"staff-member-right\">\r\n\r\n\t\t\t\t<h3 class=\"staff-member-name\">\r\n\t\t\t\t\t\t\t\t    \t\t\t\t\t   Mag. Camilla Henrich\t\t\t\t\t                    \t\t\t\t<\/h3>\r\n\r\n                <!-- phone ist englische Kurzbio und email =x wenn keine Bio -->\r\n\t\t\t\t\r\n                  <!-- englische Kurzbio -->\r\n\t\t\t\t<div class=\"staff-member-contacts\">\r\n\t\t\t\t<p class=\"staff-member-phone\">Theatre studies, project assistant Institute for Theatre-, Film- and Media Studies, University Vienna<\/p>\r\n\t\t\t\t<\/div>\r\n\t\t\t\t\r\n\r\n\t\t\t\t\r\n\r\n\t\t\t<\/div>\r\n\t\t<\/div>\r\n\t\r\n \t\t\t<div class=\"staff-member\">\r\n\r\n\r\n\t\t\t<div class=\"staff-member-right\">\r\n\r\n\t\t\t\t<h3 class=\"staff-member-name\">\r\n\t\t\t\t\t\t\t\t    \t\t\t\t\t   <a href=\"https:\/\/www.viennavant.at\/en\/staff-members\/di-hermann-j-hendrich\/\">DI Hermann J. Hendrich<\/a>\r\n\t\t\t\t                        \t\t\t\t<\/h3>\r\n\r\n                <!-- phone ist englische Kurzbio und email =x wenn keine Bio -->\r\n\t\t\t\t\r\n                  <!-- englische Kurzbio -->\r\n\t\t\t\t<div class=\"staff-member-contacts\">\r\n\t\t\t\t<p class=\"staff-member-phone\">Schriftsteller, Filmemacher<\/p>\r\n\t\t\t\t<\/div>\r\n\t\t\t\t\r\n\r\n\t\t\t\t\r\n\r\n\t\t\t<\/div>\r\n\t\t<\/div>\r\n\t\r\n\t\t<div class=\"staff-directory-pagination\">\r\n\t\t<span aria-current=\"page\" class=\"page-numbers current\">1<\/span>\n<a class=\"page-numbers\" href=\"https:\/\/www.viennavant.at\/en\/wp-json\/wp\/v2\/pages\/64?staff_page=2\">2<\/a>\n<a class=\"page-numbers\" href=\"https:\/\/www.viennavant.at\/en\/wp-json\/wp\/v2\/pages\/64?staff_page=3\">3<\/a>\n<a class=\"page-numbers\" href=\"https:\/\/www.viennavant.at\/en\/wp-json\/wp\/v2\/pages\/64?staff_page=4\">4<\/a>\n<a class=\"next page-numbers\" href=\"https:\/\/www.viennavant.at\/en\/wp-json\/wp\/v2\/pages\/64?staff_page=2\">Next &raquo;<\/a>\t<\/div>\r\n\t\r\n\t\r\n\t<\/div>\n","protected":false},"excerpt":{"rendered":"<p><a href=\"http:\/\/www.viennavant.at\/wp-content\/uploads\/hjh1.jpg\" target=\"_blank\" rel=\"noopener\"><img loading=\"lazy\" decoding=\"async\" class=\"alignleft wp-image-926\" src=\"http:\/\/www.viennavant.at\/wp-content\/uploads\/hjh1-300x283.jpg\" width=\"265\" height=\"250\" srcset=\"https:\/\/www.viennavant.at\/wp-content\/uploads\/hjh1-300x283.jpg 300w, https:\/\/www.viennavant.at\/wp-content\/uploads\/hjh1-1024x966.jpg 1024w, https:\/\/www.viennavant.at\/wp-content\/uploads\/hjh1.jpg 1419w\" sizes=\"auto, (max-width: 265px) 100vw, 265px\" \/><\/a>\u2022 Schriftsteller<br \/>\n\u2022 Filmemacher<\/p>\n<p><strong>Interessensschwerpunkte:<\/strong><\/p>\n<p>\u2022 Wiener Avantgarden und deren Dokumentation<br \/>\n\u2022 Literatur<br \/>\n\u2022 Film, Multimedia<br \/>\n\u2022 Interdisziplinarit\u00e4t<\/p>\n<p><br style=\"clear:both;\"><\/p>\n<p><strong>Webseiten:<\/strong><br \/>\n<a href=\"http:\/\/hermannjhendrich.at\/\">http:\/\/hermannjhendrich.at\/<br \/>\n<\/a><a href=\"https:\/\/www.bildrecht.at\/news\/hermann-j-hendrich-1934-2020\/\">https:\/\/www.bildrecht.at\/news\/hermann-j-hendrich-1934-2020\/<\/a><\/p>\n<p><strong>Leben \u2013 Profil:<\/strong><\/p>\n<p>\u2022 Geboren 1934 in Wien, altprachliches Gymnasium in Baden, 1952\u20131961 Studium des Maschinenbaues an der Technischen Universit\u00e4t Wien, Industriekaufmann.<\/p>\n<p>\u2022 Aktiv im \u201estudio f\u00fcr modern jazz\u201c von 1954 bis 1959, dort Freundschaft mit den Mitgliedern der &#8220;wirklichen jazzband&#8221;, insbesondere Oswald Wiener; und deren Umfeld, Konrad Bayer, K\u00f6lz, Othmar Carli (Mitbegr\u00fcnder des Forum Stadtpark Graz) etc.<\/p>\n<p>\u2022 St\u00e4ndige Besuche in den Galerie W\u00fcrthle und n\u00e4chst St. Stephan, Secession.<\/p>\n<p>\u2022 B\u00fchneninspizient\/Hilfsregisseur beim \u201eliterarischen cabaret II\u201c im Porrhaus, seitdem Freundschaft mit Friedrich Achleitner und Gerhard R\u00fchm. Freundschaft mit Marc Adrian.<\/p>\n<p>\u2022 1959 Beginn eigener literarischer Arbeiten, die teilweise erst Anfang 2000 ver\u00f6ffentlicht werden k\u00f6nnen.<\/p>\n<p>\u2022 St\u00e4ndiger Besucher der 1960 gegr\u00fcndeten Galerie im Griechenbeisl (Christa Hauer).<\/p>\n<p>\u2022 1961 Ehe mit Lotte Hendrich-Hassmann<\/p>\n<p>\u2022 1962\/63 Aufenthalt in den <span class=\"caps\">USA<\/span>.<\/p>\n<p>\u2022 1964 aktiv in \u201ewerkstatt, verein zur f\u00f6rderung moderner kunst\u201c, Dort 1967 Freundschaft mit <span class=\"caps\">VALIE<\/span> <span class=\"caps\">EXPORT<\/span> und Peter Weibel.<\/p>\n<p>\u2022 1967 Mitbegr\u00fcnder der \u201ewerkstatt breitenbrunn\u201c<\/p>\n<p>\u2022 Ab 1968 Entwicklung multimedialer Formate.<\/p>\n<p>\u2022 1969 Organisation und Teilnahme an \u201eMULTI <span class=\"caps\">MEDIA<\/span> I\u201c mit <span class=\"caps\">VALIE<\/span> <span class=\"caps\">EXPORT<\/span>, Peter Hassmann, Horst L. Renner, Gottfried Schlemmer, Peter Weibel.<\/p>\n<p>\u2022 1971 Mitbegr\u00fcnder der \u201e\u00d6sterreichischen Literaturproduzenten\u201c<\/p>\n<p>\u2022 1973 Mitbegr\u00fcnder der \u201eGrazer AutorenAutorinnenversammlung\u201c<\/p>\n<p>\u2022 1978 Ver\u00f6ffentlichung von \u201edie reise nach de panne\u201c experimenteller kurzroman<\/p>\n<p>\u2022 1980 bis 1985 Gesch\u00e4ftsf\u00fchrer der <span class=\"caps\">VALIE<\/span> <span class=\"caps\">EXPORT<\/span> Filmproduktion Ges.m.b.H, Produktion der Filme \u201eSYNTAGMA\u201c, \u201eMenschenfrauen\u201c und \u201eDie Praxis der Liebe\u201c.<\/p>\n<p>\u2022 1982 Mitbegr\u00fcnder und Vorstandsmitglied der \u201eAustria Filmmakers Coop\u201c<\/p>\n<p>\u2022 Ab 1983 Beitr\u00e4ge \u00fcber Film in diversen Zeitschriften.<\/p>\n<p>\u2022 Ab 1984 Engagement im <span class=\"caps\">WUK<\/span><\/p>\n<p>\u2022 1986 der 16 mm Kurzfilm \u201emnemosyne\u201c wird als Er\u00f6ffnungsfilm der Filmtage in Wels gezeigt.<\/p>\n<p>\u2022 Ab 2000 Engagement in \u201eInterdisziplin\u00e4re Arbeitsgruppe Mayaforschung\u201c in Graz, Video-Dokus von mehr als 30 Maya-Sites, 12 Jahre Projekt \u201eCasa Maler\u201c \u2013 ein Museum f\u00fcr den \u00f6sterr. Forscher und Fotografen Theobert Maler in M\u00e9rida, <span class=\"caps\">YUC<\/span>.<\/p>\n<p>\u2022 Hermann J. Hendrich war aktiv t\u00e4tig als Verfasser von Gedichten, Essays, Buchbesprechungen, Videodokumentationen, k\u00fcnstlerischen Videos.<\/p>\n<p>\u2022\u00a0 Am 26. J\u00e4nner 2020 ist\u00a0 Hermann J. Hendrich unerwartet verstorben. Er fehlt uns sehr.<\/p>\n","protected":false},"author":1,"featured_media":0,"parent":0,"menu_order":10,"comment_status":"closed","ping_status":"closed","template":"","meta":{"footnotes":""},"class_list":["post-64","page","type-page","status-publish","hentry"],"translation":{"provider":"WPGlobus","version":"3.0.2","language":"en","enabled_languages":["de","en"],"languages":{"de":{"title":true,"content":true,"excerpt":false},"en":{"title":true,"content":true,"excerpt":false}}},"_links":{"self":[{"href":"https:\/\/www.viennavant.at\/en\/wp-json\/wp\/v2\/pages\/64","targetHints":{"allow":["GET"]}}],"collection":[{"href":"https:\/\/www.viennavant.at\/en\/wp-json\/wp\/v2\/pages"}],"about":[{"href":"https:\/\/www.viennavant.at\/en\/wp-json\/wp\/v2\/types\/page"}],"author":[{"embeddable":true,"href":"https:\/\/www.viennavant.at\/en\/wp-json\/wp\/v2\/users\/1"}],"replies":[{"embeddable":true,"href":"https:\/\/www.viennavant.at\/en\/wp-json\/wp\/v2\/comments?post=64"}],"version-history":[{"count":0,"href":"https:\/\/www.viennavant.at\/en\/wp-json\/wp\/v2\/pages\/64\/revisions"}],"wp:attachment":[{"href":"https:\/\/www.viennavant.at\/en\/wp-json\/wp\/v2\/media?parent=64"}],"curies":[{"name":"wp","href":"https:\/\/api.w.org\/{rel}","templated":true}]}}