{"id":2889,"date":"2017-01-26T13:27:49","date_gmt":"2017-01-26T13:27:49","guid":{"rendered":"http:\/\/viennavant.cloud.d2mc.com\/?page_id=2889"},"modified":"2019-06-06T11:25:30","modified_gmt":"2019-06-06T11:25:30","slug":"archivgespraeche-2017","status":"publish","type":"page","link":"https:\/\/www.viennavant.at\/en\/interdisziplinaerer-diskurs\/archivgespraeche\/archivgespraeche-2017\/","title":{"rendered":"Archivgespr\u00e4che 2017"},"content":{"rendered":"<p><a href=\"https:\/\/www.kunstforumwien.at\/de\/kunstforum\/mission\"><span style=\"font-size: 18pt;\"><strong>Im Kunstforum<\/strong><\/span><\/a><\/p>\n<p>Eine gro\u00dfartige interdisziplin\u00e4re Erfahrung war das Archivgespr\u00e4ch zu der von ViennAvant-Mitglied Heike Eipeldauer kuratierten\u00a0<a href=\"https:\/\/www.kunstforumwien.at\/de\/ausstellungen\/hauptausstellungen\/240\/gerhard-ruehm\">Gerhard-R\u00fchm-Ausstellung<\/a> am 13. Dezember 2017, das Veronika Rudorfer gestaltete.<\/p>\n<p><a href=\"http:\/\/www.viennavant.at\/wp-content\/uploads\/P1540480K.jpg\"><img loading=\"lazy\" decoding=\"async\" class=\"alignright size-medium wp-image-4316\" src=\"http:\/\/www.viennavant.at\/wp-content\/uploads\/P1540480K-300x169.jpg\" alt=\"\" width=\"300\" height=\"169\" srcset=\"https:\/\/www.viennavant.at\/wp-content\/uploads\/P1540480K-300x169.jpg 300w, https:\/\/www.viennavant.at\/wp-content\/uploads\/P1540480K.jpg 1000w\" sizes=\"auto, (max-width: 300px) 100vw, 300px\" \/><\/a>Gerhard R\u00fchm ist als Komponist, Pianist, Performer, Literat und bildender K\u00fcnstler ein Grenzg\u00e4nger zwischen den einzelnen Kunstdisziplinen und einer der letzten Universalk\u00fcnstler. Zwischen Wort und Bild, Sprache und Musik, Schrift und Zeichnung sucht R\u00fchm eine stete Erweiterung medialer Ausdrucksformen, die auf konzeptuelle wie humorvolle Weise Sehgewohnheiten durchbrechen. Das Gegenwartserlebnis \u2013 das Jetzt \u2013 und die zeitliche Dimension von Sprache bilden ebenso zentrale Motive im \u0152uvre R\u00fchms wie die sprachliche Konstituierung des Subjekts.<\/p>\n<p>Zur experimentellen \u2013 \u201ekonkreten\u201c \u2013 Poesie gelangte der ausgebildete Komponist R\u00fchm Anfang der 1950er-Jahre \u00fcber die Besch\u00e4ftigung mit Anton Webern. Im reaktion\u00e4ren Klima der \u00f6sterreichischen Nachkriegszeit gr\u00fcndete er gemeinsam mit Friedrich Achleitner, H.C. Artmann, Konrad Bayer und Oswald Wiener die legend\u00e4re \u201eWiener Gruppe\u201c (1954\u20131964), die an die radikalen Sprachexperimente von Expressionismus, Dada und Konstruktivismus ankn\u00fcpfte. Mit den \u201eLiterarischen Cabarets\u201c (1958\/1959) veranstaltete diese die ersten Happenings der Kunstgeschichte, die u.a. in der Zertr\u00fcmmerung eines Klaviers durch R\u00fchm und Achleitner gipfelten.<\/p>\n<p><a href=\"http:\/\/www.viennavant.at\/wp-content\/uploads\/P1540484K.jpg\"><img loading=\"lazy\" decoding=\"async\" class=\"alignright size-medium wp-image-4318\" src=\"http:\/\/www.viennavant.at\/wp-content\/uploads\/P1540484K-300x169.jpg\" alt=\"\" width=\"300\" height=\"169\" srcset=\"https:\/\/www.viennavant.at\/wp-content\/uploads\/P1540484K-300x169.jpg 300w, https:\/\/www.viennavant.at\/wp-content\/uploads\/P1540484K.jpg 1000w\" sizes=\"auto, (max-width: 300px) 100vw, 300px\" \/><\/a>Die retrospektive Werkschau im Kunstforum zeigte exemplarisch das mehr als sechs Jahrzehnte umspannende Schaffen R\u00fchms in seiner Vielfalt. Seine visuelle Poesie \u2013 zwischen Schrift und Bild pendelnde Typocollagen, Fotomontagen und Schreibmaschinenideogramme \u2013, und deren musikalisches Pendant, die visuelle Musik, sowie gestische und konzeptionelle Zeichnungen und Schriftfilme wurden dabei ebenso pr\u00e4sentiert wie seine auditive Poesie, Chansons, Klavierst\u00fccke und Melodramen an der Schwelle von Sprache und Musik.<\/p>\n<p><a href=\"http:\/\/www.viennavant.at\/wp-content\/uploads\/P1540483K.jpg\"><img loading=\"lazy\" decoding=\"async\" class=\"size-medium wp-image-4317 alignleft\" src=\"http:\/\/www.viennavant.at\/wp-content\/uploads\/P1540483K-300x169.jpg\" alt=\"\" width=\"300\" height=\"169\" srcset=\"https:\/\/www.viennavant.at\/wp-content\/uploads\/P1540483K-300x169.jpg 300w, https:\/\/www.viennavant.at\/wp-content\/uploads\/P1540483K.jpg 1000w\" sizes=\"auto, (max-width: 300px) 100vw, 300px\" \/><\/a><a href=\"http:\/\/www.viennavant.at\/wp-content\/uploads\/P1540495K.jpg\"><img loading=\"lazy\" decoding=\"async\" class=\"size-medium wp-image-4323 alignnone\" src=\"http:\/\/www.viennavant.at\/wp-content\/uploads\/P1540495K-300x169.jpg\" alt=\"\" width=\"300\" height=\"169\" srcset=\"https:\/\/www.viennavant.at\/wp-content\/uploads\/P1540495K-300x169.jpg 300w, https:\/\/www.viennavant.at\/wp-content\/uploads\/P1540495K.jpg 1000w\" sizes=\"auto, (max-width: 300px) 100vw, 300px\" \/><\/a><\/p>\n<p>&nbsp;<\/p>\n<p><a href=\"https:\/\/www.onb.ac.at\/museen\/literaturmuseum\/ueber-das-literaturmuseum\/\"><span style=\"font-size: 18pt;\"><strong>Im Literaturmuseum<\/strong><\/span><\/a><\/p>\n<p><a href=\"http:\/\/www.viennavant.at\/wp-content\/uploads\/l1.jpg\"><img loading=\"lazy\" decoding=\"async\" class=\"size-medium wp-image-4137 aligncenter\" src=\"http:\/\/www.viennavant.at\/wp-content\/uploads\/l1-300x169.jpg\" alt=\"\" width=\"300\" height=\"169\" srcset=\"https:\/\/www.viennavant.at\/wp-content\/uploads\/l1-300x169.jpg 300w, https:\/\/www.viennavant.at\/wp-content\/uploads\/l1-1024x576.jpg 1024w\" sizes=\"auto, (max-width: 300px) 100vw, 300px\" \/><\/a><\/p>\n<p>Am 24. November f\u00fchrte der Direktor Bernhard Fetz ViennAvant-Mitglieder durch die aktuelle Sonderausstellung \u201eIm Rausch des Schreibens. Von Musil bis Bachmann\u201c im\u00a0 <a href=\"https:\/\/www.onb.ac.at\/museen\/literaturmuseum\/\" target=\"_blank\" rel=\"noopener noreferrer\">Literaturmuseum<\/a> . Die aufregende Schau sp\u00fcrte den Zust\u00e4nden von Euphorie und Entr\u00fcckung nach, die das Schreiben hervorrufen kann und stellte auch jene literarischen Texte ins Zentrum, die in unterschiedlichsten Spielformen von Rausch und Genuss, von Trance, Ekstase und K\u00f6rpergetriebenheit handeln. Vielerlei Substanzen befl\u00fcgeln die literarische Fantasie. Aber auch \u00e4u\u00dferste Konzentration und Selbstdisziplin k\u00f6nnen notwendige Voraussetzungen f\u00fcr die literarische Arbeit sein. Das Spektrum reicht von der \u201eHaschisch-Episode\u201c aus Ingeborg Bachmanns Romanfragment \u201eDer Fall Franza\u201c \u00fcber Mela Hartwigs Erz\u00e4hlband \u201eEkstasen\u201c bis hin zu jenen Rausch- und Wutexzessen, die in Heimito von Doderers Erz\u00e4hlwerk wiederkehrende Motive sind. Franz Kafkas asketisch-n\u00fcchterner Schreibstil trifft auf die ekstatischen Schriftbilder Gert Jonkes. Josef Winklers besessenes Schreiben steht neben den Korrektur-Exzessen von Karl Kraus.<\/p>\n<p><a href=\"http:\/\/www.viennavant.at\/wp-content\/uploads\/literaturmuseum-1.jpg\"><img loading=\"lazy\" decoding=\"async\" class=\"size-medium wp-image-4138 aligncenter\" src=\"http:\/\/www.viennavant.at\/wp-content\/uploads\/literaturmuseum-1-300x200.jpg\" alt=\"\" width=\"300\" height=\"200\" srcset=\"https:\/\/www.viennavant.at\/wp-content\/uploads\/literaturmuseum-1-300x200.jpg 300w, https:\/\/www.viennavant.at\/wp-content\/uploads\/literaturmuseum-1.jpg 800w\" sizes=\"auto, (max-width: 300px) 100vw, 300px\" \/><\/a>Au\u00dfergew\u00f6hnliche Original-Exponate, erg\u00e4nzt durch fotografische (Selbst-)Insze\u00adnierungen und kulturhistorische Dokumente, beleuchteten das Spannungsverh\u00e4ltnis zwischen Schreibarbeit und literarischer Grenzerfahrung. Und das gro\u00dfe Wissen von Bernhard Fetz machte den Nachmittag zu einer kostbaren Erfahrung.<\/p>\n<p><a href=\"https:\/\/www.21erhaus.at\/\"><span style=\"font-size: 18pt;\"><strong>Im Belvedere 21<\/strong><\/span><\/a><\/p>\n<p>Am 1. September lud Harald Krejci eine Gruppe aus dem ViennAvant-Netzwerk ein\u00a0zu einem Archivgespr\u00e4ch in die von ihm kuratierte Ausstellung <a href=\"https:\/\/www.21erhaus.at\/linda_christanell\">Linda Christanell. Picture again.<\/a><\/p>\n<p><a href=\"http:\/\/www.viennavant.at\/wp-content\/uploads\/arch1.jpg\"><img loading=\"lazy\" decoding=\"async\" class=\"alignright size-medium wp-image-4141\" src=\"http:\/\/www.viennavant.at\/wp-content\/uploads\/arch1-300x169.jpg\" alt=\"\" width=\"300\" height=\"169\" srcset=\"https:\/\/www.viennavant.at\/wp-content\/uploads\/arch1-300x169.jpg 300w, https:\/\/www.viennavant.at\/wp-content\/uploads\/arch1-1024x576.jpg 1024w\" sizes=\"auto, (max-width: 300px) 100vw, 300px\" \/><\/a><\/p>\n<p><span style=\"font-size: 10pt;\">Foto: Ilse Chlan<\/span><\/p>\n<p>Die K\u00fcnstlerin und Filmemacherin Linda Christanell gilt seit Ende der 1960er-Jahre als eine Schl\u00fcsselfigur der \u00f6sterreichischen feministischen Avantgarde. Picture Again repr\u00e4sentiert in einer retrospektiven Gesamtinstallation Werke der K\u00fcnstlerin aus den letzten 50 Jahren und erl\u00e4utert ihre Bildwelt. Die Ausstellung setzt Christanells Arbeiten r\u00e4umlich miteinander in Beziehung. Einzelne Objekte \u2013 wie etwa Hutnadeln, Modeschmuck, Postkarten oder Spiegel \u2013 sind stets auch fotografische und filmische Vorlagen. Zeichnung, Text, Fotografie, Film, Plastisches und gefundene Objekte verflechten sich zu einer poetischen Bildergeschichte.<a href=\"http:\/\/www.viennavant.at\/wp-content\/uploads\/ch1.jpg\"><img loading=\"lazy\" decoding=\"async\" class=\"alignright size-medium wp-image-4142\" src=\"http:\/\/www.viennavant.at\/wp-content\/uploads\/ch1-300x222.jpg\" alt=\"\" width=\"300\" height=\"222\" srcset=\"https:\/\/www.viennavant.at\/wp-content\/uploads\/ch1-300x222.jpg 300w, https:\/\/www.viennavant.at\/wp-content\/uploads\/ch1-1024x759.jpg 1024w, https:\/\/www.viennavant.at\/wp-content\/uploads\/ch1.jpg 1200w\" sizes=\"auto, (max-width: 300px) 100vw, 300px\" \/><\/a><\/p>\n<p><span style=\"font-size: 10pt;\">Foto: L.C., 1977 Archiv Linda Christanell<\/span><\/p>\n<p>Als Pionierin der feministischen Kunst hat Linda Christanell einzeln und im Kollektiv wichtige gesellschaftspolitische Impulse gesetzt. Sie arbeitete zun\u00e4chst in den Bereichen Malerei, Objektkunst, Installation, Performance sowie Fotografie und setzte sich ab Anfang der 1970er-Jahre intensiv mit dem bewegten Bild auseinander. Die Dekonstruktion von tradierten m\u00e4nnlichen Blickmustern und das Hinterfragen der Funktionsmechanismen des Mediums Film stehen im Zentrum ihrer filmischen Arbeit. Weibliche Lebenswelten, gesellschaftliche Zuschreibungen, K\u00f6rperlichkeit, Erotik und Sexualit\u00e4t sind Inspiration und Thema ihrer Werke. <em>Picture Again<\/em> pr\u00e4sentiert in einer retrospektiven Gesamtinstallation Werke der K\u00fcnstlerin aus den letzten 50 Jahren und erl\u00e4utert ihre Bilderwelt. Die Ausstellung setzt Christanells Arbeiten r\u00e4umlich miteinander in Beziehung. Einzelne Objekte \u2013 wie etwa Hutnadeln, Modeschmuck, Postkarten oder Spiegel \u2013 sind stets auch fotografische und filmische Vorlagen. Zeichnung, Text, Fotografie, Film, Plastisches und gefundene Objekte verflechten sich zu einer poetischen Bildergeschichte. Als Pionierin der feministischen Kunst hat Linda Christanell einzeln und im Kollektiv wichtige gesellschaftspolitische Impulse gesetzt. Sie arbeitete zun\u00e4chst in den Bereichen Malerei, Objektkunst, Installation, Performance sowie Fotografie und setzte sich ab Anfang der 1970er-Jahre intensiv mit dem Bewegtbild auseinander. Die Dekonstruktion von tradierten m\u00e4nnlichen Blickmustern und das Hinterfragen der Funktionsmechanismen des Mediums Film stehen im Zentrum ihrer filmischen Arbeit. Weibliche Lebenswelten, gesellschaftliche Zuschreibungen, K\u00f6rperlichkeit, Erotik und Sexualit\u00e4t sind Inspiration und Thema ihrer Werke. \u00a0<em>Picture Again<\/em> pr\u00e4sentiert in einer retrospektiven Gesamtinstallation Werke der K\u00fcnstlerin aus den letzten 50 Jahren und erl\u00e4utert ihre Bilderwelt. Die Ausstellung setzt Christanells Arbeiten r\u00e4umlich miteinander in Beziehung. Einzelne Objekte \u2013 wie etwa Hutnadeln, Modeschmuck, Postkarten oder Spiegel \u2013 sind stets auch fotografische und filmische Vorlagen. Zeichnung, Text, Fotografie, Film, Plastisches und gefundene Objekte verflechten sich zu einer poetischen Bildergeschichte. Als Pionierin der feministischen Kunst hat Linda Christanell einzeln und im Kollektiv wichtige gesellschaftspolitische Impulse gesetzt. Sie arbeitete zun\u00e4chst in den Bereichen Malerei, Objektkunst, Installation, Performance sowie Fotografie und setzte sich ab Anfang der 1970er-Jahre intensiv mit dem Bewegtbild auseinander. Die Dekonstruktion von tradierten m\u00e4nnlichen Blickmustern und das Hinterfragen der Funktionsmechanismen des Mediums Film stehen im Zentrum ihrer filmischen Arbeit. Weibliche Lebenswelten, gesellschaftliche Zuschreibungen, K\u00f6rperlichkeit, Erotik und Sexualit\u00e4t sind Inspiration und Thema ihrer Werke. \u00a0<em>Picture Again<\/em> pr\u00e4sentiert in einer retrospektiven Gesamtinstallation Werke der K\u00fcnstlerin aus den letzten 50 Jahren und erl\u00e4utert ihre Bilderwelt. Die Ausstellung setzt Christanells Arbeiten r\u00e4umlich miteinander in Beziehung.<\/p>\n<p><span style=\"font-size: 10pt;\">Die wei\u00dfe Kugel, 1978. Archiv Linda Christanell, Foto: Margot Pilz<\/span><a href=\"http:\/\/www.viennavant.at\/wp-content\/uploads\/ch5.jpg\"><img loading=\"lazy\" decoding=\"async\" class=\"alignright size-medium wp-image-4144\" src=\"http:\/\/www.viennavant.at\/wp-content\/uploads\/ch5-300x213.jpg\" alt=\"\" width=\"300\" height=\"213\" srcset=\"https:\/\/www.viennavant.at\/wp-content\/uploads\/ch5-300x213.jpg 300w, https:\/\/www.viennavant.at\/wp-content\/uploads\/ch5-1024x728.jpg 1024w, https:\/\/www.viennavant.at\/wp-content\/uploads\/ch5.jpg 1200w\" sizes=\"auto, (max-width: 300px) 100vw, 300px\" \/><\/a><\/p>\n<p>Einzelne Objekte \u2013 wie etwa Hutnadeln, Modeschmuck, Postkarten oder Spiegel \u2013 sind stets auch fotografische und filmische Vorlagen. Zeichnung, Text, Fotografie, Film, Plastisches und gefundene Objekte verflechten sich zu einer poetischen Bildergeschichte. Als Pionierin der feministischen Kunst hat Linda Christanell einzeln und im Kollektiv wichtige gesellschaftspolitische Impulse gesetzt. Sie arbeitete zun\u00e4chst in den Bereichen Malerei, Objektkunst, Installation, Performance sowie Fotografie und setzte sich ab Anfang der 1970er-Jahre intensiv mit dem Bewegtbild auseinander. Die Dekonstruktion von tradierten m\u00e4nnlichen Blickmustern und das Hinterfragen der Funktionsmechanismen des Mediums Film stehen im Zentrum ihrer filmischen Arbeit. Weibliche Lebenswelten, gesellschaftliche Zuschreibungen, K\u00f6rperlichkeit, Erotik und Sexualit\u00e4t sind Inspiration und Thema ihrer Werke.<\/p>\n<p style=\"text-align: left;\"><a href=\"http:\/\/www.viennavant.at\/wp-content\/uploads\/ch3.jpg\"><img loading=\"lazy\" decoding=\"async\" class=\"alignright size-medium wp-image-4143\" src=\"http:\/\/www.viennavant.at\/wp-content\/uploads\/ch3-300x300.jpg\" alt=\"\" width=\"300\" height=\"300\" srcset=\"https:\/\/www.viennavant.at\/wp-content\/uploads\/ch3-300x300.jpg 300w, https:\/\/www.viennavant.at\/wp-content\/uploads\/ch3-150x150.jpg 150w, https:\/\/www.viennavant.at\/wp-content\/uploads\/ch3-1024x1019.jpg 1024w, https:\/\/www.viennavant.at\/wp-content\/uploads\/ch3.jpg 1200w\" sizes=\"auto, (max-width: 300px) 100vw, 300px\" \/><\/a><span style=\"font-size: 10pt;\">Foto: Objekt: Verschn\u00fcrung, 1973, Archiv Linda Christanell<\/span><\/p>\n<p><em>Picture Again<\/em> pr\u00e4sentiert in einer retrospektiven Gesamtinstallation Werke der K\u00fcnstlerin aus den letzten 50 Jahren und erl\u00e4utert ihre Bilderwelt. Die Ausstellung setzt Christanells Arbeiten r\u00e4umlich miteinander in Beziehung. Einzelne Objekte \u2013 wie etwa Hutnadeln, Modeschmuck,\u00a0 Postkarten oder Spiegel \u2013 sind stets auch fotografische und filmische Vorlagen. Zeichnung, Text, Fotografie, Film, Plastisches und gefundene Objekte verflechten sich zu einer poetischen Bildergeschichte. Als Pionierin der feministischen Kunst hat Linda Christanell einzeln und im Kollektiv wichtige gesellschaftspolitische Impulse gesetzt. Sie arbeitete zun\u00e4chst in den Bereichen Malerei, Objektkunst, Installation, Performance sowie Fotografie und setzte sich ab Anfang der 1970er-Jahre intensiv mit dem Bewegtbild auseinander. Die Dekonstruktion von tradierten m\u00e4nnlichen Blickmustern und das Hinterfragen der Funktionsmechanismen des Mediums Film stehen im Zentrum ihrer filmischen Arbeit. Weibliche Lebenswelten, gesellschaftliche Zuschreibungen, K\u00f6rperlichkeit, Erotik und Sexualit\u00e4t sind Inspiration und Thema ihrer Werke.<\/p>\n<p><strong><span style=\"font-size: 18pt;\">In der Albertina<\/span> <\/strong><\/p>\n<p>Am 7. Juli\u00a0f\u00fchrte Antonia Hoerschelmann eine Gruppe des ViennAvant-Netzwerks durch die von ihr kuratierte Ausstellung <a href=\"http:\/\/www.albertina.at\/maria_lassnig\">Maria Lassnig &#8211; Zwiegespr\u00e4che <\/a>in der Albertina.<\/p>\n<p><span style=\"font-family: 'Arial','sans-serif'; font-size: 14pt;\"><span style=\"color: #000000;\">Es sind tiefgreifende Empfindungen, die im Zentrum des Schaffens von Maria Lassnig stehen. Das Sichtbarmachen von k\u00f6rperlichen Emotionen und das Nachsp\u00fcren der K\u00f6rperwahrnehmung bilden den Mittelpunkt ihrer Body-Awareness-Arbeiten. Humorvoll und ernst, sehnsuchtsvoll und gnadenlos bannt die K\u00fcnstlerin ihre Selbstempfindung auf das Papier. Nicht was sie sieht, sondern wie sie sich sp\u00fcrt, wird zum Bild. Maria Lassnig z\u00e4hlt mit Louise Bourgeois, Joan Mitchell und Agnes Martin zu den wichtigsten K\u00fcnstlerinnen des 20. Jahrhunderts. Bereits fr\u00fch macht sie ihren eigenen K\u00f6rper zum Mittelpunkt ihrer Kunst, lange bevor K\u00f6rperbewusstsein und das Verh\u00e4ltnis von Mann und Frau zentrale Themen der internationalen Avantgarde werden. Drei Jahre nach ihrem Tod w\u00fcrdigt die Albertina Lassnig mit einer Retrospektive des zeichnerischen Werks und f\u00fchrt rund 80 der sch\u00f6nsten Handzeichnungen der K\u00fcnstlerin zusammen. Bislang v\u00f6llig unbekannte Bl\u00e4tter erweisen sich in der Schau als Schl\u00fcsselwerke &#8211; gemeinsam mit Vertrautem werfen sie neues Licht auf ihr Konzept der Body-Awareness und erschlie\u00dfen neue Einblicke in das vielseitige Werk der \u00d6sterreicherin. Z.B. auf 1978, wo sie ihren USA-Aufenthalt f\u00fcr ein Jahr unterbrochen hat und mit einem Stipendiums des Deutschen Akademischen Austauschdiensts in Berlin arbeitete. Dort trat sie in einen intensiven Dialog mit dem dort lebenden \u00f6sterreichischen Schriftsteller Oswald Wiener, der sich mit Denkpsychologie besch\u00e4ftigt. Unter seinem Einfluss beginnt sie sich mit kognitionswissenschaftlichen Ideen zu befassen und er\u00f6rtert Fragen der Wahrnehmung und der Selbstbeobachtung, um ihre kontinuierliche Suche nach dem Wesen des K\u00f6rperbewusstseins auf eine wissenschaftliche Ebene zu heben. Ihre Erkenntnisse setzt sie in K\u00f6rpergef\u00fchls- und Wahrnehmungsstudien um. <\/span><\/span><\/p>\n<p><a href=\"http:\/\/www.viennavant.at\/wp-content\/uploads\/l2.jpg\"><img loading=\"lazy\" decoding=\"async\" class=\"alignright size-medium wp-image-4052\" src=\"http:\/\/www.viennavant.at\/wp-content\/uploads\/l2-300x215.jpg\" alt=\"\" width=\"300\" height=\"215\" srcset=\"https:\/\/www.viennavant.at\/wp-content\/uploads\/l2-300x215.jpg 300w, https:\/\/www.viennavant.at\/wp-content\/uploads\/l2-1024x735.jpg 1024w, https:\/\/www.viennavant.at\/wp-content\/uploads\/l2.jpg 2020w\" sizes=\"auto, (max-width: 300px) 100vw, 300px\" \/><\/a><\/p>\n<p><span style=\"font-size: 10pt;\">Maria Lassnig, Kopf, 1963. Aquarell. Albertina, Wien \u00a9 2017 Maria Lassnig Stiftung<\/span><\/p>\n<h3><a href=\"http:\/\/www.viennavant.at\/wp-content\/uploads\/l8.jpg\"><img loading=\"lazy\" decoding=\"async\" class=\"alignright size-medium wp-image-4055\" src=\"http:\/\/www.viennavant.at\/wp-content\/uploads\/l8-300x227.jpg\" alt=\"\" width=\"300\" height=\"227\" srcset=\"https:\/\/www.viennavant.at\/wp-content\/uploads\/l8-300x227.jpg 300w, https:\/\/www.viennavant.at\/wp-content\/uploads\/l8-1024x776.jpg 1024w\" sizes=\"auto, (max-width: 300px) 100vw, 300px\" \/><\/a> <a href=\"http:\/\/www.viennavant.at\/wp-content\/uploads\/l9.jpg\"><img loading=\"lazy\" decoding=\"async\" class=\"alignright size-medium wp-image-4056\" src=\"http:\/\/www.viennavant.at\/wp-content\/uploads\/l9-300x234.jpg\" alt=\"\" width=\"300\" height=\"234\" srcset=\"https:\/\/www.viennavant.at\/wp-content\/uploads\/l9-300x234.jpg 300w, https:\/\/www.viennavant.at\/wp-content\/uploads\/l9-1024x799.jpg 1024w\" sizes=\"auto, (max-width: 300px) 100vw, 300px\" \/><\/a><\/h3>\n<p><span style=\"font-size: 10pt;\">Maria Lassnig, Selbstportrait als Playboystuhl, 1969. Gouache, Albertina, Wien \u00a9 2017 Maria Lassnig Stiftung<\/span><strong>\u00a0<\/strong><\/p>\n<p>&nbsp;<\/p>\n<p>&nbsp;<\/p>\n<p><span style=\"font-size: 10pt;\">Maria Lassnig, Illustration eines Gedankens &#8211; &#8220;Les Antagonistes&#8221;, 1963. Kreide, Aquarell. Albertina &#8211; Dauerleihgabe der Oesterreichischen Nationalbank \u00a9 2017 Maria Lassnig Stiftung<\/span><\/p>\n<p><span style=\"font-size: 10pt;\">\u00a0<\/span><\/p>\n<h3><strong>\u00a0<\/strong><\/h3>\n<h3><strong>Im Perinetkeller\u00a0 <\/strong><\/h3>\n<p>Am 8. Mai gestaltete ViennAvant-Mitglied Helmut Neundlinger ein Archivgespr\u00e4ch mit dem Gr\u00fcnder von &#8220;Freibord&#8221; Gerhard Jaschke im historischen Perinetkeller: In diesem Raum hatte 1962 mit einer dreit\u00e4gigen Einmauerungsaktion die \u201eBlutorgel\u201c mit Adolf Frohner, Otto Muehl und Hermann Nitsch stattgefunden.<\/p>\n<p>Der Autor und Bildende K\u00fcnstler Gerhard Jaschke hat die Wiener Avantgarde-Szene von ihren Anf\u00e4ngen an begleitet und 1967 zusammen mit Hermann Sch\u00fcrrer die Zeitschrift und Edition Freibord gegr\u00fcndet.\u00a0 In dieser verlegt Jaschke bis heute avantgardistische Werke verschiedenster Genres. \u00a0Helmut Neundlinger bearbeitet den Vorlass von ihm. Das Gespr\u00e4ch brachte nicht nur die gro\u00dfen Linien der Entwicklung, sondern auch eine F\u00fclle von Details ans Licht.<\/p>\n<p><span style=\"font-size: 10pt;\">Fotos: Helga K\u00f6cher<\/span><a href=\"http:\/\/www.viennavant.at\/wp-content\/uploads\/P1Large-4.jpg\"><img loading=\"lazy\" decoding=\"async\" class=\"alignright wp-image-4004\" src=\"http:\/\/www.viennavant.at\/wp-content\/uploads\/P1Large-4-199x300.jpg\" alt=\"\" width=\"199\" height=\"300\" srcset=\"https:\/\/www.viennavant.at\/wp-content\/uploads\/P1Large-4-199x300.jpg 199w, https:\/\/www.viennavant.at\/wp-content\/uploads\/P1Large-4-679x1024.jpg 679w, https:\/\/www.viennavant.at\/wp-content\/uploads\/P1Large-4.jpg 1080w\" sizes=\"auto, (max-width: 199px) 100vw, 199px\" \/><\/a><a href=\"http:\/\/www.viennavant.at\/wp-content\/uploads\/P14-Large-4.jpg\"><img loading=\"lazy\" decoding=\"async\" class=\"alignright wp-image-4005\" src=\"http:\/\/www.viennavant.at\/wp-content\/uploads\/P14-Large-4-199x300.jpg\" alt=\"\" width=\"199\" height=\"300\" srcset=\"https:\/\/www.viennavant.at\/wp-content\/uploads\/P14-Large-4-199x300.jpg 199w, https:\/\/www.viennavant.at\/wp-content\/uploads\/P14-Large-4-679x1024.jpg 679w, https:\/\/www.viennavant.at\/wp-content\/uploads\/P14-Large-4.jpg 1080w\" sizes=\"auto, (max-width: 199px) 100vw, 199px\" \/><\/a><a href=\"http:\/\/www.viennavant.at\/wp-content\/uploads\/P18-Large-3.jpg\">\u00a0\u00a0\u00a0\u00a0\u00a0\u00a0\u00a0\u00a0\u00a0\u00a0\u00a0\u00a0\u00a0\u00a0\u00a0\u00a0 \u00a0\u00a0\u00a0\u00a0 <\/a><\/p>\n<h3>\u00a0<a href=\"http:\/\/www.viennavant.at\/wp-content\/uploads\/P9-Large-5.jpg\"><img loading=\"lazy\" decoding=\"async\" class=\"alignright wp-image-4009\" src=\"http:\/\/www.viennavant.at\/wp-content\/uploads\/P9-Large-5-300x199.jpg\" alt=\"\" width=\"265\" height=\"176\" srcset=\"https:\/\/www.viennavant.at\/wp-content\/uploads\/P9-Large-5-300x199.jpg 300w, https:\/\/www.viennavant.at\/wp-content\/uploads\/P9-Large-5-1024x679.jpg 1024w, https:\/\/www.viennavant.at\/wp-content\/uploads\/P9-Large-5.jpg 1628w\" sizes=\"auto, (max-width: 265px) 100vw, 265px\" \/><\/a><a href=\"http:\/\/www.viennavant.at\/wp-content\/uploads\/P5-Large-3.jpg\"><img loading=\"lazy\" decoding=\"async\" class=\"alignright wp-image-4010\" src=\"http:\/\/www.viennavant.at\/wp-content\/uploads\/P5-Large-3-300x199.jpg\" alt=\"\" width=\"265\" height=\"176\" srcset=\"https:\/\/www.viennavant.at\/wp-content\/uploads\/P5-Large-3-300x199.jpg 300w, https:\/\/www.viennavant.at\/wp-content\/uploads\/P5-Large-3-1024x679.jpg 1024w, https:\/\/www.viennavant.at\/wp-content\/uploads\/P5-Large-3.jpg 1628w\" sizes=\"auto, (max-width: 265px) 100vw, 265px\" \/><\/a><\/h3>\n<p><strong><a href=\"http:\/\/www.viennavant.at\/wp-content\/uploads\/P16-Large-3.jpg\"><img loading=\"lazy\" decoding=\"async\" class=\"alignright wp-image-4011\" src=\"http:\/\/www.viennavant.at\/wp-content\/uploads\/P16-Large-3-300x199.jpg\" alt=\"\" width=\"265\" height=\"176\" srcset=\"https:\/\/www.viennavant.at\/wp-content\/uploads\/P16-Large-3-300x199.jpg 300w, https:\/\/www.viennavant.at\/wp-content\/uploads\/P16-Large-3-1024x679.jpg 1024w, https:\/\/www.viennavant.at\/wp-content\/uploads\/P16-Large-3.jpg 1628w\" sizes=\"auto, (max-width: 265px) 100vw, 265px\" \/><\/a><\/strong><\/p>\n<p><a href=\"http:\/\/www.viennavant.at\/wp-content\/uploads\/P10-Large-1.jpg\"><img loading=\"lazy\" decoding=\"async\" class=\"alignright wp-image-4012\" src=\"http:\/\/www.viennavant.at\/wp-content\/uploads\/P10-Large-1-300x199.jpg\" alt=\"\" width=\"265\" height=\"176\" srcset=\"https:\/\/www.viennavant.at\/wp-content\/uploads\/P10-Large-1-300x199.jpg 300w, https:\/\/www.viennavant.at\/wp-content\/uploads\/P10-Large-1-1024x679.jpg 1024w, https:\/\/www.viennavant.at\/wp-content\/uploads\/P10-Large-1.jpg 1628w\" sizes=\"auto, (max-width: 265px) 100vw, 265px\" \/><\/a><\/p>\n<h3><strong>\u00a0Im\u00a0mumok\u00a0<\/strong><\/h3>\n<p>Am 30. M\u00e4rz 2017 fand\u00a0im mumok in der Ausstellung &#8220;<a href=\"https:\/\/www.mumok.at\/de\/node\/25998\" target=\"_blank\" rel=\"noopener noreferrer\"><u><span style=\"color: #0066cc;\">Konstruktion_Reflexion. Werke aus der Sammlung Gertraud &amp; Dieter Bogner<\/span><\/u><\/a>&#8221;\u00a0eine F\u00fchrung mit dem Sammlerehepaar statt. Die Schau zeigte eine Auswahl aus\u00a0der Sammlung von Gertraud und Dieter Bogner, die sie 2007 dem mumok geschenkt haben und seitdem laufend erg\u00e4nzen. Mit mehr als 100 Bildern, Skulpturen und Objekten sowie 300 Zeichnungen, Gouachen, Druckgrafiken, Autografen, K\u00fcnstler_innenb\u00fcchern und Archivalien handelt es sich um die bisher gr\u00f6\u00dfte zusammenh\u00e4ngende Donation an das Museum.<\/p>\n<p>Entgegen Trends der Zeit spielte f\u00fcr die Bogners stets der \u201eInhalt\u201c als Kategorie konstruktivistischer, geometrisch-abstrakter und konzeptueller Kunst eine zentrale Rolle. Das Wechselspiel zwischen Formen und Inhalten bzw. die\u00a0Politik der Form als Inhalt werden in der Ausstellung in unterschiedlichen, miteinander vernetzten Themenbl\u00f6cken vorgestellt. Zentrale Motive sind dabei Theoriebez\u00fcge von Malerei und Farbe, die Reflexion von Geschichte und Gesellschaft oder das Verh\u00e4ltnis von Architektur, Skulptur und Abstraktion in der Tradition einer kritischen Moderne.<\/p>\n<p>Konstruktion_Reflexion\u00a0war ein lebendig-sinnliches wie auch ein von analytischer Pr\u00e4zision getragenes Zusammentreffen von Installationen, Bildern, Videos, Fotos, Texten und Publikationen von Robert Adrian X, Hartmut B\u00f6hm,\u00a0Heinz Gappmayr, Dan Graham, Thomas Kaminsky, Richard Paul Lohse, Dorit Margreiter, D\u00f3ra Maurer, Fran\u00e7ois Morellet, museum in progress, Jorrit Tornquist, Peter Weibel, Heimo Zobernig und anderen K\u00fcnstler_innen.<\/p>\n<p>Fotos: mumok\/Niko Havranek<a href=\"http:\/\/www.viennavant.at\/wp-content\/uploads\/20170330_BognerF\u00fchrung_web-4.jpg\"><img loading=\"lazy\" decoding=\"async\" class=\"alignright wp-image-3879\" src=\"http:\/\/www.viennavant.at\/wp-content\/uploads\/20170330_BognerF\u00fchrung_web-4-300x200.jpg\" alt=\"\" width=\"591\" height=\"394\" srcset=\"https:\/\/www.viennavant.at\/wp-content\/uploads\/20170330_BognerF\u00fchrung_web-4-300x200.jpg 300w, https:\/\/www.viennavant.at\/wp-content\/uploads\/20170330_BognerF\u00fchrung_web-4-1024x683.jpg 1024w, https:\/\/www.viennavant.at\/wp-content\/uploads\/20170330_BognerF\u00fchrung_web-4.jpg 2048w\" sizes=\"auto, (max-width: 591px) 100vw, 591px\" \/><\/a><\/p>\n<p><a href=\"http:\/\/www.viennavant.at\/wp-content\/uploads\/20170330_BognerF\u00fchrung_web-68.jpg\">\u00a0<\/a><a href=\"http:\/\/www.viennavant.at\/wp-content\/uploads\/20170330_BognerF\u00fchrung_web-68.jpg\"><img loading=\"lazy\" decoding=\"async\" class=\"alignright wp-image-3902\" src=\"http:\/\/www.viennavant.at\/wp-content\/uploads\/20170330_BognerF\u00fchrung_web-68-300x200.jpg\" alt=\"\" width=\"279\" height=\"186\" srcset=\"https:\/\/www.viennavant.at\/wp-content\/uploads\/20170330_BognerF\u00fchrung_web-68-300x200.jpg 300w, https:\/\/www.viennavant.at\/wp-content\/uploads\/20170330_BognerF\u00fchrung_web-68-1024x683.jpg 1024w, https:\/\/www.viennavant.at\/wp-content\/uploads\/20170330_BognerF\u00fchrung_web-68.jpg 2048w\" sizes=\"auto, (max-width: 279px) 100vw, 279px\" \/><\/a> <a href=\"http:\/\/www.viennavant.at\/wp-content\/uploads\/20170330_BognerF\u00fchrung_web-66.jpg\"><img loading=\"lazy\" decoding=\"async\" class=\"alignright wp-image-3901\" src=\"http:\/\/www.viennavant.at\/wp-content\/uploads\/20170330_BognerF\u00fchrung_web-66-300x200.jpg\" alt=\"\" width=\"279\" height=\"186\" srcset=\"https:\/\/www.viennavant.at\/wp-content\/uploads\/20170330_BognerF\u00fchrung_web-66-300x200.jpg 300w, https:\/\/www.viennavant.at\/wp-content\/uploads\/20170330_BognerF\u00fchrung_web-66-1024x683.jpg 1024w, https:\/\/www.viennavant.at\/wp-content\/uploads\/20170330_BognerF\u00fchrung_web-66.jpg 2048w\" sizes=\"auto, (max-width: 279px) 100vw, 279px\" \/><\/a> <a href=\"http:\/\/www.viennavant.at\/wp-content\/uploads\/20170330_BognerF\u00fchrung_web-63.jpg\"><img loading=\"lazy\" decoding=\"async\" class=\"alignright wp-image-3900\" src=\"http:\/\/www.viennavant.at\/wp-content\/uploads\/20170330_BognerF\u00fchrung_web-63-300x200.jpg\" alt=\"\" width=\"279\" height=\"186\" srcset=\"https:\/\/www.viennavant.at\/wp-content\/uploads\/20170330_BognerF\u00fchrung_web-63-300x200.jpg 300w, https:\/\/www.viennavant.at\/wp-content\/uploads\/20170330_BognerF\u00fchrung_web-63-1024x683.jpg 1024w, https:\/\/www.viennavant.at\/wp-content\/uploads\/20170330_BognerF\u00fchrung_web-63.jpg 2048w\" sizes=\"auto, (max-width: 279px) 100vw, 279px\" \/><\/a> <a href=\"http:\/\/www.viennavant.at\/wp-content\/uploads\/20170330_BognerF\u00fchrung_web-57.jpg\"><img loading=\"lazy\" decoding=\"async\" class=\"alignright wp-image-3899\" src=\"http:\/\/www.viennavant.at\/wp-content\/uploads\/20170330_BognerF\u00fchrung_web-57-300x200.jpg\" alt=\"\" width=\"279\" height=\"186\" srcset=\"https:\/\/www.viennavant.at\/wp-content\/uploads\/20170330_BognerF\u00fchrung_web-57-300x200.jpg 300w, https:\/\/www.viennavant.at\/wp-content\/uploads\/20170330_BognerF\u00fchrung_web-57-1024x683.jpg 1024w, https:\/\/www.viennavant.at\/wp-content\/uploads\/20170330_BognerF\u00fchrung_web-57.jpg 2048w\" sizes=\"auto, (max-width: 279px) 100vw, 279px\" \/><\/a> <a href=\"http:\/\/www.viennavant.at\/wp-content\/uploads\/20170330_BognerF\u00fchrung_web-53.jpg\"><img loading=\"lazy\" decoding=\"async\" class=\"alignright wp-image-3898\" src=\"http:\/\/www.viennavant.at\/wp-content\/uploads\/20170330_BognerF\u00fchrung_web-53-300x200.jpg\" alt=\"\" width=\"279\" height=\"186\" srcset=\"https:\/\/www.viennavant.at\/wp-content\/uploads\/20170330_BognerF\u00fchrung_web-53-300x200.jpg 300w, https:\/\/www.viennavant.at\/wp-content\/uploads\/20170330_BognerF\u00fchrung_web-53-1024x683.jpg 1024w, https:\/\/www.viennavant.at\/wp-content\/uploads\/20170330_BognerF\u00fchrung_web-53.jpg 2048w\" sizes=\"auto, (max-width: 279px) 100vw, 279px\" \/><\/a> <a href=\"http:\/\/www.viennavant.at\/wp-content\/uploads\/20170330_BognerF\u00fchrung_web-51.jpg\"><img loading=\"lazy\" decoding=\"async\" class=\"alignright wp-image-3896\" src=\"http:\/\/www.viennavant.at\/wp-content\/uploads\/20170330_BognerF\u00fchrung_web-51-300x200.jpg\" alt=\"\" width=\"279\" height=\"186\" srcset=\"https:\/\/www.viennavant.at\/wp-content\/uploads\/20170330_BognerF\u00fchrung_web-51-300x200.jpg 300w, https:\/\/www.viennavant.at\/wp-content\/uploads\/20170330_BognerF\u00fchrung_web-51-1024x683.jpg 1024w, https:\/\/www.viennavant.at\/wp-content\/uploads\/20170330_BognerF\u00fchrung_web-51.jpg 2048w\" sizes=\"auto, (max-width: 279px) 100vw, 279px\" \/><\/a> <a href=\"http:\/\/www.viennavant.at\/wp-content\/uploads\/20170330_BognerF\u00fchrung_web-50.jpg\"><img loading=\"lazy\" decoding=\"async\" class=\"alignright wp-image-3895\" src=\"http:\/\/www.viennavant.at\/wp-content\/uploads\/20170330_BognerF\u00fchrung_web-50-300x200.jpg\" alt=\"\" width=\"279\" height=\"186\" srcset=\"https:\/\/www.viennavant.at\/wp-content\/uploads\/20170330_BognerF\u00fchrung_web-50-300x200.jpg 300w, https:\/\/www.viennavant.at\/wp-content\/uploads\/20170330_BognerF\u00fchrung_web-50-1024x683.jpg 1024w, https:\/\/www.viennavant.at\/wp-content\/uploads\/20170330_BognerF\u00fchrung_web-50.jpg 2048w\" sizes=\"auto, (max-width: 279px) 100vw, 279px\" \/><\/a> <a href=\"http:\/\/www.viennavant.at\/wp-content\/uploads\/20170330_BognerF\u00fchrung_web-45.jpg\"><img loading=\"lazy\" decoding=\"async\" class=\"alignright wp-image-3894\" src=\"http:\/\/www.viennavant.at\/wp-content\/uploads\/20170330_BognerF\u00fchrung_web-45-300x200.jpg\" alt=\"\" width=\"279\" height=\"186\" srcset=\"https:\/\/www.viennavant.at\/wp-content\/uploads\/20170330_BognerF\u00fchrung_web-45-300x200.jpg 300w, https:\/\/www.viennavant.at\/wp-content\/uploads\/20170330_BognerF\u00fchrung_web-45-1024x683.jpg 1024w, https:\/\/www.viennavant.at\/wp-content\/uploads\/20170330_BognerF\u00fchrung_web-45.jpg 2048w\" sizes=\"auto, (max-width: 279px) 100vw, 279px\" \/><\/a><a href=\"http:\/\/www.viennavant.at\/wp-content\/uploads\/20170330_BognerF\u00fchrung_web-43.jpg\"><img loading=\"lazy\" decoding=\"async\" class=\"alignright wp-image-3893\" src=\"http:\/\/www.viennavant.at\/wp-content\/uploads\/20170330_BognerF\u00fchrung_web-43-300x200.jpg\" alt=\"\" width=\"279\" height=\"186\" srcset=\"https:\/\/www.viennavant.at\/wp-content\/uploads\/20170330_BognerF\u00fchrung_web-43-300x200.jpg 300w, https:\/\/www.viennavant.at\/wp-content\/uploads\/20170330_BognerF\u00fchrung_web-43-1024x683.jpg 1024w, https:\/\/www.viennavant.at\/wp-content\/uploads\/20170330_BognerF\u00fchrung_web-43.jpg 2048w\" sizes=\"auto, (max-width: 279px) 100vw, 279px\" \/><\/a><a href=\"http:\/\/www.viennavant.at\/wp-content\/uploads\/20170330_BognerF\u00fchrung_web-41.jpg\"><img loading=\"lazy\" decoding=\"async\" class=\"alignright wp-image-3892\" src=\"http:\/\/www.viennavant.at\/wp-content\/uploads\/20170330_BognerF\u00fchrung_web-41-300x200.jpg\" alt=\"\" width=\"279\" height=\"186\" srcset=\"https:\/\/www.viennavant.at\/wp-content\/uploads\/20170330_BognerF\u00fchrung_web-41-300x200.jpg 300w, https:\/\/www.viennavant.at\/wp-content\/uploads\/20170330_BognerF\u00fchrung_web-41-1024x683.jpg 1024w, https:\/\/www.viennavant.at\/wp-content\/uploads\/20170330_BognerF\u00fchrung_web-41.jpg 2048w\" sizes=\"auto, (max-width: 279px) 100vw, 279px\" \/><\/a><a href=\"http:\/\/www.viennavant.at\/wp-content\/uploads\/20170330_BognerF\u00fchrung_web-40.jpg\"><img loading=\"lazy\" decoding=\"async\" class=\"alignright wp-image-3891\" src=\"http:\/\/www.viennavant.at\/wp-content\/uploads\/20170330_BognerF\u00fchrung_web-40-300x200.jpg\" alt=\"\" width=\"279\" height=\"186\" srcset=\"https:\/\/www.viennavant.at\/wp-content\/uploads\/20170330_BognerF\u00fchrung_web-40-300x200.jpg 300w, https:\/\/www.viennavant.at\/wp-content\/uploads\/20170330_BognerF\u00fchrung_web-40-1024x683.jpg 1024w, https:\/\/www.viennavant.at\/wp-content\/uploads\/20170330_BognerF\u00fchrung_web-40.jpg 2048w\" sizes=\"auto, (max-width: 279px) 100vw, 279px\" \/><\/a><a href=\"http:\/\/www.viennavant.at\/wp-content\/uploads\/20170330_BognerF\u00fchrung_web-39.jpg\"><img loading=\"lazy\" decoding=\"async\" class=\"alignright wp-image-3890\" src=\"http:\/\/www.viennavant.at\/wp-content\/uploads\/20170330_BognerF\u00fchrung_web-39-300x200.jpg\" alt=\"\" width=\"279\" height=\"186\" srcset=\"https:\/\/www.viennavant.at\/wp-content\/uploads\/20170330_BognerF\u00fchrung_web-39-300x200.jpg 300w, https:\/\/www.viennavant.at\/wp-content\/uploads\/20170330_BognerF\u00fchrung_web-39-1024x683.jpg 1024w, https:\/\/www.viennavant.at\/wp-content\/uploads\/20170330_BognerF\u00fchrung_web-39.jpg 2048w\" sizes=\"auto, (max-width: 279px) 100vw, 279px\" \/><\/a><a href=\"http:\/\/www.viennavant.at\/wp-content\/uploads\/20170330_BognerF\u00fchrung_web-28.jpg\"><img loading=\"lazy\" decoding=\"async\" class=\"alignright wp-image-3888\" src=\"http:\/\/www.viennavant.at\/wp-content\/uploads\/20170330_BognerF\u00fchrung_web-28-300x200.jpg\" alt=\"\" width=\"279\" height=\"186\" srcset=\"https:\/\/www.viennavant.at\/wp-content\/uploads\/20170330_BognerF\u00fchrung_web-28-300x200.jpg 300w, https:\/\/www.viennavant.at\/wp-content\/uploads\/20170330_BognerF\u00fchrung_web-28-1024x683.jpg 1024w, https:\/\/www.viennavant.at\/wp-content\/uploads\/20170330_BognerF\u00fchrung_web-28.jpg 2048w\" sizes=\"auto, (max-width: 279px) 100vw, 279px\" \/><\/a><a href=\"http:\/\/www.viennavant.at\/wp-content\/uploads\/20170330_BognerF\u00fchrung_web-23.jpg\"><img loading=\"lazy\" decoding=\"async\" class=\"alignright wp-image-3887\" src=\"http:\/\/www.viennavant.at\/wp-content\/uploads\/20170330_BognerF\u00fchrung_web-23-300x200.jpg\" alt=\"\" width=\"279\" height=\"186\" srcset=\"https:\/\/www.viennavant.at\/wp-content\/uploads\/20170330_BognerF\u00fchrung_web-23-300x200.jpg 300w, https:\/\/www.viennavant.at\/wp-content\/uploads\/20170330_BognerF\u00fchrung_web-23-1024x683.jpg 1024w, https:\/\/www.viennavant.at\/wp-content\/uploads\/20170330_BognerF\u00fchrung_web-23.jpg 2048w\" sizes=\"auto, (max-width: 279px) 100vw, 279px\" \/><\/a><a href=\"http:\/\/www.viennavant.at\/wp-content\/uploads\/20170330_BognerF\u00fchrung_web-22.jpg\"><img loading=\"lazy\" decoding=\"async\" class=\"alignright wp-image-3886\" src=\"http:\/\/www.viennavant.at\/wp-content\/uploads\/20170330_BognerF\u00fchrung_web-22-300x200.jpg\" alt=\"\" width=\"279\" height=\"186\" srcset=\"https:\/\/www.viennavant.at\/wp-content\/uploads\/20170330_BognerF\u00fchrung_web-22-300x200.jpg 300w, https:\/\/www.viennavant.at\/wp-content\/uploads\/20170330_BognerF\u00fchrung_web-22-1024x683.jpg 1024w, https:\/\/www.viennavant.at\/wp-content\/uploads\/20170330_BognerF\u00fchrung_web-22.jpg 2048w\" sizes=\"auto, (max-width: 279px) 100vw, 279px\" \/><\/a><a href=\"http:\/\/www.viennavant.at\/wp-content\/uploads\/20170330_BognerF\u00fchrung_web-10.jpg\"><img loading=\"lazy\" decoding=\"async\" class=\"alignright wp-image-3883\" src=\"http:\/\/www.viennavant.at\/wp-content\/uploads\/20170330_BognerF\u00fchrung_web-10-300x200.jpg\" alt=\"\" width=\"279\" height=\"186\" srcset=\"https:\/\/www.viennavant.at\/wp-content\/uploads\/20170330_BognerF\u00fchrung_web-10-300x200.jpg 300w, https:\/\/www.viennavant.at\/wp-content\/uploads\/20170330_BognerF\u00fchrung_web-10-1024x683.jpg 1024w, https:\/\/www.viennavant.at\/wp-content\/uploads\/20170330_BognerF\u00fchrung_web-10.jpg 2048w\" sizes=\"auto, (max-width: 279px) 100vw, 279px\" \/><\/a><a href=\"http:\/\/www.viennavant.at\/wp-content\/uploads\/20170330_BognerF\u00fchrung_web-45.jpg\"> <br style=\"clear:both;\"><\/a><\/p>\n","protected":false},"excerpt":{"rendered":"<p>Im Kunstforum Eine gro\u00dfartige interdisziplin\u00e4re Erfahrung war das Archivgespr\u00e4ch zu der von ViennAvant-Mitglied Heike Eipeldauer kuratierten\u00a0Gerhard-R\u00fchm-Ausstellung am 13. Dezember 2017, das Veronika Rudorfer gestaltete. Gerhard R\u00fchm ist als Komponist, Pianist, Performer, Literat und bildender K\u00fcnstler ein Grenzg\u00e4nger zwischen den einzelnen Kunstdisziplinen und einer der letzten Universalk\u00fcnstler. Zwischen Wort und Bild, Sprache und Musik, Schrift und &hellip; <a href=\"https:\/\/www.viennavant.at\/en\/interdisziplinaerer-diskurs\/archivgespraeche\/archivgespraeche-2017\/\" class=\"more-link\">Continue reading <span class=\"screen-reader-text\">Archivgespr\u00e4che 2017<\/span><\/a><\/p>\n","protected":false},"author":1,"featured_media":0,"parent":2490,"menu_order":0,"comment_status":"closed","ping_status":"closed","template":"","meta":{"footnotes":""},"class_list":["post-2889","page","type-page","status-publish","hentry"],"translation":{"provider":"WPGlobus","version":"3.0.2","language":"en","enabled_languages":["de","en"],"languages":{"de":{"title":true,"content":true,"excerpt":false},"en":{"title":false,"content":false,"excerpt":false}}},"_links":{"self":[{"href":"https:\/\/www.viennavant.at\/en\/wp-json\/wp\/v2\/pages\/2889","targetHints":{"allow":["GET"]}}],"collection":[{"href":"https:\/\/www.viennavant.at\/en\/wp-json\/wp\/v2\/pages"}],"about":[{"href":"https:\/\/www.viennavant.at\/en\/wp-json\/wp\/v2\/types\/page"}],"author":[{"embeddable":true,"href":"https:\/\/www.viennavant.at\/en\/wp-json\/wp\/v2\/users\/1"}],"replies":[{"embeddable":true,"href":"https:\/\/www.viennavant.at\/en\/wp-json\/wp\/v2\/comments?post=2889"}],"version-history":[{"count":54,"href":"https:\/\/www.viennavant.at\/en\/wp-json\/wp\/v2\/pages\/2889\/revisions"}],"predecessor-version":[{"id":4687,"href":"https:\/\/www.viennavant.at\/en\/wp-json\/wp\/v2\/pages\/2889\/revisions\/4687"}],"up":[{"embeddable":true,"href":"https:\/\/www.viennavant.at\/en\/wp-json\/wp\/v2\/pages\/2490"}],"wp:attachment":[{"href":"https:\/\/www.viennavant.at\/en\/wp-json\/wp\/v2\/media?parent=2889"}],"curies":[{"name":"wp","href":"https:\/\/api.w.org\/{rel}","templated":true}]}}