{"id":2496,"date":"2016-12-19T11:30:16","date_gmt":"2016-12-19T11:30:16","guid":{"rendered":"http:\/\/viennavant.cloud.d2mc.com\/?page_id=2496"},"modified":"2017-02-01T15:51:14","modified_gmt":"2017-02-01T15:51:14","slug":"archivgespraeche-2014","status":"publish","type":"page","link":"https:\/\/www.viennavant.at\/en\/interdisziplinaerer-diskurs\/archivgespraeche\/archivgespraeche-2014\/","title":{"rendered":"Archivgespr\u00e4che 2016"},"content":{"rendered":"<h2><a href=\"https:\/\/www.kunstforumwien.at\/\">Im Kunstforum Wien<\/a><\/h2>\n<p>Freitag, den 28. Oktober 2016\u00a0lud die Kuratorin Lisa Ortner-Kreil zu einem Archivgespr\u00e4ch und einer F\u00fchrung durch die von ihr kuratierte Ausstellung Martin Kippenberger ein. Die Schau\u00a0war wegen ihrer\u00a0Fokussierung auf das von Kippenberger bevorzugte Medium Sprache\u00a0f\u00fcr das interdisziplin\u00e4re Forschungsnetzwerk ViennAvant besonders interessant. Jeweils 4 Mitglieder aus dem Bereichen Kunst und aus Literatur sowie\u00a0zwei aus Film- und\u00a0Theaterwissenschaft nahmen teil.<\/p>\n<p><br style=\"clear:both;\"><\/p>\n<p><a href=\"http:\/\/www.viennavant.at\/wp-content\/uploads\/Film6270_13-Large.jpg\"><img loading=\"lazy\" decoding=\"async\" class=\"wp-image-2916 alignnone\" src=\"http:\/\/www.viennavant.at\/wp-content\/uploads\/Film6270_13-Large-300x199.jpg\" alt=\"\" width=\"280\" height=\"186\" srcset=\"https:\/\/www.viennavant.at\/wp-content\/uploads\/Film6270_13-Large-300x199.jpg 300w, https:\/\/www.viennavant.at\/wp-content\/uploads\/Film6270_13-Large-1024x679.jpg 1024w, https:\/\/www.viennavant.at\/wp-content\/uploads\/Film6270_13-Large.jpg 1628w\" sizes=\"auto, (max-width: 280px) 100vw, 280px\" \/><\/a><\/p>\n<p><a href=\"http:\/\/www.viennavant.at\/wp-content\/uploads\/Film6270_24-Large.jpg\"><img loading=\"lazy\" decoding=\"async\" class=\"wp-image-2900 alignnone\" src=\"http:\/\/www.viennavant.at\/wp-content\/uploads\/Film6270_24-Large-300x199.jpg\" width=\"280\" height=\"186\" srcset=\"https:\/\/www.viennavant.at\/wp-content\/uploads\/Film6270_24-Large-300x199.jpg 300w, https:\/\/www.viennavant.at\/wp-content\/uploads\/Film6270_24-Large-1024x679.jpg 1024w, https:\/\/www.viennavant.at\/wp-content\/uploads\/Film6270_24-Large.jpg 1628w\" sizes=\"auto, (max-width: 280px) 100vw, 280px\" \/><\/a><a href=\"http:\/\/www.viennavant.at\/wp-content\/uploads\/Film6271_03-Large.jpg\"><img loading=\"lazy\" decoding=\"async\" class=\"wp-image-2906 alignnone\" src=\"http:\/\/www.viennavant.at\/wp-content\/uploads\/Film6271_03-Large-300x199.jpg\" width=\"280\" height=\"186\" srcset=\"https:\/\/www.viennavant.at\/wp-content\/uploads\/Film6271_03-Large-300x199.jpg 300w, https:\/\/www.viennavant.at\/wp-content\/uploads\/Film6271_03-Large-1024x679.jpg 1024w, https:\/\/www.viennavant.at\/wp-content\/uploads\/Film6271_03-Large.jpg 1628w\" sizes=\"auto, (max-width: 280px) 100vw, 280px\" \/><\/a><a href=\"http:\/\/www.viennavant.at\/wp-content\/uploads\/Film6270_07-Large.jpg\"><img loading=\"lazy\" decoding=\"async\" class=\"wp-image-2913 alignnone\" src=\"http:\/\/www.viennavant.at\/wp-content\/uploads\/Film6270_07-Large-300x199.jpg\" width=\"280\" height=\"186\" srcset=\"https:\/\/www.viennavant.at\/wp-content\/uploads\/Film6270_07-Large-300x199.jpg 300w, https:\/\/www.viennavant.at\/wp-content\/uploads\/Film6270_07-Large-1024x679.jpg 1024w, https:\/\/www.viennavant.at\/wp-content\/uploads\/Film6270_07-Large.jpg 1628w\" sizes=\"auto, (max-width: 280px) 100vw, 280px\" \/><\/a><\/p>\n<p><br style=\"clear:both;\"><\/p>\n<p><a href=\"http:\/\/www.viennavant.at\/wp-content\/uploads\/Film6270_22-Large.jpg\"><img loading=\"lazy\" decoding=\"async\" class=\"alignleft wp-image-2898\" src=\"http:\/\/www.viennavant.at\/wp-content\/uploads\/Film6270_22-Large-300x199.jpg\" width=\"280\" height=\"186\" srcset=\"https:\/\/www.viennavant.at\/wp-content\/uploads\/Film6270_22-Large-300x199.jpg 300w, https:\/\/www.viennavant.at\/wp-content\/uploads\/Film6270_22-Large-1024x679.jpg 1024w, https:\/\/www.viennavant.at\/wp-content\/uploads\/Film6270_22-Large.jpg 1628w\" sizes=\"auto, (max-width: 280px) 100vw, 280px\" \/><\/a><a href=\"http:\/\/www.viennavant.at\/wp-content\/uploads\/Film6270_23-Large.jpg\"><img loading=\"lazy\" decoding=\"async\" class=\"alignleft wp-image-2899\" src=\"http:\/\/www.viennavant.at\/wp-content\/uploads\/Film6270_23-Large-300x199.jpg\" width=\"280\" height=\"186\" srcset=\"https:\/\/www.viennavant.at\/wp-content\/uploads\/Film6270_23-Large-300x199.jpg 300w, https:\/\/www.viennavant.at\/wp-content\/uploads\/Film6270_23-Large-1024x679.jpg 1024w, https:\/\/www.viennavant.at\/wp-content\/uploads\/Film6270_23-Large.jpg 1628w\" sizes=\"auto, (max-width: 280px) 100vw, 280px\" \/><\/a><a href=\"http:\/\/www.viennavant.at\/wp-content\/uploads\/Film6270_26-Large.jpg\"><img loading=\"lazy\" decoding=\"async\" class=\"alignleft wp-image-2901 \" src=\"http:\/\/www.viennavant.at\/wp-content\/uploads\/Film6270_26-Large-300x199.jpg\" width=\"280\" height=\"186\" srcset=\"https:\/\/www.viennavant.at\/wp-content\/uploads\/Film6270_26-Large-300x199.jpg 300w, https:\/\/www.viennavant.at\/wp-content\/uploads\/Film6270_26-Large-1024x679.jpg 1024w, https:\/\/www.viennavant.at\/wp-content\/uploads\/Film6270_26-Large.jpg 1628w\" sizes=\"auto, (max-width: 280px) 100vw, 280px\" \/><\/a> <a href=\"http:\/\/www.viennavant.at\/wp-content\/uploads\/Film6270_27-Large.jpg\"><img loading=\"lazy\" decoding=\"async\" class=\" wp-image-2902 alignleft\" src=\"http:\/\/www.viennavant.at\/wp-content\/uploads\/Film6270_27-Large-300x199.jpg\" alt=\"\" width=\"280\" height=\"185\" srcset=\"https:\/\/www.viennavant.at\/wp-content\/uploads\/Film6270_27-Large-300x199.jpg 300w, https:\/\/www.viennavant.at\/wp-content\/uploads\/Film6270_27-Large-1024x679.jpg 1024w, https:\/\/www.viennavant.at\/wp-content\/uploads\/Film6270_27-Large.jpg 1628w\" sizes=\"auto, (max-width: 280px) 100vw, 280px\" \/><\/a> <a href=\"http:\/\/www.viennavant.at\/wp-content\/uploads\/Film6270_31-Large.jpg\"><img loading=\"lazy\" decoding=\"async\" class=\" wp-image-2903 alignleft\" src=\"http:\/\/www.viennavant.at\/wp-content\/uploads\/Film6270_31-Large-300x199.jpg\" alt=\"\" width=\"280\" height=\"186\" srcset=\"https:\/\/www.viennavant.at\/wp-content\/uploads\/Film6270_31-Large-300x199.jpg 300w, https:\/\/www.viennavant.at\/wp-content\/uploads\/Film6270_31-Large-1024x679.jpg 1024w, https:\/\/www.viennavant.at\/wp-content\/uploads\/Film6270_31-Large.jpg 1628w\" sizes=\"auto, (max-width: 280px) 100vw, 280px\" \/><\/a> <a href=\"http:\/\/www.viennavant.at\/wp-content\/uploads\/Film6271_05-Large.jpg\"><img loading=\"lazy\" decoding=\"async\" class=\"wp-image-2907 alignleft\" src=\"http:\/\/www.viennavant.at\/wp-content\/uploads\/Film6271_05-Large-300x199.jpg\" alt=\"\" width=\"280\" height=\"186\" srcset=\"https:\/\/www.viennavant.at\/wp-content\/uploads\/Film6271_05-Large-300x199.jpg 300w, https:\/\/www.viennavant.at\/wp-content\/uploads\/Film6271_05-Large-1024x679.jpg 1024w, https:\/\/www.viennavant.at\/wp-content\/uploads\/Film6271_05-Large.jpg 1628w\" sizes=\"auto, (max-width: 280px) 100vw, 280px\" \/><\/a> <a href=\"http:\/\/www.viennavant.at\/wp-content\/uploads\/Film6271_06-Large.jpg\"><img loading=\"lazy\" decoding=\"async\" class=\" wp-image-2908 alignleft\" src=\"http:\/\/www.viennavant.at\/wp-content\/uploads\/Film6271_06-Large-300x199.jpg\" alt=\"\" width=\"280\" height=\"186\" srcset=\"https:\/\/www.viennavant.at\/wp-content\/uploads\/Film6271_06-Large-300x199.jpg 300w, https:\/\/www.viennavant.at\/wp-content\/uploads\/Film6271_06-Large-1024x679.jpg 1024w, https:\/\/www.viennavant.at\/wp-content\/uploads\/Film6271_06-Large.jpg 1628w\" sizes=\"auto, (max-width: 280px) 100vw, 280px\" \/><\/a> <a href=\"http:\/\/www.viennavant.at\/wp-content\/uploads\/Film6271_07-Large.jpg\"><img loading=\"lazy\" decoding=\"async\" class=\"wp-image-2909 alignleft\" src=\"http:\/\/www.viennavant.at\/wp-content\/uploads\/Film6271_07-Large-300x199.jpg\" alt=\"\" width=\"280\" height=\"186\" srcset=\"https:\/\/www.viennavant.at\/wp-content\/uploads\/Film6271_07-Large-300x199.jpg 300w, https:\/\/www.viennavant.at\/wp-content\/uploads\/Film6271_07-Large-1024x679.jpg 1024w, https:\/\/www.viennavant.at\/wp-content\/uploads\/Film6271_07-Large.jpg 1628w\" sizes=\"auto, (max-width: 280px) 100vw, 280px\" \/><\/a> <a href=\"http:\/\/www.viennavant.at\/wp-content\/uploads\/Film6271_09-Large.jpg\"><img loading=\"lazy\" decoding=\"async\" class=\"wp-image-2911 alignleft\" src=\"http:\/\/www.viennavant.at\/wp-content\/uploads\/Film6271_09-Large-300x199.jpg\" alt=\"\" width=\"280\" height=\"186\" srcset=\"https:\/\/www.viennavant.at\/wp-content\/uploads\/Film6271_09-Large-300x199.jpg 300w, https:\/\/www.viennavant.at\/wp-content\/uploads\/Film6271_09-Large-1024x679.jpg 1024w, https:\/\/www.viennavant.at\/wp-content\/uploads\/Film6271_09-Large.jpg 1628w\" sizes=\"auto, (max-width: 280px) 100vw, 280px\" \/><\/a> <a href=\"http:\/\/www.viennavant.at\/wp-content\/uploads\/Film6270_10-Large.jpg\"><img loading=\"lazy\" decoding=\"async\" class=\"wp-image-2915 alignleft\" src=\"http:\/\/www.viennavant.at\/wp-content\/uploads\/Film6270_10-Large-300x199.jpg\" alt=\"\" width=\"280\" height=\"186\" srcset=\"https:\/\/www.viennavant.at\/wp-content\/uploads\/Film6270_10-Large-300x199.jpg 300w, https:\/\/www.viennavant.at\/wp-content\/uploads\/Film6270_10-Large-1024x679.jpg 1024w, https:\/\/www.viennavant.at\/wp-content\/uploads\/Film6270_10-Large.jpg 1628w\" sizes=\"auto, (max-width: 280px) 100vw, 280px\" \/><\/a> <a href=\"http:\/\/www.viennavant.at\/wp-content\/uploads\/Film6270_15-Large.jpg\"><img loading=\"lazy\" decoding=\"async\" class=\"wp-image-2918 alignleft\" src=\"http:\/\/www.viennavant.at\/wp-content\/uploads\/Film6270_15-Large-300x199.jpg\" alt=\"\" width=\"280\" height=\"186\" srcset=\"https:\/\/www.viennavant.at\/wp-content\/uploads\/Film6270_15-Large-300x199.jpg 300w, https:\/\/www.viennavant.at\/wp-content\/uploads\/Film6270_15-Large-1024x679.jpg 1024w, https:\/\/www.viennavant.at\/wp-content\/uploads\/Film6270_15-Large.jpg 1628w\" sizes=\"auto, (max-width: 280px) 100vw, 280px\" \/><\/a> <a href=\"http:\/\/www.viennavant.at\/wp-content\/uploads\/Film6270_16-Large.jpg\"><img loading=\"lazy\" decoding=\"async\" class=\"wp-image-2919 alignleft\" src=\"http:\/\/www.viennavant.at\/wp-content\/uploads\/Film6270_16-Large-300x199.jpg\" alt=\"\" width=\"280\" height=\"186\" srcset=\"https:\/\/www.viennavant.at\/wp-content\/uploads\/Film6270_16-Large-300x199.jpg 300w, https:\/\/www.viennavant.at\/wp-content\/uploads\/Film6270_16-Large-1024x679.jpg 1024w, https:\/\/www.viennavant.at\/wp-content\/uploads\/Film6270_16-Large.jpg 1628w\" sizes=\"auto, (max-width: 280px) 100vw, 280px\" \/><\/a> <a href=\"http:\/\/www.viennavant.at\/wp-content\/uploads\/Film6270_18-Large.jpg\" target=\"_blank\"><img loading=\"lazy\" decoding=\"async\" class=\"wp-image-2920 alignleft\" src=\"http:\/\/www.viennavant.at\/wp-content\/uploads\/Film6270_18-Large-1024x679.jpg\" width=\"594\" height=\"394\" srcset=\"https:\/\/www.viennavant.at\/wp-content\/uploads\/Film6270_18-Large-1024x679.jpg 1024w, https:\/\/www.viennavant.at\/wp-content\/uploads\/Film6270_18-Large-300x199.jpg 300w, https:\/\/www.viennavant.at\/wp-content\/uploads\/Film6270_18-Large.jpg 1628w\" sizes=\"auto, (max-width: 594px) 100vw, 594px\" \/><\/a><\/p>\n<h2><a href=\"http:\/\/www.21erhaus.at\/abstract_loop_austria\">Im 21er-Haus<\/a><\/h2>\n<p>Ende J\u00e4nner bis Ende Mai 2016 pr\u00e4sentierte das 21er Haus. Museum f\u00fcr zeitgen\u00f6ssische Kunst in der Gruppenausstellung <a href=\"http:\/\/www.21erhaus.at\/abstract_loop_austria\">Abstract \u2013 Loop Austria<\/a> Werke von vier \u00f6sterreichischen K\u00fcnstlern: Marc Adrian, Richard Kriesche, Helga Philipp und Gerwald Rockenschaub.<\/p>\n<p>Ausstellungsansichten \u201cAbstract Loop Austria\u201d Fotos: \u00a9 Belvedere, Wien, Foto eSeL.at.<\/p>\n<p><a href=\"http:\/\/www.viennavant.at\/wp-content\/uploads\/loop3.jpg\" target=\"_blank\"><img loading=\"lazy\" decoding=\"async\" class=\"alignnone wp-image-1061\" src=\"http:\/\/www.viennavant.at\/wp-content\/uploads\/loop3-300x100.jpg\" alt=\"loop3\" width=\"430\" height=\"143\" srcset=\"https:\/\/www.viennavant.at\/wp-content\/uploads\/loop3-300x100.jpg 300w, https:\/\/www.viennavant.at\/wp-content\/uploads\/loop3-1024x342.jpg 1024w, https:\/\/www.viennavant.at\/wp-content\/uploads\/loop3.jpg 1772w\" sizes=\"auto, (max-width: 430px) 100vw, 430px\" \/><\/a><\/p>\n<p><a href=\"http:\/\/www.viennavant.at\/wp-content\/uploads\/loop5.jpg\" target=\"_blank\"><img loading=\"lazy\" decoding=\"async\" class=\"alignnone wp-image-1063\" src=\"http:\/\/www.viennavant.at\/wp-content\/uploads\/loop5-300x100.jpg\" alt=\"loop5\" width=\"430\" height=\"143\" srcset=\"https:\/\/www.viennavant.at\/wp-content\/uploads\/loop5-300x100.jpg 300w, https:\/\/www.viennavant.at\/wp-content\/uploads\/loop5-1024x342.jpg 1024w, https:\/\/www.viennavant.at\/wp-content\/uploads\/loop5.jpg 1772w\" sizes=\"auto, (max-width: 430px) 100vw, 430px\" \/><\/a><\/p>\n<p><a href=\"http:\/\/www.viennavant.at\/wp-content\/uploads\/loop2.jpg\" target=\"_blank\"><img loading=\"lazy\" decoding=\"async\" class=\"alignnone wp-image-1060\" src=\"http:\/\/www.viennavant.at\/wp-content\/uploads\/loop2-300x100.jpg\" alt=\"loop2\" width=\"430\" height=\"143\" srcset=\"https:\/\/www.viennavant.at\/wp-content\/uploads\/loop2-300x100.jpg 300w, https:\/\/www.viennavant.at\/wp-content\/uploads\/loop2-1024x342.jpg 1024w, https:\/\/www.viennavant.at\/wp-content\/uploads\/loop2.jpg 1772w\" sizes=\"auto, (max-width: 430px) 100vw, 430px\" \/><\/a><\/p>\n<p><a href=\"http:\/\/www.viennavant.at\/wp-content\/uploads\/loop12.jpg\" target=\"_blank\"><img loading=\"lazy\" decoding=\"async\" class=\"alignnone wp-image-1070\" src=\"http:\/\/www.viennavant.at\/wp-content\/uploads\/loop12-300x100.jpg\" alt=\"loop12\" width=\"430\" height=\"143\" srcset=\"https:\/\/www.viennavant.at\/wp-content\/uploads\/loop12-300x100.jpg 300w, https:\/\/www.viennavant.at\/wp-content\/uploads\/loop12-1024x341.jpg 1024w\" sizes=\"auto, (max-width: 430px) 100vw, 430px\" \/><\/a><\/p>\n<p>Am 13. Mai versammelte sich eine Gruppe des ViennAvant-Netzwerks im 21er-Haus zu einem Archivgespr\u00e4ch und F\u00fchrungen mit Harald Krejci durch diese Ausstellung und die <a href=\"http:\/\/www.21erhaus.at\/rueckblick_kinetika_1967\">Rekonstruktion der Kinetika 1967<\/a>.<\/p>\n<p><span class=\"image large\"> <a href=\"http:\/\/www.viennavant.at\/wp-content\/uploads\/loop7.jpg\" target=\"_blank\"><img loading=\"lazy\" decoding=\"async\" class=\"wp-image-1065 alignnone\" src=\"http:\/\/www.viennavant.at\/wp-content\/uploads\/loop7-300x199.jpg\" alt=\"loop7\" width=\"430\" height=\"285\" srcset=\"https:\/\/www.viennavant.at\/wp-content\/uploads\/loop7-300x199.jpg 300w, https:\/\/www.viennavant.at\/wp-content\/uploads\/loop7-1024x679.jpg 1024w, https:\/\/www.viennavant.at\/wp-content\/uploads\/loop7.jpg 1628w\" sizes=\"auto, (max-width: 430px) 100vw, 430px\" \/><\/a><\/span><\/p>\n<p><span class=\"image large\"><a href=\"http:\/\/www.viennavant.at\/wp-content\/uploads\/loop6.jpg\" target=\"_blank\"><img loading=\"lazy\" decoding=\"async\" class=\"wp-image-1064 alignnone\" src=\"http:\/\/www.viennavant.at\/wp-content\/uploads\/loop6-300x199.jpg\" alt=\"loop6\" width=\"430\" height=\"285\" srcset=\"https:\/\/www.viennavant.at\/wp-content\/uploads\/loop6-300x199.jpg 300w, https:\/\/www.viennavant.at\/wp-content\/uploads\/loop6-1024x679.jpg 1024w, https:\/\/www.viennavant.at\/wp-content\/uploads\/loop6.jpg 1628w\" sizes=\"auto, (max-width: 430px) 100vw, 430px\" \/><\/a><\/span><\/p>\n<p>Grundlegend f\u00fcr die konstruktive, konkrete Kunst der Nachkriegszeit in \u00d6sterreich waren die radikalen Ideen des Aufbruchs in die Moderne (Wiener Kreis, Zw\u00f6lftonmusik), eine Abkehr von den figurativen Tendenzen des \u00f6sterreichischen Expressionismus und die generelle Idee eines Neuanfangs nach dem Ende des Zweiten Weltkriegs. Die Entwicklung der konstruktiven, konkreten Kunst in \u00d6sterreich vollzog sich u. a. im internationalen Kontext der K\u00fcnstlerbewegung Neue Tendenzen in Zagreb, die zwischen 1961 und 1973 wegweisende Zusammenk\u00fcnfte und Ausstellungen organisierte, an denen Adrian, Kriesche und Philipp teilnahmen. Im Jahr 1967 fand dann auf Initiative von Werner Hofmann die wegweisende internationale Ausstellung Kinetika im heutigen 21er Haus statt.<\/p>\n<p><span class=\"image large\"><a href=\"http:\/\/www.viennavant.at\/wp-content\/uploads\/loop8.jpg\" target=\"_blank\"><img loading=\"lazy\" decoding=\"async\" class=\"wp-image-1066 alignnone\" src=\"http:\/\/www.viennavant.at\/wp-content\/uploads\/loop8-300x199.jpg\" alt=\"loop8\" width=\"430\" height=\"285\" srcset=\"https:\/\/www.viennavant.at\/wp-content\/uploads\/loop8-300x199.jpg 300w, https:\/\/www.viennavant.at\/wp-content\/uploads\/loop8-1024x679.jpg 1024w, https:\/\/www.viennavant.at\/wp-content\/uploads\/loop8.jpg 1628w\" sizes=\"auto, (max-width: 430px) 100vw, 430px\" \/><\/a><\/span><\/p>\n<p><span class=\"image large\"><a href=\"http:\/\/www.viennavant.at\/?attachment_id=1068\" target=\"_blank\"><img loading=\"lazy\" decoding=\"async\" class=\"wp-image-1068 alignnone\" src=\"http:\/\/www.viennavant.at\/wp-content\/uploads\/loop10-300x199.jpg\" alt=\"loop10\" width=\"430\" height=\"285\" srcset=\"https:\/\/www.viennavant.at\/wp-content\/uploads\/loop10-300x199.jpg 300w, https:\/\/www.viennavant.at\/wp-content\/uploads\/loop10-1024x679.jpg 1024w, https:\/\/www.viennavant.at\/wp-content\/uploads\/loop10.jpg 1628w\" sizes=\"auto, (max-width: 430px) 100vw, 430px\" \/><\/a> <\/span><\/p>\n<p>Er\u00f6ffnung der Ausstellung: \u201eAbstract \u201eLoop Austria\u201c Foto: eSeL.at, \u00a9 Belvedere, Wien<br \/>\n<span class=\"image large\"><a href=\"http:\/\/www.viennavant.at\/wp-content\/uploads\/loop11.jpg\" target=\"_blank\"><img loading=\"lazy\" decoding=\"async\" class=\"wp-image-1069 alignnone\" src=\"http:\/\/www.viennavant.at\/wp-content\/uploads\/loop11-300x100.jpg\" alt=\"loop11\" width=\"430\" height=\"143\" srcset=\"https:\/\/www.viennavant.at\/wp-content\/uploads\/loop11-300x100.jpg 300w, https:\/\/www.viennavant.at\/wp-content\/uploads\/loop11-1024x340.jpg 1024w, https:\/\/www.viennavant.at\/wp-content\/uploads\/loop11.jpg 1417w\" sizes=\"auto, (max-width: 430px) 100vw, 430px\" \/><\/a> <\/span><\/p>\n<p>Im Mittelpunkt der Ausstellung stehen mit Adrian, Kriesche und Philipp die Anf\u00e4nge der konstruktiven, konkreten Kunst bzw. der Op-Art in \u00d6sterreich. Inhaltlich r\u00fccken die Frage nach einer (neuen) Rolle des Betrachters und seiner Wahrnehmung sowie die Untersuchung der Beschaffenheiten der Oberfl\u00e4chen und Strukturen von Kunstwerken in den Mittelpunkt. Unter postmodernen Vorzeichen in der Neo-Geo-Bewegung der 1980er-Jahre in Wien wurden diese Fragen wieder aufgegriffen. Dabei zeigt sich, wie das gemeinsame Interesse an neuen gestalterischen Elementen und Ideen wie Bewegung, Zeit, Strukturen und Wahrnehmungs- bzw. Rezeptionsbedingungen zu ganz unterschiedlichen k\u00fcnstlerischen Strategien gef\u00fchrt hat \u2013 bis heute.<\/p>\n<p><a href=\"http:\/\/www.viennavant.at\/wp-content\/uploads\/loop9.jpg\" target=\"_blank\"><img loading=\"lazy\" decoding=\"async\" class=\"wp-image-1062 alignnone\" src=\"http:\/\/www.viennavant.at\/wp-content\/uploads\/loop4-300x100.jpg\" alt=\"loop4\" width=\"430\" height=\"143\" srcset=\"https:\/\/www.viennavant.at\/wp-content\/uploads\/loop4-300x100.jpg 300w, https:\/\/www.viennavant.at\/wp-content\/uploads\/loop4-1024x342.jpg 1024w, https:\/\/www.viennavant.at\/wp-content\/uploads\/loop4.jpg 1772w\" sizes=\"auto, (max-width: 430px) 100vw, 430px\" \/><\/a><\/p>\n<p><a href=\"http:\/\/www.viennavant.at\/wp-content\/uploads\/loop9.jpg\" target=\"_blank\"><img loading=\"lazy\" decoding=\"async\" class=\"wp-image-1067 alignnone\" src=\"http:\/\/www.viennavant.at\/wp-content\/uploads\/loop9-300x199.jpg\" alt=\"loop9\" width=\"430\" height=\"285\" srcset=\"https:\/\/www.viennavant.at\/wp-content\/uploads\/loop9-300x199.jpg 300w, https:\/\/www.viennavant.at\/wp-content\/uploads\/loop9-1024x679.jpg 1024w, https:\/\/www.viennavant.at\/wp-content\/uploads\/loop9.jpg 1628w\" sizes=\"auto, (max-width: 430px) 100vw, 430px\" \/><\/a><\/p>\n<p>Nach diesen beiden F\u00fchrungen wurde noch die umfangreiche Werkschau <a href=\"http:\/\/www.21erhaus.at\/oswald-oberhuber-werkschau\">Oswald Oberhuber<\/a> besichtigt.<\/p>\n<p>Oswald Oberhuber entwickelte bereits als knapp Zwanzigj\u00e4hriger er eine h\u00f6chst eigenst\u00e4ndige k\u00fcnstlerische Auseinandersetzung mit franz\u00f6sischer Nachkriegskunst, insbesondere mit dem Tachismus und dem Informel, in den Medien Zeichnung, Malerei und Skulptur. Diese gegenstandslose Kunst, auch als lyrische Abstraktion bezeichnet, strebt die vollkommene Aufl\u00f6sung der Form in einem spontanen, unbewussten Schaffensprozess an.<\/p>\n<p><span class=\"image large\"><a href=\"http:\/\/www.viennavant.at\/wp-content\/uploads\/oberh5.jpg\" target=\"_blank\"><img loading=\"lazy\" decoding=\"async\" class=\"wp-image-1118 alignnone\" src=\"http:\/\/www.viennavant.at\/wp-content\/uploads\/oberh5-300x200.jpg\" alt=\"oberh5\" width=\"430\" height=\"287\" srcset=\"https:\/\/www.viennavant.at\/wp-content\/uploads\/oberh5-300x200.jpg 300w, https:\/\/www.viennavant.at\/wp-content\/uploads\/oberh5-1024x682.jpg 1024w, https:\/\/www.viennavant.at\/wp-content\/uploads\/oberh5-272x182.jpg 272w, https:\/\/www.viennavant.at\/wp-content\/uploads\/oberh5.jpg 1772w\" sizes=\"auto, (max-width: 430px) 100vw, 430px\" \/><\/a><\/span><\/p>\n<p><span class=\"image large\"><a href=\"http:\/\/www.viennavant.at\/wp-content\/uploads\/oberh2.jpg\" target=\"_blank\"><img loading=\"lazy\" decoding=\"async\" class=\"wp-image-1116 alignnone\" src=\"http:\/\/www.viennavant.at\/wp-content\/uploads\/oberh2-300x200.jpg\" alt=\"oberh2\" width=\"430\" height=\"287\" srcset=\"https:\/\/www.viennavant.at\/wp-content\/uploads\/oberh2-300x200.jpg 300w, https:\/\/www.viennavant.at\/wp-content\/uploads\/oberh2-1024x682.jpg 1024w, https:\/\/www.viennavant.at\/wp-content\/uploads\/oberh2-272x182.jpg 272w, https:\/\/www.viennavant.at\/wp-content\/uploads\/oberh2.jpg 1772w\" sizes=\"auto, (max-width: 430px) 100vw, 430px\" \/><\/a><\/span><\/p>\n<p><span class=\"image large\"><a href=\"http:\/\/www.viennavant.at\/wp-content\/uploads\/oberh3.jpg\" target=\"_blank\"><img loading=\"lazy\" decoding=\"async\" class=\"wp-image-1117 alignnone\" src=\"http:\/\/www.viennavant.at\/wp-content\/uploads\/oberh3-300x200.jpg\" alt=\"oberh3\" width=\"430\" height=\"287\" srcset=\"https:\/\/www.viennavant.at\/wp-content\/uploads\/oberh3-300x200.jpg 300w, https:\/\/www.viennavant.at\/wp-content\/uploads\/oberh3-1024x684.jpg 1024w, https:\/\/www.viennavant.at\/wp-content\/uploads\/oberh3-272x182.jpg 272w, https:\/\/www.viennavant.at\/wp-content\/uploads\/oberh3.jpg 1772w\" sizes=\"auto, (max-width: 430px) 100vw, 430px\" \/><\/a> <\/span><\/p>\n<p>Oberhuber ist nicht nur einer der ersten informellen K\u00fcnstler in \u00d6sterreich, mit der \u00dcbersetzung dieser Prinzipien von der Malerei in sein Konzept der informellen Plastik leistet er auch im internationalen Kontext einen singul\u00e4ren Beitrag. Diese Arbeiten sind meist in Gips, Draht und anderen fragilen Materialien als dreidimensionale Raumzeichnung ausgef\u00fchrt. Sie setzen sich radikal von der damals kanonischen Formensprache der Moderne im Allgemeinen und von postkubistischer Skulptur im Besonderen ab. Mitte der 1950er-Jahre, am H\u00f6hepunkt des Informel, beendet Oberhuber diese Phase, beginnt realistisch zu arbeiten und macht den ersten einer Vielzahl von k\u00fcnstlerischen Spr\u00fcngen, die fortan sein Werk bestimmen.<\/p>\n<p><span class=\"image medium\"><a href=\"http:\/\/www.viennavant.at\/wp-content\/uploads\/oberh1.jpg\" target=\"_blank\"><img loading=\"lazy\" decoding=\"async\" class=\"wp-image-1115 alignleft\" src=\"http:\/\/www.viennavant.at\/wp-content\/uploads\/oberh1-200x300.jpg\" alt=\"oberh1\" width=\"170\" height=\"255\" srcset=\"https:\/\/www.viennavant.at\/wp-content\/uploads\/oberh1-200x300.jpg 200w, https:\/\/www.viennavant.at\/wp-content\/uploads\/oberh1-682x1024.jpg 682w, https:\/\/www.viennavant.at\/wp-content\/uploads\/oberh1.jpg 1181w\" sizes=\"auto, (max-width: 170px) 100vw, 170px\" \/><\/a> <\/span> Diesem Muster des \u00fcberraschenden Neuanfangs folgt Oberhuber mit gro\u00dfer Konsequenz. In Anlehnung an Leo Trotzkis Begriff der permanenten Revolution postuliert er 1956 das Prinzip der permanenten Ver\u00e4nderung in der Kunst. Sich stets einer Festlegung und Kategorisierung entziehend, frei von Ber\u00fchrungs\u00e4ngsten, setzt sich Oberhuber mit verschiedensten k\u00fcnstlerischen Str\u00f6mungen auseinander, entdeckt und erfindet, experimentiert und assimiliert, um das jeweilige Potenzial auszusch\u00f6pfen bis zum n\u00e4chsten Neuen. Sein antiheroischer Zugang zur Kunst zeigt sich in der st\u00e4ndigen Hinterfragung der eigenen Mittel, der Rahmenbedingungen k\u00fcnstlerischer Bedeutungsproduktion und des Werk- und Autorbegriffs, die immer wieder ins Wanken geraten.<\/p>\n<h2><a href=\"https:\/\/www.mumok.at\/de\/events\/koerper-psyche-tabu\">Im mumok<\/a><\/h2>\n<p>Am 12. Mai 2016 f\u00fchrte Eva Badura-Triska durch die von ihr kuratierte Ausstellung <a href=\"https:\/\/www.mumok.at\/de\/events\/koerper-psyche-tabu\">K\u00f6rper, Psyche und Tabu. Wiener Aktionismus und die fr\u00fche Wiener Moderne<\/a>. Mit K\u00f6rper, Psyche und Tabu als zentralen, titelgebenden Begriffen verdeutlicht die Pr\u00e4sentation ideengeschichtliche, inhaltliche und gestalterische Zusammenh\u00e4nge zwischen dem Wiener Aktionismus und den k\u00fcnstlerischen Entwicklungen zu Beginn des 20. Jahrhunderts. Werken von G\u00fcnter Brus, Otto Muehl, Hermann Nitsch und Rudolf Schwarzkogler, den Skandalk\u00fcnstlern der 1960er-Jahre, werden Arbeiten ihrer ebenfalls umstrittenen Kollegen vom Jahrhundertanfang \u2013 von Gustav Klimt \u00fcber Richard Gerstl und Oskar Kokoschka bis zu Koloman Moser, Max Oppenheimer und Egon Schiele \u2013 gegen\u00fcbergestellt.<\/p>\n<p>Ausstellungsansicht K\u00f6rper, Psyche und Tabu. Foto: mumok\/Laurent Ziegler<\/p>\n<p><span class=\"image large\"><a href=\"http:\/\/www.viennavant.at\/wp-content\/uploads\/koerper1.jpg\" target=\"_blank\"><img loading=\"lazy\" decoding=\"async\" class=\"wp-image-1021 alignnone\" src=\"http:\/\/www.viennavant.at\/wp-content\/uploads\/koerper1-300x200.jpg\" width=\"430\" height=\"287\" srcset=\"https:\/\/www.viennavant.at\/wp-content\/uploads\/koerper1-300x200.jpg 300w, https:\/\/www.viennavant.at\/wp-content\/uploads\/koerper1-272x182.jpg 272w, https:\/\/www.viennavant.at\/wp-content\/uploads\/koerper1.jpg 612w\" sizes=\"auto, (max-width: 430px) 100vw, 430px\" \/><\/a> <\/span><\/p>\n<p>Eingangs erz\u00e4hlt Eva Badura-Triska, dass diese Ausstellung durch das ViennAvant-Archivgespr\u00e4ch im mumok im Juni 2015 \u201eMein K\u00f6rper ist das Ereignis.\u201c beeinflusst und bereichert worden ist. Sie kam damals ins Gespr\u00e4ch mit Bernadette Reinhold vom Oskar Kokoschka-Dokumentationszentrums der Angewandten, die beiden Forscherinnen trafen sich zu einem weiteren intensiven Brainstorming und daraus entstanden wichtige Aspekte der jetzigen Ausstellung sowie ein Beitrag von Bernadette Reinhold zum Ausstellungskatalog.<\/p>\n<p>Eva Badura-Triska schildert ihre These des Vergleichs der historischen Situation in \u00d6sterreich um 1910 mit 1960: wirtschaftlicher Aufschwung bei gleichzeitiger konservativer Verfasstheit der Gesellschaft, was Triebfeder f\u00fcr K\u00fcnstler war, sich intensiv mit dem K\u00f6rper zu besch\u00e4ftigen.<\/p>\n<p>Neben zahlreichen motivisch-stilistischen Verwandtschaften verweist die mumok-Ausstellung vor allem auf inhaltliche Parallelen. Sowohl zu Jahrhundertbeginn als auch in den 1960er-Jahren wird der menschliche K\u00f6rper als Spiegel und Widerpart existenzieller und gesellschaftlicher Erfahrungen thematisiert. Das psychologische Portr\u00e4t, aber auch der exponierte K\u00f6rper und dessen Erfahrungen von Schmerz durchziehen die Werke beider Generationen.<\/p>\n<p><a href=\"http:\/\/www.viennavant.at\/wp-content\/uploads\/koerper24.jpg\" target=\"_blank\"><img loading=\"lazy\" decoding=\"async\" class=\"alignleft wp-image-1026\" src=\"http:\/\/www.viennavant.at\/wp-content\/uploads\/koerper24-238x300.jpg\" width=\"159\" height=\"200\" srcset=\"https:\/\/www.viennavant.at\/wp-content\/uploads\/koerper24-238x300.jpg 238w, https:\/\/www.viennavant.at\/wp-content\/uploads\/koerper24-814x1024.jpg 814w, https:\/\/www.viennavant.at\/wp-content\/uploads\/koerper24.jpg 858w\" sizes=\"auto, (max-width: 159px) 100vw, 159px\" \/><\/a>Egon Schiele, Selbstbildnis mit gesenktem Kopf, 1912 \u00d6l auf Holz Leopold Museum \u2013 Privatstiftung Foto Leopold Museum<\/p>\n<p>Rudolf Schwarzkogler, 3. Aktion, 1965, S\/W-Fotografie auf Karton \u00a9 \u00d6sterreichische Ludwig-Stiftung, Foto: mumok<\/p>\n<p><br style=\"clear:both;\"><\/p>\n<p><a href=\"http:\/\/www.viennavant.at\/wp-content\/uploads\/koerper23.jpg\" target=\"_blank\"><img loading=\"lazy\" decoding=\"async\" class=\"wp-image-1027 alignnone\" src=\"http:\/\/www.viennavant.at\/wp-content\/uploads\/koerper26-224x300.jpg\" width=\"322\" height=\"430\" srcset=\"https:\/\/www.viennavant.at\/wp-content\/uploads\/koerper26-224x300.jpg 224w, https:\/\/www.viennavant.at\/wp-content\/uploads\/koerper26-766x1024.jpg 766w, https:\/\/www.viennavant.at\/wp-content\/uploads\/koerper26.jpg 808w\" sizes=\"auto, (max-width: 322px) 100vw, 322px\" \/><\/a><\/p>\n<p><br style=\"clear:both;\"><\/p>\n<p><img loading=\"lazy\" decoding=\"async\" class=\"alignleft wp-image-1025\" src=\"http:\/\/www.viennavant.at\/wp-content\/uploads\/koerper23-206x300.jpg\" width=\"138\" height=\"200\" srcset=\"https:\/\/www.viennavant.at\/wp-content\/uploads\/koerper23-206x300.jpg 206w, https:\/\/www.viennavant.at\/wp-content\/uploads\/koerper23.jpg 344w\" sizes=\"auto, (max-width: 138px) 100vw, 138px\" \/>Oskar Kokoschka, Der Sturm, 1911 Farblithografie \u00a9 Bildrecht Wien, 2016 Foto: Albertina.<\/p>\n<p>Das Portr\u00e4t, das zu einer Analyse der Portr\u00e4tierten mutiert, das inszenierte K\u00fcnstlerselbstportr\u00e4t sowie der K\u00fcnstler in seiner Nacktheit sind Stationen, die zur \u201eBearbeitung\u201c des eigenen K\u00f6rpers f\u00fchren \u2013 zur Selbstverletzung einerseits, zur sakralen \u00dcberh\u00f6hung andererseits. Das Thema der Verletzung und des Heilens ist sehr stark. Die Gesellschaft ist krank, sie muss geheilt werden, durch die Figur des K\u00fcnstlers, der auch in der Gesellschaft den Finger auf die Wunde legt und daf\u00fcr Schmach erf\u00e4hrt.<\/p>\n<p><a href=\"http:\/\/www.viennavant.at\/wp-content\/uploads\/koerper20.jpg\" target=\"_blank\"><img loading=\"lazy\" decoding=\"async\" class=\"alignnone wp-image-1022\" src=\"http:\/\/www.viennavant.at\/wp-content\/uploads\/koerper20-300x300.jpg\" width=\"430\" height=\"430\" srcset=\"https:\/\/www.viennavant.at\/wp-content\/uploads\/koerper20-300x300.jpg 300w, https:\/\/www.viennavant.at\/wp-content\/uploads\/koerper20-150x150.jpg 150w, https:\/\/www.viennavant.at\/wp-content\/uploads\/koerper20-1024x1024.jpg 1024w, https:\/\/www.viennavant.at\/wp-content\/uploads\/koerper20-400x400.jpg 400w, https:\/\/www.viennavant.at\/wp-content\/uploads\/koerper20-50x50.jpg 50w, https:\/\/www.viennavant.at\/wp-content\/uploads\/koerper20.jpg 1080w\" sizes=\"auto, (max-width: 430px) 100vw, 430px\" \/><\/a><\/p>\n<p>G\u00fcnter Brus,Wiener Spaziergang, 1965, S\/W-Fotografie Museum moderner Kunst Stiftung Ludwig Wien, \u00a9 G\u00fcnter Brus, 2016<\/p>\n<p><br style=\"clear:both;\"><\/p>\n<p><a href=\"http:\/\/www.viennavant.at\/wp-content\/uploads\/koerper27.jpg\" target=\"_blank\"><img loading=\"lazy\" decoding=\"async\" class=\"alignleft wp-image-1028\" src=\"http:\/\/www.viennavant.at\/wp-content\/uploads\/koerper27-229x300.jpg\" width=\"152\" height=\"200\" srcset=\"https:\/\/www.viennavant.at\/wp-content\/uploads\/koerper27-229x300.jpg 229w, https:\/\/www.viennavant.at\/wp-content\/uploads\/koerper27-780x1024.jpg 780w, https:\/\/www.viennavant.at\/wp-content\/uploads\/koerper27.jpg 823w\" sizes=\"auto, (max-width: 152px) 100vw, 152px\" \/><\/a>Egon Schiele Plakat der Schiele-Ausstellung in der Galerie Arnot, 1915 Gouache, Tuschpinsel auf Papier Foto Wien Museum<\/p>\n<p>Selbstdarstellungen als M\u00e4rtyrer_innen sind in diesem Zusammenhang keine Seltenheit und verweisen auf Konzepte vom K\u00fcnstler als Priester und Erl\u00f6ser der Gesellschaft.<\/p>\n<p><br style=\"clear:both;\"><\/p>\n<p><a href=\"http:\/\/www.viennavant.at\/wp-content\/uploads\/koerper22.jpg\" target=\"_blank\"><img loading=\"lazy\" decoding=\"async\" class=\"alignnone wp-image-1024\" src=\"http:\/\/www.viennavant.at\/wp-content\/uploads\/koerper22-296x300.jpg\" width=\"425\" height=\"430\" srcset=\"https:\/\/www.viennavant.at\/wp-content\/uploads\/koerper22-296x300.jpg 296w, https:\/\/www.viennavant.at\/wp-content\/uploads\/koerper22-50x50.jpg 50w, https:\/\/www.viennavant.at\/wp-content\/uploads\/koerper22.jpg 756w\" sizes=\"auto, (max-width: 425px) 100vw, 425px\" \/><\/a><\/p>\n<p>Hermann Nitsch, 1. Aktion, 1964, SW-Fotografie Museum moderner Kunst Stiftung Ludwig Wien, Schenkung des K\u00fcnstlers \u00a9 Bildrecht Wien, 2016, Foto: mumok<\/p>\n<p>Auch f\u00fcr die Materialaktionen Otto Muehls sieht Eva Badura Vorl\u00e4ufer ein halbes Jahrhundert fr\u00fcher beispielsweise in der Behandlung der Farbe als Material in Kokoschkas ber\u00fchmtem Stilleben mit Hammel und Hyazinthe:<\/p>\n<p>Oskar Kokoschka, Stillleben mit Hammel und Hyazinthe, 1910,<br \/>\n\u00d6l auf Leinwand \u00d6sterreichische Galerie Belvedere, Ankauf Oskar Reichel, 1922 \u00a9 Bildrecht Wien, 2016, Foto: \u00d6sterreichische Galerie Belvedere<\/p>\n<p><a href=\"http:\/\/www.viennavant.at\/wp-content\/uploads\/koerper21.jpg\" target=\"_blank\"><img loading=\"lazy\" decoding=\"async\" class=\"alignnone wp-image-1023\" src=\"http:\/\/www.viennavant.at\/wp-content\/uploads\/koerper21-300x224.jpg\" width=\"430\" height=\"321\" srcset=\"https:\/\/www.viennavant.at\/wp-content\/uploads\/koerper21-300x224.jpg 300w, https:\/\/www.viennavant.at\/wp-content\/uploads\/koerper21-1024x764.jpg 1024w, https:\/\/www.viennavant.at\/wp-content\/uploads\/koerper21.jpg 1447w\" sizes=\"auto, (max-width: 430px) 100vw, 430px\" \/><\/a><\/p>\n<p>Otto Muehl, Materialaktion Nr. 9, Stilleben \u2013 Aktion mit einem weiblichen, einem m\u00e4nnlichen und einem Rinderkopf, 1964, SW-Fotografien Museum moderner Kunst Stiftung Ludwig Wien, erworben 2003,<\/p>\n<figure id=\"attachment_1029\" aria-describedby=\"caption-attachment-1029\" style=\"width: 430px\" class=\"wp-caption alignnone\"><a href=\"http:\/\/www.viennavant.at\/wp-content\/uploads\/koerper28.jpg\" target=\"_blank\"><img loading=\"lazy\" decoding=\"async\" class=\"wp-image-1029\" src=\"http:\/\/www.viennavant.at\/wp-content\/uploads\/koerper28-289x300.jpg\" width=\"430\" height=\"446\" srcset=\"https:\/\/www.viennavant.at\/wp-content\/uploads\/koerper28-289x300.jpg 289w, https:\/\/www.viennavant.at\/wp-content\/uploads\/koerper28-988x1024.jpg 988w, https:\/\/www.viennavant.at\/wp-content\/uploads\/koerper28.jpg 1042w\" sizes=\"auto, (max-width: 430px) 100vw, 430px\" \/><\/a><figcaption id=\"caption-attachment-1029\" class=\"wp-caption-text\">\u00a9 Bildrecht Wien, 2016, Foto: mumok<\/figcaption><\/figure>\n<p>Die Bez\u00fcge sind vielf\u00e4ltig und frappant:<br \/>\nAuseinandersetzung mit Schwangerschaft und Geburt finden sich in beiden Epochen. Nackte Schwangere bei Klimt, die Aktion von Brus in embryonaler Haltung als Untersuchung des eigenen K\u00f6rpers im Mutterleib. Wie der 20-j\u00e4hrige Schiele in seinen Babystudien geht Brus dem Thema Kind in Aktionen mit seiner Tochter Diana nach.<\/p>\n<p>Im Drama \u201eM\u00f6rder Hoffnung der Frauen\u201c, diesem ersten expressiven Theater, eigentlich der \u201eersten Aktion\u201c, hat Kokoschka die K\u00f6rper seiner Schauspieler wei\u00df bemalt \u2013 wie sp\u00e4ter Brus. Das Thema dieses Geschlechterkampfes ist Transfusion. Transfusion 1965 auch bei Brus mit wei\u00dfem Mann und roter Frau. Das hat christologische aber auch Zombie-Aspekte. Um Tod und Wiederauferstehung geht es immer wieder bei Klimt, bei Kokoschka, bei Brus, bei Nitsch, der Kreuzigung dem \u201eUropfer\u201c gleichsetzt.<\/p>\n<p>\u201cSprache als Medium\u201d stellt die sp\u00e4ten Bilddichtungen von Brus Oskar Kokoschkas \u201cTr\u00e4umenden Knaben\u201d und Schieles in Rechteckformat gestalteten Gedichten gegen\u00fcber. Beengende Grenzen wurden ge\u00f6ffnet und Wege zu einem interdisziplin\u00e4ren Kunstverst\u00e4ndnis geebnet. Dieses bezieht nicht nur fotografische (und sp\u00e4ter filmische), theatrale, literarische und musikalische Kunstformen mit ein und verkn\u00fcpft diese oftmals miteinander: Mit der Psychoanalyse und sprachkritischen Ans\u00e4tzen werden auch die Potenziale avancierter Wissenschaften in die k\u00fcnstlerische Arbeit einbezogen.<\/p>\n<h3><\/h3>\n<h2><a href=\"https:\/\/www.belvedere.at\/jart\/prj3\/belvedere\/main.jart?rel=belvedere_de&amp;content-id=1438325473346&amp;reserve-mode=active&amp;ausstellung_id=1439886417502\">Im Belvedere<\/a><\/h2>\n<p>Fotocredits:<br \/>\nAusstellungsansichten \u201cHans Bischoffshausen \u2013 Mehr als <span class=\"caps\">ZERO<\/span>\u201d \u00a9 Belvedere, Wien<br \/>\nGruppenfotos \u00a9 Helga K\u00f6cher<\/p>\n<p><span class=\"image large\"> <a href=\"http:\/\/www.viennavant.at\/wp-content\/uploads\/zero14.jpg\" target=\"_blank\"><img loading=\"lazy\" decoding=\"async\" class=\"wp-image-1309 alignnone\" src=\"http:\/\/www.viennavant.at\/wp-content\/uploads\/zero14-300x175.jpg\" width=\"430\" height=\"250\" srcset=\"https:\/\/www.viennavant.at\/wp-content\/uploads\/zero14-300x175.jpg 300w, https:\/\/www.viennavant.at\/wp-content\/uploads\/zero14-1024x596.jpg 1024w, https:\/\/www.viennavant.at\/wp-content\/uploads\/zero14.jpg 1200w\" sizes=\"auto, (max-width: 430px) 100vw, 430px\" \/><\/a><\/span><\/p>\n<p>Am 12. Februar 2016 besuchte eine Gruppe aus ViennAvant die von Harald Krejci kuratierte Ausstellung \u201eMehr als <span class=\"caps\">ZERO<\/span>. Hans <span class=\"caps\">BISCHOFFSHAUSEN<\/span>\u201c im Unteren Belvedere.<\/p>\n<p><a href=\"http:\/\/www.viennavant.at\/wp-content\/uploads\/bi1.jpg\" target=\"_blank\"><img loading=\"lazy\" decoding=\"async\" class=\"wp-image-624 alignnone\" src=\"http:\/\/www.viennavant.at\/wp-content\/uploads\/bi1-300x199.jpg\" width=\"430\" height=\"285\" srcset=\"https:\/\/www.viennavant.at\/wp-content\/uploads\/bi1-300x199.jpg 300w, https:\/\/www.viennavant.at\/wp-content\/uploads\/bi1-1024x679.jpg 1024w, https:\/\/www.viennavant.at\/wp-content\/uploads\/bi1.jpg 1628w\" sizes=\"auto, (max-width: 430px) 100vw, 430px\" \/><\/a><\/p>\n<p><a href=\"http:\/\/www.viennavant.at\/wp-content\/uploads\/bi4.jpg\" target=\"_blank\"><img loading=\"lazy\" decoding=\"async\" class=\"wp-image-627 alignnone\" src=\"http:\/\/www.viennavant.at\/wp-content\/uploads\/bi4-300x199.jpg\" width=\"430\" height=\"285\" srcset=\"https:\/\/www.viennavant.at\/wp-content\/uploads\/bi4-300x199.jpg 300w, https:\/\/www.viennavant.at\/wp-content\/uploads\/bi4-1024x679.jpg 1024w, https:\/\/www.viennavant.at\/wp-content\/uploads\/bi4.jpg 1628w\" sizes=\"auto, (max-width: 430px) 100vw, 430px\" \/><\/a><\/p>\n<p><a href=\"http:\/\/www.viennavant.at\/wp-content\/uploads\/bi6.jpg\" target=\"_blank\"><img loading=\"lazy\" decoding=\"async\" class=\"wp-image-629 alignnone\" src=\"http:\/\/www.viennavant.at\/wp-content\/uploads\/bi6-300x199.jpg\" width=\"430\" height=\"285\" srcset=\"https:\/\/www.viennavant.at\/wp-content\/uploads\/bi6-300x199.jpg 300w, https:\/\/www.viennavant.at\/wp-content\/uploads\/bi6-1024x679.jpg 1024w, https:\/\/www.viennavant.at\/wp-content\/uploads\/bi6.jpg 1628w\" sizes=\"auto, (max-width: 430px) 100vw, 430px\" \/><\/a><\/p>\n<p><a href=\"http:\/\/www.viennavant.at\/wp-content\/uploads\/bi12.jpg\" target=\"_blank\"><img loading=\"lazy\" decoding=\"async\" class=\"wp-image-635 alignnone\" src=\"http:\/\/www.viennavant.at\/wp-content\/uploads\/bi12-300x199.jpg\" width=\"430\" height=\"285\" srcset=\"https:\/\/www.viennavant.at\/wp-content\/uploads\/bi12-300x199.jpg 300w, https:\/\/www.viennavant.at\/wp-content\/uploads\/bi12-1024x679.jpg 1024w, https:\/\/www.viennavant.at\/wp-content\/uploads\/bi12.jpg 1628w\" sizes=\"auto, (max-width: 430px) 100vw, 430px\" \/><\/a><\/p>\n<p>Die Ausstellung war den bildnerischen Hauptwerken des Multitalents Bischoffshausen gewidmet und zeigte die k\u00fcnstlerischen Wechselbeziehungen zu Malerkollegen der Nachkriegsavantgarde aus Frankreich, Deutschland, Italien und Holland auf.<\/p>\n<p><a href=\"http:\/\/www.viennavant.at\/wp-content\/uploads\/zero7.jpg\" target=\"_blank\"><img loading=\"lazy\" decoding=\"async\" class=\"alignnone wp-image-1306\" src=\"http:\/\/www.viennavant.at\/wp-content\/uploads\/zero7-300x200.jpg\" width=\"430\" height=\"286\" srcset=\"https:\/\/www.viennavant.at\/wp-content\/uploads\/zero7-300x200.jpg 300w, https:\/\/www.viennavant.at\/wp-content\/uploads\/zero7-1024x682.jpg 1024w, https:\/\/www.viennavant.at\/wp-content\/uploads\/zero7-272x182.jpg 272w, https:\/\/www.viennavant.at\/wp-content\/uploads\/zero7.jpg 1200w\" sizes=\"auto, (max-width: 430px) 100vw, 430px\" \/><\/a><\/p>\n<p><a href=\"http:\/\/www.viennavant.at\/wp-content\/uploads\/zero6.jpg\" target=\"_blank\"><img loading=\"lazy\" decoding=\"async\" class=\"alignnone wp-image-1305\" src=\"http:\/\/www.viennavant.at\/wp-content\/uploads\/zero6-300x200.jpg\" width=\"430\" height=\"286\" srcset=\"https:\/\/www.viennavant.at\/wp-content\/uploads\/zero6-300x200.jpg 300w, https:\/\/www.viennavant.at\/wp-content\/uploads\/zero6-1024x682.jpg 1024w, https:\/\/www.viennavant.at\/wp-content\/uploads\/zero6-272x182.jpg 272w, https:\/\/www.viennavant.at\/wp-content\/uploads\/zero6.jpg 1200w\" sizes=\"auto, (max-width: 430px) 100vw, 430px\" \/><\/a><\/p>\n<p><a href=\"http:\/\/www.viennavant.at\/wp-content\/uploads\/zero8.jpg\" target=\"_blank\"><img loading=\"lazy\" decoding=\"async\" class=\"alignnone wp-image-1307\" src=\"http:\/\/www.viennavant.at\/wp-content\/uploads\/zero8-300x200.jpg\" width=\"430\" height=\"287\" srcset=\"https:\/\/www.viennavant.at\/wp-content\/uploads\/zero8-300x200.jpg 300w, https:\/\/www.viennavant.at\/wp-content\/uploads\/zero8-1024x683.jpg 1024w, https:\/\/www.viennavant.at\/wp-content\/uploads\/zero8-272x182.jpg 272w, https:\/\/www.viennavant.at\/wp-content\/uploads\/zero8.jpg 1200w\" sizes=\"auto, (max-width: 430px) 100vw, 430px\" \/><\/a><\/p>\n<p><a href=\"http:\/\/www.viennavant.at\/wp-content\/uploads\/bi2.jpg\" target=\"_blank\"><img loading=\"lazy\" decoding=\"async\" class=\"alignnone wp-image-625\" src=\"http:\/\/www.viennavant.at\/wp-content\/uploads\/bi2-300x199.jpg\" width=\"430\" height=\"285\" srcset=\"https:\/\/www.viennavant.at\/wp-content\/uploads\/bi2-300x199.jpg 300w, https:\/\/www.viennavant.at\/wp-content\/uploads\/bi2-1024x679.jpg 1024w, https:\/\/www.viennavant.at\/wp-content\/uploads\/bi2.jpg 1628w\" sizes=\"auto, (max-width: 430px) 100vw, 430px\" \/><\/a><\/p>\n<p><a href=\"http:\/\/www.viennavant.at\/wp-content\/uploads\/bi3.jpg\" target=\"_blank\"><img loading=\"lazy\" decoding=\"async\" class=\"alignnone wp-image-626\" src=\"http:\/\/www.viennavant.at\/wp-content\/uploads\/bi3-300x199.jpg\" width=\"430\" height=\"285\" srcset=\"https:\/\/www.viennavant.at\/wp-content\/uploads\/bi3-300x199.jpg 300w, https:\/\/www.viennavant.at\/wp-content\/uploads\/bi3-1024x679.jpg 1024w, https:\/\/www.viennavant.at\/wp-content\/uploads\/bi3.jpg 1628w\" sizes=\"auto, (max-width: 430px) 100vw, 430px\" \/><\/a><\/p>\n<p><a href=\"http:\/\/www.viennavant.at\/wp-content\/uploads\/bi5.jpg\" target=\"_blank\"><img loading=\"lazy\" decoding=\"async\" class=\"alignnone wp-image-628\" src=\"http:\/\/www.viennavant.at\/wp-content\/uploads\/bi5-300x199.jpg\" width=\"430\" height=\"285\" srcset=\"https:\/\/www.viennavant.at\/wp-content\/uploads\/bi5-300x199.jpg 300w, https:\/\/www.viennavant.at\/wp-content\/uploads\/bi5-1024x679.jpg 1024w, https:\/\/www.viennavant.at\/wp-content\/uploads\/bi5.jpg 1628w\" sizes=\"auto, (max-width: 430px) 100vw, 430px\" \/><\/a><\/p>\n<p>Bischoffshausens reduziertes, die Grenzen der Malerei auslotendes, materialbezogenes Schaffen hatte er im Zusammenhang mit seinen Reisen nach Italien und Frankreich bereits sehr fr\u00fch entwickelt. Ausstellungsbesuche in Galerien von Venedig und Mailand legten den Grundstein zu einer Kunst, die immer weiter die Grenzen der Malerei ertastete. War sein Schaffen anf\u00e4nglich noch von einer gestischen, abstrakten Malerei gepr\u00e4gt, fand er mit Materialien wie Sand, Zement, Lochungen oder Brandspuren zu einer neuen Formensprache, die sich mit den Zusammenh\u00e4ngen von Schrift und Bild besch\u00e4ftigte.<\/p>\n<p><a href=\"http:\/\/www.viennavant.at\/wp-content\/uploads\/zero3.jpg\" target=\"_blank\"><img loading=\"lazy\" decoding=\"async\" class=\"alignnone wp-image-1304\" src=\"http:\/\/www.viennavant.at\/wp-content\/uploads\/zero3-300x200.jpg\" width=\"430\" height=\"286\" srcset=\"https:\/\/www.viennavant.at\/wp-content\/uploads\/zero3-300x200.jpg 300w, https:\/\/www.viennavant.at\/wp-content\/uploads\/zero3-1024x682.jpg 1024w, https:\/\/www.viennavant.at\/wp-content\/uploads\/zero3-272x182.jpg 272w, https:\/\/www.viennavant.at\/wp-content\/uploads\/zero3.jpg 1200w\" sizes=\"auto, (max-width: 430px) 100vw, 430px\" \/><\/a><\/p>\n<p><a href=\"http:\/\/www.viennavant.at\/wp-content\/uploads\/zero11.jpg\" target=\"_blank\"><img loading=\"lazy\" decoding=\"async\" class=\"alignnone wp-image-1308\" src=\"http:\/\/www.viennavant.at\/wp-content\/uploads\/zero11-300x200.jpg\" width=\"430\" height=\"286\" srcset=\"https:\/\/www.viennavant.at\/wp-content\/uploads\/zero11-300x200.jpg 300w, https:\/\/www.viennavant.at\/wp-content\/uploads\/zero11-1024x682.jpg 1024w, https:\/\/www.viennavant.at\/wp-content\/uploads\/zero11-272x182.jpg 272w, https:\/\/www.viennavant.at\/wp-content\/uploads\/zero11.jpg 1200w\" sizes=\"auto, (max-width: 430px) 100vw, 430px\" \/><\/a><\/p>\n<p><a href=\"http:\/\/www.viennavant.at\/wp-content\/uploads\/bi8.jpg\" target=\"_blank\"><img loading=\"lazy\" decoding=\"async\" class=\"alignnone wp-image-631\" src=\"http:\/\/www.viennavant.at\/wp-content\/uploads\/bi8-300x199.jpg\" width=\"430\" height=\"285\" srcset=\"https:\/\/www.viennavant.at\/wp-content\/uploads\/bi8-300x199.jpg 300w, https:\/\/www.viennavant.at\/wp-content\/uploads\/bi8-1024x679.jpg 1024w, https:\/\/www.viennavant.at\/wp-content\/uploads\/bi8.jpg 1628w\" sizes=\"auto, (max-width: 430px) 100vw, 430px\" \/><\/a><\/p>\n<p><a href=\"http:\/\/www.viennavant.at\/wp-content\/uploads\/bi9.jpg\" target=\"_blank\"><img loading=\"lazy\" decoding=\"async\" class=\"alignnone wp-image-632\" src=\"http:\/\/www.viennavant.at\/wp-content\/uploads\/bi9-300x199.jpg\" width=\"430\" height=\"285\" srcset=\"https:\/\/www.viennavant.at\/wp-content\/uploads\/bi9-300x199.jpg 300w, https:\/\/www.viennavant.at\/wp-content\/uploads\/bi9-1024x679.jpg 1024w, https:\/\/www.viennavant.at\/wp-content\/uploads\/bi9.jpg 1628w\" sizes=\"auto, (max-width: 430px) 100vw, 430px\" \/><\/a><\/p>\n<p>Die Freundschaft mit dem italienischen Avantgardek\u00fcnstler Lucio Fontana, der durch seine Schnittbilder weltber\u00fchmt wurde, \u00f6ffnete Bischoffshausens Werkbegriff, an dem er nach seinem Umzug nach Paris 1959 konsequent weiterarbeitete. Bischoffshausen fand rasch Eingang in die franz\u00f6sische K\u00fcnstlerszene. Der bildende K\u00fcnstler und <span class=\"caps\">ZERO<\/span>-Vertreter Bernard Aubertin wurde zu einem wichtigen Wegbegleiter.<\/p>\n<p>Zwischen 1962 und 1965 nahm Bischoffshausens Karriere einen intensiven Verlauf, Ausstellungen in Frankreich und Deutschland sowie Beteiligungen in Italien waren die Folge. Kontakte zur internationalen K\u00fcnstlergruppierung <span class=\"caps\">NUL<\/span> um Jan Schoonhoven erm\u00f6glichten ihm, auch in Holland k\u00fcnstlerisch zu re\u00fcssieren. Ebenso sind seine Freundschaften mit Herman de Vries oder Heinz Mack Thema der Ausstellung.<\/p>\n<p><a href=\"http:\/\/www.viennavant.at\/wp-content\/uploads\/bi11.jpg\" target=\"_blank\"><img loading=\"lazy\" decoding=\"async\" class=\"alignnone wp-image-634\" src=\"http:\/\/www.viennavant.at\/wp-content\/uploads\/bi11-300x199.jpg\" width=\"430\" height=\"285\" srcset=\"https:\/\/www.viennavant.at\/wp-content\/uploads\/bi11-300x199.jpg 300w, https:\/\/www.viennavant.at\/wp-content\/uploads\/bi11-1024x679.jpg 1024w, https:\/\/www.viennavant.at\/wp-content\/uploads\/bi11.jpg 1628w\" sizes=\"auto, (max-width: 430px) 100vw, 430px\" \/><\/a><\/p>\n<p><a href=\"http:\/\/www.viennavant.at\/wp-content\/uploads\/bi10.jpg\" target=\"_blank\"><img loading=\"lazy\" decoding=\"async\" class=\"alignnone wp-image-633\" src=\"http:\/\/www.viennavant.at\/wp-content\/uploads\/bi10-300x199.jpg\" width=\"430\" height=\"285\" srcset=\"https:\/\/www.viennavant.at\/wp-content\/uploads\/bi10-300x199.jpg 300w, https:\/\/www.viennavant.at\/wp-content\/uploads\/bi10-1024x679.jpg 1024w, https:\/\/www.viennavant.at\/wp-content\/uploads\/bi10.jpg 1628w\" sizes=\"auto, (max-width: 430px) 100vw, 430px\" \/><\/a><\/p>\n<p><a href=\"http:\/\/www.viennavant.at\/wp-content\/uploads\/bi7.jpg\" target=\"_blank\"><img loading=\"lazy\" decoding=\"async\" class=\"alignnone wp-image-630\" src=\"http:\/\/www.viennavant.at\/wp-content\/uploads\/bi7-300x199.jpg\" width=\"430\" height=\"285\" srcset=\"https:\/\/www.viennavant.at\/wp-content\/uploads\/bi7-300x199.jpg 300w, https:\/\/www.viennavant.at\/wp-content\/uploads\/bi7-1024x679.jpg 1024w, https:\/\/www.viennavant.at\/wp-content\/uploads\/bi7.jpg 1628w\" sizes=\"auto, (max-width: 430px) 100vw, 430px\" \/><\/a><\/p>\n<p>Bischoffshausen geh\u00f6rt heute neben seinem K\u00fcnstlerfreund Erwin Thorn zu den wenigen \u00f6sterreichischen Vertretern der <span class=\"caps\">ZERO<\/span>-Bewegung. Seine individuelle Ikonologie des Materials und seine konzeptuelle Neuorientierung in der Kunst vor und nach 1968 machten ihn zu einem der wesentlichen Vertreter der Avantgarde.<\/p>\n<p><a href=\"http:\/\/www.viennavant.at\/wp-content\/uploads\/zero15.jpg\" target=\"_blank\"><img loading=\"lazy\" decoding=\"async\" class=\"alignnone wp-image-1310\" src=\"http:\/\/www.viennavant.at\/wp-content\/uploads\/zero15-300x294.jpg\" width=\"430\" height=\"421\" srcset=\"https:\/\/www.viennavant.at\/wp-content\/uploads\/zero15-300x294.jpg 300w, https:\/\/www.viennavant.at\/wp-content\/uploads\/zero15-1024x1004.jpg 1024w, https:\/\/www.viennavant.at\/wp-content\/uploads\/zero15-50x50.jpg 50w, https:\/\/www.viennavant.at\/wp-content\/uploads\/zero15.jpg 1200w\" sizes=\"auto, (max-width: 430px) 100vw, 430px\" \/><\/a><\/p>\n<p>Die Ausstellung versuchte, den Bogen von den ersten Materialbildern der 1950er-Jahre bis zur Pariser Zeit der <span class=\"caps\">ZERO<\/span>-Bewegung zu spannen. Erstmals wurden auch die 1970er- und 1980er-Jahre beleuchtet.<\/p>\n<p><a href=\"http:\/\/www.viennavant.at\/wp-content\/uploads\/zero1.jpg\" target=\"_blank\"><img loading=\"lazy\" decoding=\"async\" class=\"alignnone wp-image-1303\" src=\"http:\/\/www.viennavant.at\/wp-content\/uploads\/zero1-300x200.jpg\" width=\"430\" height=\"286\" srcset=\"https:\/\/www.viennavant.at\/wp-content\/uploads\/zero1-300x200.jpg 300w, https:\/\/www.viennavant.at\/wp-content\/uploads\/zero1-1024x682.jpg 1024w, https:\/\/www.viennavant.at\/wp-content\/uploads\/zero1-272x182.jpg 272w, https:\/\/www.viennavant.at\/wp-content\/uploads\/zero1.jpg 1200w\" sizes=\"auto, (max-width: 430px) 100vw, 430px\" \/><\/a><\/p>\n<p><a href=\"http:\/\/www.viennavant.at\/wp-content\/uploads\/bi13.jpg\" target=\"_blank\"><img loading=\"lazy\" decoding=\"async\" class=\"alignnone wp-image-636\" src=\"http:\/\/www.viennavant.at\/wp-content\/uploads\/bi13-300x199.jpg\" width=\"430\" height=\"285\" srcset=\"https:\/\/www.viennavant.at\/wp-content\/uploads\/bi13-300x199.jpg 300w, https:\/\/www.viennavant.at\/wp-content\/uploads\/bi13-1024x679.jpg 1024w, https:\/\/www.viennavant.at\/wp-content\/uploads\/bi13.jpg 1628w\" sizes=\"auto, (max-width: 430px) 100vw, 430px\" \/><\/a><\/p>\n<p><a href=\"http:\/\/www.viennavant.at\/wp-content\/uploads\/bi14.jpg\" target=\"_blank\"><img loading=\"lazy\" decoding=\"async\" class=\"alignnone wp-image-637\" src=\"http:\/\/www.viennavant.at\/wp-content\/uploads\/bi14-300x199.jpg\" width=\"430\" height=\"285\" srcset=\"https:\/\/www.viennavant.at\/wp-content\/uploads\/bi14-300x199.jpg 300w, https:\/\/www.viennavant.at\/wp-content\/uploads\/bi14-1024x679.jpg 1024w, https:\/\/www.viennavant.at\/wp-content\/uploads\/bi14.jpg 1628w\" sizes=\"auto, (max-width: 430px) 100vw, 430px\" \/><\/a><\/p>\n<p><a href=\"http:\/\/www.viennavant.at\/wp-content\/uploads\/bi15.jpg\" target=\"_blank\"><img loading=\"lazy\" decoding=\"async\" class=\"alignnone wp-image-638\" src=\"http:\/\/www.viennavant.at\/wp-content\/uploads\/bi15-300x199.jpg\" width=\"430\" height=\"285\" srcset=\"https:\/\/www.viennavant.at\/wp-content\/uploads\/bi15-300x199.jpg 300w, https:\/\/www.viennavant.at\/wp-content\/uploads\/bi15-1024x679.jpg 1024w, https:\/\/www.viennavant.at\/wp-content\/uploads\/bi15.jpg 1628w\" sizes=\"auto, (max-width: 430px) 100vw, 430px\" \/><\/a><\/p>\n<p>Die Aufarbeitung des umfassenden Archivs von Ernst und Heide Hildebrand war wesentliche Basis der Begleitpublikation und damit Teil der fortlaufenden Forschung zur Kunst der Nachkriegszeit, die erneut einen in Europa zu Unrecht wenig bekannten \u00f6sterreichischen K\u00fcnstler ins Zentrum gestellt hat.<\/p>\n<p><a href=\"http:\/\/www.viennavant.at\/wp-content\/uploads\/zero16.jpg\" target=\"_blank\"><img loading=\"lazy\" decoding=\"async\" class=\"alignnone wp-image-1311\" src=\"http:\/\/www.viennavant.at\/wp-content\/uploads\/zero16-300x212.jpg\" width=\"430\" height=\"304\" srcset=\"https:\/\/www.viennavant.at\/wp-content\/uploads\/zero16-300x212.jpg 300w, https:\/\/www.viennavant.at\/wp-content\/uploads\/zero16-1024x724.jpg 1024w, https:\/\/www.viennavant.at\/wp-content\/uploads\/zero16.jpg 1200w\" sizes=\"auto, (max-width: 430px) 100vw, 430px\" \/><\/a><\/p>\n","protected":false},"excerpt":{"rendered":"<p>Im Kunstforum Wien Freitag, den 28. Oktober 2016\u00a0lud die Kuratorin Lisa Ortner-Kreil zu einem Archivgespr\u00e4ch und einer F\u00fchrung durch die von ihr kuratierte Ausstellung Martin Kippenberger ein. Die Schau\u00a0war wegen ihrer\u00a0Fokussierung auf das von Kippenberger bevorzugte Medium Sprache\u00a0f\u00fcr das interdisziplin\u00e4re Forschungsnetzwerk ViennAvant besonders interessant. Jeweils 4 Mitglieder aus dem Bereichen Kunst und aus Literatur sowie\u00a0zwei &hellip; <a href=\"https:\/\/www.viennavant.at\/en\/interdisziplinaerer-diskurs\/archivgespraeche\/archivgespraeche-2014\/\" class=\"more-link\">Continue reading <span class=\"screen-reader-text\">Archivgespr\u00e4che 2016<\/span><\/a><\/p>\n","protected":false},"author":1,"featured_media":0,"parent":2490,"menu_order":0,"comment_status":"closed","ping_status":"closed","template":"","meta":{"footnotes":""},"class_list":["post-2496","page","type-page","status-publish","hentry"],"translation":{"provider":"WPGlobus","version":"3.0.2","language":"en","enabled_languages":["de","en"],"languages":{"de":{"title":true,"content":true,"excerpt":false},"en":{"title":false,"content":false,"excerpt":false}}},"_links":{"self":[{"href":"https:\/\/www.viennavant.at\/en\/wp-json\/wp\/v2\/pages\/2496","targetHints":{"allow":["GET"]}}],"collection":[{"href":"https:\/\/www.viennavant.at\/en\/wp-json\/wp\/v2\/pages"}],"about":[{"href":"https:\/\/www.viennavant.at\/en\/wp-json\/wp\/v2\/types\/page"}],"author":[{"embeddable":true,"href":"https:\/\/www.viennavant.at\/en\/wp-json\/wp\/v2\/users\/1"}],"replies":[{"embeddable":true,"href":"https:\/\/www.viennavant.at\/en\/wp-json\/wp\/v2\/comments?post=2496"}],"version-history":[{"count":1,"href":"https:\/\/www.viennavant.at\/en\/wp-json\/wp\/v2\/pages\/2496\/revisions"}],"predecessor-version":[{"id":4683,"href":"https:\/\/www.viennavant.at\/en\/wp-json\/wp\/v2\/pages\/2496\/revisions\/4683"}],"up":[{"embeddable":true,"href":"https:\/\/www.viennavant.at\/en\/wp-json\/wp\/v2\/pages\/2490"}],"wp:attachment":[{"href":"https:\/\/www.viennavant.at\/en\/wp-json\/wp\/v2\/media?parent=2496"}],"curies":[{"name":"wp","href":"https:\/\/api.w.org\/{rel}","templated":true}]}}