{"id":2402,"date":"2016-12-15T11:48:29","date_gmt":"2016-12-15T11:48:29","guid":{"rendered":"http:\/\/viennavant.cloud.d2mc.com\/?page_id=2402"},"modified":"2016-12-15T11:48:29","modified_gmt":"2016-12-15T11:48:29","slug":"referat-johanna-schwanberg","status":"publish","type":"page","link":"https:\/\/www.viennavant.at\/en\/symposium-teststrecke-kunst-wiener-avantgarden-nach-1945\/koerper-und-medium\/referat-johanna-schwanberg\/","title":{"rendered":"Referat Johanna Schwanberg"},"content":{"rendered":"<div id=\"main\">\n<div id=\"content\">\n<div id=\"contentMain\">\n<h2>Der K\u00f6rper als Absicht, Ereignis und Ergebnis<\/h2>\n<p><a href=\"http:\/\/www.viennavant.at\/wp-content\/uploads\/BrusStadtspaziergang.jpg\" target=\"_blank\"><img loading=\"lazy\" decoding=\"async\" class=\"alignnone wp-image-708\" src=\"http:\/\/www.viennavant.at\/wp-content\/uploads\/BrusStadtspaziergang-300x200.jpg\" width=\"430\" height=\"287\" srcset=\"https:\/\/www.viennavant.at\/wp-content\/uploads\/BrusStadtspaziergang-300x200.jpg 300w, https:\/\/www.viennavant.at\/wp-content\/uploads\/BrusStadtspaziergang-1024x683.jpg 1024w, https:\/\/www.viennavant.at\/wp-content\/uploads\/BrusStadtspaziergang-272x182.jpg 272w, https:\/\/www.viennavant.at\/wp-content\/uploads\/BrusStadtspaziergang.jpg 1536w\" sizes=\"auto, (max-width: 430px) 100vw, 430px\" \/><\/a><\/p>\n<p>Ausgehend von G\u00fcnter Brus\u2018 programmatischen Ausspruch \u201eMein K\u00f6rper ist die Absicht, mein K\u00f6rper ist das Ereignis, mein K\u00f6rper ist das Ergebnis\u201c (1965) zum Auftakt seiner \u201eSelbstbemalungen\u201c (1964\u201267), die Peter Weibel als Inkunabel f\u00fcr den Paradigmenwechsel in den sechziger Jahren von der Malerei zur Aktion, vom Tafelbild zum K\u00f6rper, von der Illusion zur Wirklichkeit\u201c bezeichnete, beleuchtet der Beitrag an ausgew\u00e4hlten Werken die Trias \u201eK\u00f6rper, Medium, Bild\u201c in der \u00f6sterreichischen Kunst nach 45. Im Zentrum der Ausf\u00fchrungen stehen dabei das Zeichensetzen auf dem eigenen K\u00f6rper sowie der K\u00f6rper als Zeichentr\u00e4ger \u2013 etwa in Brus \u201eZerrei\u00dfprobe\u201c (1970), der \u201eBody Sign Action\u201c (1970) von <span class=\"caps\">VALIE<\/span> <span class=\"caps\">EXPORT<\/span> oder den \u201eBody Sculptures\u201c von Flatz.<\/p>\n<p>Dabei wird ein Aufgreifen und Fortf\u00fchren der Errungenschaften des Wiener Aktionismus wie auch der feministischen Aktionskunst von <span class=\"caps\">VALIE<\/span> <span class=\"caps\">EXPORT<\/span> genauso thematisiert wie ein bewusstes Abgrenzen und eine -reflektierende Auseinandersetzung \u00f6sterreichischer Gegenwartsk\u00fcnstlerInnen mit dem bildlichen Erbe des Wiener Aktionismus \u2013 etwa in den Arbeiten von Carola Dertnig, die in ihrer Serie \u201eLora Sana\u201c (2004\u20132006) Aktionsfotos von Hermann Nitsch, Otto Muehl und Rudolf Schwarzkogler durch \u00dcberarbeitung einer kritischen Sichtung unterzieht und somit einen ver\u00e4nderten Blick auf die einflussreichste und zugleich umstrittensten Richtung der \u00f6sterreichischen Kunst nach 45 erm\u00f6glicht.<\/p>\n<blockquote><p>Johanna Schwanberg, Univ. Ass. Dr. Universit\u00e4tsassistentin f\u00fcr Kunstwissenschaft und \u00c4sthetik in Linz, Forschungsschwerpunkt: Beziehung zwischen Literatur und bildender Kunst in \u00d6sterreich nach 1945. Promovierte \u00fcber die Bild-Dichtungen von G\u00fcnter Brus (publiziert im Springer Verlag, Wien, New York 2003). T\u00e4tigkeit als Ausstellungskuratorin, etwa \u201eKreuzungspunkt Linz\u201c im Lentos im Rahmen von Linz 09 (Mai-Aug. 2009, gemeinsam mit Dieter Buchhart). Zahlreiche Ver\u00f6ffentlichungen als Kunst- und Literaturkritikerin f\u00fcr \u201eParnass\u201c, \u201espectrum\u201c der \u201ePresse\u201c, das Feuilleton der \u201eFurche\u201c, \u201eLiteratur und Kritik\u201c sowie f\u00fcr die \u00d61-Serie \u201eGedanken f\u00fcr den Tag\u201c.<\/p><\/blockquote>\n<\/div>\n<\/div>\n<\/div>\n","protected":false},"excerpt":{"rendered":"<p>Der K\u00f6rper als Absicht, Ereignis und Ergebnis Ausgehend von G\u00fcnter Brus\u2018 programmatischen Ausspruch \u201eMein K\u00f6rper ist die Absicht, mein K\u00f6rper ist das Ereignis, mein K\u00f6rper ist das Ergebnis\u201c (1965) zum Auftakt seiner \u201eSelbstbemalungen\u201c (1964\u201267), die Peter Weibel als Inkunabel f\u00fcr den Paradigmenwechsel in den sechziger Jahren von der Malerei zur Aktion, vom Tafelbild zum K\u00f6rper, &hellip; <a href=\"https:\/\/www.viennavant.at\/en\/symposium-teststrecke-kunst-wiener-avantgarden-nach-1945\/koerper-und-medium\/referat-johanna-schwanberg\/\" class=\"more-link\">Continue reading <span class=\"screen-reader-text\">Referat Johanna Schwanberg<\/span><\/a><\/p>\n","protected":false},"author":1,"featured_media":0,"parent":2296,"menu_order":0,"comment_status":"closed","ping_status":"closed","template":"","meta":{"footnotes":""},"class_list":["post-2402","page","type-page","status-publish","hentry"],"translation":{"provider":"WPGlobus","version":"3.0.2","language":"en","enabled_languages":["de","en"],"languages":{"de":{"title":true,"content":true,"excerpt":false},"en":{"title":false,"content":false,"excerpt":false}}},"_links":{"self":[{"href":"https:\/\/www.viennavant.at\/en\/wp-json\/wp\/v2\/pages\/2402","targetHints":{"allow":["GET"]}}],"collection":[{"href":"https:\/\/www.viennavant.at\/en\/wp-json\/wp\/v2\/pages"}],"about":[{"href":"https:\/\/www.viennavant.at\/en\/wp-json\/wp\/v2\/types\/page"}],"author":[{"embeddable":true,"href":"https:\/\/www.viennavant.at\/en\/wp-json\/wp\/v2\/users\/1"}],"replies":[{"embeddable":true,"href":"https:\/\/www.viennavant.at\/en\/wp-json\/wp\/v2\/comments?post=2402"}],"version-history":[{"count":0,"href":"https:\/\/www.viennavant.at\/en\/wp-json\/wp\/v2\/pages\/2402\/revisions"}],"up":[{"embeddable":true,"href":"https:\/\/www.viennavant.at\/en\/wp-json\/wp\/v2\/pages\/2296"}],"wp:attachment":[{"href":"https:\/\/www.viennavant.at\/en\/wp-json\/wp\/v2\/media?parent=2402"}],"curies":[{"name":"wp","href":"https:\/\/api.w.org\/{rel}","templated":true}]}}